{"id":37262,"date":"2021-11-03T12:06:43","date_gmt":"2021-11-03T11:06:43","guid":{"rendered":"http:\/\/asianfilmfestival.barcelona\/2022\/juries-and-awards-plantilla-2021\/"},"modified":"2024-11-13T13:09:22","modified_gmt":"2024-11-13T12:09:22","slug":"jurados-2024","status":"publish","type":"page","link":"https:\/\/asianfilmfestival.barcelona\/2024\/es\/jurados-2024\/","title":{"rendered":"Jurados 2024"},"content":{"rendered":"\n<style type=\"text\/css\" data-created_by=\"avia_inline_auto\" id=\"style-css-av-kv2beoa4-f5c99c102e7ffd3442e5448252c20f39\">\n#top .hr.av-kv2beoa4-f5c99c102e7ffd3442e5448252c20f39{\nmargin-top:30px;\nmargin-bottom:30px;\n}\n.hr.av-kv2beoa4-f5c99c102e7ffd3442e5448252c20f39 .hr-inner{\nwidth:100%;\nborder-color:#ffffff;\n}\n<\/style>\n<div  class='hr av-kv2beoa4-f5c99c102e7ffd3442e5448252c20f39 hr-custom  avia-builder-el-0  el_before_av_textblock  avia-builder-el-first  hr-center hr-icon-no'><span class='hr-inner inner-border-av-border-thin'><span class=\"hr-inner-style\"><\/span><\/span><\/div>\n<section  class='av_textblock_section av-kv2b8p6i-65b24e88482f351e88795a9394fc96a3 '   itemscope=\"itemscope\" itemtype=\"https:\/\/schema.org\/CreativeWork\" ><div class='avia_textblock'  itemprop=\"text\" ><h1 style=\"text-align: left;\">JURADOS<\/h1>\n<\/div><\/section>\n\n<style type=\"text\/css\" data-created_by=\"avia_inline_auto\" id=\"style-css-av-m2lpxp7q-df699c71fe21bcd1f330d7e405a2902d\">\n#top .togglecontainer.av-m2lpxp7q-df699c71fe21bcd1f330d7e405a2902d p.toggler.activeTitle{\ncolor:#e23636;\nborder-color:#e23636;\n}\n<\/style>\n<div  class='togglecontainer av-m2lpxp7q-df699c71fe21bcd1f330d7e405a2902d av-elegant-toggle  avia-builder-el-2  el_after_av_textblock  avia-builder-el-last  toggle_close_all hasCurrentStyle' >\n<section class='av_toggle_section av-m2lpr4gt-18ea4c9b588710f43f847d20d5885dee'  itemscope=\"itemscope\" itemtype=\"https:\/\/schema.org\/CreativeWork\" ><div role=\"tablist\" class=\"single_toggle\" data-tags=\"{Todo} \"  ><p id='toggle-toggle-id-1' data-fake-id='#toggle-id-1' class='toggler  av-title-above '  itemprop=\"headline\"  role='tab' tabindex='0' aria-controls='toggle-id-1' data-slide-speed=\"200\" data-title=\"JURADO SECCI\u00d3N OFICIAL\" data-title-open=\"\">JURADO SECCI\u00d3N OFICIAL<span class=\"toggle_icon\"><span class=\"vert_icon\"><\/span><span class=\"hor_icon\"><\/span><\/span><\/p><div id='toggle-id-1' aria-labelledby='toggle-toggle-id-1' role='region' class='toggle_wrap  av-title-above'  ><div class='toggle_content invers-color '  itemprop=\"text\" ><p><img loading=\"lazy\" decoding=\"async\" class=\"alignleft wp-image-53685 size-square\" src=\"..\/wp-content\/uploads\/2024\/10\/Mike-Hostench-180x180.png\" alt=\"\" width=\"180\" height=\"180\" srcset=\"https:\/\/asianfilmfestival.barcelona\/2024\/wp-content\/uploads\/2024\/10\/Mike-Hostench-180x180.png 180w, https:\/\/asianfilmfestival.barcelona\/2024\/wp-content\/uploads\/2024\/10\/Mike-Hostench-300x300.png 300w, https:\/\/asianfilmfestival.barcelona\/2024\/wp-content\/uploads\/2024\/10\/Mike-Hostench-80x80.png 80w, https:\/\/asianfilmfestival.barcelona\/2024\/wp-content\/uploads\/2024\/10\/Mike-Hostench-36x36.png 36w, https:\/\/asianfilmfestival.barcelona\/2024\/wp-content\/uploads\/2024\/10\/Mike-Hostench.png 560w\" sizes=\"auto, (max-width: 180px) 100vw, 180px\" \/><\/p>\n<h2 style=\"padding-left: 240px;\">Mike Hostench (President)<\/h2>\n<p style=\"padding-left: 240px;\">La trayectoria de Mike Hostench (Barcelona, 1967) ha estado siempre vinculada a la ind\u00fastria del cine. Inici\u00f3 su carrera en el \u00e1mbito de la distribuci\u00f3n, trabajando para empresas como Virgin y Gorgon Video, especializadas en la producci\u00f3n y distribuci\u00f3n cinematogr\u00e1fica. Posteriormente, orient\u00f3 su carrera hacia la organizaci\u00f3n de festivales. Hostench ocup\u00f3 el cargo de Co-Director del Sitges Festival Internacional de Cine Fant\u00e1stico. Tambi\u00e9n se dedica al consulting para distribuidoras y productoras de cine. Ha escrito dos guiones de cine que se han estrenado en todo el mundo, tres libros sobre pel\u00edculas asi\u00e1ticas y de terror, y colabora en revistas de cine y sitios web. Habla ingl\u00e9s, catal\u00e1n, espa\u00f1ol, y coreano b\u00e1sico.<\/p>\n<p>\n<style type=\"text\/css\" data-created_by=\"avia_inline_auto\" id=\"style-css-av-av_hr-23257cd14e29626b0d434b6d65a6757e\">\n#top .hr.av-av_hr-23257cd14e29626b0d434b6d65a6757e{\nmargin-top:30px;\nmargin-bottom:30px;\n}\n.hr.av-av_hr-23257cd14e29626b0d434b6d65a6757e .hr-inner{\nwidth:600px;\nborder-color:#ffffff;\n}\n<\/style>\n<div  class='hr av-av_hr-23257cd14e29626b0d434b6d65a6757e hr-custom  avia-builder-el-3  el_before_av_hr  avia-builder-el-first  hr-left hr-icon-no'><span class='hr-inner inner-border-av-border-fat'><span class=\"hr-inner-style\"><\/span><\/span><\/div> <img loading=\"lazy\" decoding=\"async\" class=\"alignleft wp-image-53945 size-square\" src=\"..\/wp-content\/uploads\/2024\/10\/Olga-Shishko-1-180x180.png\" alt=\"\" width=\"180\" height=\"180\" srcset=\"https:\/\/asianfilmfestival.barcelona\/2024\/wp-content\/uploads\/2024\/10\/Olga-Shishko-1-180x180.png 180w, https:\/\/asianfilmfestival.barcelona\/2024\/wp-content\/uploads\/2024\/10\/Olga-Shishko-1-300x300.png 300w, https:\/\/asianfilmfestival.barcelona\/2024\/wp-content\/uploads\/2024\/10\/Olga-Shishko-1-80x80.png 80w, https:\/\/asianfilmfestival.barcelona\/2024\/wp-content\/uploads\/2024\/10\/Olga-Shishko-1-36x36.png 36w, https:\/\/asianfilmfestival.barcelona\/2024\/wp-content\/uploads\/2024\/10\/Olga-Shishko-1.png 560w\" sizes=\"auto, (max-width: 180px) 100vw, 180px\" \/><\/p>\n<h2 style=\"padding-left: 240px;\">Olga Shishko<\/h2>\n<p style=\"padding-left: 240px;\">Olga Shishko es especialista en arte medi\u00e1tico, fundadora, directora y curadora del MediaArtLab Center for Culture and Art. Es curadora de numerosas exposiciones y proyectos, incluyendo Bill Viola: Journey of the Soul (Museo Estatal de Bellas Artes Pushkin, Mosc\u00fa, 2021); At the end abides the beginning: Tintoretto\u2019s Secret Brotherhood (Iglesia de San Fantin, Venecia, 2019); Man as a bird: Images of travel (Palazzo Soranzo Van Axel, Venecia, 2017), entre otras. Actualmente, es profesora en la Universidad Ca&#8217; Foscari, donde se dedica a la investigaci\u00f3n del desarrollo del arte medi\u00e1tico en Europa del Este tras la ca\u00edda del Muro de Berl\u00edn. Tambi\u00e9n est\u00e1 trabajando en el proyecto Mapping Diaspora y ocupa el puesto de jefa del Departamento de Arte en la plataforma CIFRA para el Arte Medi\u00e1tico.<\/p>\n<p>\n<style type=\"text\/css\" data-created_by=\"avia_inline_auto\" id=\"style-css-av-av_hr-23257cd14e29626b0d434b6d65a6757e\">\n#top .hr.av-av_hr-23257cd14e29626b0d434b6d65a6757e{\nmargin-top:30px;\nmargin-bottom:30px;\n}\n.hr.av-av_hr-23257cd14e29626b0d434b6d65a6757e .hr-inner{\nwidth:600px;\nborder-color:#ffffff;\n}\n<\/style>\n<div  class='hr av-av_hr-23257cd14e29626b0d434b6d65a6757e hr-custom  avia-builder-el-4  el_after_av_hr  el_before_av_hr  hr-left hr-icon-no'><span class='hr-inner inner-border-av-border-fat'><span class=\"hr-inner-style\"><\/span><\/span><\/div> <img loading=\"lazy\" decoding=\"async\" class=\"alignleft wp-image-53690 size-square\" src=\"..\/wp-content\/uploads\/2024\/10\/Aditya-Bhattacharya_2-180x180.png\" alt=\"\" width=\"180\" height=\"180\" srcset=\"https:\/\/asianfilmfestival.barcelona\/2024\/wp-content\/uploads\/2024\/10\/Aditya-Bhattacharya_2-180x180.png 180w, https:\/\/asianfilmfestival.barcelona\/2024\/wp-content\/uploads\/2024\/10\/Aditya-Bhattacharya_2-300x300.png 300w, https:\/\/asianfilmfestival.barcelona\/2024\/wp-content\/uploads\/2024\/10\/Aditya-Bhattacharya_2-80x80.png 80w, https:\/\/asianfilmfestival.barcelona\/2024\/wp-content\/uploads\/2024\/10\/Aditya-Bhattacharya_2-36x36.png 36w, https:\/\/asianfilmfestival.barcelona\/2024\/wp-content\/uploads\/2024\/10\/Aditya-Bhattacharya_2.png 560w\" sizes=\"auto, (max-width: 180px) 100vw, 180px\" \/><\/p>\n<h2 style=\"padding-left: 240px;\">Aditya Bhattacharya<\/h2>\n<p style=\"padding-left: 240px;\">Aditya Bhattacharya, nacido en 1965, es un director de cine y guionista indio, conocido principalmente por su aclamado largometraje <strong>Raakh<\/strong> (1989). Es hijo del renombrado director Basu Bhattacharya y de Rinki Bhattacharya, quien es hija de Bimal Roy. Comenz\u00f3 su carrera en la industria cinematogr\u00e1fica como actor en <strong>Mandi <\/strong>(1983), una pel\u00edcula de Shyam Benegal, donde interpret\u00f3 al novio de Smita Patil. Su carrera como actor tambi\u00e9n incluye papeles en <strong>Rihaee <\/strong>(1988) y <strong>Hazaaron Khwaishein Aisi <\/strong>(2003), ambas dirigidas por Sudhir Mishra. Debut\u00f3 como director con <strong>Raakh <\/strong>(1989), que recibi\u00f3 tres Premios Nacionales de Cine, y un Premio al Mejor Debut como Director en los Premios de la Asociaci\u00f3n de Periodistas Cinematogr\u00e1ficos de Bengala. Mientras tanto, tambi\u00e9n trabaj\u00f3 como reportero gr\u00e1fico. Posteriormente, en 1988, se traslad\u00f3 de Bombay a Roma, donde rod\u00f3 una pel\u00edcula italiana y algunos v\u00eddeos musicales. Su pel\u00edcula <strong>Dubai Return<\/strong> (2005), que tambi\u00e9n produjo bajo el sello Aditya Pictures, se estren\u00f3 en el IFFI Goa 2005. En 2012, produjo y dirigi\u00f3 <strong>Bombay&#8217;s Most Wanted (BMW)<\/strong>, que se proyect\u00f3 en el Festival de Cine de Bombay.<\/p>\n<p>\n<style type=\"text\/css\" data-created_by=\"avia_inline_auto\" id=\"style-css-av-av_hr-23257cd14e29626b0d434b6d65a6757e\">\n#top .hr.av-av_hr-23257cd14e29626b0d434b6d65a6757e{\nmargin-top:30px;\nmargin-bottom:30px;\n}\n.hr.av-av_hr-23257cd14e29626b0d434b6d65a6757e .hr-inner{\nwidth:600px;\nborder-color:#ffffff;\n}\n<\/style>\n<div  class='hr av-av_hr-23257cd14e29626b0d434b6d65a6757e hr-custom  avia-builder-el-5  el_after_av_hr  el_before_av_hr  hr-left hr-icon-no'><span class='hr-inner inner-border-av-border-fat'><span class=\"hr-inner-style\"><\/span><\/span><\/div> <img loading=\"lazy\" decoding=\"async\" class=\"alignleft wp-image-53699 size-square\" src=\"..\/wp-content\/uploads\/2024\/10\/Kamyar-Mohsenin-180x180.png\" alt=\"\" width=\"180\" height=\"180\" srcset=\"https:\/\/asianfilmfestival.barcelona\/2024\/wp-content\/uploads\/2024\/10\/Kamyar-Mohsenin-180x180.png 180w, https:\/\/asianfilmfestival.barcelona\/2024\/wp-content\/uploads\/2024\/10\/Kamyar-Mohsenin-300x300.png 300w, https:\/\/asianfilmfestival.barcelona\/2024\/wp-content\/uploads\/2024\/10\/Kamyar-Mohsenin-80x80.png 80w, https:\/\/asianfilmfestival.barcelona\/2024\/wp-content\/uploads\/2024\/10\/Kamyar-Mohsenin-36x36.png 36w, https:\/\/asianfilmfestival.barcelona\/2024\/wp-content\/uploads\/2024\/10\/Kamyar-Mohsenin.png 560w\" sizes=\"auto, (max-width: 180px) 100vw, 180px\" \/><\/p>\n<h2 style=\"padding-left: 240px;\">Kamyar Mohsenin + Nastaran Molavi<\/h2>\n<p style=\"padding-left: 240px;\">Nacido en 1971 en Teher\u00e1n, Kamyar Mohsenin estudi\u00f3 Ingenier\u00eda de Control e Instrumentos en la Universidad Tecnol\u00f3gica Sharif. Tras trabajar como cr\u00edtico cinematogr\u00e1fico y traductor en diversas revistas de cine, as\u00ed como en publicaciones de la Filmoteca Nacional de Ir\u00e1n, en 1996 colabor\u00f3 en un programa anal\u00edtico de televisi\u00f3n, Film 90&#8217;s, como investigador y cocreador. Mohsenin comenz\u00f3 su colaboraci\u00f3n con Farabi Cinema Foundation como Ejecutivo de Investigaci\u00f3n en 1998. Durante su cooperaci\u00f3n con Farabi particip\u00f3 en la organizaci\u00f3n de eventos cinematogr\u00e1ficos internacionales como Fajr, Iranian Film Market, Children and Young Adults, Kish, Urban, etc. Mohsenin ha sido profesor en distintos cursos de historia del cine y cr\u00edtico cinematogr\u00e1fico en la Gu\u00eda Internacional de Cine, revistas de cine, peri\u00f3dicos y programas de televisi\u00f3n. Trabaja en el Festival Internacional de Cine de Fajr desde 2016 como Gerente de Relaciones Internacionales y Director de Programaci\u00f3n. Mohsenin ha sido miembro de jurado en varios festivales de cine como el Shanghai International Film Festival en 2019, el Bosphorus International Film Festival en 2021 y el Asian Film Festival Barcelona en 2023.<\/p>\n<p><img loading=\"lazy\" decoding=\"async\" class=\"alignleft wp-image-53705 size-square\" src=\"..\/wp-content\/uploads\/2024\/10\/Nastaran-Molavi-180x180.png\" alt=\"\" width=\"180\" height=\"180\" srcset=\"https:\/\/asianfilmfestival.barcelona\/2024\/wp-content\/uploads\/2024\/10\/Nastaran-Molavi-180x180.png 180w, https:\/\/asianfilmfestival.barcelona\/2024\/wp-content\/uploads\/2024\/10\/Nastaran-Molavi-300x300.png 300w, https:\/\/asianfilmfestival.barcelona\/2024\/wp-content\/uploads\/2024\/10\/Nastaran-Molavi-80x80.png 80w, https:\/\/asianfilmfestival.barcelona\/2024\/wp-content\/uploads\/2024\/10\/Nastaran-Molavi-36x36.png 36w, https:\/\/asianfilmfestival.barcelona\/2024\/wp-content\/uploads\/2024\/10\/Nastaran-Molavi.png 560w\" sizes=\"auto, (max-width: 180px) 100vw, 180px\" \/><\/p>\n<p style=\"padding-left: 240px;\">Nastaran Molavi naci\u00f3 en 1969 en Mashhad, Ir\u00e1n, y estudi\u00f3 actuaci\u00f3n y direcci\u00f3n esc\u00e9nica en la Escuela de Arte de Niavaran. Tambi\u00e9n estuvo activa como titiritera en Kanoon durante alg\u00fan tiempo. Posteriormente, Molavi comenz\u00f3 su labor como cr\u00edtica de cine, colaborando con revistas de cine como Film and Art (como editora jefe), Soroush, Cinema Weekly, Form and Criticism, etc. Como cr\u00edtica de cine, asisti\u00f3 a algunos programas de televisi\u00f3n, principalmente sobre cine irland\u00e9s y chino. Molavi fue la programadora internacional s\u00e9nior del Festival Internacional de Cine Fajr, acreditado por la FIAPF como festival de cine competitivo internacional en 2021. Ha estado activa como miembro de la junta directiva y ejecutiva de relaciones p\u00fablicas de IRIMAGE desde 2018.<\/p>\n<p>\n<style type=\"text\/css\" data-created_by=\"avia_inline_auto\" id=\"style-css-av-av_hr-23257cd14e29626b0d434b6d65a6757e\">\n#top .hr.av-av_hr-23257cd14e29626b0d434b6d65a6757e{\nmargin-top:30px;\nmargin-bottom:30px;\n}\n.hr.av-av_hr-23257cd14e29626b0d434b6d65a6757e .hr-inner{\nwidth:600px;\nborder-color:#ffffff;\n}\n<\/style>\n<div  class='hr av-av_hr-23257cd14e29626b0d434b6d65a6757e hr-custom  avia-builder-el-6  el_after_av_hr  el_before_av_hr  hr-left hr-icon-no'><span class='hr-inner inner-border-av-border-fat'><span class=\"hr-inner-style\"><\/span><\/span><\/div> <img loading=\"lazy\" decoding=\"async\" class=\"alignleft wp-image-53710 size-square\" src=\"..\/wp-content\/uploads\/2024\/10\/Yun-Suik-180x180.png\" alt=\"\" width=\"180\" height=\"180\" srcset=\"https:\/\/asianfilmfestival.barcelona\/2024\/wp-content\/uploads\/2024\/10\/Yun-Suik-180x180.png 180w, https:\/\/asianfilmfestival.barcelona\/2024\/wp-content\/uploads\/2024\/10\/Yun-Suik-300x300.png 300w, https:\/\/asianfilmfestival.barcelona\/2024\/wp-content\/uploads\/2024\/10\/Yun-Suik-80x80.png 80w, https:\/\/asianfilmfestival.barcelona\/2024\/wp-content\/uploads\/2024\/10\/Yun-Suik-36x36.png 36w, https:\/\/asianfilmfestival.barcelona\/2024\/wp-content\/uploads\/2024\/10\/Yun-Suik.png 560w\" sizes=\"auto, (max-width: 180px) 100vw, 180px\" \/><\/p>\n<h2 style=\"padding-left: 240px;\">Yun Suik<\/h2>\n<p style=\"padding-left: 240px;\">Yun Suik (Se\u00fal, 1985) es un director, guionista y montador graduado en Artes Digitales por el Instituto de las Artes de Se\u00fal. Yun Suik realiz\u00f3 su debut en el cine con <strong>Groggy Summer <\/strong>(2013), presentada en el Jeonju Film Festival. Su segunda pel\u00edcula, <strong>Heavy Snow<\/strong> (2023), tambi\u00e9n se proyect\u00f3 en el Festival de Jeonju y el Festival de Hamburg.<\/p>\n<\/div><\/div><\/div><\/section>\n<section class='av_toggle_section av-m2lpt1ya-383f638f1cfcb1ee16cb6dc35a9960cb'  itemscope=\"itemscope\" itemtype=\"https:\/\/schema.org\/CreativeWork\" ><div role=\"tablist\" class=\"single_toggle\" data-tags=\"{Todo} \"  ><p id='toggle-toggle-id-2' data-fake-id='#toggle-id-2' class='toggler  av-title-above '  itemprop=\"headline\"  role='tab' tabindex='0' aria-controls='toggle-id-2' data-slide-speed=\"200\" data-title=\"JURADO SECCI\u00d3N OFICIAL PANORAMA\" data-title-open=\"\">JURADO SECCI\u00d3N OFICIAL PANORAMA<span class=\"toggle_icon\"><span class=\"vert_icon\"><\/span><span class=\"hor_icon\"><\/span><\/span><\/p><div id='toggle-id-2' aria-labelledby='toggle-toggle-id-2' role='region' class='toggle_wrap  av-title-above'  ><div class='toggle_content invers-color '  itemprop=\"text\" ><p><img loading=\"lazy\" decoding=\"async\" class=\"alignleft wp-image-53734 size-square\" src=\"https:\/\/asianfilmfestival.barcelona\/2024\/wp-content\/uploads\/2024\/10\/Esteban-Andueza-180x180.png\" alt=\"\" width=\"180\" height=\"180\" srcset=\"https:\/\/asianfilmfestival.barcelona\/2024\/wp-content\/uploads\/2024\/10\/Esteban-Andueza-180x180.png 180w, https:\/\/asianfilmfestival.barcelona\/2024\/wp-content\/uploads\/2024\/10\/Esteban-Andueza-300x300.png 300w, https:\/\/asianfilmfestival.barcelona\/2024\/wp-content\/uploads\/2024\/10\/Esteban-Andueza-80x80.png 80w, https:\/\/asianfilmfestival.barcelona\/2024\/wp-content\/uploads\/2024\/10\/Esteban-Andueza-36x36.png 36w, https:\/\/asianfilmfestival.barcelona\/2024\/wp-content\/uploads\/2024\/10\/Esteban-Andueza.png 560w\" sizes=\"auto, (max-width: 180px) 100vw, 180px\" \/><\/p>\n<h2 style=\"padding-left: 240px;\"><strong>Esteban Andueza <\/strong> (President)<\/h2>\n<p style=\"padding-left: 240px;\">Esteban Andueza es gestor cultural, traductor, comisario de arte y promotor de proyectos art\u00edsticos. Vivi\u00f3 en China durante 12 a\u00f1os, donde trabaj\u00f3 como freelance y tambi\u00e9n para centros de prestigio, como el Iberia Center for Contemporary Art o el Instituto Cervantes de Pek\u00edn. Su labor se centra en fomentar los intercambios culturales entre Espa\u00f1a y China. Adem\u00e1s, colabora con Antoni Muntadas, asistiendo en los proyectos que el artista desarrolla en el continente asi\u00e1tico.<\/p>\n\n<style type=\"text\/css\" data-created_by=\"avia_inline_auto\" id=\"style-css-av-av_hr-23257cd14e29626b0d434b6d65a6757e\">\n#top .hr.av-av_hr-23257cd14e29626b0d434b6d65a6757e{\nmargin-top:30px;\nmargin-bottom:30px;\n}\n.hr.av-av_hr-23257cd14e29626b0d434b6d65a6757e .hr-inner{\nwidth:600px;\nborder-color:#ffffff;\n}\n<\/style>\n<div  class='hr av-av_hr-23257cd14e29626b0d434b6d65a6757e hr-custom  avia-builder-el-7  el_after_av_hr  el_before_av_hr  hr-left hr-icon-no'><span class='hr-inner inner-border-av-border-fat'><span class=\"hr-inner-style\"><\/span><\/span><\/div>\n<p><img loading=\"lazy\" decoding=\"async\" class=\"alignleft wp-image-53740 size-square\" src=\"https:\/\/asianfilmfestival.barcelona\/2024\/wp-content\/uploads\/2024\/10\/Anastasia-Stravinsky-180x180.png\" alt=\"\" width=\"180\" height=\"180\" srcset=\"https:\/\/asianfilmfestival.barcelona\/2024\/wp-content\/uploads\/2024\/10\/Anastasia-Stravinsky-180x180.png 180w, https:\/\/asianfilmfestival.barcelona\/2024\/wp-content\/uploads\/2024\/10\/Anastasia-Stravinsky-300x300.png 300w, https:\/\/asianfilmfestival.barcelona\/2024\/wp-content\/uploads\/2024\/10\/Anastasia-Stravinsky-80x80.png 80w, https:\/\/asianfilmfestival.barcelona\/2024\/wp-content\/uploads\/2024\/10\/Anastasia-Stravinsky-36x36.png 36w, https:\/\/asianfilmfestival.barcelona\/2024\/wp-content\/uploads\/2024\/10\/Anastasia-Stravinsky.png 560w\" sizes=\"auto, (max-width: 180px) 100vw, 180px\" \/><\/p>\n<h2 style=\"padding-left: 240px;\">Anastasia Stravinsky<\/h2>\n<p style=\"padding-left: 240px;\">Anastasia Stravinsky (Mosc\u00fa, 1993) es comisaria, cr\u00edtica de arte y directora de arte en CIFRA, una plataforma de arte digital polivalente que combina streaming, marketplace y educaci\u00f3n. Ha sido miembro de la Secretar\u00eda Cient\u00edfica del Centro de Estudios de Arte Ruso desde 2020 (CSAR) y miembro de la Asociaci\u00f3n Internacional de Cr\u00edticos de Arte desde 2017 (AICA-Rusia). Es licenciada en Arte Liberal (RUDN) y tiene un M\u00e1ster en Historia y Di\u00e1logo de las Culturas (Universit\u00e9 Grenoble Alpes). Actualmente est\u00e1 realizando un doble doctorado en Historia del Arte (Ca\u2019 Foscari University of Venice). Desde 2012 trabaja como comisaria en museos y galer\u00edas de arte (NCCA, Gallery Park, ROSIZO, CSAR, CFZ, etc.) y ha realizado m\u00e1s de 70 exposiciones, festivales y conciertos. En 2014, como bisnieta-sobrina del compositor Igor Stravinsky, fund\u00f3 y dirigi\u00f3 el Stravinsky Family Fund, donde comisari\u00f3 y realiz\u00f3 exposiciones, festivales y eventos dedicados a la familia Stravinsky.<\/p>\n<p>\n<style type=\"text\/css\" data-created_by=\"avia_inline_auto\" id=\"style-css-av-av_hr-23257cd14e29626b0d434b6d65a6757e\">\n#top .hr.av-av_hr-23257cd14e29626b0d434b6d65a6757e{\nmargin-top:30px;\nmargin-bottom:30px;\n}\n.hr.av-av_hr-23257cd14e29626b0d434b6d65a6757e .hr-inner{\nwidth:600px;\nborder-color:#ffffff;\n}\n<\/style>\n<div  class='hr av-av_hr-23257cd14e29626b0d434b6d65a6757e hr-custom  avia-builder-el-8  el_after_av_hr  el_before_av_hr  hr-left hr-icon-no'><span class='hr-inner inner-border-av-border-fat'><span class=\"hr-inner-style\"><\/span><\/span><\/div><br \/>\n<img loading=\"lazy\" decoding=\"async\" class=\"alignleft wp-image-53731 size-square\" src=\"https:\/\/asianfilmfestival.barcelona\/2024\/wp-content\/uploads\/2024\/10\/Batbayar-Chogsom-180x180.png\" alt=\"\" width=\"180\" height=\"180\" srcset=\"https:\/\/asianfilmfestival.barcelona\/2024\/wp-content\/uploads\/2024\/10\/Batbayar-Chogsom-180x180.png 180w, https:\/\/asianfilmfestival.barcelona\/2024\/wp-content\/uploads\/2024\/10\/Batbayar-Chogsom-300x300.png 300w, https:\/\/asianfilmfestival.barcelona\/2024\/wp-content\/uploads\/2024\/10\/Batbayar-Chogsom-80x80.png 80w, https:\/\/asianfilmfestival.barcelona\/2024\/wp-content\/uploads\/2024\/10\/Batbayar-Chogsom-36x36.png 36w, https:\/\/asianfilmfestival.barcelona\/2024\/wp-content\/uploads\/2024\/10\/Batbayar-Chogsom.png 560w\" sizes=\"auto, (max-width: 180px) 100vw, 180px\" \/><\/p>\n<h2 style=\"padding-left: 240px;\">Batbayar Chogsom<\/h2>\n<p style=\"padding-left: 240px;\">Batbayar Chogsom naci\u00f3 en 1974 en Ul\u00e1n Bator, Mongolia, y emigr\u00f3 a Suiza a la edad de 26 a\u00f1os. Despu\u00e9s de completar un programa b\u00e1sico de periodismo, se gradu\u00f3 con una Licenciatura en Ciencias Sociales en la Universidad de Z\u00farich en 2012. M\u00e1s tarde, pas\u00f3 a trabajar como archivista en las colecciones de gr\u00e1ficos y fotograf\u00edas hist\u00f3ricas del Museo Nacional de Z\u00farich. Su pel\u00edcula <strong>Out of Paradise<\/strong> (2018) fue galardonada con el premio a Mejor Pel\u00edcula en el Festival Internacional de Cine de Shangh\u00e1i, y su obra m\u00e1s reciente, <strong>White Flag<\/strong> (2023), fue seleccionada en el Tallinn Black Nights Film Festival.<\/p>\n<p>\n<style type=\"text\/css\" data-created_by=\"avia_inline_auto\" id=\"style-css-av-av_hr-23257cd14e29626b0d434b6d65a6757e\">\n#top .hr.av-av_hr-23257cd14e29626b0d434b6d65a6757e{\nmargin-top:30px;\nmargin-bottom:30px;\n}\n.hr.av-av_hr-23257cd14e29626b0d434b6d65a6757e .hr-inner{\nwidth:600px;\nborder-color:#ffffff;\n}\n<\/style>\n<div  class='hr av-av_hr-23257cd14e29626b0d434b6d65a6757e hr-custom  avia-builder-el-9  el_after_av_hr  el_before_av_hr  hr-left hr-icon-no'><span class='hr-inner inner-border-av-border-fat'><span class=\"hr-inner-style\"><\/span><\/span><\/div><br \/>\n<img loading=\"lazy\" decoding=\"async\" class=\"alignleft wp-image-53728 size-square\" src=\"https:\/\/asianfilmfestival.barcelona\/2024\/wp-content\/uploads\/2024\/10\/Adriano-Calero-180x180.png\" alt=\"\" width=\"180\" height=\"180\" srcset=\"https:\/\/asianfilmfestival.barcelona\/2024\/wp-content\/uploads\/2024\/10\/Adriano-Calero-180x180.png 180w, https:\/\/asianfilmfestival.barcelona\/2024\/wp-content\/uploads\/2024\/10\/Adriano-Calero-300x300.png 300w, https:\/\/asianfilmfestival.barcelona\/2024\/wp-content\/uploads\/2024\/10\/Adriano-Calero-80x80.png 80w, https:\/\/asianfilmfestival.barcelona\/2024\/wp-content\/uploads\/2024\/10\/Adriano-Calero-36x36.png 36w, https:\/\/asianfilmfestival.barcelona\/2024\/wp-content\/uploads\/2024\/10\/Adriano-Calero.png 560w\" sizes=\"auto, (max-width: 180px) 100vw, 180px\" \/><\/p>\n<h2 style=\"padding-left: 240px;\">Adriano Calero<\/h2>\n<p style=\"padding-left: 240px;\">Gestor cultural, graduado en Humanidades y en Direcci\u00f3n cinematogr\u00e1fica. Ejerce la cr\u00edtica cinematogr\u00e1fica i, concretamente, se ha especializado en cine asi\u00e1tico. Publica sus textos en Las Furias Magazine, Transit: cine y otros medios como +1 UIC Magazine. Es creador, redactor y locutor del P\u00f3dcast Empanada Cultural, que se emite en Radio Fabra y Radio Desvern. Tambi\u00e9n se vincula con la cultura asi\u00e1tica a trav\u00e9s de las artes marciales, como instructor titulado de Kali Filipino y de Kuk Sool Won (AAMM tradicionales coreanas).<\/p>\n\n<style type=\"text\/css\" data-created_by=\"avia_inline_auto\" id=\"style-css-av-av_hr-23257cd14e29626b0d434b6d65a6757e\">\n#top .hr.av-av_hr-23257cd14e29626b0d434b6d65a6757e{\nmargin-top:30px;\nmargin-bottom:30px;\n}\n.hr.av-av_hr-23257cd14e29626b0d434b6d65a6757e .hr-inner{\nwidth:600px;\nborder-color:#ffffff;\n}\n<\/style>\n<div  class='hr av-av_hr-23257cd14e29626b0d434b6d65a6757e hr-custom  avia-builder-el-10  el_after_av_hr  el_before_av_hr  hr-left hr-icon-no'><span class='hr-inner inner-border-av-border-fat'><span class=\"hr-inner-style\"><\/span><\/span><\/div>\n<p><img loading=\"lazy\" decoding=\"async\" class=\"alignleft wp-image-53950 size-square\" src=\"https:\/\/asianfilmfestival.barcelona\/2024\/wp-content\/uploads\/2024\/10\/Yoko-Yamanaka-180x180.png\" alt=\"\" width=\"180\" height=\"180\" srcset=\"https:\/\/asianfilmfestival.barcelona\/2024\/wp-content\/uploads\/2024\/10\/Yoko-Yamanaka-180x180.png 180w, https:\/\/asianfilmfestival.barcelona\/2024\/wp-content\/uploads\/2024\/10\/Yoko-Yamanaka-300x300.png 300w, https:\/\/asianfilmfestival.barcelona\/2024\/wp-content\/uploads\/2024\/10\/Yoko-Yamanaka-80x80.png 80w, https:\/\/asianfilmfestival.barcelona\/2024\/wp-content\/uploads\/2024\/10\/Yoko-Yamanaka-36x36.png 36w, https:\/\/asianfilmfestival.barcelona\/2024\/wp-content\/uploads\/2024\/10\/Yoko-Yamanaka.png 560w\" sizes=\"auto, (max-width: 180px) 100vw, 180px\" \/><\/p>\n<h2 style=\"padding-left: 240px;\">Yoko Yamanaka<\/h2>\n<p style=\"padding-left: 240px;\">Nacida en 1997 en Nagano, Jap\u00f3n, Yamanaka Yoko aprendi\u00f3 cine por su cuenta despu\u00e9s de abandonar el Departamento de Cine de la Universidad de Nihon. Su \u00f3pera prima Amiko (2017) gan\u00f3 el Premio del P\u00fablico en el Festival de Cine de Pia 2017, y al a\u00f1o siguiente, a la edad de 20 a\u00f1os, Yamanaka se convirti\u00f3 en la directora de largometraje m\u00e1s joven invitada al Festival Internacional de Cine de Berl\u00edn. El segundo largometraje de Yamanaka, Desierto de Namibia (2024), fue seleccionado como parte de la secci\u00f3n Quincena de Realizadores del Festival de Cine de Cannes y gan\u00f3 el Premio de la Cr\u00edtica Internacional FIPRESCI.<\/p>\n<\/div><\/div><\/div><\/section>\n<section class='av_toggle_section av-m2lpxo2t-50626fcd55c6a3e3668ef83a90a9c029'  itemscope=\"itemscope\" itemtype=\"https:\/\/schema.org\/CreativeWork\" ><div role=\"tablist\" class=\"single_toggle\" data-tags=\"{Todo} \"  ><p id='toggle-toggle-id-3' data-fake-id='#toggle-id-3' class='toggler  av-title-above '  itemprop=\"headline\"  role='tab' tabindex='0' aria-controls='toggle-id-3' data-slide-speed=\"200\" data-title=\"JURADO SECCI\u00d3N DISCOVERIES\" data-title-open=\"\">JURADO SECCI\u00d3N DISCOVERIES<span class=\"toggle_icon\"><span class=\"vert_icon\"><\/span><span class=\"hor_icon\"><\/span><\/span><\/p><div id='toggle-id-3' aria-labelledby='toggle-toggle-id-3' role='region' class='toggle_wrap  av-title-above'  ><div class='toggle_content invers-color '  itemprop=\"text\" ><p><img loading=\"lazy\" decoding=\"async\" class=\"alignleft wp-image-53745 size-square\" src=\"https:\/\/asianfilmfestival.barcelona\/2024\/wp-content\/uploads\/2024\/10\/Rosa-Verges-180x180.png\" alt=\"\" width=\"180\" height=\"180\" srcset=\"https:\/\/asianfilmfestival.barcelona\/2024\/wp-content\/uploads\/2024\/10\/Rosa-Verges-180x180.png 180w, https:\/\/asianfilmfestival.barcelona\/2024\/wp-content\/uploads\/2024\/10\/Rosa-Verges-300x300.png 300w, https:\/\/asianfilmfestival.barcelona\/2024\/wp-content\/uploads\/2024\/10\/Rosa-Verges-80x80.png 80w, https:\/\/asianfilmfestival.barcelona\/2024\/wp-content\/uploads\/2024\/10\/Rosa-Verges-36x36.png 36w, https:\/\/asianfilmfestival.barcelona\/2024\/wp-content\/uploads\/2024\/10\/Rosa-Verges.png 560w\" sizes=\"auto, (max-width: 180px) 100vw, 180px\" \/><\/p>\n<h2 style=\"padding-left: 240px;\"><strong>Rosa Verg\u00e9s <\/strong> (Presidenta)<\/h2>\n<p style=\"padding-left: 240px;\">Nacida en Barcelona en 1955, Rosa Verg\u00e9s es directora, realizadora y guionista de cine y televisi\u00f3n. Tras estudiar Historia del Arte en la Universidad de Barcelona, decidi\u00f3 ampliar su formaci\u00f3n en la Universidad de La Sorbonne en Paris. Con su primera pel\u00edcula, <strong>Boom Boom<\/strong> (1990), gan\u00f3 el Premio Goya a la Mejor Direcci\u00f3n Novel, el premio Sant Jordi y Fotogramas de Plata. Tambi\u00e9n ha sido vicepresidenta de la Academia de las Artes y las Ciencias Cinematogr\u00e1ficas de Espa\u00f1a y miembro del Consejo Nacional de la Cultura y las Artes.<\/p>\n<p>\n<style type=\"text\/css\" data-created_by=\"avia_inline_auto\" id=\"style-css-av-av_hr-23257cd14e29626b0d434b6d65a6757e\">\n#top .hr.av-av_hr-23257cd14e29626b0d434b6d65a6757e{\nmargin-top:30px;\nmargin-bottom:30px;\n}\n.hr.av-av_hr-23257cd14e29626b0d434b6d65a6757e .hr-inner{\nwidth:600px;\nborder-color:#ffffff;\n}\n<\/style>\n<div  class='hr av-av_hr-23257cd14e29626b0d434b6d65a6757e hr-custom  avia-builder-el-11  el_after_av_hr  el_before_av_hr  hr-left hr-icon-no'><span class='hr-inner inner-border-av-border-fat'><span class=\"hr-inner-style\"><\/span><\/span><\/div><br \/>\n<img loading=\"lazy\" decoding=\"async\" class=\"alignleft wp-image-53748 size-square\" src=\"https:\/\/asianfilmfestival.barcelona\/2024\/wp-content\/uploads\/2024\/10\/Javier-Martin-Dominguez-180x180.png\" alt=\"\" width=\"180\" height=\"180\" srcset=\"https:\/\/asianfilmfestival.barcelona\/2024\/wp-content\/uploads\/2024\/10\/Javier-Martin-Dominguez-180x180.png 180w, https:\/\/asianfilmfestival.barcelona\/2024\/wp-content\/uploads\/2024\/10\/Javier-Martin-Dominguez-300x300.png 300w, https:\/\/asianfilmfestival.barcelona\/2024\/wp-content\/uploads\/2024\/10\/Javier-Martin-Dominguez-80x80.png 80w, https:\/\/asianfilmfestival.barcelona\/2024\/wp-content\/uploads\/2024\/10\/Javier-Martin-Dominguez-36x36.png 36w, https:\/\/asianfilmfestival.barcelona\/2024\/wp-content\/uploads\/2024\/10\/Javier-Martin-Dominguez.png 560w\" sizes=\"auto, (max-width: 180px) 100vw, 180px\" \/><\/p>\n<h2 style=\"padding-left: 240px;\"><strong>Javier Mart\u00edn-Dom\u00ednguez<\/strong><\/h2>\n<p style=\"padding-left: 240px;\">Javier Mart\u00edn-Dom\u00ednguez es productor y realizador. Ha ejercido el periodismo en prensa, radio y televisi\u00f3n. Fue corresponsal en el extranjero, con Radio Nacional y Televisi\u00f3n Espa\u00f1ola en Estados Unidos durante diez a\u00f1os, y con La Vanguardia en Tokio. Ha sido Premio Cirilo Rodr\u00edguez de periodismo internacional. Entre otros acontecimientos, cubri\u00f3 tres campa\u00f1as electorales norteamericanas, los viajes de Reagan a Mosc\u00fa y Gorvachev a Washington, el funeral de Hirohito y la coronaci\u00f3n de Akihito. Es autor de las biograf\u00edas de Paul Bowles y de la artista surrealista Leonora Carrington. Dirigi\u00f3 el Festival de cine europeo de Sevilla durante 4 a\u00f1os y ha sido jurado en los festivales de Mosc\u00fa, Sarajevo y Documenta Madrid y en el Asian Film Festival de Barcelona.<\/p>\n<p>\n<style type=\"text\/css\" data-created_by=\"avia_inline_auto\" id=\"style-css-av-av_hr-6c03dac811ceeaedaaa547ab1c978de3\">\n#top .hr.av-av_hr-6c03dac811ceeaedaaa547ab1c978de3{\nmargin-top:30px;\nmargin-bottom:80px;\n}\n.hr.av-av_hr-6c03dac811ceeaedaaa547ab1c978de3 .hr-inner{\nwidth:600px;\nborder-color:#ffffff;\n}\n<\/style>\n<div  class='hr av-av_hr-6c03dac811ceeaedaaa547ab1c978de3 hr-custom  avia-builder-el-12  el_after_av_hr  el_before_av_hr  hr-left hr-icon-no'><span class='hr-inner inner-border-av-border-fat'><span class=\"hr-inner-style\"><\/span><\/span><\/div> <img loading=\"lazy\" decoding=\"async\" class=\"alignleft wp-image-53751 size-square\" src=\"https:\/\/asianfilmfestival.barcelona\/2024\/wp-content\/uploads\/2024\/10\/Jose-Felix-Collazos-180x180.png\" alt=\"\" width=\"180\" height=\"180\" srcset=\"https:\/\/asianfilmfestival.barcelona\/2024\/wp-content\/uploads\/2024\/10\/Jose-Felix-Collazos-180x180.png 180w, https:\/\/asianfilmfestival.barcelona\/2024\/wp-content\/uploads\/2024\/10\/Jose-Felix-Collazos-300x300.png 300w, https:\/\/asianfilmfestival.barcelona\/2024\/wp-content\/uploads\/2024\/10\/Jose-Felix-Collazos-80x80.png 80w, https:\/\/asianfilmfestival.barcelona\/2024\/wp-content\/uploads\/2024\/10\/Jose-Felix-Collazos-36x36.png 36w, https:\/\/asianfilmfestival.barcelona\/2024\/wp-content\/uploads\/2024\/10\/Jose-Felix-Collazos.png 560w\" sizes=\"auto, (max-width: 180px) 100vw, 180px\" \/><\/p>\n<h2 style=\"padding-left: 240px;\">Jos\u00e9 F\u00e9lix Collazos<\/h2>\n<p style=\"padding-left: 240px;\">Jos\u00e9 F\u00e9lix Collazos es un cineasta nacido en Bilbao. Despu\u00e9s de finalizar sus estudios en Arquitectura, se traslad\u00f3 a Nueva York, donde curs\u00f3 estudios de guion en el Hunter College y de direcci\u00f3n en el Millenium Center. All\u00ed empez\u00f3 a rodar de forma independiente sus primeros cortometrajes en super 8 y 16 mm. En 1993 realiz\u00f3 <strong>Muy negro<\/strong>, su primer trabajo en 35 mm, que fue presentado en numerosos festivales nacionales e internacionales. Su siguiente trabajo, <strong>Nocturno, <\/strong>fue seleccionado para inaugurar el Festival de cine de Chicago y particip\u00f3 en diferentes festivales internacionales como los de Montreal, San Sebasti\u00e1n y San Petersburgo, adem\u00e1s de ganar el Caballo de Plata en el Festival de Nuevos Realizadores de Larissa (Grecia). Tambi\u00e9n ha trabajado como director art\u00edstico, como guionista de r\u00e1dio y ha colaborado con el Festival Internacional de Cine de San Sebasti\u00e1n.<\/p>\n<p>\n<style type=\"text\/css\" data-created_by=\"avia_inline_auto\" id=\"style-css-av-av_hr-23257cd14e29626b0d434b6d65a6757e\">\n#top .hr.av-av_hr-23257cd14e29626b0d434b6d65a6757e{\nmargin-top:30px;\nmargin-bottom:30px;\n}\n.hr.av-av_hr-23257cd14e29626b0d434b6d65a6757e .hr-inner{\nwidth:600px;\nborder-color:#ffffff;\n}\n<\/style>\n<div  class='hr av-av_hr-23257cd14e29626b0d434b6d65a6757e hr-custom  avia-builder-el-13  el_after_av_hr  el_before_av_hr  hr-left hr-icon-no'><span class='hr-inner inner-border-av-border-fat'><span class=\"hr-inner-style\"><\/span><\/span><\/div><br \/>\n<img loading=\"lazy\" decoding=\"async\" class=\"alignleft wp-image-53755 size-square\" src=\"https:\/\/asianfilmfestival.barcelona\/2024\/wp-content\/uploads\/2024\/10\/Laura-Noia-180x180.png\" alt=\"\" width=\"180\" height=\"180\" srcset=\"https:\/\/asianfilmfestival.barcelona\/2024\/wp-content\/uploads\/2024\/10\/Laura-Noia-180x180.png 180w, https:\/\/asianfilmfestival.barcelona\/2024\/wp-content\/uploads\/2024\/10\/Laura-Noia-300x300.png 300w, https:\/\/asianfilmfestival.barcelona\/2024\/wp-content\/uploads\/2024\/10\/Laura-Noia-80x80.png 80w, https:\/\/asianfilmfestival.barcelona\/2024\/wp-content\/uploads\/2024\/10\/Laura-Noia-36x36.png 36w, https:\/\/asianfilmfestival.barcelona\/2024\/wp-content\/uploads\/2024\/10\/Laura-Noia.png 560w\" sizes=\"auto, (max-width: 180px) 100vw, 180px\" \/><\/p>\n<h2 style=\"padding-left: 240px;\">Laura Mazza<\/h2>\n<p style=\"padding-left: 240px;\">Nacida en Venecia, licenciada en literatura extranjera por la Universidad de Padua, ha trabajado durante 30 a\u00f1os en la producci\u00f3n cinematogr\u00e1fica de numerosas pel\u00edculas internacionales y en varios pa\u00edses, en China (<strong>Marco Polo<\/strong>, dirigida por Giuliano Montaldo, serie para RAI TV) en Rusia (<strong>Ocie Ciornie<\/strong>, alias Black Eyes, dirigida por Nikita Michalkov, protagonizada por Marcello Mastroianni) en T\u00fanez (<strong>Pyrates<\/strong>, dirigida por Roman Polanski, protagonizada por Walter Matthau) y en pel\u00edculas italianas (<strong>Un Sacco Bello<\/strong> y <strong>Me and My Sister<\/strong>, dirigida y protagonizada por Carlo Verdone, <strong>The Sky Falling<\/strong>, dirigida por Andrea y Antonio Frazzi, protagonizada por Isabella Rossellini y Jeroun Crabb\u00e9). Con su compa\u00f1\u00eda Viva Cinematografica produjo <strong>Jonathan of the Bears<\/strong>, dirigida por Enzo G. Castellari, protagonizada por Franco Nero y <strong>Free Fight<\/strong>, cortometraje premiado en Berl\u00edn y en numerosos festivales y que gan\u00f3 un David di Donatello en 2005.<\/p>\n<p>\n<style type=\"text\/css\" data-created_by=\"avia_inline_auto\" id=\"style-css-av-av_hr-23257cd14e29626b0d434b6d65a6757e\">\n#top .hr.av-av_hr-23257cd14e29626b0d434b6d65a6757e{\nmargin-top:30px;\nmargin-bottom:30px;\n}\n.hr.av-av_hr-23257cd14e29626b0d434b6d65a6757e .hr-inner{\nwidth:600px;\nborder-color:#ffffff;\n}\n<\/style>\n<div  class='hr av-av_hr-23257cd14e29626b0d434b6d65a6757e hr-custom  avia-builder-el-14  el_after_av_hr  el_before_av_hr  hr-left hr-icon-no'><span class='hr-inner inner-border-av-border-fat'><span class=\"hr-inner-style\"><\/span><\/span><\/div><br \/>\n<img loading=\"lazy\" decoding=\"async\" class=\"alignleft wp-image-53758 size-square\" src=\"https:\/\/asianfilmfestival.barcelona\/2024\/wp-content\/uploads\/2024\/10\/Natalia-Diaz-180x180.png\" alt=\"\" width=\"180\" height=\"180\" srcset=\"https:\/\/asianfilmfestival.barcelona\/2024\/wp-content\/uploads\/2024\/10\/Natalia-Diaz-180x180.png 180w, https:\/\/asianfilmfestival.barcelona\/2024\/wp-content\/uploads\/2024\/10\/Natalia-Diaz-300x300.png 300w, https:\/\/asianfilmfestival.barcelona\/2024\/wp-content\/uploads\/2024\/10\/Natalia-Diaz-80x80.png 80w, https:\/\/asianfilmfestival.barcelona\/2024\/wp-content\/uploads\/2024\/10\/Natalia-Diaz-36x36.png 36w, https:\/\/asianfilmfestival.barcelona\/2024\/wp-content\/uploads\/2024\/10\/Natalia-Diaz.png 560w\" sizes=\"auto, (max-width: 180px) 100vw, 180px\" \/><\/p>\n<h2 style=\"padding-left: 240px;\"><strong>Natalia Diaz<\/strong><\/h2>\n<p style=\"padding-left: 240px;\">Natalia Diaz Pe\u00f1alver (Barcelona, 1967) es directora y cofundadora del blog de cultura coreana \u201cKorea en Barcelona\u201d. Creado en 2017, informa de todas las actividades relacionadas con la cultura coreana que se realizan en Barcelona y Catalu\u00f1a, haciendo hincapi\u00e9 en la cinematograf\u00eda surcoreana. Tambi\u00e9n publica art\u00edculos de contenido cultural y entrevistas a directores de cine, actores y escritores. A nivel particular, es una apasionada del cine asi\u00e1tico y participa como prensa acreditada en diversos festivales de cine.<\/p>\n<\/div><\/div><\/div><\/section>\n<section class='av_toggle_section av-m2lpzfmf-97b1f9455d05d0639bbcb1479e29762d'  itemscope=\"itemscope\" itemtype=\"https:\/\/schema.org\/CreativeWork\" ><div role=\"tablist\" class=\"single_toggle\" data-tags=\"{Todo} \"  ><p id='toggle-toggle-id-4' data-fake-id='#toggle-id-4' class='toggler  av-title-above '  itemprop=\"headline\"  role='tab' tabindex='0' aria-controls='toggle-id-4' data-slide-speed=\"200\" data-title=\"JURADO SECCI\u00d3N NETPAC\" data-title-open=\"\">JURADO SECCI\u00d3N NETPAC<span class=\"toggle_icon\"><span class=\"vert_icon\"><\/span><span class=\"hor_icon\"><\/span><\/span><\/p><div id='toggle-id-4' aria-labelledby='toggle-toggle-id-4' role='region' class='toggle_wrap  av-title-above'  ><div class='toggle_content invers-color '  itemprop=\"text\" ><p><img loading=\"lazy\" decoding=\"async\" class=\"alignleft wp-image-53762 size-square\" src=\"https:\/\/asianfilmfestival.barcelona\/2024\/wp-content\/uploads\/2024\/10\/Nomuunzul-Turmunkh-180x180.png\" alt=\"\" width=\"180\" height=\"180\" srcset=\"https:\/\/asianfilmfestival.barcelona\/2024\/wp-content\/uploads\/2024\/10\/Nomuunzul-Turmunkh-180x180.png 180w, https:\/\/asianfilmfestival.barcelona\/2024\/wp-content\/uploads\/2024\/10\/Nomuunzul-Turmunkh-300x300.png 300w, https:\/\/asianfilmfestival.barcelona\/2024\/wp-content\/uploads\/2024\/10\/Nomuunzul-Turmunkh-80x80.png 80w, https:\/\/asianfilmfestival.barcelona\/2024\/wp-content\/uploads\/2024\/10\/Nomuunzul-Turmunkh-36x36.png 36w, https:\/\/asianfilmfestival.barcelona\/2024\/wp-content\/uploads\/2024\/10\/Nomuunzul-Turmunkh.png 560w\" sizes=\"auto, (max-width: 180px) 100vw, 180px\" \/><\/p>\n<h2 style=\"padding-left: 240px;\">Nomuunzul Turmunkh (Presidenta)<\/h2>\n<p style=\"padding-left: 240px;\">Nomuunzul Turmunkh es una productora y guionista de Mongolia. Estudi\u00f3 Administraci\u00f3n de Empresas y, posteriormente, Producci\u00f3n de Medios de la American Intercontinental University en Londres. Ha trabajado en varias pel\u00edculas aclamadas, como <strong>The Sales Girl White Blessing<\/strong> y <strong>Silent City Driver<\/strong>, obteniendo m\u00faltiples premios internacionales. Adem\u00e1s, es miembro de NETPAC y forma parte del Consejo Nacional de Cine de Mongolia. Su dedicaci\u00f3n al cine la ha llevado a participar en festivales de renombre, como el Busan International Film Festival, el Adelaide International Film Festival y el Far East Film Festival.<\/p>\n<p>\n<style type=\"text\/css\" data-created_by=\"avia_inline_auto\" id=\"style-css-av-av_hr-23257cd14e29626b0d434b6d65a6757e\">\n#top .hr.av-av_hr-23257cd14e29626b0d434b6d65a6757e{\nmargin-top:30px;\nmargin-bottom:30px;\n}\n.hr.av-av_hr-23257cd14e29626b0d434b6d65a6757e .hr-inner{\nwidth:600px;\nborder-color:#ffffff;\n}\n<\/style>\n<div  class='hr av-av_hr-23257cd14e29626b0d434b6d65a6757e hr-custom  avia-builder-el-15  el_after_av_hr  el_before_av_hr  hr-left hr-icon-no'><span class='hr-inner inner-border-av-border-fat'><span class=\"hr-inner-style\"><\/span><\/span><\/div><br \/>\n<img loading=\"lazy\" decoding=\"async\" class=\"alignleft wp-image-53769 size-square\" src=\"https:\/\/asianfilmfestival.barcelona\/2024\/wp-content\/uploads\/2024\/10\/Sandra-Mur-180x180.png\" alt=\"\" width=\"180\" height=\"180\" srcset=\"https:\/\/asianfilmfestival.barcelona\/2024\/wp-content\/uploads\/2024\/10\/Sandra-Mur-180x180.png 180w, https:\/\/asianfilmfestival.barcelona\/2024\/wp-content\/uploads\/2024\/10\/Sandra-Mur-300x300.png 300w, https:\/\/asianfilmfestival.barcelona\/2024\/wp-content\/uploads\/2024\/10\/Sandra-Mur-80x80.png 80w, https:\/\/asianfilmfestival.barcelona\/2024\/wp-content\/uploads\/2024\/10\/Sandra-Mur-36x36.png 36w, https:\/\/asianfilmfestival.barcelona\/2024\/wp-content\/uploads\/2024\/10\/Sandra-Mur.png 560w\" sizes=\"auto, (max-width: 180px) 100vw, 180px\" \/><\/p>\n<h2 style=\"padding-left: 240px;\">Sandra Mur Puyuelo<\/h2>\n<p style=\"padding-left: 240px;\">Sandra Mur Puyuelo (Huesca, 1986) tiene un M\u00e1ster en Comunicaci\u00f3n Especializada y el doctorado en Estudios Ling\u00fc\u00edsticos, Literarios y Culturales. Se ha especializado en el espacio Euroasi\u00e1tico, Rusia y Asia Central. Colabora con distribuidoras de esta zona geogr\u00e1fica y festivales de cine como interlocutora y mediadora intercultural.<\/p>\n<p>\n<style type=\"text\/css\" data-created_by=\"avia_inline_auto\" id=\"style-css-av-av_hr-23257cd14e29626b0d434b6d65a6757e\">\n#top .hr.av-av_hr-23257cd14e29626b0d434b6d65a6757e{\nmargin-top:30px;\nmargin-bottom:30px;\n}\n.hr.av-av_hr-23257cd14e29626b0d434b6d65a6757e .hr-inner{\nwidth:600px;\nborder-color:#ffffff;\n}\n<\/style>\n<div  class='hr av-av_hr-23257cd14e29626b0d434b6d65a6757e hr-custom  avia-builder-el-16  el_after_av_hr  el_before_av_hr  hr-left hr-icon-no'><span class='hr-inner inner-border-av-border-fat'><span class=\"hr-inner-style\"><\/span><\/span><\/div><br \/>\n<img loading=\"lazy\" decoding=\"async\" class=\"alignleft wp-image-53769 size-square\" src=\"https:\/\/asianfilmfestival.barcelona\/2024\/wp-content\/uploads\/2024\/10\/Claudia-Luque.png\" alt=\"\" width=\"180\" height=\"180\" \/><\/p>\n<h2 style=\"padding-left: 240px;\">Claudia Luque<\/h2>\n<p style=\"padding-left: 240px;\">Claudia Luque es comisaria, gestora cultural e investigadora especializada en Arte Contempor\u00e1neo y Cultura Visual. Su trabajo explora las relaciones entre imagen y escritura autobiogr\u00e1fica desde la perspectiva de g\u00e9nero, cuestionando y reinterpretando las nociones de identidad y memoria. Graduada en Comunicaci\u00f3n e Industrias Culturales por la Universidad de Barcelona, cuenta con un M\u00e1ster en Estudios Comparados de Literatura, Arte y Pensamiento (UPF) y un M\u00e1ster en Historia del Arte Contempor\u00e1neo y Cultura Visual (MNCARS, UAM, UCM).<\/p>\n<p>\n<style type=\"text\/css\" data-created_by=\"avia_inline_auto\" id=\"style-css-av-14xzly2-2-3-2-2-2-1-2-eca265eecd3fc7c5d6058ea8b2521f05\">\n#top .hr.av-14xzly2-2-3-2-2-2-1-2-eca265eecd3fc7c5d6058ea8b2521f05{\nmargin-top:30px;\nmargin-bottom:30px;\n}\n.hr.av-14xzly2-2-3-2-2-2-1-2-eca265eecd3fc7c5d6058ea8b2521f05 .hr-inner{\nwidth:600px;\nborder-color:#ffffff;\n}\n<\/style>\n<div  class='hr av-14xzly2-2-3-2-2-2-1-2-eca265eecd3fc7c5d6058ea8b2521f05 hr-custom  avia-builder-el-17  el_after_av_hr  el_before_av_hr  hr-left hr-icon-no'><span class='hr-inner inner-border-av-border-fat'><span class=\"hr-inner-style\"><\/span><\/span><\/div><br \/>\n<img loading=\"lazy\" decoding=\"async\" class=\"alignleft wp-image-53772 size-square\" src=\"https:\/\/asianfilmfestival.barcelona\/2024\/wp-content\/uploads\/2024\/10\/Alexis-Racionero-180x180.png\" alt=\"\" width=\"180\" height=\"180\" srcset=\"https:\/\/asianfilmfestival.barcelona\/2024\/wp-content\/uploads\/2024\/10\/Alexis-Racionero-180x180.png 180w, https:\/\/asianfilmfestival.barcelona\/2024\/wp-content\/uploads\/2024\/10\/Alexis-Racionero-300x300.png 300w, https:\/\/asianfilmfestival.barcelona\/2024\/wp-content\/uploads\/2024\/10\/Alexis-Racionero-80x80.png 80w, https:\/\/asianfilmfestival.barcelona\/2024\/wp-content\/uploads\/2024\/10\/Alexis-Racionero-36x36.png 36w, https:\/\/asianfilmfestival.barcelona\/2024\/wp-content\/uploads\/2024\/10\/Alexis-Racionero.png 560w\" sizes=\"auto, (max-width: 180px) 100vw, 180px\" \/><\/p>\n<h2 style=\"padding-left: 240px;\">Alexis Racionero<\/h2>\n<p style=\"padding-left: 240px;\"><em>Alexis Racionero Ragu\u00e9 es escritor y viajero. Doctor en Historia del Arte, licenciado en Geograf\u00eda e Historia y especialista en filosof\u00eda oriental, contracultura y el viaje del h\u00e9roe. Profesor fundacional de la escuela de cine ESCAC. Terapeuta Gestalt y coach generativo, adem\u00e1s de maestro de yoga y meditaci\u00f3n. Colaborador de la Vanguardia y el Mundo Deportivo. Ha rodado documentales como <strong>Rubbersoul, el viaje hippie a la India<\/strong> o<strong> Railway to Heaven, un tr\u00e1nsito de Beijing a Lhasa<\/strong>. Autor, entre otros libros, de Darshan, filosof\u00eda oriental para la vida cotidiana, El viaje del h\u00e9roe, Ecotop\u00eda, La mirada de oriente o Mushin, zen y sabidur\u00eda samur\u00e1i para la vida cotidiana.<\/em><\/p>\n<p>\n<style type=\"text\/css\" data-created_by=\"avia_inline_auto\" id=\"style-css-av-av_hr-23257cd14e29626b0d434b6d65a6757e\">\n#top .hr.av-av_hr-23257cd14e29626b0d434b6d65a6757e{\nmargin-top:30px;\nmargin-bottom:30px;\n}\n.hr.av-av_hr-23257cd14e29626b0d434b6d65a6757e .hr-inner{\nwidth:600px;\nborder-color:#ffffff;\n}\n<\/style>\n<div  class='hr av-av_hr-23257cd14e29626b0d434b6d65a6757e hr-custom  avia-builder-el-18  el_after_av_hr  el_before_av_hr  hr-left hr-icon-no'><span class='hr-inner inner-border-av-border-fat'><span class=\"hr-inner-style\"><\/span><\/span><\/div> <img loading=\"lazy\" decoding=\"async\" class=\"alignleft wp-image-53954 size-square\" src=\"https:\/\/asianfilmfestival.barcelona\/2024\/wp-content\/uploads\/2024\/10\/Kei-180x180.png\" alt=\"\" width=\"180\" height=\"180\" srcset=\"https:\/\/asianfilmfestival.barcelona\/2024\/wp-content\/uploads\/2024\/10\/Kei-180x180.png 180w, https:\/\/asianfilmfestival.barcelona\/2024\/wp-content\/uploads\/2024\/10\/Kei-300x300.png 300w, https:\/\/asianfilmfestival.barcelona\/2024\/wp-content\/uploads\/2024\/10\/Kei-80x80.png 80w, https:\/\/asianfilmfestival.barcelona\/2024\/wp-content\/uploads\/2024\/10\/Kei-36x36.png 36w, https:\/\/asianfilmfestival.barcelona\/2024\/wp-content\/uploads\/2024\/10\/Kei.png 560w\" sizes=\"auto, (max-width: 180px) 100vw, 180px\" \/><\/p>\n<h2 style=\"padding-left: 240px;\">Kei Matsushima<\/h2>\n<p style=\"padding-left: 240px;\">Graduado de la Facultad de Cultura, Comunicaci\u00f3n y Sociedad por la Universidad de Waseda, M\u00e1ster Universitario en Espa\u00f1ol como Segunda Lengua por la Universidad Complutense de Madrid y Doctor en Traducci\u00f3n y Estudios Interculturales por la Universitat Aut\u00f2noma de Barcelona. A lo largo de su carrera profesional, se ha dedicado a la gesti\u00f3n cultural y a la docencia en diferentes instituciones p\u00fablicas para dar a conocer diversos aspectos de Jap\u00f3n al p\u00fablico internacional. Actualmente, aparte de impartir asignaturas relacionadas con la pol\u00edtica y las relaciones internacionales de Jap\u00f3n en el Grado de Estudios de Asia Oriental y el M\u00e1ster Universitario en Estudios Globales de Asia Oriental de la Universitat Aut\u00f2noma de Barcelona, ejerce de director de la Oficina de Estudios Japoneses de la misma universidad (https:\/\/webs.uab.cat\/oficinasakura\/es\/), organizando cursos de lengua japonesa y actividades de car\u00e1cter cultural y acad\u00e9mico.<\/p>\n<\/div><\/div><\/div><\/section>\n<section class='av_toggle_section av-m2lq0zqw-3939693739afc4f5f8200f5686b1763b'  itemscope=\"itemscope\" itemtype=\"https:\/\/schema.org\/CreativeWork\" ><div role=\"tablist\" class=\"single_toggle\" data-tags=\"{Todo} \"  ><p id='toggle-toggle-id-5' data-fake-id='#toggle-id-5' class='toggler  av-title-above '  itemprop=\"headline\"  role='tab' tabindex='0' aria-controls='toggle-id-5' data-slide-speed=\"200\" data-title=\"JURADO SECCI\u00d3N ESPECIAL\" data-title-open=\"\">JURADO SECCI\u00d3N ESPECIAL<span class=\"toggle_icon\"><span class=\"vert_icon\"><\/span><span class=\"hor_icon\"><\/span><\/span><\/p><div id='toggle-id-5' aria-labelledby='toggle-toggle-id-5' role='region' class='toggle_wrap  av-title-above'  ><div class='toggle_content invers-color '  itemprop=\"text\" ><p><img loading=\"lazy\" decoding=\"async\" class=\"alignleft wp-image-53776 size-square\" src=\"https:\/\/asianfilmfestival.barcelona\/2024\/wp-content\/uploads\/2024\/10\/sandra-sotelo-180x180.png\" alt=\"\" width=\"180\" height=\"180\" srcset=\"https:\/\/asianfilmfestival.barcelona\/2024\/wp-content\/uploads\/2024\/10\/sandra-sotelo-180x180.png 180w, https:\/\/asianfilmfestival.barcelona\/2024\/wp-content\/uploads\/2024\/10\/sandra-sotelo-300x300.png 300w, https:\/\/asianfilmfestival.barcelona\/2024\/wp-content\/uploads\/2024\/10\/sandra-sotelo-80x80.png 80w, https:\/\/asianfilmfestival.barcelona\/2024\/wp-content\/uploads\/2024\/10\/sandra-sotelo-36x36.png 36w, https:\/\/asianfilmfestival.barcelona\/2024\/wp-content\/uploads\/2024\/10\/sandra-sotelo.png 560w\" sizes=\"auto, (max-width: 180px) 100vw, 180px\" \/><\/p>\n<h2 style=\"padding-left: 240px;\">Sandra Sotelo (Presidenta)<\/h2>\n<p style=\"padding-left: 240px;\">Periodista y corresponsal de noticias en ABS-CBN Corporation. Profesora, periodista freelance y miembro activo de la comunidad filipina, Sandra Sotelo Aboy entiende el valor de la noticia y cree que es necesario aplicar la transversalidad en la actividad period\u00edstica que lleva a cabo. Para gestionar su tiempo, se lanz\u00f3 al mundo del comercio digital con un proyecto empresarial que funciona 24\/7, que le permite dedicarse a la promoci\u00f3n de la cultura de su pa\u00eds y de proyectos como <strong>Contracorona <\/strong>que se proyect\u00f3 en el AFFBCN 2023.<\/p>\n<p>\n<style type=\"text\/css\" data-created_by=\"avia_inline_auto\" id=\"style-css-av-av_hr-23257cd14e29626b0d434b6d65a6757e\">\n#top .hr.av-av_hr-23257cd14e29626b0d434b6d65a6757e{\nmargin-top:30px;\nmargin-bottom:30px;\n}\n.hr.av-av_hr-23257cd14e29626b0d434b6d65a6757e .hr-inner{\nwidth:600px;\nborder-color:#ffffff;\n}\n<\/style>\n<div  class='hr av-av_hr-23257cd14e29626b0d434b6d65a6757e hr-custom  avia-builder-el-19  el_after_av_hr  el_before_av_hr  hr-left hr-icon-no'><span class='hr-inner inner-border-av-border-fat'><span class=\"hr-inner-style\"><\/span><\/span><\/div><br \/>\n<img loading=\"lazy\" decoding=\"async\" class=\"alignleft wp-image-53779 size-square\" src=\"https:\/\/asianfilmfestival.barcelona\/2024\/wp-content\/uploads\/2024\/10\/Louise-Wu-180x180.png\" alt=\"\" width=\"180\" height=\"180\" srcset=\"https:\/\/asianfilmfestival.barcelona\/2024\/wp-content\/uploads\/2024\/10\/Louise-Wu-180x180.png 180w, https:\/\/asianfilmfestival.barcelona\/2024\/wp-content\/uploads\/2024\/10\/Louise-Wu-300x300.png 300w, https:\/\/asianfilmfestival.barcelona\/2024\/wp-content\/uploads\/2024\/10\/Louise-Wu-80x80.png 80w, https:\/\/asianfilmfestival.barcelona\/2024\/wp-content\/uploads\/2024\/10\/Louise-Wu-36x36.png 36w, https:\/\/asianfilmfestival.barcelona\/2024\/wp-content\/uploads\/2024\/10\/Louise-Wu.png 560w\" sizes=\"auto, (max-width: 180px) 100vw, 180px\" \/><\/p>\n<h2 style=\"padding-left: 240px;\">Louise Wu<\/h2>\n<p style=\"padding-left: 240px;\">Louise Wu es escritora, directora, productora y cineasta multidisciplinaria de Beijing, China. Recientemente obtuvo su Licenciatura en Bellas Artes en Escritura Dram\u00e1tica y una especializaci\u00f3n en el Negocio del Entretenimiento, Medios y Tecnolog\u00eda en la Escuela de Artes Tisch de la Universidad de Nueva York (NYU). A menudo, con una apertura emocional, sus obras creativas exploran temas como las complejidades de las conexiones interpersonales, las condiciones de vida modernas y urbanas, as\u00ed como la vulnerabilidad po\u00e9tica que est\u00e1 presente en nuestra experiencia humana compartida. Su experiencia profesional incluye guion, desarrollo y distribuci\u00f3n cinematogr\u00e1fica, as\u00ed como el compromiso cultural internacional. Actualmente, est\u00e1 terminando su cortometraje <strong>Love Complex<\/strong>, mientras trabaja como localizadora y guionista en la industria del entretenimiento de Am\u00e9rica del Norte y Asia.<\/p>\n<p>\n<style type=\"text\/css\" data-created_by=\"avia_inline_auto\" id=\"style-css-av-av_hr-23257cd14e29626b0d434b6d65a6757e\">\n#top .hr.av-av_hr-23257cd14e29626b0d434b6d65a6757e{\nmargin-top:30px;\nmargin-bottom:30px;\n}\n.hr.av-av_hr-23257cd14e29626b0d434b6d65a6757e .hr-inner{\nwidth:600px;\nborder-color:#ffffff;\n}\n<\/style>\n<div  class='hr av-av_hr-23257cd14e29626b0d434b6d65a6757e hr-custom  avia-builder-el-20  el_after_av_hr  el_before_av_hr  hr-left hr-icon-no'><span class='hr-inner inner-border-av-border-fat'><span class=\"hr-inner-style\"><\/span><\/span><\/div><br \/>\n<img loading=\"lazy\" decoding=\"async\" class=\"alignleft wp-image-53782 size-square\" src=\"https:\/\/asianfilmfestival.barcelona\/2024\/wp-content\/uploads\/2024\/10\/Alvaro-Gonzalez-180x180.png\" alt=\"\" width=\"180\" height=\"180\" srcset=\"https:\/\/asianfilmfestival.barcelona\/2024\/wp-content\/uploads\/2024\/10\/Alvaro-Gonzalez-180x180.png 180w, https:\/\/asianfilmfestival.barcelona\/2024\/wp-content\/uploads\/2024\/10\/Alvaro-Gonzalez-300x300.png 300w, https:\/\/asianfilmfestival.barcelona\/2024\/wp-content\/uploads\/2024\/10\/Alvaro-Gonzalez-80x80.png 80w, https:\/\/asianfilmfestival.barcelona\/2024\/wp-content\/uploads\/2024\/10\/Alvaro-Gonzalez-36x36.png 36w, https:\/\/asianfilmfestival.barcelona\/2024\/wp-content\/uploads\/2024\/10\/Alvaro-Gonzalez.png 560w\" sizes=\"auto, (max-width: 180px) 100vw, 180px\" \/><\/p>\n<h2 style=\"padding-left: 240px;\">\u00c1lvaro Gonz\u00e1lez<\/h2>\n<p style=\"padding-left: 240px;\">Graduado en Guion y escritura dram\u00e1tica por la Escola Superior de Cinema i Audiovisuals de Catalunya (ESCAC), \u00c1lvaro Gonz\u00e1lez ha colaborado con la distribuidora Brigante Films (2017 \u2013 2018), una responsable de la distribuci\u00f3n en formato f\u00edsico y digital de <strong>Psycho Raman <\/strong>(Anuraq Kashyap, 2016, India) y <strong>Confession of Murder <\/strong>(Jung Byung-gil, 2012, Corea Del Sur). Es tambi\u00e9n creador de contenidos para la divulgaci\u00f3n cinematogr\u00e1fica del continente asi\u00e1tico, bajo el nombre de Atlas Del Cine Asi\u00e1tico. (TikTok\/IG: @atlasdelcineasiatico).<\/p>\n<p>\n<style type=\"text\/css\" data-created_by=\"avia_inline_auto\" id=\"style-css-av-av_hr-23257cd14e29626b0d434b6d65a6757e\">\n#top .hr.av-av_hr-23257cd14e29626b0d434b6d65a6757e{\nmargin-top:30px;\nmargin-bottom:30px;\n}\n.hr.av-av_hr-23257cd14e29626b0d434b6d65a6757e .hr-inner{\nwidth:600px;\nborder-color:#ffffff;\n}\n<\/style>\n<div  class='hr av-av_hr-23257cd14e29626b0d434b6d65a6757e hr-custom  avia-builder-el-21  el_after_av_hr  el_before_av_hr  hr-left hr-icon-no'><span class='hr-inner inner-border-av-border-fat'><span class=\"hr-inner-style\"><\/span><\/span><\/div> <img loading=\"lazy\" decoding=\"async\" class=\"alignleft wp-image-53785 size-square\" src=\"https:\/\/asianfilmfestival.barcelona\/2024\/wp-content\/uploads\/2024\/10\/Jimena-Tercero-180x180.png\" alt=\"\" width=\"180\" height=\"180\" srcset=\"https:\/\/asianfilmfestival.barcelona\/2024\/wp-content\/uploads\/2024\/10\/Jimena-Tercero-180x180.png 180w, https:\/\/asianfilmfestival.barcelona\/2024\/wp-content\/uploads\/2024\/10\/Jimena-Tercero-300x300.png 300w, https:\/\/asianfilmfestival.barcelona\/2024\/wp-content\/uploads\/2024\/10\/Jimena-Tercero-80x80.png 80w, https:\/\/asianfilmfestival.barcelona\/2024\/wp-content\/uploads\/2024\/10\/Jimena-Tercero-36x36.png 36w, https:\/\/asianfilmfestival.barcelona\/2024\/wp-content\/uploads\/2024\/10\/Jimena-Tercero.png 560w\" sizes=\"auto, (max-width: 180px) 100vw, 180px\" \/><\/p>\n<h2 style=\"padding-left: 240px;\">Jimena Tercero<\/h2>\n<p style=\"padding-left: 240px;\">Jimena Tercero (Madrid, 1998) es una artista multidisciplinar que investiga la relaci\u00f3n entre los l\u00edmites de la identidad y el cuerpo humano a trav\u00e9s del video, la fotograf\u00eda, la performance y la pintura. En sus obras, aborda conceptos como la memoria y el juego. Ha dirigido cortometrajes como <strong>\u0395\u03b3\u03ce<\/strong>, <strong>Paranoid<\/strong> <strong>or<\/strong> <strong>Private<\/strong> (2022) y ha expuesto en la Aspa Contemporary Gallery de Madrid y realiz\u00f3 su \u00faltima performance <strong>Me, myself and I<\/strong> (2023) en los Teatros del Canal de Madrid. Ha dirigido tambi\u00e9n documentales como <strong>You are also here<\/strong> para el proyecto Artforchange-La Caixa sobre el s\u00edndrome de Asperger.<\/p>\n<p>\n<style type=\"text\/css\" data-created_by=\"avia_inline_auto\" id=\"style-css-av-av_hr-23257cd14e29626b0d434b6d65a6757e\">\n#top .hr.av-av_hr-23257cd14e29626b0d434b6d65a6757e{\nmargin-top:30px;\nmargin-bottom:30px;\n}\n.hr.av-av_hr-23257cd14e29626b0d434b6d65a6757e .hr-inner{\nwidth:600px;\nborder-color:#ffffff;\n}\n<\/style>\n<div  class='hr av-av_hr-23257cd14e29626b0d434b6d65a6757e hr-custom  avia-builder-el-22  el_after_av_hr  avia-builder-el-last  hr-left hr-icon-no'><span class='hr-inner inner-border-av-border-fat'><span class=\"hr-inner-style\"><\/span><\/span><\/div> <img loading=\"lazy\" decoding=\"async\" class=\"alignleft wp-image-53800 size-square\" src=\"https:\/\/asianfilmfestival.barcelona\/2024\/wp-content\/uploads\/2024\/10\/Belen-Abad-180x180.png\" alt=\"\" width=\"180\" height=\"180\" srcset=\"https:\/\/asianfilmfestival.barcelona\/2024\/wp-content\/uploads\/2024\/10\/Belen-Abad-180x180.png 180w, https:\/\/asianfilmfestival.barcelona\/2024\/wp-content\/uploads\/2024\/10\/Belen-Abad-300x300.png 300w, https:\/\/asianfilmfestival.barcelona\/2024\/wp-content\/uploads\/2024\/10\/Belen-Abad-80x80.png 80w, https:\/\/asianfilmfestival.barcelona\/2024\/wp-content\/uploads\/2024\/10\/Belen-Abad-36x36.png 36w, https:\/\/asianfilmfestival.barcelona\/2024\/wp-content\/uploads\/2024\/10\/Belen-Abad.png 560w\" sizes=\"auto, (max-width: 180px) 100vw, 180px\" \/><\/p>\n<h2 style=\"padding-left: 240px;\">Bel\u00e9n Abad<\/h2>\n<p style=\"padding-left: 240px;\">Bel\u00e9n Abad es licenciada en Direcci\u00f3n Cinematogr\u00e1fica por la Universidad del Cine de Buenos Aires. Tras haber cursado y estudiado metodolog\u00edas de t\u00e9cnica actoral, dict\u00f3 clases pr\u00e1cticas en la materia Direcci\u00f3n de Actores de la misma universidad entre 2014 y 2018. Actualmente, se dedica a la direcci\u00f3n y producci\u00f3n de casting en Casting Club, una productora de casting con base en Buenos Aires y Ciudad de M\u00e9xico, llevando a cabo la b\u00fasqueda y formulaci\u00f3n de elencos tanto para el \u00e1rea de publicidad como ficci\u00f3n.<\/p>\n<\/div><\/div><\/div><\/section>\n<section class='av_toggle_section av-m2lq0zqw-5d7c017f51b15674cef712ef92b6cd08'  itemscope=\"itemscope\" itemtype=\"https:\/\/schema.org\/CreativeWork\" ><div role=\"tablist\" class=\"single_toggle\" data-tags=\"{Todo} \"  ><p id='toggle-toggle-id-6' data-fake-id='#toggle-id-6' class='toggler  av-title-above '  itemprop=\"headline\"  role='tab' tabindex='0' aria-controls='toggle-id-6' data-slide-speed=\"200\" data-title=\"JURADO NUEVAS MIRADAS\" data-title-open=\"\">JURADO NUEVAS MIRADAS<span class=\"toggle_icon\"><span class=\"vert_icon\"><\/span><span class=\"hor_icon\"><\/span><\/span><\/p><div id='toggle-id-6' aria-labelledby='toggle-toggle-id-6' role='region' class='toggle_wrap  av-title-above'  ><div class='toggle_content invers-color '  itemprop=\"text\" ><div class=\"flex_column av_one_fourth flex_column_div av-zero-column-padding first avia-builder-el-63 el_after_av_hr el_before_av_one_fourth \">\n<section class=\"av_textblock_section \">\n<div class=\"avia_textblock \"><strong>Martina Garcia Casillas (Presidenta)<\/strong><br \/>\n<strong>Adriana Villayandre Vidal<\/strong><br \/>\n<strong>Alex Cotet Bonamusa <\/strong><br \/>\n<strong>Alicia Crespo Hidalgo<\/strong><br \/>\n<strong>\u00c1lvaro Pardo Martorell<\/strong><br \/>\n<strong>Angel Luis Valverde Blanco de Cordova <\/strong><br \/>\n<strong>Ariadna Mart\u00ednez<\/strong><br \/>\n<strong>Ariel Merindano Claverol<\/strong><br \/>\n<strong>Carla Cortada Rusi\u00f1ol<\/strong><br \/>\n<strong>Duna Marcet Terraza<\/strong><\/div>\n<\/section>\n<\/div>\n<div class=\"flex_column av_one_fourth flex_column_div av-zero-column-padding avia-builder-el-65 el_after_av_one_fourth el_before_av_one_fourth \">\n<section class=\"av_textblock_section \">\n<div class=\"avia_textblock \"><strong>Fernanda Antonia Mart\u00ednez Andaluz<\/strong><br \/>\n<strong>Guillem Beorlegui Rech<\/strong><br \/>\n<strong>Guillem P\u00e9rez Coca<\/strong><br \/>\n<strong>Henedina Mu\u00f1oz Pinto<\/strong><br \/>\n<strong>Hug Banqu\u00e9 Maj\u00f3<\/strong><br \/>\n<strong>Ignacio Garriga Bravo<\/strong><br \/>\n<strong>Isabella Palmieri<\/strong><br \/>\n<strong>Jiayue Lyu<\/strong><br \/>\n<strong>Jordi Pujadas Pons<\/strong><br \/>\n<strong>Juan David Arboleda C\u00f3rdoba<\/strong><\/div>\n<\/section>\n<\/div>\n<div class=\"flex_column av_one_fourth flex_column_div av-zero-column-padding avia-builder-el-67 el_after_av_one_fourth el_before_av_one_fourth \">\n<section class=\"av_textblock_section \">\n<div class=\"avia_textblock \"><strong>Laura Mart\u00edn<\/strong><br \/>\n<strong>Lola Celma<\/strong><br \/>\n<strong>Luc\u00eda Barrasa Vicente<\/strong><br \/>\n<strong>Mar G\u00e1lvez Rodr\u00edguez<\/strong><br \/>\n<strong>Matthew O&#8217;Malley<\/strong><br \/>\n<strong>Nicol\u00e1s Bellostas<\/strong><br \/>\n<strong>Oscar Garcia Pinazo<\/strong><\/div>\n<\/section>\n<\/div>\n<div class=\"flex_column av_one_fourth flex_column_div av-zero-column-padding avia-builder-el-69 el_after_av_one_fourth el_before_av_one_fourth \">\n<section class=\"av_textblock_section \">\n<div class=\"avia_textblock \"><strong>Pol Satoca Barber\u00e1n<\/strong><br \/>\n<strong>Richard Sudario Berrocal<\/strong><br \/>\n<strong>Rub\u00e9n Anaya Zahinos<\/strong><br \/>\n<strong>Sergi Sun Zhenpeng<\/strong><br \/>\n<strong>Sergio Campos Mulet<\/strong><br \/>\n<strong>Victor Garcia Guerrero <\/strong><br \/>\n<strong>Wang Liao<\/strong><br \/>\n<strong>Xuran Shang<\/strong><\/div>\n<\/section>\n<\/div>\n<\/div><\/div><\/div><\/section>\n<\/div>\n","protected":false},"excerpt":{"rendered":"","protected":false},"author":7,"featured_media":0,"parent":0,"menu_order":0,"comment_status":"closed","ping_status":"closed","template":"","meta":{"_acf_changed":false,"footnotes":""},"class_list":["post-37262","page","type-page","status-publish","hentry"],"acf":[],"_links":{"self":[{"href":"https:\/\/asianfilmfestival.barcelona\/2024\/es\/wp-json\/wp\/v2\/pages\/37262","targetHints":{"allow":["GET"]}}],"collection":[{"href":"https:\/\/asianfilmfestival.barcelona\/2024\/es\/wp-json\/wp\/v2\/pages"}],"about":[{"href":"https:\/\/asianfilmfestival.barcelona\/2024\/es\/wp-json\/wp\/v2\/types\/page"}],"author":[{"embeddable":true,"href":"https:\/\/asianfilmfestival.barcelona\/2024\/es\/wp-json\/wp\/v2\/users\/7"}],"replies":[{"embeddable":true,"href":"https:\/\/asianfilmfestival.barcelona\/2024\/es\/wp-json\/wp\/v2\/comments?post=37262"}],"version-history":[{"count":21,"href":"https:\/\/asianfilmfestival.barcelona\/2024\/es\/wp-json\/wp\/v2\/pages\/37262\/revisions"}],"predecessor-version":[{"id":54229,"href":"https:\/\/asianfilmfestival.barcelona\/2024\/es\/wp-json\/wp\/v2\/pages\/37262\/revisions\/54229"}],"wp:attachment":[{"href":"https:\/\/asianfilmfestival.barcelona\/2024\/es\/wp-json\/wp\/v2\/media?parent=37262"}],"curies":[{"name":"wp","href":"https:\/\/api.w.org\/{rel}","templated":true}]}}