{"id":37261,"date":"2021-11-03T12:06:43","date_gmt":"2021-11-03T11:06:43","guid":{"rendered":"http:\/\/asianfilmfestival.barcelona\/2022\/juries-and-awards-plantilla-2021\/"},"modified":"2024-11-13T13:08:48","modified_gmt":"2024-11-13T12:08:48","slug":"premis-i-jurats-2024","status":"publish","type":"page","link":"https:\/\/asianfilmfestival.barcelona\/2024\/ca\/premis-i-jurats-2024\/","title":{"rendered":"Jurats 2024"},"content":{"rendered":"<section  class='av_textblock_section av-kv2b8p6i-65b24e88482f351e88795a9394fc96a3 '  ><div class='avia_textblock' ><h1 style=\"text-align: left;\">JURATS<\/h1>\n<\/div><\/section>\n\n<style type=\"text\/css\" data-created_by=\"avia_inline_auto\" id=\"style-css-av-m2kory98-0af613f5d8e34c570908fbca4a4cdf10\">\n#top .togglecontainer.av-m2kory98-0af613f5d8e34c570908fbca4a4cdf10 p.toggler.activeTitle{\ncolor:#e23636;\nborder-color:#e23636;\n}\n<\/style>\n<div  class='togglecontainer av-m2kory98-0af613f5d8e34c570908fbca4a4cdf10 av-elegant-toggle  avia-builder-el-1  el_after_av_textblock  avia-builder-el-last  toggle_close_all hasCurrentStyle' >\n<section class='av_toggle_section av-m2korxdq-8df2cd6db60fa1aa9289825707533951' ><div role=\"tablist\" class=\"single_toggle\" data-tags=\"{All} \"  ><p id='toggle-toggle-id-1' data-fake-id='#toggle-id-1' class='toggler  av-title-above '  role='tab' tabindex='0' aria-controls='toggle-id-1' data-slide-speed=\"200\" data-title=\"JURAT SECCI\u00d3 OFICIAL\" data-title-open=\"\">JURAT SECCI\u00d3 OFICIAL<span class=\"toggle_icon\"><span class=\"vert_icon\"><\/span><span class=\"hor_icon\"><\/span><\/span><\/p><div id='toggle-id-1' aria-labelledby='toggle-toggle-id-1' role='region' class='toggle_wrap  av-title-above'  ><div class='toggle_content invers-color ' ><p><img loading=\"lazy\" decoding=\"async\" class=\"alignleft wp-image-53685 size-square\" src=\"https:\/\/asianfilmfestival.barcelona\/2024\/wp-content\/uploads\/2024\/10\/Mike-Hostench-180x180.png\" alt=\"\" width=\"180\" height=\"180\" srcset=\"https:\/\/asianfilmfestival.barcelona\/2024\/wp-content\/uploads\/2024\/10\/Mike-Hostench-180x180.png 180w, https:\/\/asianfilmfestival.barcelona\/2024\/wp-content\/uploads\/2024\/10\/Mike-Hostench-300x300.png 300w, https:\/\/asianfilmfestival.barcelona\/2024\/wp-content\/uploads\/2024\/10\/Mike-Hostench-80x80.png 80w, https:\/\/asianfilmfestival.barcelona\/2024\/wp-content\/uploads\/2024\/10\/Mike-Hostench-36x36.png 36w, https:\/\/asianfilmfestival.barcelona\/2024\/wp-content\/uploads\/2024\/10\/Mike-Hostench.png 560w\" sizes=\"auto, (max-width: 180px) 100vw, 180px\" \/><\/p>\n<h2 style=\"padding-left: 240px;\">Mike Hostench (President)<\/h2>\n<p style=\"padding-left: 240px;\">La traject\u00f2ria de Mike Hostench (Barcelona, 1967) ha estat sempre vinculada a la ind\u00fastria del cinema. Va iniciar la seva carrera en l&#8217;\u00e0mbit de la distribuci\u00f3, treballant per a empreses com Virgin i Gorgon V\u00eddeo, especialitzades en la producci\u00f3 i distribuci\u00f3 cinematogr\u00e0fica. Posteriorment, va orientar la seva carrera cap a l&#8217;organitzaci\u00f3 de festivals. Hostench va ocupar el c\u00e0rrec de Co-Director del Sitges Festival Internacional de Cinema Fant\u00e0stic. Tamb\u00e9 es dedica al consulting per a distribu\u00efdores i productores de cinema. Ha escrit dos guions que s&#8217;han estrenat a tot el m\u00f3n, tres llibres sobre pel\u00b7l\u00edcules asi\u00e0tiques i de terror, i col\u00b7labora en revistes de cinema i llocs web. Parla angl\u00e8s, catal\u00e0, espanyol, i core\u00e0 b\u00e0sic.<\/p>\n\n<style type=\"text\/css\" data-created_by=\"avia_inline_auto\" id=\"style-css-av-av_hr-23257cd14e29626b0d434b6d65a6757e\">\n#top .hr.av-av_hr-23257cd14e29626b0d434b6d65a6757e{\nmargin-top:30px;\nmargin-bottom:30px;\n}\n.hr.av-av_hr-23257cd14e29626b0d434b6d65a6757e .hr-inner{\nwidth:600px;\nborder-color:#ffffff;\n}\n<\/style>\n<div  class='hr av-av_hr-23257cd14e29626b0d434b6d65a6757e hr-custom  avia-builder-el-2  el_before_av_hr  avia-builder-el-first  hr-left hr-icon-no'><span class='hr-inner inner-border-av-border-fat'><span class=\"hr-inner-style\"><\/span><\/span><\/div>\n<p><img loading=\"lazy\" decoding=\"async\" class=\"alignleft wp-image-53944 size-square\" src=\"https:\/\/asianfilmfestival.barcelona\/2024\/wp-content\/uploads\/2024\/10\/Olga-Shishko-1-180x180.png\" alt=\"\" width=\"180\" height=\"180\" srcset=\"https:\/\/asianfilmfestival.barcelona\/2024\/wp-content\/uploads\/2024\/10\/Olga-Shishko-1-180x180.png 180w, https:\/\/asianfilmfestival.barcelona\/2024\/wp-content\/uploads\/2024\/10\/Olga-Shishko-1-300x300.png 300w, https:\/\/asianfilmfestival.barcelona\/2024\/wp-content\/uploads\/2024\/10\/Olga-Shishko-1-80x80.png 80w, https:\/\/asianfilmfestival.barcelona\/2024\/wp-content\/uploads\/2024\/10\/Olga-Shishko-1-36x36.png 36w, https:\/\/asianfilmfestival.barcelona\/2024\/wp-content\/uploads\/2024\/10\/Olga-Shishko-1.png 560w\" sizes=\"auto, (max-width: 180px) 100vw, 180px\" \/><\/p>\n<h2 style=\"padding-left: 240px;\">Olga Shishko<\/h2>\n<p style=\"padding-left: 240px;\">Olga Shishko \u00e9s especialista en art medi\u00e0tic, fundadora, directora i comissaria del MediaArtLab Center for Culture and Art. \u00c9s comissaria de nombroses exposicions i projectes, incloent-hi Bill Viola: Journey of the Soul (Museu Estatal de Belles Arts Pushkin, Moscou, 2021); At the end abides the beginning: Tintoretto\u2019s Secret Brotherhood (Esgl\u00e9sia de San Fantin, Ven\u00e8cia, 2019); Man as a bird: Images of travel (Palazzo Soranzo Van Axel, Ven\u00e8cia, 2017), entre altres. Actualment, \u00e9s professora en la Universitat Ca&#8217; Foscari, on es dedica a la recerca del desenvolupament de l&#8217;art medi\u00e0tic a Europa de l&#8217;Est despr\u00e9s de la caiguda del Mur de Berl\u00edn. Tamb\u00e9 est\u00e0 treballant en el projecte Mapping Diaspora i ocupa el lloc de cap del Departament d&#8217;Art en la plataforma CIFRA per a l&#8217;Art Medi\u00e0tic.<\/p>\n\n<style type=\"text\/css\" data-created_by=\"avia_inline_auto\" id=\"style-css-av-av_hr-23257cd14e29626b0d434b6d65a6757e\">\n#top .hr.av-av_hr-23257cd14e29626b0d434b6d65a6757e{\nmargin-top:30px;\nmargin-bottom:30px;\n}\n.hr.av-av_hr-23257cd14e29626b0d434b6d65a6757e .hr-inner{\nwidth:600px;\nborder-color:#ffffff;\n}\n<\/style>\n<div  class='hr av-av_hr-23257cd14e29626b0d434b6d65a6757e hr-custom  avia-builder-el-3  el_after_av_hr  el_before_av_hr  hr-left hr-icon-no'><span class='hr-inner inner-border-av-border-fat'><span class=\"hr-inner-style\"><\/span><\/span><\/div>\n<p><img loading=\"lazy\" decoding=\"async\" class=\"alignleft wp-image-53690 size-square\" src=\"https:\/\/asianfilmfestival.barcelona\/2024\/wp-content\/uploads\/2024\/10\/Aditya-Bhattacharya_2-180x180.png\" alt=\"\" width=\"180\" height=\"180\" srcset=\"https:\/\/asianfilmfestival.barcelona\/2024\/wp-content\/uploads\/2024\/10\/Aditya-Bhattacharya_2-180x180.png 180w, https:\/\/asianfilmfestival.barcelona\/2024\/wp-content\/uploads\/2024\/10\/Aditya-Bhattacharya_2-300x300.png 300w, https:\/\/asianfilmfestival.barcelona\/2024\/wp-content\/uploads\/2024\/10\/Aditya-Bhattacharya_2-80x80.png 80w, https:\/\/asianfilmfestival.barcelona\/2024\/wp-content\/uploads\/2024\/10\/Aditya-Bhattacharya_2-36x36.png 36w, https:\/\/asianfilmfestival.barcelona\/2024\/wp-content\/uploads\/2024\/10\/Aditya-Bhattacharya_2.png 560w\" sizes=\"auto, (max-width: 180px) 100vw, 180px\" \/><\/p>\n<h2 style=\"padding-left: 240px;\">Aditya Bhattacharya<\/h2>\n<p style=\"padding-left: 240px;\">Aditya Bhattacharya, nascut en 1965, \u00e9s un director de cinema i guionista indi, conegut principalment pel seu aclamat llargmetratge <strong>Raakh<\/strong> (1989). \u00c9s fill del cineasta Basu Bhattacharya i de Rinki Bhattacharya, qui \u00e9s filla de Bimal Roy. Va comen\u00e7ar la seva carrera en la ind\u00fastria cinematogr\u00e0fica com a actor a <strong>Mandi<\/strong> (1983), una pel\u00b7l\u00edcula de Shyam Benegal, on va interpretar al nuvi de Smita Patil. La seva carrera com a actor tamb\u00e9 inclou papers a <strong>Rihaee<\/strong> (1988) i <strong>Hazaaron Khwaishein Aisi<\/strong> (2003), totes dues dirigides per Sudhir Mishra. Va debutar com a director amb <strong>Raakh<\/strong> (1989), que va rebre tres Premis Nacionals de Cinema, i un Premi al Millor Debut com a Director en els Premis de l&#8217;Associaci\u00f3 de Periodistes Cinematogr\u00e0fics de Bengala. Mentrestant, tamb\u00e9 va treballar com a reporter gr\u00e0fic. Posteriorment, l&#8217;any 1988, es va traslladar de Bombai a Roma, on va rodar una pel\u00b7l\u00edcula italiana i alguns v\u00eddeos musicals. La seva pel\u00b7l\u00edcula <strong>Dubai Retur<\/strong>n (2005), que tamb\u00e9 va produir sota el segell Aditya Pictures, es va estrenar en el IFFI Goa 2005. L&#8217;any 2012, va produir i va dirigir <strong>Bombai&#8217;s Most Wanted (BMW)<\/strong>, que es va projectar en el Festival de Cinema de Bombai.<\/p>\n\n<style type=\"text\/css\" data-created_by=\"avia_inline_auto\" id=\"style-css-av-av_hr-23257cd14e29626b0d434b6d65a6757e\">\n#top .hr.av-av_hr-23257cd14e29626b0d434b6d65a6757e{\nmargin-top:30px;\nmargin-bottom:30px;\n}\n.hr.av-av_hr-23257cd14e29626b0d434b6d65a6757e .hr-inner{\nwidth:600px;\nborder-color:#ffffff;\n}\n<\/style>\n<div  class='hr av-av_hr-23257cd14e29626b0d434b6d65a6757e hr-custom  avia-builder-el-4  el_after_av_hr  el_before_av_hr  hr-left hr-icon-no'><span class='hr-inner inner-border-av-border-fat'><span class=\"hr-inner-style\"><\/span><\/span><\/div>\n<p><img loading=\"lazy\" decoding=\"async\" class=\"alignleft wp-image-53699 size-square\" src=\"https:\/\/asianfilmfestival.barcelona\/2024\/wp-content\/uploads\/2024\/10\/Kamyar-Mohsenin-180x180.png\" alt=\"\" width=\"180\" height=\"180\" srcset=\"https:\/\/asianfilmfestival.barcelona\/2024\/wp-content\/uploads\/2024\/10\/Kamyar-Mohsenin-180x180.png 180w, https:\/\/asianfilmfestival.barcelona\/2024\/wp-content\/uploads\/2024\/10\/Kamyar-Mohsenin-300x300.png 300w, https:\/\/asianfilmfestival.barcelona\/2024\/wp-content\/uploads\/2024\/10\/Kamyar-Mohsenin-80x80.png 80w, https:\/\/asianfilmfestival.barcelona\/2024\/wp-content\/uploads\/2024\/10\/Kamyar-Mohsenin-36x36.png 36w, https:\/\/asianfilmfestival.barcelona\/2024\/wp-content\/uploads\/2024\/10\/Kamyar-Mohsenin.png 560w\" sizes=\"auto, (max-width: 180px) 100vw, 180px\" \/><\/p>\n<h2 style=\"padding-left: 240px;\">Kamyar Mohsenin + Nastaran Molavi<\/h2>\n<p style=\"padding-left: 240px;\">Nascut el 1971 a Teheran, Kamyar Mohsenin va estudiar Enginyeria de Control i Instruments a la Universitat Tecnol\u00f2gica de Sharif. Despr\u00e9s de treballar com a cr\u00edtic i traductor de cinema amb diferents revistes cinematogr\u00e0fiques i publicacions de l&#8217;Arxiu Nacional de Cinema de l&#8217;Iran, va iniciar un programa de televisi\u00f3 anal\u00edtic, &#8220;Film 90&#8217;s&#8221;, com a investigador i co-creador el 1996. Va coescriure el seu primer llibre. , &#8220;James Bond, 35 anys amb un fenomen&#8221; el 1997. Mohsenin va comen\u00e7ar la seva col\u00b7laboraci\u00f3 amb la Farabi Cinema Foundation com a executiu de recerca el 1998. Durant la seva cooperaci\u00f3 amb Farabi fins al 2018, va participar en l&#8217;organitzaci\u00f3 d&#8217;esdeveniments cinematogr\u00e0fics internacionals com ara Fajr, mercat de cinema irani\u00e0, nens i adults joves, Kish, urb\u00e0, etc., i la publicaci\u00f3 de &#8220;Selecci\u00f3 anual de pel\u00b7l\u00edcules iranianes&#8221;, &#8220;Guia del mercat de cinema irani\u00e0&#8221;, etc. Mohsenin ha estat professor en diferents cursos d&#8217;hist\u00f2ria del cinema i cr\u00edtic de cinema a la International Film Guide, revistes de cinema, diaris i programes de televisi\u00f3. Com a membre de la junta del FIFF (Fajr International Film Festival), en el curs de la reestructuraci\u00f3 del festival, va treballar amb FIFF del 2016 al 2021 com a director de Relacions Internacionals i Director de Programaci\u00f3 (el festival va ser tancat pels intransigents el 2021 quan va va ser acreditat com a Festival de Cinema A per la FIAPF). Despr\u00e9s de deixar Farabi, amb Amir Esfandiari i Mohmmad Esfandiari, va cofundar l&#8217;empresa del sector privat, IRIMAGE, a finals de 2018.<\/p>\n<p><img loading=\"lazy\" decoding=\"async\" class=\"alignleft wp-image-53705 size-square\" src=\"https:\/\/asianfilmfestival.barcelona\/2024\/wp-content\/uploads\/2024\/10\/Nastaran-Molavi-180x180.png\" alt=\"\" width=\"180\" height=\"180\" srcset=\"https:\/\/asianfilmfestival.barcelona\/2024\/wp-content\/uploads\/2024\/10\/Nastaran-Molavi-180x180.png 180w, https:\/\/asianfilmfestival.barcelona\/2024\/wp-content\/uploads\/2024\/10\/Nastaran-Molavi-300x300.png 300w, https:\/\/asianfilmfestival.barcelona\/2024\/wp-content\/uploads\/2024\/10\/Nastaran-Molavi-80x80.png 80w, https:\/\/asianfilmfestival.barcelona\/2024\/wp-content\/uploads\/2024\/10\/Nastaran-Molavi-36x36.png 36w, https:\/\/asianfilmfestival.barcelona\/2024\/wp-content\/uploads\/2024\/10\/Nastaran-Molavi.png 560w\" sizes=\"auto, (max-width: 180px) 100vw, 180px\" \/><\/p>\n<p style=\"padding-left: 240px;\">Nascuda el 1969 a Mashhad, Iran, Nastaran Molavi va estudiar interpretaci\u00f3 i direcci\u00f3 esc\u00e8nica a l&#8217;escola d&#8217;art de Niavaran. Tamb\u00e9 va estar activa com a titellaire a Kanoon durant un temps. Posteriorment, Molavi va comen\u00e7ar la seva tasca com a cr\u00edtica de cinema, treballant amb revistes de cinema com Film and Art (com a redactor en cap), Soroush, Cinema Weekly, Form and Criticism, etc. Com a cr\u00edtica de cinema, va assistir a alguns programes de televisi\u00f3, principalment sobre cinema irland\u00e8s i xin\u00e8s. Molavi va ser la programadora s\u00e8nior internacional del Fajr International Film Festival, acreditada per la FIAPF com a festival de cinema competitiu internacional l&#8217;any 2021. Ha estat activa com a membre de la junta directiva i executiva de relacions p\u00fabliques d&#8217;IRIMAGE des del 2018.<\/p>\n<p>\n<style type=\"text\/css\" data-created_by=\"avia_inline_auto\" id=\"style-css-av-av_hr-23257cd14e29626b0d434b6d65a6757e\">\n#top .hr.av-av_hr-23257cd14e29626b0d434b6d65a6757e{\nmargin-top:30px;\nmargin-bottom:30px;\n}\n.hr.av-av_hr-23257cd14e29626b0d434b6d65a6757e .hr-inner{\nwidth:600px;\nborder-color:#ffffff;\n}\n<\/style>\n<div  class='hr av-av_hr-23257cd14e29626b0d434b6d65a6757e hr-custom  avia-builder-el-5  el_after_av_hr  el_before_av_hr  hr-left hr-icon-no'><span class='hr-inner inner-border-av-border-fat'><span class=\"hr-inner-style\"><\/span><\/span><\/div><br \/>\n<img loading=\"lazy\" decoding=\"async\" class=\"alignleft wp-image-53710 size-square\" src=\"https:\/\/asianfilmfestival.barcelona\/2024\/wp-content\/uploads\/2024\/10\/Yun-Suik-180x180.png\" alt=\"\" width=\"180\" height=\"180\" srcset=\"https:\/\/asianfilmfestival.barcelona\/2024\/wp-content\/uploads\/2024\/10\/Yun-Suik-180x180.png 180w, https:\/\/asianfilmfestival.barcelona\/2024\/wp-content\/uploads\/2024\/10\/Yun-Suik-300x300.png 300w, https:\/\/asianfilmfestival.barcelona\/2024\/wp-content\/uploads\/2024\/10\/Yun-Suik-80x80.png 80w, https:\/\/asianfilmfestival.barcelona\/2024\/wp-content\/uploads\/2024\/10\/Yun-Suik-36x36.png 36w, https:\/\/asianfilmfestival.barcelona\/2024\/wp-content\/uploads\/2024\/10\/Yun-Suik.png 560w\" sizes=\"auto, (max-width: 180px) 100vw, 180px\" \/><\/p>\n<h2 style=\"padding-left: 240px;\">Yun Suik<\/h2>\n<p style=\"padding-left: 240px;\">Yun Suik (Se\u00fcl, 1985) \u00e9s un director, guionista i muntador graduat en Arts Digitals per l&#8217;Institut de les Arts de Se\u00fcl. Yun Suik va realitzar el seu debut al cinema amb <strong>Groggy Summer<\/strong> (2013), presentada en el Jeonju Film Festival. La seva segona pel\u00b7l\u00edcula, <strong>Heavy Snow<\/strong> (2023), tamb\u00e9 es va projectar en el Festival de Jeonju i el Festival de Hamburg.<\/p>\n<\/div><\/div><\/div><\/section>\n<section class='av_toggle_section av-m2kpq2yj-af565798a9ed985f7e12f1171b303691' ><div role=\"tablist\" class=\"single_toggle\" data-tags=\"{All} \"  ><p id='toggle-toggle-id-2' data-fake-id='#toggle-id-2' class='toggler  av-title-above '  role='tab' tabindex='0' aria-controls='toggle-id-2' data-slide-speed=\"200\" data-title=\"JURAT DE LA SECCI\u00d3 PANORAMA\" data-title-open=\"\">JURAT DE LA SECCI\u00d3 PANORAMA<span class=\"toggle_icon\"><span class=\"vert_icon\"><\/span><span class=\"hor_icon\"><\/span><\/span><\/p><div id='toggle-id-2' aria-labelledby='toggle-toggle-id-2' role='region' class='toggle_wrap  av-title-above'  ><div class='toggle_content invers-color ' ><p><img loading=\"lazy\" decoding=\"async\" class=\"alignleft wp-image-53734 size-square\" src=\"https:\/\/asianfilmfestival.barcelona\/2024\/wp-content\/uploads\/2024\/10\/Esteban-Andueza-180x180.png\" alt=\"\" width=\"180\" height=\"180\" srcset=\"https:\/\/asianfilmfestival.barcelona\/2024\/wp-content\/uploads\/2024\/10\/Esteban-Andueza-180x180.png 180w, https:\/\/asianfilmfestival.barcelona\/2024\/wp-content\/uploads\/2024\/10\/Esteban-Andueza-300x300.png 300w, https:\/\/asianfilmfestival.barcelona\/2024\/wp-content\/uploads\/2024\/10\/Esteban-Andueza-80x80.png 80w, https:\/\/asianfilmfestival.barcelona\/2024\/wp-content\/uploads\/2024\/10\/Esteban-Andueza-36x36.png 36w, https:\/\/asianfilmfestival.barcelona\/2024\/wp-content\/uploads\/2024\/10\/Esteban-Andueza.png 560w\" sizes=\"auto, (max-width: 180px) 100vw, 180px\" \/><\/p>\n<h2 style=\"padding-left: 240px;\"><strong>Esteban Andueza <\/strong> (President)<\/h2>\n<p style=\"padding-left: 240px;\">Esteban Andueza \u00e9s gestor cultural, traductor, comissari d&#8217;art i promotor de projectes art\u00edstics. Va viure a la Xina durant 12 anys, on va treballar com a freelance i tamb\u00e9 per a centres de prestigi, com l&#8217;Ib\u00e8ria Center for Contemporary Art o l&#8217;Institut Cervantes de Pequ\u00edn. La seva labor se centra en fomentar els intercanvis culturals entre Espanya i la Xina. A m\u00e9s, col\u00b7labora amb Antoni Muntadas, assistint en els projectes que l&#8217;artista desenvolupa en el continent asi\u00e0tic.<\/p>\n\n<style type=\"text\/css\" data-created_by=\"avia_inline_auto\" id=\"style-css-av-av_hr-23257cd14e29626b0d434b6d65a6757e\">\n#top .hr.av-av_hr-23257cd14e29626b0d434b6d65a6757e{\nmargin-top:30px;\nmargin-bottom:30px;\n}\n.hr.av-av_hr-23257cd14e29626b0d434b6d65a6757e .hr-inner{\nwidth:600px;\nborder-color:#ffffff;\n}\n<\/style>\n<div  class='hr av-av_hr-23257cd14e29626b0d434b6d65a6757e hr-custom  avia-builder-el-6  el_after_av_hr  el_before_av_hr  hr-left hr-icon-no'><span class='hr-inner inner-border-av-border-fat'><span class=\"hr-inner-style\"><\/span><\/span><\/div>\n<p><img loading=\"lazy\" decoding=\"async\" class=\"alignleft wp-image-53740 size-square\" src=\"https:\/\/asianfilmfestival.barcelona\/2024\/wp-content\/uploads\/2024\/10\/Anastasia-Stravinsky-180x180.png\" alt=\"\" width=\"180\" height=\"180\" srcset=\"https:\/\/asianfilmfestival.barcelona\/2024\/wp-content\/uploads\/2024\/10\/Anastasia-Stravinsky-180x180.png 180w, https:\/\/asianfilmfestival.barcelona\/2024\/wp-content\/uploads\/2024\/10\/Anastasia-Stravinsky-300x300.png 300w, https:\/\/asianfilmfestival.barcelona\/2024\/wp-content\/uploads\/2024\/10\/Anastasia-Stravinsky-80x80.png 80w, https:\/\/asianfilmfestival.barcelona\/2024\/wp-content\/uploads\/2024\/10\/Anastasia-Stravinsky-36x36.png 36w, https:\/\/asianfilmfestival.barcelona\/2024\/wp-content\/uploads\/2024\/10\/Anastasia-Stravinsky.png 560w\" sizes=\"auto, (max-width: 180px) 100vw, 180px\" \/><\/p>\n<h2 style=\"padding-left: 240px;\">Anastasia Stravinsky<\/h2>\n<p style=\"padding-left: 240px;\">Anastasia Stravinsky (Moscou, 1993) \u00e9s comiss\u00e0ria, cr\u00edtica d&#8217;art i directora d&#8217;art en CIFRA, una plataforma d&#8217;art digital polivalent que combina streaming, marketplace i educaci\u00f3. Ha estat membre de la Secretaria Cient\u00edfica del Centre d&#8217;Estudis d&#8217;Art Rus des de 2020 (CSAR) i membre de l&#8217;Associaci\u00f3 Internacional de Cr\u00edtics d&#8217;Art des de 2017 (AICA-R\u00fassia). \u00c9s llicenciada en Art Liberal (RUDN) i t\u00e9 un M\u00e0ster en Hist\u00f2ria i Di\u00e0leg de les Cultures (Universit\u00e9 Grenoble Alps). Actualment est\u00e0 realitzant un doble doctorat en Hist\u00f2ria de l&#8217;Art (Ca\u2019 Foscari University of Venice). Des de 2012 treballa com a comiss\u00e0ria en museus i galeries d&#8217;art (NCCA, Gallery Park, ROSIZO, CSAR, CFZ, etc.) i ha realitzat m\u00e9s de 70 exposicions, festivals i concerts. L&#8217;any 2014, com a besneta-neboda del compositor Igor Stravinsky, va fundar i va dirigir l&#8217;Stravinsky Family Fund, on va comissariar i va realitzar exposicions, festivals i esdeveniments dedicats a la fam\u00edlia Stravinsky.<\/p>\n<p>\n<style type=\"text\/css\" data-created_by=\"avia_inline_auto\" id=\"style-css-av-av_hr-23257cd14e29626b0d434b6d65a6757e\">\n#top .hr.av-av_hr-23257cd14e29626b0d434b6d65a6757e{\nmargin-top:30px;\nmargin-bottom:30px;\n}\n.hr.av-av_hr-23257cd14e29626b0d434b6d65a6757e .hr-inner{\nwidth:600px;\nborder-color:#ffffff;\n}\n<\/style>\n<div  class='hr av-av_hr-23257cd14e29626b0d434b6d65a6757e hr-custom  avia-builder-el-7  el_after_av_hr  el_before_av_hr  hr-left hr-icon-no'><span class='hr-inner inner-border-av-border-fat'><span class=\"hr-inner-style\"><\/span><\/span><\/div><br \/>\n<img loading=\"lazy\" decoding=\"async\" class=\"alignleft wp-image-53731 size-square\" src=\"https:\/\/asianfilmfestival.barcelona\/2024\/wp-content\/uploads\/2024\/10\/Batbayar-Chogsom-180x180.png\" alt=\"\" width=\"180\" height=\"180\" srcset=\"https:\/\/asianfilmfestival.barcelona\/2024\/wp-content\/uploads\/2024\/10\/Batbayar-Chogsom-180x180.png 180w, https:\/\/asianfilmfestival.barcelona\/2024\/wp-content\/uploads\/2024\/10\/Batbayar-Chogsom-300x300.png 300w, https:\/\/asianfilmfestival.barcelona\/2024\/wp-content\/uploads\/2024\/10\/Batbayar-Chogsom-80x80.png 80w, https:\/\/asianfilmfestival.barcelona\/2024\/wp-content\/uploads\/2024\/10\/Batbayar-Chogsom-36x36.png 36w, https:\/\/asianfilmfestival.barcelona\/2024\/wp-content\/uploads\/2024\/10\/Batbayar-Chogsom.png 560w\" sizes=\"auto, (max-width: 180px) 100vw, 180px\" \/><\/p>\n<h2 style=\"padding-left: 240px;\">Batbayar Chogsom<\/h2>\n<p style=\"padding-left: 240px;\">Batbayar Chogsom va n\u00e9ixer en 1974 a Ulan Bator, Mong\u00f2lia, i va emigrar a Su\u00efssa a l&#8217;edat de 26 anys. Despr\u00e9s de completar un programa b\u00e0sic de periodisme, es va graduar amb una Llicenciatura en Ci\u00e8ncies Socials en la Universitat de Zuric en 2012. M\u00e9s tard, va passar a treballar com archivista en les col\u00b7leccions de gr\u00e0fics i fotografies hist\u00f2riques del Museu Nacional de Zuric. La seva pel\u00b7l\u00edcula <strong>Out of Paradise<\/strong> (2018) va ser guardonada amb el premi a Millor Pel\u00b7l\u00edcula en el Festival Internacional de Cinema de Shangh\u00e1i, i la seva obra m\u00e9s recent, <strong>White Flag<\/strong> (2023), va ser seleccionada en el Tallinn Black Nights Film Festival.<\/p>\n<p>\n<style type=\"text\/css\" data-created_by=\"avia_inline_auto\" id=\"style-css-av-av_hr-23257cd14e29626b0d434b6d65a6757e\">\n#top .hr.av-av_hr-23257cd14e29626b0d434b6d65a6757e{\nmargin-top:30px;\nmargin-bottom:30px;\n}\n.hr.av-av_hr-23257cd14e29626b0d434b6d65a6757e .hr-inner{\nwidth:600px;\nborder-color:#ffffff;\n}\n<\/style>\n<div  class='hr av-av_hr-23257cd14e29626b0d434b6d65a6757e hr-custom  avia-builder-el-8  el_after_av_hr  el_before_av_hr  hr-left hr-icon-no'><span class='hr-inner inner-border-av-border-fat'><span class=\"hr-inner-style\"><\/span><\/span><\/div><br \/>\n<img loading=\"lazy\" decoding=\"async\" class=\"alignleft wp-image-53728 size-square\" src=\"https:\/\/asianfilmfestival.barcelona\/2024\/wp-content\/uploads\/2024\/10\/Adriano-Calero-180x180.png\" alt=\"\" width=\"180\" height=\"180\" srcset=\"https:\/\/asianfilmfestival.barcelona\/2024\/wp-content\/uploads\/2024\/10\/Adriano-Calero-180x180.png 180w, https:\/\/asianfilmfestival.barcelona\/2024\/wp-content\/uploads\/2024\/10\/Adriano-Calero-300x300.png 300w, https:\/\/asianfilmfestival.barcelona\/2024\/wp-content\/uploads\/2024\/10\/Adriano-Calero-80x80.png 80w, https:\/\/asianfilmfestival.barcelona\/2024\/wp-content\/uploads\/2024\/10\/Adriano-Calero-36x36.png 36w, https:\/\/asianfilmfestival.barcelona\/2024\/wp-content\/uploads\/2024\/10\/Adriano-Calero.png 560w\" sizes=\"auto, (max-width: 180px) 100vw, 180px\" \/><\/p>\n<h2 style=\"padding-left: 240px;\">Adriano Calero<\/h2>\n<p style=\"padding-left: 240px;\">Gestor cultural, graduat en Humanitats i en Direcci\u00f3 cinematogr\u00e0fica. Exerceix la cr\u00edtica cinematogr\u00e0fica i, concretament, s\u2019ha especialitzat en cinema asi\u00e0tic. Publica els seus texts a Las Furias Magazine, Transit: cine i altres mitjans com +1 UIC Magazine. \u00c9s creador, redactor i locutor del Podcast Empanada Cultural, que s\u2019emet a R\u00e0dio Fabra i R\u00e0dio Desvern. Tamb\u00e9 es vincula amb la cultura asi\u00e0tica a trav\u00e9s de les arts marcials, com a instructor titulat de Kali Filipino i de Kuk Sool Won (AAMM tradicionals coreanes).<\/p>\n<p>\n<style type=\"text\/css\" data-created_by=\"avia_inline_auto\" id=\"style-css-av-av_hr-23257cd14e29626b0d434b6d65a6757e\">\n#top .hr.av-av_hr-23257cd14e29626b0d434b6d65a6757e{\nmargin-top:30px;\nmargin-bottom:30px;\n}\n.hr.av-av_hr-23257cd14e29626b0d434b6d65a6757e .hr-inner{\nwidth:600px;\nborder-color:#ffffff;\n}\n<\/style>\n<div  class='hr av-av_hr-23257cd14e29626b0d434b6d65a6757e hr-custom  avia-builder-el-9  el_after_av_hr  el_before_av_hr  hr-left hr-icon-no'><span class='hr-inner inner-border-av-border-fat'><span class=\"hr-inner-style\"><\/span><\/span><\/div><br \/>\n<img loading=\"lazy\" decoding=\"async\" class=\"alignleft wp-image-53949 size-square\" src=\"https:\/\/asianfilmfestival.barcelona\/2024\/wp-content\/uploads\/2024\/10\/Yoko-Yamanaka-180x180.png\" alt=\"\" width=\"180\" height=\"180\" srcset=\"https:\/\/asianfilmfestival.barcelona\/2024\/wp-content\/uploads\/2024\/10\/Yoko-Yamanaka-180x180.png 180w, https:\/\/asianfilmfestival.barcelona\/2024\/wp-content\/uploads\/2024\/10\/Yoko-Yamanaka-300x300.png 300w, https:\/\/asianfilmfestival.barcelona\/2024\/wp-content\/uploads\/2024\/10\/Yoko-Yamanaka-80x80.png 80w, https:\/\/asianfilmfestival.barcelona\/2024\/wp-content\/uploads\/2024\/10\/Yoko-Yamanaka-36x36.png 36w, https:\/\/asianfilmfestival.barcelona\/2024\/wp-content\/uploads\/2024\/10\/Yoko-Yamanaka.png 560w\" sizes=\"auto, (max-width: 180px) 100vw, 180px\" \/><\/p>\n<h2 style=\"padding-left: 240px;\">Yoko Yamanaka<\/h2>\n<p style=\"padding-left: 240px;\">Nascuda el 1997 a Nagano, Jap\u00f3, Yamanaka Yoko es va ensenyar a fer cinema despr\u00e9s d&#8217;abandonar el Departament de Cinema de la Universitat de Nihon. El seu primer llargmetratge Amiko (2017) va guanyar el Premi del P\u00fablic al Pia Film Festival 2017, i l&#8217;any seg\u00fcent, als 20 anys, Yamanaka es va convertir en la directora de llargmetratge m\u00e9s jove a ser convidada al Festival Internacional de Cinema de Berl\u00edn. El segon llargmetratge de Yamanaka Desert of Namibia (2024) va ser seleccionat com a part de la secci\u00f3 de la Quinzena de Realizadors del Festival de Cannes i va guanyar el Premi Internacional de la Cr\u00edtica FIPRESCI.<\/p>\n<\/div><\/div><\/div><\/section>\n<section class='av_toggle_section av-m2kpshbm-68cec99f8120919575b831e329bb5faf' ><div role=\"tablist\" class=\"single_toggle\" data-tags=\"{All} \"  ><p id='toggle-toggle-id-3' data-fake-id='#toggle-id-3' class='toggler  av-title-above '  role='tab' tabindex='0' aria-controls='toggle-id-3' data-slide-speed=\"200\" data-title=\"JURAT DE LA SECCI\u00d3 DISCOVERIES\" data-title-open=\"\">JURAT DE LA SECCI\u00d3 DISCOVERIES<span class=\"toggle_icon\"><span class=\"vert_icon\"><\/span><span class=\"hor_icon\"><\/span><\/span><\/p><div id='toggle-id-3' aria-labelledby='toggle-toggle-id-3' role='region' class='toggle_wrap  av-title-above'  ><div class='toggle_content invers-color ' ><p><img loading=\"lazy\" decoding=\"async\" class=\"alignleft wp-image-53745 size-square\" src=\"https:\/\/asianfilmfestival.barcelona\/2024\/wp-content\/uploads\/2024\/10\/Rosa-Verges-180x180.png\" alt=\"\" width=\"180\" height=\"180\" srcset=\"https:\/\/asianfilmfestival.barcelona\/2024\/wp-content\/uploads\/2024\/10\/Rosa-Verges-180x180.png 180w, https:\/\/asianfilmfestival.barcelona\/2024\/wp-content\/uploads\/2024\/10\/Rosa-Verges-300x300.png 300w, https:\/\/asianfilmfestival.barcelona\/2024\/wp-content\/uploads\/2024\/10\/Rosa-Verges-80x80.png 80w, https:\/\/asianfilmfestival.barcelona\/2024\/wp-content\/uploads\/2024\/10\/Rosa-Verges-36x36.png 36w, https:\/\/asianfilmfestival.barcelona\/2024\/wp-content\/uploads\/2024\/10\/Rosa-Verges.png 560w\" sizes=\"auto, (max-width: 180px) 100vw, 180px\" \/><\/p>\n<h2 style=\"padding-left: 240px;\"><strong>Rosa Verg\u00e9s <\/strong> (Presidenta)<\/h2>\n<p style=\"padding-left: 240px;\">Nascuda a Barcelona l&#8217;any 1955, Rosa Verg\u00e9s \u00e9s directora, realitzadora i guionista de cinema i televisi\u00f3. Despr\u00e9s d&#8217;estudiar Hist\u00f2ria de l&#8217;Art en la Universitat de Barcelona, va decidir ampliar la seva formaci\u00f3 en la Universitat de La Sorbonne en Paris. Amb la seva primera pel\u00b7l\u00edcula<strong>, Boom Boom <\/strong>(1990), va guanyar el Premi Goya a la Millor Direcci\u00f3 Novell, el premi Sant Jordi i Fotogramas de Plata. Tamb\u00e9 ha estat vicepresidenta de l&#8217;Acad\u00e8mia de les Arts i les Ci\u00e8ncies Cinematogr\u00e0fiques d&#8217;Espanya i membre del Consell Nacional de la Cultura i les Arts.<\/p>\n<p>\n<style type=\"text\/css\" data-created_by=\"avia_inline_auto\" id=\"style-css-av-av_hr-23257cd14e29626b0d434b6d65a6757e\">\n#top .hr.av-av_hr-23257cd14e29626b0d434b6d65a6757e{\nmargin-top:30px;\nmargin-bottom:30px;\n}\n.hr.av-av_hr-23257cd14e29626b0d434b6d65a6757e .hr-inner{\nwidth:600px;\nborder-color:#ffffff;\n}\n<\/style>\n<div  class='hr av-av_hr-23257cd14e29626b0d434b6d65a6757e hr-custom  avia-builder-el-10  el_after_av_hr  el_before_av_hr  hr-left hr-icon-no'><span class='hr-inner inner-border-av-border-fat'><span class=\"hr-inner-style\"><\/span><\/span><\/div><br \/>\n<img loading=\"lazy\" decoding=\"async\" class=\"alignleft wp-image-53748 size-square\" src=\"https:\/\/asianfilmfestival.barcelona\/2024\/wp-content\/uploads\/2024\/10\/Javier-Martin-Dominguez-180x180.png\" alt=\"\" width=\"180\" height=\"180\" srcset=\"https:\/\/asianfilmfestival.barcelona\/2024\/wp-content\/uploads\/2024\/10\/Javier-Martin-Dominguez-180x180.png 180w, https:\/\/asianfilmfestival.barcelona\/2024\/wp-content\/uploads\/2024\/10\/Javier-Martin-Dominguez-300x300.png 300w, https:\/\/asianfilmfestival.barcelona\/2024\/wp-content\/uploads\/2024\/10\/Javier-Martin-Dominguez-80x80.png 80w, https:\/\/asianfilmfestival.barcelona\/2024\/wp-content\/uploads\/2024\/10\/Javier-Martin-Dominguez-36x36.png 36w, https:\/\/asianfilmfestival.barcelona\/2024\/wp-content\/uploads\/2024\/10\/Javier-Martin-Dominguez.png 560w\" sizes=\"auto, (max-width: 180px) 100vw, 180px\" \/><\/p>\n<h2 style=\"padding-left: 240px;\"><strong>Javier Mart\u00edn-Dom\u00ednguez<\/strong><\/h2>\n<p style=\"padding-left: 240px;\">Javier Mart\u00edn-Dom\u00ednguez \u00e9s productor i realitzador. Ha exercit de periodista en premsa, r\u00e0dio i televisi\u00f3. Va ser corresponsal a l&#8217;estranger, amb R\u00e0dio Nacional i Televisi\u00f3 Espanyola als Estats Units durant deu anys, i amb La Vanguardia a T\u00f2quio. Ha estat Premi Cirilo Rodr\u00edguez de periodisme internacional. Entre altres esdeveniments, va cobrir tres campanyes electorals nord-americanes, els viatges de Reagan a Moscou i Gorvachev a Washington, el funeral de Hirohito i la coronaci\u00f3 d&#8217;Akihito. \u00c9s autor de les biografies de Paul Bowles i de l&#8217;artista surrealista Leonora Carrington. Va dirigir el Festival de cinema europeu de Sevilla durant 4 anys i ha estat jurat en els festivals de Moscou, Sarajevo i Documenta Madrid i en el Asian Film Festival de Barcelona.<\/p>\n<p>\n<style type=\"text\/css\" data-created_by=\"avia_inline_auto\" id=\"style-css-av-av_hr-6c03dac811ceeaedaaa547ab1c978de3\">\n#top .hr.av-av_hr-6c03dac811ceeaedaaa547ab1c978de3{\nmargin-top:30px;\nmargin-bottom:80px;\n}\n.hr.av-av_hr-6c03dac811ceeaedaaa547ab1c978de3 .hr-inner{\nwidth:600px;\nborder-color:#ffffff;\n}\n<\/style>\n<div  class='hr av-av_hr-6c03dac811ceeaedaaa547ab1c978de3 hr-custom  avia-builder-el-11  el_after_av_hr  el_before_av_hr  hr-left hr-icon-no'><span class='hr-inner inner-border-av-border-fat'><span class=\"hr-inner-style\"><\/span><\/span><\/div> <img loading=\"lazy\" decoding=\"async\" class=\"alignleft wp-image-53751 size-square\" src=\"https:\/\/asianfilmfestival.barcelona\/2024\/wp-content\/uploads\/2024\/10\/Jose-Felix-Collazos-180x180.png\" alt=\"\" width=\"180\" height=\"180\" srcset=\"https:\/\/asianfilmfestival.barcelona\/2024\/wp-content\/uploads\/2024\/10\/Jose-Felix-Collazos-180x180.png 180w, https:\/\/asianfilmfestival.barcelona\/2024\/wp-content\/uploads\/2024\/10\/Jose-Felix-Collazos-300x300.png 300w, https:\/\/asianfilmfestival.barcelona\/2024\/wp-content\/uploads\/2024\/10\/Jose-Felix-Collazos-80x80.png 80w, https:\/\/asianfilmfestival.barcelona\/2024\/wp-content\/uploads\/2024\/10\/Jose-Felix-Collazos-36x36.png 36w, https:\/\/asianfilmfestival.barcelona\/2024\/wp-content\/uploads\/2024\/10\/Jose-Felix-Collazos.png 560w\" sizes=\"auto, (max-width: 180px) 100vw, 180px\" \/><\/p>\n<h2 style=\"padding-left: 240px;\">Jos\u00e9 F\u00e9lix Collazos<\/h2>\n<p style=\"padding-left: 240px;\">Jos\u00e9 F\u00e9lix Collazos \u00e9s un cineasta nascut a Bilbao. Despr\u00e9s de finalitzar els seus estudis en Arquitectura, es va traslladar a Nova York, on va cursar estudis de gui\u00f3 en el Hunter College i de direcci\u00f3 en el Millenium Center. All\u00e0 va comen\u00e7ar a rodar de manera independent els seus primers curtmetratges en super 8 i 16 mm. L&#8217;any 1993 va realitzar <strong>Muy negro<\/strong>, el seu primer treball en 35 mm, que va ser presentat en nombrosos festivals nacionals i internacionals. El seu seg\u00fcent treball, <strong>Nocturno<\/strong>, va ser seleccionat per a inaugurar el Festival de cinema de Chicago i va participar en diferents festivals internacionals com els de Mont-real, Sant Sebasti\u00e0 i Sant Petersburg, a m\u00e9s de guanyar el Cavall de Plata en el Festival de Nous Realitzadors de Larissa (Gr\u00e8cia). Tamb\u00e9 ha treballat com a director art\u00edstic, com a guionista de r\u00e0dio i ha col\u00b7laborat amb el Festival Internacional de Cinema de San Sebasti\u00e1n.<\/p>\n<p>\n<style type=\"text\/css\" data-created_by=\"avia_inline_auto\" id=\"style-css-av-av_hr-23257cd14e29626b0d434b6d65a6757e\">\n#top .hr.av-av_hr-23257cd14e29626b0d434b6d65a6757e{\nmargin-top:30px;\nmargin-bottom:30px;\n}\n.hr.av-av_hr-23257cd14e29626b0d434b6d65a6757e .hr-inner{\nwidth:600px;\nborder-color:#ffffff;\n}\n<\/style>\n<div  class='hr av-av_hr-23257cd14e29626b0d434b6d65a6757e hr-custom  avia-builder-el-12  el_after_av_hr  el_before_av_hr  hr-left hr-icon-no'><span class='hr-inner inner-border-av-border-fat'><span class=\"hr-inner-style\"><\/span><\/span><\/div><br \/>\n<img loading=\"lazy\" decoding=\"async\" class=\"alignleft wp-image-53755 size-square\" src=\"https:\/\/asianfilmfestival.barcelona\/2024\/wp-content\/uploads\/2024\/10\/Laura-Noia-180x180.png\" alt=\"\" width=\"180\" height=\"180\" srcset=\"https:\/\/asianfilmfestival.barcelona\/2024\/wp-content\/uploads\/2024\/10\/Laura-Noia-180x180.png 180w, https:\/\/asianfilmfestival.barcelona\/2024\/wp-content\/uploads\/2024\/10\/Laura-Noia-300x300.png 300w, https:\/\/asianfilmfestival.barcelona\/2024\/wp-content\/uploads\/2024\/10\/Laura-Noia-80x80.png 80w, https:\/\/asianfilmfestival.barcelona\/2024\/wp-content\/uploads\/2024\/10\/Laura-Noia-36x36.png 36w, https:\/\/asianfilmfestival.barcelona\/2024\/wp-content\/uploads\/2024\/10\/Laura-Noia.png 560w\" sizes=\"auto, (max-width: 180px) 100vw, 180px\" \/><\/p>\n<h2 style=\"padding-left: 240px;\">Laura Mazza<\/h2>\n<p style=\"padding-left: 240px;\">Nascuda a Ven\u00e8cia, llicenciada en lletres estrangeres per la Universitat de P\u00e0dua, ha treballat durant 30 anys en la producci\u00f3 cinematogr\u00e0fica de moltes pel\u00b7l\u00edcules internacionals i en diversos pa\u00efsos, a la Xina (<strong>Marco Polo<\/strong>, dirigida per Giuliano Montaldo, una s\u00e8rie per a RAI TV) a R\u00fassia (<strong>Ocie Ciornie<\/strong>, \u00e0lies <strong>Black Eyes<\/strong>, dirigida per Nikita Michalkov, protagonitzada per Marcello Mastroianni) a Tun\u00edsia (<strong>Pyrates<\/strong>, dirigida per Roman Polanski, protagonitzada per Walter Matthau) i en pel\u00b7l\u00edcules italianes (<strong>Un Sacco Bello i Me and My Sister<\/strong>, dirigida i protagonitzada per Carlo Verdone, <strong>The Sky Falling<\/strong>, dirigida per Andrea i Antonio Frazzi, protagonitzada per Isabella Rossellini i Jeroun Crabb\u00e9). Amb la seva companyia Viva Cinematografica va produir <strong>Jonathan of the Bears<\/strong>, dirigida per Enzo G. Castellari, protagonitzada per Franco Nero i <strong>Free Fight<\/strong>, curtmetratge premiat a Berl\u00edn i en nombrosos festivals i que va guanyar un David di Donatello el 2005.<\/p>\n<p>\n<style type=\"text\/css\" data-created_by=\"avia_inline_auto\" id=\"style-css-av-av_hr-23257cd14e29626b0d434b6d65a6757e\">\n#top .hr.av-av_hr-23257cd14e29626b0d434b6d65a6757e{\nmargin-top:30px;\nmargin-bottom:30px;\n}\n.hr.av-av_hr-23257cd14e29626b0d434b6d65a6757e .hr-inner{\nwidth:600px;\nborder-color:#ffffff;\n}\n<\/style>\n<div  class='hr av-av_hr-23257cd14e29626b0d434b6d65a6757e hr-custom  avia-builder-el-13  el_after_av_hr  el_before_av_hr  hr-left hr-icon-no'><span class='hr-inner inner-border-av-border-fat'><span class=\"hr-inner-style\"><\/span><\/span><\/div><br \/>\n<img loading=\"lazy\" decoding=\"async\" class=\"alignleft wp-image-53758 size-square\" src=\"https:\/\/asianfilmfestival.barcelona\/2024\/wp-content\/uploads\/2024\/10\/Natalia-Diaz-180x180.png\" alt=\"\" width=\"180\" height=\"180\" srcset=\"https:\/\/asianfilmfestival.barcelona\/2024\/wp-content\/uploads\/2024\/10\/Natalia-Diaz-180x180.png 180w, https:\/\/asianfilmfestival.barcelona\/2024\/wp-content\/uploads\/2024\/10\/Natalia-Diaz-300x300.png 300w, https:\/\/asianfilmfestival.barcelona\/2024\/wp-content\/uploads\/2024\/10\/Natalia-Diaz-80x80.png 80w, https:\/\/asianfilmfestival.barcelona\/2024\/wp-content\/uploads\/2024\/10\/Natalia-Diaz-36x36.png 36w, https:\/\/asianfilmfestival.barcelona\/2024\/wp-content\/uploads\/2024\/10\/Natalia-Diaz.png 560w\" sizes=\"auto, (max-width: 180px) 100vw, 180px\" \/><\/p>\n<h2 style=\"padding-left: 240px;\"><strong>Natalia D\u00edaz<\/strong><\/h2>\n<p style=\"padding-left: 240px;\">Natalia Diaz Pe\u00f1alver (Barcelona, 1967) \u00e9s directora i cofundadora del blog de cultura coreana \u201cKorea a Barcelona\u201d. Creat l&#8217;any 2017, informa de totes les activitats relacionades amb la cultura coreana que es realitzen a Barcelona i Catalunya, posant l&#8217;accent en la cinematografia sud-coreana. Tamb\u00e9 publica articles de contingut cultural i entrevistes a directors de cinema, actors i escriptors. A nivell particular, \u00e9s una apassionada del cinema asi\u00e0tic i participa com a premsa acreditada en diversos festivals de cinema.<\/p>\n<\/div><\/div><\/div><\/section>\n<section class='av_toggle_section av-m2kq06vo-a4e56607b198a5ad86f76a43ff7dcaed' ><div role=\"tablist\" class=\"single_toggle\" data-tags=\"{All} \"  ><p id='toggle-toggle-id-4' data-fake-id='#toggle-id-4' class='toggler  av-title-above '  role='tab' tabindex='0' aria-controls='toggle-id-4' data-slide-speed=\"200\" data-title=\"JURAT DE LA SECCI\u00d3 NETPAC\" data-title-open=\"\">JURAT DE LA SECCI\u00d3 NETPAC<span class=\"toggle_icon\"><span class=\"vert_icon\"><\/span><span class=\"hor_icon\"><\/span><\/span><\/p><div id='toggle-id-4' aria-labelledby='toggle-toggle-id-4' role='region' class='toggle_wrap  av-title-above'  ><div class='toggle_content invers-color ' ><p><img loading=\"lazy\" decoding=\"async\" class=\"alignleft wp-image-53762 size-square\" src=\"https:\/\/asianfilmfestival.barcelona\/2024\/wp-content\/uploads\/2024\/10\/Nomuunzul-Turmunkh-180x180.png\" alt=\"\" width=\"180\" height=\"180\" srcset=\"https:\/\/asianfilmfestival.barcelona\/2024\/wp-content\/uploads\/2024\/10\/Nomuunzul-Turmunkh-180x180.png 180w, https:\/\/asianfilmfestival.barcelona\/2024\/wp-content\/uploads\/2024\/10\/Nomuunzul-Turmunkh-300x300.png 300w, https:\/\/asianfilmfestival.barcelona\/2024\/wp-content\/uploads\/2024\/10\/Nomuunzul-Turmunkh-80x80.png 80w, https:\/\/asianfilmfestival.barcelona\/2024\/wp-content\/uploads\/2024\/10\/Nomuunzul-Turmunkh-36x36.png 36w, https:\/\/asianfilmfestival.barcelona\/2024\/wp-content\/uploads\/2024\/10\/Nomuunzul-Turmunkh.png 560w\" sizes=\"auto, (max-width: 180px) 100vw, 180px\" \/><\/p>\n<h2 style=\"padding-left: 240px;\">Nomuunzul Turmunkh (Presidenta)<\/h2>\n<p style=\"padding-left: 240px;\">Nomuunzul Turmunkh \u00e9s una productora i guionista de Mong\u00f2lia. Va estudiar Administraci\u00f3 d&#8217;Empreses i, posteriorment, Producci\u00f3 de Mitjans de la American Intercontinental University a Londres. Ha treballat en diverses pel\u00b7l\u00edcules aclamades, com <strong>The Sales Girl White Blessing<\/strong> i <strong>Silent City Driver,<\/strong> obtenint m\u00faltiples premis internacionals. A m\u00e9s, \u00e9s membre de NETPAC i forma part del Consell Nacional de Cinema de Mong\u00f2lia. La seva dedicaci\u00f3 al cinema l&#8217;ha portat a participar en festivals de renom, com el Busan International Film Festival, el Adelaide International Film Festival i el Far East Film Festival.<\/p>\n<p>\n<style type=\"text\/css\" data-created_by=\"avia_inline_auto\" id=\"style-css-av-av_hr-23257cd14e29626b0d434b6d65a6757e\">\n#top .hr.av-av_hr-23257cd14e29626b0d434b6d65a6757e{\nmargin-top:30px;\nmargin-bottom:30px;\n}\n.hr.av-av_hr-23257cd14e29626b0d434b6d65a6757e .hr-inner{\nwidth:600px;\nborder-color:#ffffff;\n}\n<\/style>\n<div  class='hr av-av_hr-23257cd14e29626b0d434b6d65a6757e hr-custom  avia-builder-el-14  el_after_av_hr  el_before_av_hr  hr-left hr-icon-no'><span class='hr-inner inner-border-av-border-fat'><span class=\"hr-inner-style\"><\/span><\/span><\/div><br \/>\n<img loading=\"lazy\" decoding=\"async\" class=\"alignleft wp-image-53769 size-square\" src=\"https:\/\/asianfilmfestival.barcelona\/2024\/wp-content\/uploads\/2024\/10\/Sandra-Mur-180x180.png\" alt=\"\" width=\"180\" height=\"180\" srcset=\"https:\/\/asianfilmfestival.barcelona\/2024\/wp-content\/uploads\/2024\/10\/Sandra-Mur-180x180.png 180w, https:\/\/asianfilmfestival.barcelona\/2024\/wp-content\/uploads\/2024\/10\/Sandra-Mur-300x300.png 300w, https:\/\/asianfilmfestival.barcelona\/2024\/wp-content\/uploads\/2024\/10\/Sandra-Mur-80x80.png 80w, https:\/\/asianfilmfestival.barcelona\/2024\/wp-content\/uploads\/2024\/10\/Sandra-Mur-36x36.png 36w, https:\/\/asianfilmfestival.barcelona\/2024\/wp-content\/uploads\/2024\/10\/Sandra-Mur.png 560w\" sizes=\"auto, (max-width: 180px) 100vw, 180px\" \/><\/p>\n<h2 style=\"padding-left: 240px;\">Sandra Mur Puyuelo<\/h2>\n<p style=\"padding-left: 240px;\">Sandra Mur Puyuelo (Osca, 1986) t\u00e9 un M\u00e0ster en Comunicaci\u00f3 Especialitzada i el doctorat en Estudis Ling\u00fc\u00edstics, Literaris i Culturals. S&#8217;ha especialitzat en l&#8217;espai Euroasi\u00e0tic, R\u00fassia i \u00c0sia Central. Col\u00b7labora amb distribu\u00efdores d&#8217;aquesta zona geogr\u00e0fica i festivals de cinema com a interlocutora i mediadora intercultural.<\/p>\n<p>\n<style type=\"text\/css\" data-created_by=\"avia_inline_auto\" id=\"style-css-av-av_hr-23257cd14e29626b0d434b6d65a6757e\">\n#top .hr.av-av_hr-23257cd14e29626b0d434b6d65a6757e{\nmargin-top:30px;\nmargin-bottom:30px;\n}\n.hr.av-av_hr-23257cd14e29626b0d434b6d65a6757e .hr-inner{\nwidth:600px;\nborder-color:#ffffff;\n}\n<\/style>\n<div  class='hr av-av_hr-23257cd14e29626b0d434b6d65a6757e hr-custom  avia-builder-el-15  el_after_av_hr  el_before_av_hr  hr-left hr-icon-no'><span class='hr-inner inner-border-av-border-fat'><span class=\"hr-inner-style\"><\/span><\/span><\/div><br \/>\n<img loading=\"lazy\" decoding=\"async\" class=\"alignleft wp-image-53769 size-square\" src=\"https:\/\/asianfilmfestival.barcelona\/2024\/wp-content\/uploads\/2024\/10\/Claudia-Luque.png\" alt=\"\" width=\"180\" height=\"180\" \/><\/p>\n<h2 style=\"padding-left: 240px;\">Claudia Luque<\/h2>\n<p style=\"padding-left: 240px;\">Claudia Luque es comisaria, gestora cultural e investigadora especializada en Arte Contempor\u00e1neo y Cultura Visual. Su trabajo explora las relaciones entre imagen y escritura autobiogr\u00e1fica desde la perspectiva de g\u00e9nero, cuestionando y reinterpretando las nociones de identidad y memoria. Graduada en Comunicaci\u00f3n e Industrias Culturales por la Universidad de Barcelona, cuenta con un M\u00e1ster en Estudios Comparados de Literatura, Arte y Pensamiento (UPF) y un M\u00e1ster en Historia del Arte Contempor\u00e1neo y Cultura Visual (MNCARS, UAM, UCM).<\/p>\n<p>\n<style type=\"text\/css\" data-created_by=\"avia_inline_auto\" id=\"style-css-av-14xzly2-2-3-2-2-2-1-2-eca265eecd3fc7c5d6058ea8b2521f05\">\n#top .hr.av-14xzly2-2-3-2-2-2-1-2-eca265eecd3fc7c5d6058ea8b2521f05{\nmargin-top:30px;\nmargin-bottom:30px;\n}\n.hr.av-14xzly2-2-3-2-2-2-1-2-eca265eecd3fc7c5d6058ea8b2521f05 .hr-inner{\nwidth:600px;\nborder-color:#ffffff;\n}\n<\/style>\n<div  class='hr av-14xzly2-2-3-2-2-2-1-2-eca265eecd3fc7c5d6058ea8b2521f05 hr-custom  avia-builder-el-16  el_after_av_hr  el_before_av_hr  hr-left hr-icon-no'><span class='hr-inner inner-border-av-border-fat'><span class=\"hr-inner-style\"><\/span><\/span><\/div><br \/>\n<img loading=\"lazy\" decoding=\"async\" class=\"alignleft wp-image-53772 size-square\" src=\"https:\/\/asianfilmfestival.barcelona\/2024\/wp-content\/uploads\/2024\/10\/Alexis-Racionero-180x180.png\" alt=\"\" width=\"180\" height=\"180\" srcset=\"https:\/\/asianfilmfestival.barcelona\/2024\/wp-content\/uploads\/2024\/10\/Alexis-Racionero-180x180.png 180w, https:\/\/asianfilmfestival.barcelona\/2024\/wp-content\/uploads\/2024\/10\/Alexis-Racionero-300x300.png 300w, https:\/\/asianfilmfestival.barcelona\/2024\/wp-content\/uploads\/2024\/10\/Alexis-Racionero-80x80.png 80w, https:\/\/asianfilmfestival.barcelona\/2024\/wp-content\/uploads\/2024\/10\/Alexis-Racionero-36x36.png 36w, https:\/\/asianfilmfestival.barcelona\/2024\/wp-content\/uploads\/2024\/10\/Alexis-Racionero.png 560w\" sizes=\"auto, (max-width: 180px) 100vw, 180px\" \/><\/p>\n<h2 style=\"padding-left: 240px;\">Alexis Racionero<\/h2>\n<p style=\"padding-left: 240px;\">Alexis Racionero Ragu\u00e9 \u00e9s escriptor i viatger. Doctor en Hist\u00f2ria de l&#8217;Art, llicenciat en Geografia i Hist\u00f2ria i especialista en filosofia oriental, contracultura i el viatge de l&#8217;heroi. Professor fundacional de l&#8217;escola de cinema ESCAC. Terapeuta Gestalt i coach generatiu, a m\u00e9s de mestre de ioga i meditaci\u00f3. Col\u00b7laborador de l&#8217;Avantguarda i el M\u00f3n Esportiu. Ha rodat documentals com <strong>Rubbersoul, el viaje hippie a la India<\/strong> o<strong> Railway to Heaven, un tr\u00e1nsito de Beijing a Lhasa<\/strong>. Autor, entre altres llibres, de <em>Darshan<\/em>, <em>filosof\u00eda oriental para la vida cotidiana, El viaje del h\u00e9roe, Ecotop\u00eda, La mirada de oriente <\/em>i <em>Mushin, zen y sabidur\u00eda samur\u00e1i para la vida cotidiana.<br \/>\n<\/em><\/p>\n<p>\n<style type=\"text\/css\" data-created_by=\"avia_inline_auto\" id=\"style-css-av-av_hr-23257cd14e29626b0d434b6d65a6757e\">\n#top .hr.av-av_hr-23257cd14e29626b0d434b6d65a6757e{\nmargin-top:30px;\nmargin-bottom:30px;\n}\n.hr.av-av_hr-23257cd14e29626b0d434b6d65a6757e .hr-inner{\nwidth:600px;\nborder-color:#ffffff;\n}\n<\/style>\n<div  class='hr av-av_hr-23257cd14e29626b0d434b6d65a6757e hr-custom  avia-builder-el-17  el_after_av_hr  el_before_av_hr  hr-left hr-icon-no'><span class='hr-inner inner-border-av-border-fat'><span class=\"hr-inner-style\"><\/span><\/span><\/div><br \/>\n<img loading=\"lazy\" decoding=\"async\" class=\"alignleft wp-image-53953 size-square\" src=\"https:\/\/asianfilmfestival.barcelona\/2024\/wp-content\/uploads\/2024\/10\/Kei-180x180.png\" alt=\"\" width=\"180\" height=\"180\" srcset=\"https:\/\/asianfilmfestival.barcelona\/2024\/wp-content\/uploads\/2024\/10\/Kei-180x180.png 180w, https:\/\/asianfilmfestival.barcelona\/2024\/wp-content\/uploads\/2024\/10\/Kei-300x300.png 300w, https:\/\/asianfilmfestival.barcelona\/2024\/wp-content\/uploads\/2024\/10\/Kei-80x80.png 80w, https:\/\/asianfilmfestival.barcelona\/2024\/wp-content\/uploads\/2024\/10\/Kei-36x36.png 36w, https:\/\/asianfilmfestival.barcelona\/2024\/wp-content\/uploads\/2024\/10\/Kei.png 560w\" sizes=\"auto, (max-width: 180px) 100vw, 180px\" \/><\/p>\n<h2 style=\"padding-left: 240px;\">Kei Matsushima<\/h2>\n<p style=\"padding-left: 240px;\">Graduat de la Facultat de Cultura, Comunicaci\u00f3 i Societat per la Universidad de Waseda, M\u00e0ster Universitari en Espanyol com a Segona Lengua per la Universidad Complutense de Madrid i Doctor en Traducci\u00f3 i Estudis Interculturals per la Universitat Aut\u00f2noma de Barcelona. A lo llarg de la seva carrera professional, s&#8217;ha dedicat a la gesti\u00f3 cultural i a la doc\u00e8ncia en diferents institucions p\u00fabliques per a con\u00e8ixer diversos aspectes del Jap\u00f3 al p\u00fablic internacional. Actualment, a part d&#8217;impartir assignatures relacionades amb la pol\u00edtica i les relacions internacionals de Jap\u00f3 en el Grau d&#8217;Estudis d&#8217;\u00c0sia Oriental i el M\u00e0ster Universitari en Estudis Globals d&#8217;\u00c0sia Oriental de la Universitat Aut\u00f2noma de Barcelona, exercici de director de l&#8217;Oficina de Estudios Japoneses de la misma universidad (https:\/\/webs.uab.cat\/oficinasakura\/es\/), organitzant cursos de llengua japonesa i activitats de car\u00e0cter cultural i acad\u00e8mic.<\/p>\n<\/div><\/div><\/div><\/section>\n<section class='av_toggle_section av-m2kq2a18-f29f8a8c048e25348e5d5fe060681382' ><div role=\"tablist\" class=\"single_toggle\" data-tags=\"{All} \"  ><p id='toggle-toggle-id-5' data-fake-id='#toggle-id-5' class='toggler  av-title-above '  role='tab' tabindex='0' aria-controls='toggle-id-5' data-slide-speed=\"200\" data-title=\"JURAT DE LA SECCI\u00d3 ESPECIAL\" data-title-open=\"\">JURAT DE LA SECCI\u00d3 ESPECIAL<span class=\"toggle_icon\"><span class=\"vert_icon\"><\/span><span class=\"hor_icon\"><\/span><\/span><\/p><div id='toggle-id-5' aria-labelledby='toggle-toggle-id-5' role='region' class='toggle_wrap  av-title-above'  ><div class='toggle_content invers-color ' ><p><img loading=\"lazy\" decoding=\"async\" class=\"alignleft wp-image-53776 size-square\" src=\"https:\/\/asianfilmfestival.barcelona\/2024\/wp-content\/uploads\/2024\/10\/sandra-sotelo-180x180.png\" alt=\"\" width=\"180\" height=\"180\" srcset=\"https:\/\/asianfilmfestival.barcelona\/2024\/wp-content\/uploads\/2024\/10\/sandra-sotelo-180x180.png 180w, https:\/\/asianfilmfestival.barcelona\/2024\/wp-content\/uploads\/2024\/10\/sandra-sotelo-300x300.png 300w, https:\/\/asianfilmfestival.barcelona\/2024\/wp-content\/uploads\/2024\/10\/sandra-sotelo-80x80.png 80w, https:\/\/asianfilmfestival.barcelona\/2024\/wp-content\/uploads\/2024\/10\/sandra-sotelo-36x36.png 36w, https:\/\/asianfilmfestival.barcelona\/2024\/wp-content\/uploads\/2024\/10\/sandra-sotelo.png 560w\" sizes=\"auto, (max-width: 180px) 100vw, 180px\" \/><\/p>\n<h2 style=\"padding-left: 240px;\">Sandra Sotelo (Presidenta)<\/h2>\n<p style=\"padding-left: 240px;\">Periodista i corresponsal de not\u00edcies en ABS-CBN Corporation. Professora, periodista freelance i membre actiu de la comunitat filipina, Sandra Sotelo Aboy ent\u00e9n el valor de la not\u00edcia i creu que \u00e9s necessari aplicar la transversalitat en l&#8217;activitat period\u00edstica que duu a terme. Per a gestionar el seu temps, es va llan\u00e7ar al m\u00f3n del comer\u00e7 digital amb un projecte empresarial que funciona 24\/7, que li permet dedicar-se a la promoci\u00f3 de la cultura del seu pa\u00eds i de projectes com <strong>Contracorona<\/strong> que es va projectar al AFFBCN 2023.<\/p>\n<p>\n<style type=\"text\/css\" data-created_by=\"avia_inline_auto\" id=\"style-css-av-av_hr-23257cd14e29626b0d434b6d65a6757e\">\n#top .hr.av-av_hr-23257cd14e29626b0d434b6d65a6757e{\nmargin-top:30px;\nmargin-bottom:30px;\n}\n.hr.av-av_hr-23257cd14e29626b0d434b6d65a6757e .hr-inner{\nwidth:600px;\nborder-color:#ffffff;\n}\n<\/style>\n<div  class='hr av-av_hr-23257cd14e29626b0d434b6d65a6757e hr-custom  avia-builder-el-18  el_after_av_hr  el_before_av_hr  hr-left hr-icon-no'><span class='hr-inner inner-border-av-border-fat'><span class=\"hr-inner-style\"><\/span><\/span><\/div><br \/>\n<img loading=\"lazy\" decoding=\"async\" class=\"alignleft wp-image-53779 size-square\" src=\"https:\/\/asianfilmfestival.barcelona\/2024\/wp-content\/uploads\/2024\/10\/Louise-Wu-180x180.png\" alt=\"\" width=\"180\" height=\"180\" srcset=\"https:\/\/asianfilmfestival.barcelona\/2024\/wp-content\/uploads\/2024\/10\/Louise-Wu-180x180.png 180w, https:\/\/asianfilmfestival.barcelona\/2024\/wp-content\/uploads\/2024\/10\/Louise-Wu-300x300.png 300w, https:\/\/asianfilmfestival.barcelona\/2024\/wp-content\/uploads\/2024\/10\/Louise-Wu-80x80.png 80w, https:\/\/asianfilmfestival.barcelona\/2024\/wp-content\/uploads\/2024\/10\/Louise-Wu-36x36.png 36w, https:\/\/asianfilmfestival.barcelona\/2024\/wp-content\/uploads\/2024\/10\/Louise-Wu.png 560w\" sizes=\"auto, (max-width: 180px) 100vw, 180px\" \/><\/p>\n<h2 style=\"padding-left: 240px;\">Louise Wu<\/h2>\n<p style=\"padding-left: 240px;\">Louise\u00a0Wu\u00a0\u00e9s escriptora, directora, productora i cineasta multidisciplin\u00e0ria de Pequ\u00edn, Xina. Recentment va obtenir la seva Llicenciatura en Belles Arts en Escriptura Dram\u00e0tica i una especialitzaci\u00f3 en el Negoci de l&#8217;Entreteniment, Mitjans i Tecnologia a l&#8217;Escola d&#8217;Arts\u00a0Tisch\u00a0de la Universitat de Nova York (NYU). Sovint, amb una obertura emocional, les seves obres creatives exploren temes com les complexitats de les connexions interpersonals, les condicions de vida modernes i urbanes, aix\u00ed com la vulnerabilitat po\u00e8tica que \u00e9s present en la nostra experi\u00e8ncia humana compartida. La seva experi\u00e8ncia professional inclou gui\u00f3, desenvolupament i distribuci\u00f3 cinematogr\u00e0fica, aix\u00ed com el comprom\u00eds cultural internacional. Actualment, est\u00e0 acabant el seu curtmetratge\u00a0<strong>Love\u00a0Complex<\/strong>, mentre treballa com a localitzadora i guionista en la ind\u00fastria de l&#8217;entreteniment d&#8217;Am\u00e8rica del Nord i \u00c0sia.<\/p>\n<p>\n<style type=\"text\/css\" data-created_by=\"avia_inline_auto\" id=\"style-css-av-av_hr-23257cd14e29626b0d434b6d65a6757e\">\n#top .hr.av-av_hr-23257cd14e29626b0d434b6d65a6757e{\nmargin-top:30px;\nmargin-bottom:30px;\n}\n.hr.av-av_hr-23257cd14e29626b0d434b6d65a6757e .hr-inner{\nwidth:600px;\nborder-color:#ffffff;\n}\n<\/style>\n<div  class='hr av-av_hr-23257cd14e29626b0d434b6d65a6757e hr-custom  avia-builder-el-19  el_after_av_hr  el_before_av_hr  hr-left hr-icon-no'><span class='hr-inner inner-border-av-border-fat'><span class=\"hr-inner-style\"><\/span><\/span><\/div><br \/>\n<img loading=\"lazy\" decoding=\"async\" class=\"alignleft wp-image-53782 size-square\" src=\"https:\/\/asianfilmfestival.barcelona\/2024\/wp-content\/uploads\/2024\/10\/Alvaro-Gonzalez-180x180.png\" alt=\"\" width=\"180\" height=\"180\" srcset=\"https:\/\/asianfilmfestival.barcelona\/2024\/wp-content\/uploads\/2024\/10\/Alvaro-Gonzalez-180x180.png 180w, https:\/\/asianfilmfestival.barcelona\/2024\/wp-content\/uploads\/2024\/10\/Alvaro-Gonzalez-300x300.png 300w, https:\/\/asianfilmfestival.barcelona\/2024\/wp-content\/uploads\/2024\/10\/Alvaro-Gonzalez-80x80.png 80w, https:\/\/asianfilmfestival.barcelona\/2024\/wp-content\/uploads\/2024\/10\/Alvaro-Gonzalez-36x36.png 36w, https:\/\/asianfilmfestival.barcelona\/2024\/wp-content\/uploads\/2024\/10\/Alvaro-Gonzalez.png 560w\" sizes=\"auto, (max-width: 180px) 100vw, 180px\" \/><\/p>\n<h2 style=\"padding-left: 240px;\">\u00c1lvaro Gonz\u00e1lez<\/h2>\n<p style=\"padding-left: 240px;\">Graduat en Gui\u00f3 i escriptura dram\u00e0tica per la\u00a0Escola\u00a0Superior de\u00a0Cinema\u00a0i\u00a0Audiovisuals\u00a0de Catalunya (ESCAC), \u00c1lvaro Gonz\u00e1lez col\u00b7labora amb la distribu\u00efdora\u00a0Brigante\u00a0Films (2017 \u2013 2018). Es tracta de l&#8217;empresa responsable de la distribuci\u00f3 en format f\u00edsic i digital de\u00a0<strong>Psycho Raman<\/strong>\u00a0(Anuraq\u00a0Kashyap, 2016, \u00cdndia) i\u00a0<strong>Confession\u00a0of\u00a0Murder<\/strong>\u00a0(Jung\u00a0Byung-gil, 2012, Corea del Sud). \u00c9s tamb\u00e9 creador de continguts per a la divulgaci\u00f3 cinematogr\u00e0fica del continent asi\u00e0tic, sota el nom de Atlas Del Cine Asi\u00e1tico. (TikTok\/*IG: @atlasdelcineasiatico).<\/p>\n<p>\n<style type=\"text\/css\" data-created_by=\"avia_inline_auto\" id=\"style-css-av-av_hr-23257cd14e29626b0d434b6d65a6757e\">\n#top .hr.av-av_hr-23257cd14e29626b0d434b6d65a6757e{\nmargin-top:30px;\nmargin-bottom:30px;\n}\n.hr.av-av_hr-23257cd14e29626b0d434b6d65a6757e .hr-inner{\nwidth:600px;\nborder-color:#ffffff;\n}\n<\/style>\n<div  class='hr av-av_hr-23257cd14e29626b0d434b6d65a6757e hr-custom  avia-builder-el-20  el_after_av_hr  el_before_av_hr  hr-left hr-icon-no'><span class='hr-inner inner-border-av-border-fat'><span class=\"hr-inner-style\"><\/span><\/span><\/div> <img loading=\"lazy\" decoding=\"async\" class=\"alignleft wp-image-53785 size-square\" src=\"https:\/\/asianfilmfestival.barcelona\/2024\/wp-content\/uploads\/2024\/10\/Jimena-Tercero-180x180.png\" alt=\"\" width=\"180\" height=\"180\" srcset=\"https:\/\/asianfilmfestival.barcelona\/2024\/wp-content\/uploads\/2024\/10\/Jimena-Tercero-180x180.png 180w, https:\/\/asianfilmfestival.barcelona\/2024\/wp-content\/uploads\/2024\/10\/Jimena-Tercero-300x300.png 300w, https:\/\/asianfilmfestival.barcelona\/2024\/wp-content\/uploads\/2024\/10\/Jimena-Tercero-80x80.png 80w, https:\/\/asianfilmfestival.barcelona\/2024\/wp-content\/uploads\/2024\/10\/Jimena-Tercero-36x36.png 36w, https:\/\/asianfilmfestival.barcelona\/2024\/wp-content\/uploads\/2024\/10\/Jimena-Tercero.png 560w\" sizes=\"auto, (max-width: 180px) 100vw, 180px\" \/><\/p>\n<h2 style=\"padding-left: 240px;\">Jimena Tercero<\/h2>\n<p style=\"padding-left: 240px;\">Jimena Tercero (Madrid, 1998) \u00e9s una artista multidisciplin\u00e0ria que investiga la relaci\u00f3 entre els l\u00edmits de la identitat i el cos hum\u00e0 a trav\u00e9s del v\u00eddeo, la fotografia, la performance i la pintura. En les seves obres, broda conceptes com la mem\u00f2ria i el joc. Ha dirigit diversos curtmetratges com <strong>\u0395\u03b3\u03ce, Paranoid or Private<\/strong> (2022), exhibit a l&#8217;Aspa Contemporary Gallery de Madrid, aix\u00ed com la seva \u00faltima performance <strong>Me, myself and I<\/strong> (2023) en els Teatres del Canal de Madrid, on amplia el seu enfocament aprofundint en el dolor f\u00edsic. A m\u00e9s, ha dirigit documentals com <strong>You are also here<\/strong> per al projecte Artforchange-La Caixa sobre el s\u00edndrome d&#8217;Asperger.<\/p>\n<p>\n<style type=\"text\/css\" data-created_by=\"avia_inline_auto\" id=\"style-css-av-av_hr-23257cd14e29626b0d434b6d65a6757e\">\n#top .hr.av-av_hr-23257cd14e29626b0d434b6d65a6757e{\nmargin-top:30px;\nmargin-bottom:30px;\n}\n.hr.av-av_hr-23257cd14e29626b0d434b6d65a6757e .hr-inner{\nwidth:600px;\nborder-color:#ffffff;\n}\n<\/style>\n<div  class='hr av-av_hr-23257cd14e29626b0d434b6d65a6757e hr-custom  avia-builder-el-21  el_after_av_hr  avia-builder-el-last  hr-left hr-icon-no'><span class='hr-inner inner-border-av-border-fat'><span class=\"hr-inner-style\"><\/span><\/span><\/div> <img loading=\"lazy\" decoding=\"async\" class=\"alignleft wp-image-53800 size-square\" src=\"https:\/\/asianfilmfestival.barcelona\/2024\/wp-content\/uploads\/2024\/10\/Belen-Abad-180x180.png\" alt=\"\" width=\"180\" height=\"180\" srcset=\"https:\/\/asianfilmfestival.barcelona\/2024\/wp-content\/uploads\/2024\/10\/Belen-Abad-180x180.png 180w, https:\/\/asianfilmfestival.barcelona\/2024\/wp-content\/uploads\/2024\/10\/Belen-Abad-300x300.png 300w, https:\/\/asianfilmfestival.barcelona\/2024\/wp-content\/uploads\/2024\/10\/Belen-Abad-80x80.png 80w, https:\/\/asianfilmfestival.barcelona\/2024\/wp-content\/uploads\/2024\/10\/Belen-Abad-36x36.png 36w, https:\/\/asianfilmfestival.barcelona\/2024\/wp-content\/uploads\/2024\/10\/Belen-Abad.png 560w\" sizes=\"auto, (max-width: 180px) 100vw, 180px\" \/><\/p>\n<h2 style=\"padding-left: 240px;\">Bel\u00e9n Abad<\/h2>\n<p style=\"padding-left: 240px;\">Bel\u00e9n Abad \u00e9s llicenciada en Direcci\u00f3 Cinematogr\u00e0fica per la Universitat del Cinema de Buenos Aires. Despr\u00e9s d&#8217;haver cursat i estudiat metodologies de t\u00e8cnica actoral, va fer classes pr\u00e0ctiques en la mat\u00e8ria Direcci\u00f3 d&#8217;Actors a la mateixa universitat entre 2014 i 2018. Actualment, es dedica a la direcci\u00f3 i producci\u00f3 de c\u00e0sting a C\u00e0sting Club, una productora de c\u00e0sting amb base en Buenos Aires i Ciutat de M\u00e8xic, duent a terme la cerca i formulaci\u00f3 d&#8217;elencs tant per a l&#8217;\u00e0rea de publicitat com ficci\u00f3.<\/p>\n<\/div><\/div><\/div><\/section>\n<section class='av_toggle_section av-m2kq2a18-b7558b5becf98871b7b5778afd6d8b59' ><div role=\"tablist\" class=\"single_toggle\" data-tags=\"{All} \"  ><p id='toggle-toggle-id-6' data-fake-id='#toggle-id-6' class='toggler  av-title-above '  role='tab' tabindex='0' aria-controls='toggle-id-6' data-slide-speed=\"200\" data-title=\"JURAT MIRADES JOVES\" data-title-open=\"\">JURAT MIRADES JOVES<span class=\"toggle_icon\"><span class=\"vert_icon\"><\/span><span class=\"hor_icon\"><\/span><\/span><\/p><div id='toggle-id-6' aria-labelledby='toggle-toggle-id-6' role='region' class='toggle_wrap  av-title-above'  ><div class='toggle_content invers-color ' ><div class=\"flex_column av_one_fourth flex_column_div av-zero-column-padding first avia-builder-el-63 el_after_av_hr el_before_av_one_fourth \">\n<section class=\"av_textblock_section \">\n<div class=\"avia_textblock \"><strong>Martina Garcia Casillas (Presidenta)<\/strong><br \/>\n<strong>Adriana Villayandre Vidal<\/strong><br \/>\n<strong>Alex Cotet Bonamusa <\/strong><br \/>\n<strong>Alicia Crespo Hidalgo<\/strong><br \/>\n<strong>\u00c1lvaro Pardo Martorell<\/strong><br \/>\n<strong>Angel Luis Valverde Blanco de Cordova <\/strong><br \/>\n<strong>Ariadna Mart\u00ednez<\/strong><br \/>\n<strong>Ariel Merindano Claverol<\/strong><br \/>\n<strong>Carla Cortada Rusi\u00f1ol<\/strong><br \/>\n<strong>Duna Marcet Terraza<\/strong><\/div>\n<\/section>\n<\/div>\n<div class=\"flex_column av_one_fourth flex_column_div av-zero-column-padding avia-builder-el-65 el_after_av_one_fourth el_before_av_one_fourth \">\n<section class=\"av_textblock_section \">\n<div class=\"avia_textblock \">\n<p><strong>Fernanda Antonia Mart\u00ednez Andaluz<\/strong><br \/>\n<strong>Guillem Beorlegui Rech<\/strong><br \/>\n<strong>Guillem P\u00e9rez Coca<\/strong><br \/>\n<strong>Henedina Mu\u00f1oz Pinto<\/strong><br \/>\n<strong>Hug Banqu\u00e9 Maj\u00f3<\/strong><br \/>\n<strong>Ignacio Garriga Bravo<\/strong><br \/>\n<strong>Isabella Palmieri<\/strong><br \/>\n<strong>Jiayue Lyu<\/strong><br \/>\n<strong>Jordi Pujadas Pons<\/strong><br \/>\n<strong>Juan David Arboleda C\u00f3rdoba<\/strong><\/p>\n<\/div>\n<\/section>\n<\/div>\n<div class=\"flex_column av_one_fourth flex_column_div av-zero-column-padding avia-builder-el-67 el_after_av_one_fourth el_before_av_one_fourth \">\n<section class=\"av_textblock_section \">\n<div class=\"avia_textblock \">\n<p><strong>Laura Mart\u00edn<\/strong><br \/>\n<strong>Lola Celma<\/strong><br \/>\n<strong>Luc\u00eda Barrasa Vicente<\/strong><br \/>\n<strong>Mar G\u00e1lvez Rodr\u00edguez<\/strong><br \/>\n<strong>Matthew O&#8217;Malley<\/strong><br \/>\n<strong>Nicol\u00e1s Bellostas<\/strong><br \/>\n<strong>Oscar Garcia Pinazo<\/strong><\/p>\n<\/div>\n<\/section>\n<\/div>\n<div class=\"flex_column av_one_fourth flex_column_div av-zero-column-padding avia-builder-el-69 el_after_av_one_fourth el_before_av_one_fourth \">\n<section class=\"av_textblock_section \">\n<div class=\"avia_textblock \">\n<p><strong>Pol Satoca Barber\u00e1n<\/strong><br \/>\n<strong>Richard Sudario Berrocal<\/strong><br \/>\n<strong>Rub\u00e9n Anaya Zahinos<\/strong><br \/>\n<strong>Sergi Sun Zhenpeng<\/strong><br \/>\n<strong>Sergio Campos Mulet<\/strong><br \/>\n<strong>Victor Garcia Guerrero <\/strong><br \/>\n<strong>Wang Liao<\/strong><br \/>\n<strong>Xuran Shang<\/strong><\/p>\n<\/div>\n<\/section>\n<\/div>\n<\/div><\/div><\/div><\/section>\n<\/div>\n","protected":false},"excerpt":{"rendered":"","protected":false},"author":7,"featured_media":0,"parent":0,"menu_order":0,"comment_status":"closed","ping_status":"closed","template":"","meta":{"_acf_changed":false,"footnotes":""},"class_list":["post-37261","page","type-page","status-publish","hentry"],"acf":[],"_links":{"self":[{"href":"https:\/\/asianfilmfestival.barcelona\/2024\/ca\/wp-json\/wp\/v2\/pages\/37261","targetHints":{"allow":["GET"]}}],"collection":[{"href":"https:\/\/asianfilmfestival.barcelona\/2024\/ca\/wp-json\/wp\/v2\/pages"}],"about":[{"href":"https:\/\/asianfilmfestival.barcelona\/2024\/ca\/wp-json\/wp\/v2\/types\/page"}],"author":[{"embeddable":true,"href":"https:\/\/asianfilmfestival.barcelona\/2024\/ca\/wp-json\/wp\/v2\/users\/7"}],"replies":[{"embeddable":true,"href":"https:\/\/asianfilmfestival.barcelona\/2024\/ca\/wp-json\/wp\/v2\/comments?post=37261"}],"version-history":[{"count":23,"href":"https:\/\/asianfilmfestival.barcelona\/2024\/ca\/wp-json\/wp\/v2\/pages\/37261\/revisions"}],"predecessor-version":[{"id":54226,"href":"https:\/\/asianfilmfestival.barcelona\/2024\/ca\/wp-json\/wp\/v2\/pages\/37261\/revisions\/54226"}],"wp:attachment":[{"href":"https:\/\/asianfilmfestival.barcelona\/2024\/ca\/wp-json\/wp\/v2\/media?parent=37261"}],"curies":[{"name":"wp","href":"https:\/\/api.w.org\/{rel}","templated":true}]}}