{"id":42353,"date":"2022-10-17T19:07:51","date_gmt":"2022-10-17T17:07:51","guid":{"rendered":"https:\/\/asianfilmfestival.barcelona\/2022\/director-letter\/"},"modified":"2023-10-06T12:37:06","modified_gmt":"2023-10-06T10:37:06","slug":"director-letter","status":"publish","type":"page","link":"https:\/\/asianfilmfestival.barcelona\/2023\/ca\/director-letter\/","title":{"rendered":"Director Letter"},"content":{"rendered":"\n<style type=\"text\/css\" data-created_by=\"avia_inline_auto\" id=\"style-css-av-l9d0ze6c-11a1e26304d8bf6ae1fb21c8f76eeb5a\">\n.avia-image-container.av-l9d0ze6c-11a1e26304d8bf6ae1fb21c8f76eeb5a img.avia_image{\nbox-shadow:none;\n}\n.avia-image-container.av-l9d0ze6c-11a1e26304d8bf6ae1fb21c8f76eeb5a .av-image-caption-overlay-center{\ncolor:#ffffff;\n}\n<\/style>\n<div  class='avia-image-container av-l9d0ze6c-11a1e26304d8bf6ae1fb21c8f76eeb5a av-styling- avia-align-center  avia-builder-el-0  el_before_av_hr  avia-builder-el-first '  ><div class=\"avia-image-container-inner\"><div class=\"avia-image-overlay-wrap\"><img decoding=\"async\" class='wp-image-45208 avia-img-lazy-loading-not-45208 avia_image ' src=\"https:\/\/asianfilmfestival.barcelona\/2023\/wp-content\/uploads\/2023\/10\/carta-menene_gran.jpg\" alt='' title='carta-menene_gran'  height=\"810\" width=\"1800\" srcset=\"https:\/\/asianfilmfestival.barcelona\/2023\/wp-content\/uploads\/2023\/10\/carta-menene_gran.jpg 1800w, https:\/\/asianfilmfestival.barcelona\/2023\/wp-content\/uploads\/2023\/10\/carta-menene_gran-300x135.jpg 300w, https:\/\/asianfilmfestival.barcelona\/2023\/wp-content\/uploads\/2023\/10\/carta-menene_gran-1030x464.jpg 1030w, https:\/\/asianfilmfestival.barcelona\/2023\/wp-content\/uploads\/2023\/10\/carta-menene_gran-768x346.jpg 768w, https:\/\/asianfilmfestival.barcelona\/2023\/wp-content\/uploads\/2023\/10\/carta-menene_gran-1536x691.jpg 1536w, https:\/\/asianfilmfestival.barcelona\/2023\/wp-content\/uploads\/2023\/10\/carta-menene_gran-1500x675.jpg 1500w, https:\/\/asianfilmfestival.barcelona\/2023\/wp-content\/uploads\/2023\/10\/carta-menene_gran-705x317.jpg 705w\" sizes=\"(max-width: 1800px) 100vw, 1800px\" \/><\/div><\/div><\/div>\n\n<style type=\"text\/css\" data-created_by=\"avia_inline_auto\" id=\"style-css-av-l9d19fa8-aeb472217fecb2dc5c772a40682688da\">\n#top .hr.hr-invisible.av-l9d19fa8-aeb472217fecb2dc5c772a40682688da{\nheight:15px;\n}\n<\/style>\n<div  class='hr av-l9d19fa8-aeb472217fecb2dc5c772a40682688da hr-invisible  avia-builder-el-1  el_after_av_image  el_before_av_textblock '><span class='hr-inner '><span class=\"hr-inner-style\"><\/span><\/span><\/div>\n<section  class='av_textblock_section av-l9d127xy-f894c5775a0b718bb855078a1db2d77c '  ><div class='avia_textblock' ><h2 align=\"justify\"><span class=\"TextRun SCXW87903411 BCX2\" lang=\"ES-ES\" xml:lang=\"ES-ES\" data-contrast=\"auto\"><span class=\"NormalTextRun SCXW87903411 BCX2\" data-ccp-charstyle=\"normaltextrun\" data-ccp-charstyle-defn=\"{&quot;ObjectId&quot;:&quot;e48fd8dd-07e7-4e08-9a03-9d8c62eca963|5&quot;,&quot;ClassId&quot;:1073872969,&quot;Properties&quot;:[469775450,&quot;normaltextrun&quot;,201340122,&quot;1&quot;,134233614,&quot;true&quot;,469778129,&quot;normaltextrun&quot;,335572020,&quot;1&quot;,469778324,&quot;Default Paragraph Font&quot;]}\">Geografies del pensament<\/span><\/span><\/h2>\n<p><span data-contrast=\"auto\">L\u2019onzena edici\u00f3 de l\u2019Asian <\/span><span data-contrast=\"none\">Film Festival Barcelona | AFFBCN vol continuar contribuint a l\u2019apogeu del cinema asi\u00e0tic no nom\u00e9s als festivals de cinema internacionals sin\u00f3 tamb\u00e9 a les pantalles del nostre pa\u00eds. Quan ens referim al cinema asi\u00e0tic estem pensant en les ind\u00fastries cinematogr\u00e0fiques de m\u00e9s de vint pa\u00efsos que creuen en la cultura cinematogr\u00e0fica com a expressi\u00f3 d\u2019un fet global i local. A trav\u00e9s del cinema d\u2019aquests pa\u00efsos podem abordar geografies properes i remotes que ens ajuden a comprendre el m\u00f3n en el qual vivim. La programaci\u00f3 d\u2019aquest any \u00e9s el resultat d\u2019una selecci\u00f3 d\u2019uns cent t\u00edtols d\u2019entre els m\u00e9s de cinc-cents que hem pogut consultar i que devem als festivals que ens han precedit aquest any com els de Berl\u00edn, Rotterdam, Cannes, Locarno, el Far East Film Festival, Ven\u00e8cia, i el festival de San Sebastian. Tanmateix, tamb\u00e9 hem comptat amb l\u2019aportaci\u00f3 dels festivals de Shanghai, Hong Kong, Busan, Jeonju, Calcuta, Goa, Kerala, Singapur, Melbourne i Sidney, Oakland i Manila. Els festivals anuncien i s\u2019anticipen al que despr\u00e9s es podr\u00e0 veure a la gran pantalla, encara que moltes de les pel\u00b7l\u00edcules que es presenten es queden fora del circuit comercial.<\/span><span data-ccp-props=\"{&quot;201341983&quot;:0,&quot;335551550&quot;:6,&quot;335551620&quot;:6,&quot;335559739&quot;:160,&quot;335559740&quot;:259}\">\u00a0<\/span><\/p>\n<p><span data-contrast=\"none\">Un dels objectius del festival \u00e9s explorar la vida quotidiana i dom\u00e8stica d\u2019aquest estrany o estranger que podem arribar a ser formant part d\u2019una hist\u00f2ria col\u00b7lectiva, tanmateix, com el sentiment de pert\u00e0nyer a un territori o ser-ne excl\u00f2s, <\/span><span data-contrast=\"none\">tal i com ens ensenya el cinema<\/span><span data-contrast=\"none\">. Estimular l\u2019inter\u00e8s pel descobriment i el coneixement coincideix \u00f2bviament amb la nostra intenci\u00f3 <\/span><span data-contrast=\"none\">de<\/span><span data-contrast=\"none\"> fer arribar als nostres p\u00fablics imatges de la vida col\u00b7lectiva o de les vides d\u2019individus que pertanyen a una determinada comunitat. Per aix\u00f2 la programaci\u00f3 pret\u00e9n ser m\u00e9s aviat inclusiva, no tant amb la intenci\u00f3 d\u2019incloure m\u00e9s t\u00edtols cada any, com per mostrar no nom\u00e9s aquells autors <\/span><span data-contrast=\"none\">que<\/span><span data-contrast=\"none\"> no passen desapercebuts per comptar amb els seus seguidors sin\u00f3 tamb\u00e9 els menys coneguts o els referents dels quals obliguen a indagar la seva respectiva contextualitzaci\u00f3 i les seves propostes. Volem tamb\u00e9 donar un espai als nous directors perqu\u00e8 presentin el seu primer llargmetratge en el festival, i trobin aqu\u00ed una plataforma per a donar a con\u00e8ixer el que fan fora del seu pa\u00eds.\u00a0<\/span><span data-ccp-props=\"{&quot;134233117&quot;:false,&quot;134233118&quot;:false,&quot;201341983&quot;:0,&quot;335551550&quot;:6,&quot;335551620&quot;:6,&quot;335559685&quot;:0,&quot;335559737&quot;:0,&quot;335559738&quot;:0,&quot;335559739&quot;:160,&quot;335559740&quot;:259}\">\u00a0<\/span><\/p>\n<p><span data-contrast=\"none\">L\u2019AFFBCN aborda una extensi\u00f3 geogr\u00e0fica molt \u00e0mplia, que va des de l\u2019Iran, \u00c0sia Central, una regi\u00f3 que compr\u00e8n les exrep\u00fabliques Sovi\u00e8tiques del Kazakhstan, Kirguizistan i l\u2019Uzbekistan, a la que se li sumen l\u2019Afganistan, l\u2019\u00cdndia, Pakistan, Bangladesh i Sri Lanka; el Sud-est asi\u00e0tic des de la Xina, Corea, Jap\u00f3, Tail\u00e0ndia, Singapur, Mal\u00e0isia, Cambodja i el Vietnam; i l\u2019\u00c0sia-Pac\u00edfic amb Austr\u00e0lia i Nova Zelanda. El cinema que s&#8217;anomena d\u2019aquests pa\u00efsos i que ens interessa d\u2019una manera particular \u00e9s aquell que ens afecta, amb la informaci\u00f3 que transmet, i ens fa empatitzar amb les imatges que veiem, i que d\u2019alguna manera ens segresta i ens introdueix a la pantalla tot fent que les dist\u00e0ncies geogr\u00e0fiques s\u2019esvaeixin i ens apropin a mons que potser acaben sent m\u00e9s reals que el nostre.<\/span><span data-ccp-props=\"{&quot;201341983&quot;:0,&quot;335551550&quot;:6,&quot;335551620&quot;:6,&quot;335559739&quot;:160,&quot;335559740&quot;:259}\">\u00a0<\/span><\/p>\n<p><span data-contrast=\"none\">El festival arriba aquesta tardor amb una programaci\u00f3 que es proposa ser la m\u00e9s representativa possible del cinema experimental i independent recent procedent del continent asi\u00e0tic, sense excloure produccions que responen tant a l\u2019inter\u00e8s d\u2019un p\u00fablic coneixedor de les cinematografies corresponents, com d\u2019aquells que desitgen iniciar-se en un cinema no tan nou, la diversitat de la qual respon preferentment a les diferents narratives que exposa. L\u2019exotisme que en occident s\u2019ha atribu\u00eft moltes vegades a aquestes produccions ha estat substitu\u00eft per l\u2019atracci\u00f3 que aquestes \u00faltimes exerceixen en construir culturalment una identitat que es vol inseparable de la pertinen\u00e7a al territori.<\/span><span data-ccp-props=\"{&quot;201341983&quot;:0,&quot;335551550&quot;:6,&quot;335551620&quot;:6,&quot;335559739&quot;:160,&quot;335559740&quot;:259}\">\u00a0<\/span><\/p>\n<p><span data-contrast=\"none\">La programaci\u00f3 de la present edici\u00f3 de l\u2019AFFBCN constar\u00e0 d\u2019un centenar de pel\u00b7l\u00edcules que s\u2019agrupen en les cinc sessions, <\/span><b><span data-contrast=\"none\">Oficial, Oficial Panorama, Discoveries, NETPAC <\/span><\/b><span data-contrast=\"none\">i<\/span><b><span data-contrast=\"none\"> Especial<\/span><\/b><span data-contrast=\"none\">, totes a competici\u00f3, en les quals es distribueixen estrat\u00e8gicament els diferents t\u00edtols que es seleccionin. Els jurats corresponents es componen d\u2019aquells integrants designats a tal finalitat, directors, cr\u00edtics de cinema i escriptors que accepten complir aquesta funci\u00f3. Aquest any comptarem amb la participaci\u00f3 de directors que formen part de les generacions m\u00e9s joves de cineastes dels pa\u00efsos dels quals procedeixen i que presentaran el seu primer llargmetratge, sovint realitzat despr\u00e9s de produir nombrosos curts. Com en edicions anteriors, volem posar l\u2019\u00e8mfasi en la hist\u00f2ria, el conflicte i el drama, perqu\u00e8 considerem que s\u00f3n els g\u00e8neres m\u00e9s apropiats per a la proposta que desitgem fer, amb <\/span><span data-contrast=\"none\">la finalitat<\/span><span data-contrast=\"none\"> d\u2019apropar posicions i realitats tot contribuint a l\u2019entesa entre les persones, sigui <\/span><span data-contrast=\"none\">quin<\/span><span data-contrast=\"none\"> sigui el lloc on habiten.<\/span><span data-ccp-props=\"{&quot;134233117&quot;:false,&quot;134233118&quot;:false,&quot;201341983&quot;:0,&quot;335551550&quot;:6,&quot;335551620&quot;:6,&quot;335559685&quot;:0,&quot;335559737&quot;:0,&quot;335559738&quot;:0,&quot;335559739&quot;:160,&quot;335559740&quot;:259}\">\u00a0<\/span><\/p>\n<p><span data-contrast=\"none\">La gran retrospectiva del cineasta xin\u00e8s Wang Chao tanca la programaci\u00f3 amb les set pel\u00b7l\u00edcules m\u00e9s rellevants de la seva traject\u00f2ria, que comen\u00e7a amb <\/span><i><span data-contrast=\"none\">Orphan of Anyang<\/span><\/i><span data-contrast=\"none\"> en 2001 i acaba amb <\/span><i><span data-contrast=\"none\">A Woman<\/span><\/i><span data-contrast=\"none\"> en 2022. Aquest realitzador independent i experimental presentar\u00e0 a m\u00e9s a m\u00e9s <\/span><i><span data-contrast=\"none\">Day and Night<\/span><\/i><span data-contrast=\"none\"> (2004), <\/span><i><span data-contrast=\"none\">Luxury Car<\/span><\/i><span data-contrast=\"none\"> (2006<\/span><i><span data-contrast=\"none\">), Memory of Love<\/span><\/i><span data-contrast=\"none\"> (2009), <\/span><i><span data-contrast=\"none\">Fantasy<\/span><\/i><span data-contrast=\"none\"> (2014) i <\/span><i><span data-contrast=\"none\">Locking for Rohmer<\/span><\/i><span data-contrast=\"none\"> (2018). Wang Chao es va graduar a l\u2019Acad\u00e8mia de cinema de Pequ\u00edn el 1994 i es va iniciar en el m\u00f3n del cinema com a cr\u00edtic, fins que va con\u00e8ixer al reconegut cineasta Chen Kaige, el qual el va contractar com a ajudant de direcci\u00f3 i amb el qual va treballar entre 1995 i 1998 en el rodatge de <\/span><i><span data-contrast=\"none\">Adi\u00f3s a mi concubina<\/span><\/i><span data-contrast=\"none\"> i <\/span><i><span data-contrast=\"none\">El emperador y el asesino.<\/span><\/i> <span data-contrast=\"none\">Durant aquests anys va escriure diversos relats que van inspirar certs guions per algunes pel\u00b7l\u00edcules. El seu primer llargmetratge<\/span><i><span data-contrast=\"none\"> Orphan of Anyang <\/span><\/i><span data-contrast=\"none\">va participar en la Quincena de realitzadors de Cannes en 2001. Aquesta retrospectiva ser\u00e0 presentada per Wang Chao a la Filmoteca de Catalunya on es projectaran els tres primers t\u00edtols que es mencionen aqu\u00ed. La resta es podran veure a les diferents seus\u00a0 del festival.<\/span><span data-ccp-props=\"{&quot;201341983&quot;:0,&quot;335551550&quot;:6,&quot;335551620&quot;:6,&quot;335559739&quot;:160,&quot;335559740&quot;:259}\">\u00a0<\/span><\/p>\n<p><span data-contrast=\"none\">Aquest any la inauguraci\u00f3 del festival se celebrar\u00e0 amb la projecci\u00f3 de <\/span><i><span data-contrast=\"none\">Yantzi\u00b4s Confusion (2023)<\/span><\/i><span data-contrast=\"none\">, primer llargmetratge de la jove cineasta xinesa Li Jue, la qual vindr\u00e0 a Barcelona per a la presentaci\u00f3 de la seva pel\u00b7l\u00edcula, que tindr\u00e0 aix\u00ed a Barcelona la seva estrena a Europa. Al mateix temps, la cloenda del festival, que tindr\u00e0 lloc el 4 de novembre, un dia abans que finalitzin les projeccions programades per al diumenge 5 de novembre, comptar\u00e0 amb la projecci\u00f3 de la pel\u00b7l\u00edcula australiana <\/span><i><span data-contrast=\"none\">The Royal Hotel<\/span><\/i><span data-contrast=\"none\">, que \u00e9s el segon llargmetratge de la cineasta australiana Kitty Green. La cultura cinematogr\u00e0fica \u00e9s cultura en general, i volem insistir en la divulgaci\u00f3 d\u2019un cinema que valorem per la seva proximitat i per introduir-nos en l\u2019interior de mons que no arribar\u00edem a con\u00e8ixer mai si no fos a trav\u00e9s seu, tal i com aconsegueix fer la literatura.<\/span><span data-ccp-props=\"{&quot;201341983&quot;:0,&quot;335551550&quot;:6,&quot;335551620&quot;:6,&quot;335559739&quot;:160,&quot;335559740&quot;:259}\">\u00a0<\/span><\/p>\n<p>Per <strong>Menene Gras Balaguer<\/strong><\/p>\n<p>Directora de l\u2019Asian Film Festival Barcelona<\/p>\n<\/div><\/section>\n\n<style type=\"text\/css\" data-created_by=\"avia_inline_auto\" id=\"style-css-av-av_hr-3ca2bb309c483a5bbe2e9a9cd848018c\">\n#top .hr.hr-invisible.av-av_hr-3ca2bb309c483a5bbe2e9a9cd848018c{\nheight:15px;\n}\n<\/style>\n<div  class='hr av-av_hr-3ca2bb309c483a5bbe2e9a9cd848018c hr-invisible  avia-builder-el-3  el_after_av_textblock  el_before_av_textblock '><span class='hr-inner '><span class=\"hr-inner-style\"><\/span><\/span><\/div>\n<section  class='av_textblock_section av-lneh1lgw-c5afedee921d8ebb7aacce65fba840ec '  ><div class='avia_textblock' ><p><strong>A continuaci\u00f3, esmentem algunes primeres recomanacions a manera de guia, sense que aix\u00f2 impliqui excloure cap dels t\u00edtols restants que formen part de la programaci\u00f3 del festival.\u00a0<\/strong><\/p>\n<p><span data-contrast=\"none\">Xina | <\/span><b><span data-contrast=\"none\">Yangzi\u2019s Confusion<\/span><\/b><span data-contrast=\"none\"> | Li Jue | 2023 | 101\u2019 (Inauguraci\u00f3)\u00a0<\/span><span data-ccp-props=\"{&quot;201341983&quot;:0,&quot;335551550&quot;:6,&quot;335551620&quot;:6,&quot;335559739&quot;:160,&quot;335559740&quot;:259}\">\u00a0<\/span><\/p>\n<p><span data-contrast=\"none\">Austr\u00e0lia | <\/span><b><span data-contrast=\"none\">The Royal Hotel<\/span><\/b><span data-contrast=\"none\"> | Kitty Green | 2023 | 91\u2019 (Cloenda)\u00a0<\/span><span data-ccp-props=\"{&quot;201341983&quot;:0,&quot;335551550&quot;:6,&quot;335551620&quot;:6,&quot;335559739&quot;:160,&quot;335559740&quot;:259}\">\u00a0<\/span><\/p>\n<p><span data-contrast=\"none\">Xina | <\/span><b><span data-contrast=\"none\">Home Coming<\/span><\/b><span data-contrast=\"none\"> | Rao Xiaozhi| 2022 | 137\u2019\u00a0<\/span><span data-ccp-props=\"{&quot;201341983&quot;:0,&quot;335551550&quot;:6,&quot;335551620&quot;:6,&quot;335559739&quot;:160,&quot;335559740&quot;:259}\">\u00a0<\/span><\/p>\n<p><span data-contrast=\"none\">Xina | <\/span><b><span data-contrast=\"none\">Carefree Days<\/span><\/b><span data-contrast=\"none\"> | Liang Ming | 2023 | 122\u2019\u00a0<\/span><span data-ccp-props=\"{&quot;201341983&quot;:0,&quot;335551550&quot;:6,&quot;335551620&quot;:6,&quot;335559739&quot;:160,&quot;335559740&quot;:259}\">\u00a0<\/span><\/p>\n<p><span data-contrast=\"none\">Corea | <\/span><b><span data-contrast=\"none\">Point Men<\/span><\/b><span data-contrast=\"none\"> | Yim Soon-Rye | 108\u00b4\u00a0<\/span><span data-ccp-props=\"{&quot;201341983&quot;:0,&quot;335551550&quot;:6,&quot;335551620&quot;:6,&quot;335559739&quot;:160,&quot;335559740&quot;:259}\">\u00a0<\/span><\/p>\n<p><span data-contrast=\"none\">Corea | <\/span><b><span data-contrast=\"none\">Toxic Parents<\/span><\/b><span data-contrast=\"none\"> | Kim Su-in | 2023 | 104\u2019\u00a0<\/span><span data-ccp-props=\"{&quot;201341983&quot;:0,&quot;335551550&quot;:6,&quot;335551620&quot;:6,&quot;335559739&quot;:160,&quot;335559740&quot;:259}\">\u00a0<\/span><\/p>\n<p><span data-contrast=\"none\">\u00cdndia | <\/span><b><span data-contrast=\"none\">The Kashmir Files<\/span><\/b><span data-contrast=\"none\">| Vivek Agnihotri | 2022 | 170\u2019\u00a0<\/span><span data-ccp-props=\"{&quot;201341983&quot;:0,&quot;335551550&quot;:6,&quot;335551620&quot;:6,&quot;335559739&quot;:160,&quot;335559740&quot;:259}\">\u00a0<\/span><\/p>\n<p><span data-contrast=\"none\">\u00cdndia | <\/span><b><span data-contrast=\"none\">Our Home<\/span><\/b><span data-contrast=\"none\"> | Romi Meitei | 2022 | 89\u2019\u00a0<\/span><span data-ccp-props=\"{&quot;201341983&quot;:0,&quot;335551550&quot;:6,&quot;335551620&quot;:6,&quot;335559739&quot;:160,&quot;335559740&quot;:259}\">\u00a0<\/span><\/p>\n<p><span data-contrast=\"none\">Iran | <\/span><b><span data-contrast=\"none\">Wind of Change (Solouk)<\/span><\/b><span data-contrast=\"none\"> | Abbas Rafei |2023 | 86\u2019\u00a0\u00a0<\/span><span data-ccp-props=\"{&quot;201341983&quot;:0,&quot;335551550&quot;:6,&quot;335551620&quot;:6,&quot;335559739&quot;:160,&quot;335559740&quot;:259}\">\u00a0<\/span><\/p>\n<p><span data-contrast=\"none\">Iran | <\/span><b><span data-contrast=\"none\">No Prior Appointment<\/span><\/b><span data-contrast=\"none\"> | Behrooz Shoaibi | 2022 | 120\u2019\u00a0<\/span><span data-ccp-props=\"{&quot;201341983&quot;:0,&quot;335551550&quot;:6,&quot;335551620&quot;:6,&quot;335559739&quot;:160,&quot;335559740&quot;:259}\">\u00a0<\/span><\/p>\n<p><span data-contrast=\"none\">Jap\u00f3 | <\/span><b><span data-contrast=\"none\">Perfect Days<\/span><\/b><span data-contrast=\"none\"> | Wim Wenders | 2023 | 123\u2019\u00a0<\/span><span data-ccp-props=\"{&quot;201341983&quot;:0,&quot;335551550&quot;:6,&quot;335551620&quot;:6,&quot;335559739&quot;:160,&quot;335559740&quot;:259}\">\u00a0<\/span><\/p>\n<p><span data-contrast=\"none\">Jap\u00f3 | <\/span><b><span data-contrast=\"none\">Evil Does Not Exist<\/span><\/b><span data-contrast=\"none\"> | Ryusuke Hamaguchi | 2023 | 106\u2019\u00a0<\/span><span data-ccp-props=\"{&quot;201341983&quot;:0,&quot;335551550&quot;:6,&quot;335551620&quot;:6,&quot;335559739&quot;:160,&quot;335559740&quot;:259}\">\u00a0<\/span><\/p>\n<p><span data-contrast=\"none\">Kazakhstan<\/span><span data-contrast=\"none\"> | <\/span><b><span data-contrast=\"none\">Zere<\/span><\/b><span data-contrast=\"none\"> | Dauren Kamshibayev | 2021 | 113\u2019\u00a0\u00a0<\/span><span data-ccp-props=\"{&quot;201341983&quot;:0,&quot;335551550&quot;:6,&quot;335551620&quot;:6,&quot;335559739&quot;:160,&quot;335559740&quot;:259}\">\u00a0<\/span><\/p>\n<p><span data-contrast=\"none\">Nova Zelanda | <\/span><b><span data-contrast=\"none\">Whina<\/span><\/b><span data-contrast=\"none\"> | James Napier, Paula Whetu Jones | 2022 | 112\u2019\u00a0<\/span><span data-ccp-props=\"{&quot;201341983&quot;:0,&quot;335551550&quot;:6,&quot;335551620&quot;:6,&quot;335559739&quot;:160,&quot;335559740&quot;:259}\">\u00a0<\/span><\/p>\n<p><span data-contrast=\"none\">Vietnam | <\/span><b><span data-contrast=\"none\">Inside the Yellow Cocoon Shell<\/span><\/b><span data-contrast=\"none\"> | Pham Thien An | 2023 | 179\u2019\u00a0<\/span><span data-ccp-props=\"{&quot;201341983&quot;:0,&quot;335551550&quot;:6,&quot;335551620&quot;:6,&quot;335559739&quot;:160,&quot;335559740&quot;:259}\">\u00a0<\/span><\/p>\n<p><span data-contrast=\"none\">\u00a0<\/span><span data-ccp-props=\"{&quot;201341983&quot;:0,&quot;335551550&quot;:6,&quot;335551620&quot;:6,&quot;335559739&quot;:160,&quot;335559740&quot;:259}\">\u00a0<\/span><\/p>\n<p><span data-contrast=\"none\">I de la RETROSPECTIVA de Wang Chao\u00a0<\/span><span data-ccp-props=\"{&quot;201341983&quot;:0,&quot;335551550&quot;:6,&quot;335551620&quot;:6,&quot;335559739&quot;:160,&quot;335559740&quot;:259}\">\u00a0<\/span><\/p>\n<p><span data-contrast=\"none\">Xina | <\/span><b><span data-contrast=\"none\">A Woman (Kong Xiu)<\/span><\/b><span data-contrast=\"none\"> | Wang Chao | 2022| 110\u2019<\/span><span data-ccp-props=\"{&quot;201341983&quot;:0,&quot;335551550&quot;:6,&quot;335551620&quot;:6,&quot;335559739&quot;:160,&quot;335559740&quot;:259}\">\u00a0<\/span><\/p>\n<\/div><\/section>\n","protected":false},"excerpt":{"rendered":"","protected":false},"author":6,"featured_media":0,"parent":0,"menu_order":0,"comment_status":"closed","ping_status":"closed","template":"","meta":{"_acf_changed":false,"footnotes":""},"class_list":["post-42353","page","type-page","status-publish","hentry"],"acf":[],"yoast_head":"<!-- This site is optimized with the Yoast SEO plugin v27.4 - https:\/\/yoast.com\/product\/yoast-seo-wordpress\/ -->\n<title>Director Letter - Asian Film Festival Barcelona<\/title>\n<meta name=\"robots\" content=\"noindex, follow, max-snippet:-1, max-image-preview:large, max-video-preview:-1\" \/>\n<meta property=\"og:locale\" content=\"ca_ES\" \/>\n<meta property=\"og:type\" content=\"article\" \/>\n<meta property=\"og:title\" content=\"Director Letter - Asian Film Festival Barcelona\" \/>\n<meta property=\"og:url\" content=\"https:\/\/asianfilmfestival.barcelona\/2023\/ca\/director-letter\/\" \/>\n<meta property=\"og:site_name\" content=\"Asian Film Festival Barcelona\" \/>\n<meta property=\"article:modified_time\" content=\"2023-10-06T10:37:06+00:00\" \/>\n<meta name=\"twitter:card\" content=\"summary_large_image\" \/>\n<meta name=\"twitter:label1\" content=\"Temps estimat de lectura\" \/>\n\t<meta name=\"twitter:data1\" content=\"7 minuts\" \/>\n<script type=\"application\/ld+json\" class=\"yoast-schema-graph\">{\"@context\":\"https:\\\/\\\/schema.org\",\"@graph\":[{\"@type\":\"WebPage\",\"@id\":\"https:\\\/\\\/asianfilmfestival.barcelona\\\/2023\\\/ca\\\/director-letter\\\/\",\"url\":\"https:\\\/\\\/asianfilmfestival.barcelona\\\/2023\\\/ca\\\/director-letter\\\/\",\"name\":\"Director Letter - Asian Film Festival Barcelona\",\"isPartOf\":{\"@id\":\"https:\\\/\\\/asianfilmfestival.barcelona\\\/2023\\\/ca\\\/#website\"},\"datePublished\":\"2022-10-17T17:07:51+00:00\",\"dateModified\":\"2023-10-06T10:37:06+00:00\",\"breadcrumb\":{\"@id\":\"https:\\\/\\\/asianfilmfestival.barcelona\\\/2023\\\/ca\\\/director-letter\\\/#breadcrumb\"},\"inLanguage\":\"ca\",\"potentialAction\":[{\"@type\":\"ReadAction\",\"target\":[\"https:\\\/\\\/asianfilmfestival.barcelona\\\/2023\\\/ca\\\/director-letter\\\/\"]}]},{\"@type\":\"BreadcrumbList\",\"@id\":\"https:\\\/\\\/asianfilmfestival.barcelona\\\/2023\\\/ca\\\/director-letter\\\/#breadcrumb\",\"itemListElement\":[{\"@type\":\"ListItem\",\"position\":1,\"name\":\"Home\",\"item\":\"https:\\\/\\\/asianfilmfestival.barcelona\\\/2023\\\/ca\\\/benvinguda-asian-film-festival-barcelona-2023\\\/\"},{\"@type\":\"ListItem\",\"position\":2,\"name\":\"Director Letter\"}]},{\"@type\":\"WebSite\",\"@id\":\"https:\\\/\\\/asianfilmfestival.barcelona\\\/2023\\\/ca\\\/#website\",\"url\":\"https:\\\/\\\/asianfilmfestival.barcelona\\\/2023\\\/ca\\\/\",\"name\":\"Asian Film Festival Barcelona\",\"description\":\"2023\",\"potentialAction\":[{\"@type\":\"SearchAction\",\"target\":{\"@type\":\"EntryPoint\",\"urlTemplate\":\"https:\\\/\\\/asianfilmfestival.barcelona\\\/2023\\\/ca\\\/?s={search_term_string}\"},\"query-input\":{\"@type\":\"PropertyValueSpecification\",\"valueRequired\":true,\"valueName\":\"search_term_string\"}}],\"inLanguage\":\"ca\"}]}<\/script>\n<!-- \/ Yoast SEO plugin. -->","yoast_head_json":{"title":"Director Letter - Asian Film Festival Barcelona","robots":{"index":"noindex","follow":"follow","max-snippet":"max-snippet:-1","max-image-preview":"max-image-preview:large","max-video-preview":"max-video-preview:-1"},"og_locale":"ca_ES","og_type":"article","og_title":"Director Letter - Asian Film Festival Barcelona","og_url":"https:\/\/asianfilmfestival.barcelona\/2023\/ca\/director-letter\/","og_site_name":"Asian Film Festival Barcelona","article_modified_time":"2023-10-06T10:37:06+00:00","twitter_card":"summary_large_image","twitter_misc":{"Temps estimat de lectura":"7 minuts"},"schema":{"@context":"https:\/\/schema.org","@graph":[{"@type":"WebPage","@id":"https:\/\/asianfilmfestival.barcelona\/2023\/ca\/director-letter\/","url":"https:\/\/asianfilmfestival.barcelona\/2023\/ca\/director-letter\/","name":"Director Letter - Asian Film Festival Barcelona","isPartOf":{"@id":"https:\/\/asianfilmfestival.barcelona\/2023\/ca\/#website"},"datePublished":"2022-10-17T17:07:51+00:00","dateModified":"2023-10-06T10:37:06+00:00","breadcrumb":{"@id":"https:\/\/asianfilmfestival.barcelona\/2023\/ca\/director-letter\/#breadcrumb"},"inLanguage":"ca","potentialAction":[{"@type":"ReadAction","target":["https:\/\/asianfilmfestival.barcelona\/2023\/ca\/director-letter\/"]}]},{"@type":"BreadcrumbList","@id":"https:\/\/asianfilmfestival.barcelona\/2023\/ca\/director-letter\/#breadcrumb","itemListElement":[{"@type":"ListItem","position":1,"name":"Home","item":"https:\/\/asianfilmfestival.barcelona\/2023\/ca\/benvinguda-asian-film-festival-barcelona-2023\/"},{"@type":"ListItem","position":2,"name":"Director Letter"}]},{"@type":"WebSite","@id":"https:\/\/asianfilmfestival.barcelona\/2023\/ca\/#website","url":"https:\/\/asianfilmfestival.barcelona\/2023\/ca\/","name":"Asian Film Festival Barcelona","description":"2023","potentialAction":[{"@type":"SearchAction","target":{"@type":"EntryPoint","urlTemplate":"https:\/\/asianfilmfestival.barcelona\/2023\/ca\/?s={search_term_string}"},"query-input":{"@type":"PropertyValueSpecification","valueRequired":true,"valueName":"search_term_string"}}],"inLanguage":"ca"}]}},"_links":{"self":[{"href":"https:\/\/asianfilmfestival.barcelona\/2023\/ca\/wp-json\/wp\/v2\/pages\/42353","targetHints":{"allow":["GET"]}}],"collection":[{"href":"https:\/\/asianfilmfestival.barcelona\/2023\/ca\/wp-json\/wp\/v2\/pages"}],"about":[{"href":"https:\/\/asianfilmfestival.barcelona\/2023\/ca\/wp-json\/wp\/v2\/types\/page"}],"author":[{"embeddable":true,"href":"https:\/\/asianfilmfestival.barcelona\/2023\/ca\/wp-json\/wp\/v2\/users\/6"}],"replies":[{"embeddable":true,"href":"https:\/\/asianfilmfestival.barcelona\/2023\/ca\/wp-json\/wp\/v2\/comments?post=42353"}],"version-history":[{"count":2,"href":"https:\/\/asianfilmfestival.barcelona\/2023\/ca\/wp-json\/wp\/v2\/pages\/42353\/revisions"}],"predecessor-version":[{"id":45219,"href":"https:\/\/asianfilmfestival.barcelona\/2023\/ca\/wp-json\/wp\/v2\/pages\/42353\/revisions\/45219"}],"wp:attachment":[{"href":"https:\/\/asianfilmfestival.barcelona\/2023\/ca\/wp-json\/wp\/v2\/media?parent=42353"}],"curies":[{"name":"wp","href":"https:\/\/api.w.org\/{rel}","templated":true}]}}