{"id":37261,"date":"2021-11-03T12:06:43","date_gmt":"2021-11-03T11:06:43","guid":{"rendered":"http:\/\/asianfilmfestival.barcelona\/2022\/juries-and-awards-plantilla-2021\/"},"modified":"2023-10-30T13:54:14","modified_gmt":"2023-10-30T12:54:14","slug":"juries-and-awards-plantilla-2021","status":"publish","type":"page","link":"https:\/\/asianfilmfestival.barcelona\/2023\/ca\/juries-and-awards-plantilla-2021\/","title":{"rendered":"Premis i Jurats 2023"},"content":{"rendered":"<section  class='av_textblock_section av-kv2b8p6i-faf648eda9465809d5afea3b013885af '  ><div class='avia_textblock' ><h2 style=\"text-align: left;\">JURATS<\/h2>\n<\/div><\/section>\n\n<style type=\"text\/css\" data-created_by=\"avia_inline_auto\" id=\"style-css-av-lo70uytm-887107ea34aeaa3022e3be0db527e688\">\n#top .togglecontainer.av-lo70uytm-887107ea34aeaa3022e3be0db527e688 p.toggler.activeTitle{\ncolor:#e23636;\nborder-color:#e23636;\n}\n<\/style>\n<div  class='togglecontainer av-lo70uytm-887107ea34aeaa3022e3be0db527e688 av-elegant-toggle  avia-builder-el-1  el_after_av_textblock  avia-builder-el-last  toggle_close_all hasCurrentStyle' >\n<section class='av_toggle_section av-lo70oypm-2f10850244d65f02e96136a18395bee1' ><div role=\"tablist\" class=\"single_toggle\" data-tags=\"{All} \"  ><p data-fake-id='#toggle-id-1' class='toggler   '  role='tab' tabindex='0' aria-controls='toggle-id-1'>JURAT DE LA SECCI\u00d3 OFICIAL<span class=\"toggle_icon\"><span class=\"vert_icon\"><\/span><span class=\"hor_icon\"><\/span><\/span><\/p><div id='toggle-id-1' class='toggle_wrap  '  ><div class='toggle_content invers-color ' ><h2>Javier Mart\u00edn-Dom\u00ednguez (President)<\/h2>\n<p>Javier Mart\u00edn-Dom\u00ednguez \u00e9s productor i realitzador. Ha exercit el periodisme en premsa, r\u00e0dio i televisi\u00f3. Va ser corresponsal a l&#8217;estranger, amb R\u00e0dio Nacional i Televisi\u00f3 Espanyola als Estats Units durant deu anys, i amb La Vanguardia a T\u00f2quio. Ha estat Premi Cirilo Rodr\u00edguez de periodisme internacional. Entre altres esdeveniments va cobrir tres campanyes electorals nord-americanes, els viatges de Reagan a Moscou i Gorvachev a Washington, el funeral de Hiro Fita i l&#8217;entronitzaci\u00f3 de Akihito. Com a realitzador \u00e9s autor de les biografies de Paul Bowles i de l&#8217;artista surrealista Leonora Carrington, i va dirigir el Festival de cinema europeu de Sevilla durant 4 anys. Ha estat jurat en els festivals de Moscou, Sarajevo i Documenta Madrid i en el Asian Film Festival de Barcelona.<\/p>\n<h2><strong>Jos\u00e9 F\u00e9lix Collazos<\/strong><\/h2>\n<p>Amb un M\u00e0ster en Cr\u00edtica de Cinema per l&#8217;ECAM, actualment \u00e9s professor d&#8217;An\u00e0lisi Cinematogr\u00e0fic i col\u00b7laborador a \u201cCaim\u00e1n, Cuadernos de Cine&#8221;. Arquitecte de formaci\u00f3, despr\u00e9s de finalitzar els seus estudis universitaris es va trasllada a Nova York on va cursar estudis de gui\u00f3 en el Hunter College i de direcci\u00f3, en el Millenium Center. Va completar la seva formaci\u00f3 amb tallers d&#8217;escriptura de Frank Daniel&#8217;s Associates i Robert McKee. A continuaci\u00f3, va rodar els seus primers curtmetratges en super 8 i 16 mm. En 1993, va realitzar <em>Muy negro<\/em>, el seu primer treball en 35 mm. que va ser presentat en nombrosos festivals nacionals i internacionals. El seu seg\u00fcent treball <em>Nocturno<\/em> va ser seleccionat per a inaugurar el Festival de cinema de Chicago i va participar en diferents festivals internacionals: Mont-real, Sant Sebasti\u00e0 i Sant Petersburg aconseguint el Cavall de Plata en el Festival de Nous Realitzadors de Larissa.<\/p>\n<h2><strong>Jonathan Harris<\/strong><\/h2>\n<p>Director de l&#8217;Escola de Doctorat de la Universitat d&#8217;Arts Creatives de Canterbury, el professor Jonathan Harris ha sigut docent a la Polit\u00e8cnica de Leeds (1989-94), la Universitat de Keele (1994-99), la Universitat de Liverpool (1999-2011), l&#8217;Escola d&#8217;Art de Winchester pertanyent a la Universitat de Southampton (2011-2015) i la Universitat de la Ciutat de Birmingham (2015-2020), on va ser director de la seva Escola d&#8217;Art. Jonathan \u00e9s investigador, compta amb una extensa bibliografia sobre art i globalitzaci\u00f3, als diferents contextos socials i pol\u00edtics del mercat.<\/p>\n<h2><strong>Kamyar Mohsenin<\/strong><\/h2>\n<p>Nascut en 1971 a Teheran, Kamyar Mohsenin va estudiar Enginyeria de Control i Instruments en la Universitat Tecnol\u00f2gica Sharif. Despr\u00e9s de treballar com a cr\u00edtic cinematogr\u00e0fic i traductor en diverses revistes de cinema, aix\u00ed com en publicacions de la Filmoteca Nacional de l&#8217;Iran, al 1996 va posar en marxa un programa anal\u00edtic de televisi\u00f3, &#8220;Film 90&#8217;s&#8221;, com a investigador i cocreador. Va escriure el seu primer llibre, &#8220;James Bond, 35 anys amb un fenomen&#8221;, al 1997. Mohsenin va comen\u00e7ar la seva col\u00b7laboraci\u00f3 amb Farabi Cinema Foundation com a Executiu de Recerca el 1998. Durant la seva cooperaci\u00f3 amb Farabi fins a 2018, va participar en l&#8217;organitzaci\u00f3 d&#8217;esdeveniments cinematogr\u00e0fics internacionals com Fajr, Mercat de Cinema Irani\u00e0, Nens i Joves Adults, Kish, Urban, etc. i en la publicaci\u00f3 de la &#8220;Selecci\u00f3 Anual de Pel\u00b7l\u00edcules Iranianes&#8221;, &#8220;Guia del Mercat de Cinema Irani\u00e0&#8221;, etc. Mohsenin ha estat professor en diferents cursos d&#8217;hist\u00f2ria del cinema i cr\u00edtic cinematogr\u00e0fic a la Guia Internacional de Cinema, revistes de cinema, peri\u00f2dics i programes de televisi\u00f3. Com a membre de la junta del FIFF (Festival Internacional de Cinema de Fajr) en la reestructuraci\u00f3 del festival, ha estat treballant amb el FIFF des del 2016 com a Gerent de Relacions Internacionals i Director de Programaci\u00f3. Despr\u00e9s de deixar Farabi, amb Amir Esfandiari i Mohmmad Esfandiari, va cofundar l&#8217;empresa del sector privat, IRIMAGE, a la fi de 2018.<\/p>\n<h2><strong>Andrea Rodr\u00edguez<\/strong><\/h2>\n<p>Reflexiona de forma expandida sobre l&#8217;espai i el temps, la imatge, la narraci\u00f3 i el relat. Desenvolupa projectes curatorials i escriu des de i sobre l&#8217;afecte per parlar de l\u2019art. Li interessen les formes i formats de producci\u00f3, difusi\u00f3 i transmissi\u00f3 de l&#8217;art contemporani. Andrea Rodr\u00edguez Novoa (1979) \u00e9s comiss\u00e0ria, arquitecta i escriptora establerta a Espanya i a Fran\u00e7a. \u00c9s membre de l\u2019IKT, l\u2019 Associaci\u00f3 Internacional de Comissaris d&#8217;Art Contemporani i de C-E-A, Commissaires d&#8217;Exposition Associ\u00e9s (Fran\u00e7a). Va formar part del comit\u00e8 d&#8217;adquisicions de FRAC Normandie, a Fran\u00e7a (2017-2021). Des del febrer de 2022 \u00e9s Co-Directora i Responsable del Programa Professional del Barcelona Gallery Weekend (www.barcelonagalleryweekend.com). Juntament amb la Veronica Valentini, dirigeix, comissaria i ensenya al BAR Project (@bar_project), una resid\u00e8ncia i un programa de formaci\u00f3 d\u2019arts visuals que va cofundar a Barcelona el 2012.<\/p>\n<\/div><\/div><\/div><\/section>\n<section class='av_toggle_section av-lo70qqmz-55a1ee2991ffb68013826824a48d55c9' ><div role=\"tablist\" class=\"single_toggle\" data-tags=\"{All} \"  ><p data-fake-id='#toggle-id-2' class='toggler   '  role='tab' tabindex='0' aria-controls='toggle-id-2'>JURAT DE LA SECCI\u00d3 PANORAMA<span class=\"toggle_icon\"><span class=\"vert_icon\"><\/span><span class=\"hor_icon\"><\/span><\/span><\/p><div id='toggle-id-2' class='toggle_wrap  '  ><div class='toggle_content invers-color ' ><h2>Esteban Andueza (President)<\/h2>\n<p>Esteban Andueza \u00e9s gestor cultural, traductor, comissari d\u2019art i promotor de projectes art\u00edstics. Ha viscut a la Xina durant 12 anys, on ha treballat com a freelance i tamb\u00e9 per centres de prestigi, com l\u2019Iberia Center for Contemporary Art o l\u2019Institut Cervantes de Pek\u00edn, sempre enfocat en promoure els intercanvis culturals entre Espa\u00f1a y la Xina. Assisteix a l\u2019Antoni Muntadas en els projectes que l\u2019artista fa al continent asi\u00e0tic.<\/p>\n<h2>Nieves Martin Diaz<\/h2>\n<p>Periodista de premsa i r\u00e0dio, especialitzada en cultura, Nieves Mart\u00edn D\u00edaz \u00e9s coneguda per dirigir el programa \u00abEl planeta de los Libros\u00bb, un espai cultural que va fundar al gener del 2005, i que s&#8217;emet a la FM de Radio C\u00edrculo, del C\u00edrculo de Bellas Artes de Madrid. Tamb\u00e9 ha sigut la fundadora del Concurso de Microcuentos d&#8217;aquest programa, del que va ser jurat juntament amb representants d\u2019institucions i empreses al llarg de sis edicions. Col\u00b7laboradora de l\u2019Al Jazeera Documentary Film Festival, escrivint sobre documentals espanyols, ha sigut jurat al Festival Internacional de Documentals de Huesca durant diversos anys.<\/p>\n<h2>Jean Marie del Moral<\/h2>\n<p>Jean Marie del Moral va iniciar la seva traject\u00f2ria com a fot\u00f2graf als 21 anys, treballant com a fotoperiodista pel diari comunista L\u2019Humanite\u0301. Despr\u00e9s de cobrir la Revoluci\u00f3 dels Clavells de Portugal, va treballar a Nova York i a Toronto, va abandonar el fotoperiodisme quan va con\u00e8ixer a Joan Miro\u0301 i li va fer el primer retrat. A partir de llavors, tal com revela el seu arxiu fotogr\u00e0fic, la seva producci\u00f3 es va centrar en el m\u00f3n de l\u2019art i els seus creadors, documentant la vida i l\u2019obra dels artistes al seus estudis, entenent que aquests llocs s\u00f3n grans laboratoris de creaci\u00f3. Al 1988, va participar a les <em>Rencontres Internationales de la Photographie<\/em> de Arles i al 2004, despr\u00e9s de la publicaci\u00f3 a quatre pa\u00efsos del seu llibre <em>Barcelo\u0301, fotografi\u0301as de Jean Marie del Moral<\/em> (Thames and Hudson, Steidl, Actes Sud i La F\u00e1brica), el va exposar a l\u2019IVAM (Institut Valencia\u0300 d\u2019Art Modern), al Centro Cultural Conde Duque (Madrid), al Museo da Cidade (Lisboa) i a la Fundacio\u0301n Antonio Pe\u0301rez. \u00c9s a m\u00e9s a m\u00e9s autor i director de dos documentals: <em>Picasso y la tauromaquia<\/em> (1993) i <em>Los estudios de Barcelo\u0301<\/em> (1991).<\/p>\n<h2>Biel Mesquida<\/h2>\n<p>Va n\u00e9ixer el 9 de gener del 1947 a Castell\u00f3 de la Plana, fill de pares mallorquins, on va passar la seva inf\u00e0ncia. Es va llicenciar en Biologia i posteriorment de Ci\u00e8ncies de la Informaci\u00f3. Com a escriptor, es va formar i va madurar durant el franquisme, per\u00f2 la seva obra va rebre la influ\u00e8ncia de Barthes, Julia Kristeva, Maurice Blanchot i Georges Bataille. Mesquida va ser un dels primers escriptors que es van atrevir amb la tem\u00e0tica homosexual a l\u2019Espanya de la Transici\u00f3. L\u2019any 1974 va escriure <em>El bell pa\u00eds on els homes desitgen els homes,<\/em> que no va poder publicar fins al 1985. El llibre tracta sobre l&#8217;amor homosexual com una cosa revolucion\u00e0ria i transgressora, a partir de una po\u00e8tica radical. Ha col\u00b7laborat en diverses revistes, com la revista Diwan, i en diaris com Diario 16, El D\u00eda i Baleares.<\/p>\n<h2>Esteve Soler<\/h2>\n<p>L\u2019any 2010 la Instituci\u00f3 de les Lletres Catalanes i l\u2019Institut Ram\u00f3n Llull van considerar a Esteve Soler un dels autors catalans m\u00e9s internacionals. Les seves obres s\u2019han tradu\u00eft a 17 idiomes i han sigut representades a Alemanya, Estats Units, Fran\u00e7a, Su\u00efssa, Gr\u00e8cia i M\u00e8xic. Llicenciat en Arts Esc\u00e8niques per l\u2019Institut del Teatre i la Universitat de Barcelona, dona classes a la Universitat de Lleida i la Sala Beckett, centre de creaci\u00f3 amb el que ha estat implicat des de fa m\u00e9s d\u2019una d\u00e8cada. Tamb\u00e9 ha treballat com a dramaturg per a companyies internacionals com La Fura dels Baus, Pere Faura o Insectotr\u00f2pics.\u00a0 I com a cineasta, ha participat en els festivals de Clermont-Ferrand, BFI London, M\u00e1laga, Sitges i el New York&#8217;s Rooftop Films.<\/p>\n<\/div><\/div><\/div><\/section>\n<section class='av_toggle_section av-lo70umj6-c34ef0b9f877acfdbea7109d5ce74cec' ><div role=\"tablist\" class=\"single_toggle\" data-tags=\"{All} \"  ><p data-fake-id='#toggle-id-3' class='toggler   '  role='tab' tabindex='0' aria-controls='toggle-id-3'>JURAT DE LA SECCI\u00d3 DISCOVERIES<span class=\"toggle_icon\"><span class=\"vert_icon\"><\/span><span class=\"hor_icon\"><\/span><\/span><\/p><div id='toggle-id-3' class='toggle_wrap  '  ><div class='toggle_content invers-color ' ><h2>Ar\u00e1nzazu N\u00fa\u00f1ez (Presidenta)<\/h2>\n<p>L&#8217;arquitecta mexicana Ar\u00e1nzazu N\u00fa\u00f1ez Vel\u00e1zquez \u00e9s la directora executiva de la Primera Feria Internacional del Libro y Medios Audiovisuales (FILMAQ). Ar\u00e1nzazu ha treballat en la ind\u00fastria editorial anal\u00f2gica i digital durant m\u00e9s d&#8217;una d\u00e8cada i mitja. Amb formaci\u00f3 en l\u2019 Arquitectura, les Arts Visuals i Lletres, i una indubtable passi\u00f3 per la literatura, ha trobat en el treball transversal, les noves tecnologies i el disseny de models i estrat\u00e8gies alternatives per a l&#8217;edici\u00f3 i ind\u00fastries de l&#8217;entreteniment una font inesgotable de possibilitats creatives i comercials.<\/p>\n<h2>Briccio Santos<\/h2>\n<p>Nascut a Manila, Briccio Santos va rebre la major part de la seva educaci\u00f3 i formaci\u00f3 a l&#8217;estranger, principalment a Europa i els Estats Units. A mitat dels anys 70, despr\u00e9s de tornar d&#8217;Alemanya, va realitzar el seu primer de molts llargmetratges, <em>Manikang Papel<\/em>, Damortis, sent un dels primers cineastes independents de Filipines. Va presidir el Consell de Desenvolupament Cinematogr\u00e0fic de Filipines durant 6 anys (2010-2016), on es van crear els Arxius Nacionals de Cine i van comen\u00e7ar les restauracions actives i la preservaci\u00f3 de les pel\u00b7l\u00edcules del patrimoni filip\u00ed. Es va crear el programa Sineng Pambansa (Cine Nacional) i Cinemateques en v\u00e0ries parts del pa\u00eds. L&#8217;any 2013, el president franc\u00e8s Fran\u00e7ois Hollande va nomenar a Santos Caballero de l&#8217;Ordre de la Legi\u00f3 d&#8217;Honor per la seva defensa de la promoci\u00f3 de la cultura filipina a trav\u00e9s del cinema. El passat mes d&#8217;octubre de 2016, el President itali\u00e0 se li va concedir l&#8217;Ordre UFFICIALE, l&#8217;Estrella d&#8217;It\u00e0lia, per la seva contribuci\u00f3 al cinema i la cultura. Santos \u00e9s actualment president de Film ASEAN, compost per 10 ag\u00e8ncies l\u00edders de les ind\u00fastries cinematogr\u00e0fica i audiovisual de la regi\u00f3 de l&#8217;ASEAN.<\/p>\n<h2>Teodoro Granados<\/h2>\n<p>Teodoro C. Granados \u00e9s actualment Director de Projectes de la Southeast Asia Film Development Foundation Inc. (Film ASEAN) amb seu a Filipines. Anteriorment, va ser el \u00a0Director Executiu del Consell de Desenvolupament Cinematogr\u00e0fic de Filipines (FDCP) des del \u00a02011 fins al 2016. Va supervisar la producci\u00f3 de m\u00e9s de 30 pel\u00b7l\u00edcules que van rebre finan\u00e7ament de l&#8217;organisme. Tamb\u00e9 va ser Productor Associat a Muchachos Bravos Filmworks.<\/p>\n<h2>Aditya Bhattacharya<\/h2>\n<p>Aditya Bhattacharya (nascut l\u2019any 1965) \u00e9s un director de cinema i guionista indi, m\u00e9s conegut pel seu llargmetratge <em>Raakh <\/em>(1989), que va obtenir tres Premis Nacionals de Cinema. \u00c9s fill del director Basu Bhattacharya i de Rinki Bhattacharya, filla de Bimal Roy. Va comen\u00e7ar la seva carrera cinematogr\u00e0fica com a actor a <em>Mandi <\/em>(1983), de Shyam Benegal, on va interpretar el paper de la parella de Smita Patil. Li va seguir <em>Rihaee <\/em>(1988) i <em>Hazaaron Khwaishein Aisi<\/em> (2003), de Sudhir Mishra. Va debutar com a director amb <em>Raakh <\/em>(1989), que va rebre tres Premis Nacionals de Cinema, i un Premi al Millor Debut com a Director als Premis de l\u2019Associaci\u00f3 de Periodistes Cinematogr\u00e0fics de Bengala. Mentrestant, tamb\u00e9 va treballar com a reporter gr\u00e0fic. Posteriorment, l\u2019any 1988, es va traslladar de Bombay a Roma, on va rodar una pel\u00b7l\u00edcula italiana i alguns v\u00eddeos musicals. La seva pel\u00b7l\u00edcula <em>Dubai Return<\/em> (2005), que tamb\u00e9 va produir sota el segell Aditya Pictures, es va estrenar a l\u2019IFFI Goa 2005. L\u2019any 2012, va produir i dirigir <em>Bombay&#8217;s Most Wanted<\/em> (BMW), que va ser projectat al Festival de Cinema de Bombay.<\/p>\n<h2>Juli\u00e1n S\u00e1nchez<\/h2>\n<p>Va n\u00e9ixer a Barcelona el 1966, viu a San Sebasti\u00e1n des de l\u20191993, com a escriptor, ha publicat quatre novel\u00b7les: <em>El Anticuario, El restaurador de arte, La voz de los muertos <\/em>i<em> El rostro de la maldad<\/em>.\u00a0 La seva obra es caracteritza pel seu impacte visual i per elaborades trames en les quals s&#8217;adopten diversos estils literaris. Ha estat tradu\u00eft a dotze idiomes gaudint d&#8217;una \u00e0mplia acollida popular i de la cr\u00edtica. Actualment, ha comen\u00e7at a escriure guions i a col\u00b7laborar en continguts amb l&#8217;empresa R\u00cdO BRAVO.<\/p>\n<\/div><\/div><\/div><\/section>\n<section class='av_toggle_section av-lo70tcdc-9acaae1d054255484e7f14e9824b88ef' ><div role=\"tablist\" class=\"single_toggle\" data-tags=\"{All} \"  ><p data-fake-id='#toggle-id-4' class='toggler   '  role='tab' tabindex='0' aria-controls='toggle-id-4'>JURAT DE LA SECCI\u00d3 NETPAC<span class=\"toggle_icon\"><span class=\"vert_icon\"><\/span><span class=\"hor_icon\"><\/span><\/span><\/p><div id='toggle-id-4' class='toggle_wrap  '  ><div class='toggle_content invers-color ' ><h2>Sandra Sotelo (Presidenta)<\/h2>\n<p>Periodista i corresponsal de not\u00edcies a ABS-CBN Corporation. Professora, periodista, freelance i membre activa de la comunitat filipina, Sandra Sotelo Aboy ent\u00e9n el valor de la not\u00edcia i creu que \u00e9s necessari aplicar la transversalitat a l&#8217;activitat period\u00edstica que duu a terme. Per a gestionar el seu temps, es va llen\u00e7ar al m\u00f3n del comer\u00e7 digital amb un projecte empresarial que funciona 24\/7, que li permet dedicar-se a la promoci\u00f3 de la cultura del seu pa\u00eds i de projectes com <em>Contracorona<\/em> que projectarem a l\u2019AFFBCN 2023.<\/p>\n<h2>\u00c1lvaro Gonz\u00e1lez<\/h2>\n<p>Graduat en Gui\u00f3 i Escriptura dram\u00e0tica a l\u2019Escola Superior de Cinema i Audiovisuals de Catalunya (ESCAC), \u00c1lvaro Gonz\u00e1lez col\u00b7labora amb la distribu\u00efdora Brigante Films (2017 &#8211; 2018). Es tracta de l\u2019empresa responsable de la distribuci\u00f3 en format f\u00edsic i digital de <em>Psycho Raman<\/em> (Anuraq Kashyap, 2016 &#8211; India) i <em>Confession of Murder<\/em> (Jung Byung &#8211; gil, 2012 &#8211; Corea Del Sud). I \u00e9s tamb\u00e9 un creador de continguts per a la divulgaci\u00f3 cinematogr\u00e0fica del continent asi\u00e0tic Atlas Del Cine Asi\u00e1tico.\u00a0(TikTok\/IG: @atlasdelcineasiatico)<\/p>\n<p><strong>\u00a0<\/strong><\/p>\n<h2>Natalia D\u00edaz<\/h2>\n<p>Natalia Diaz Pe\u00f1alver (Barcelona, 1967) \u00e9s directora i cofundadora del vlog de cultura coreana &#8220;Korea en Barcelona&#8221;. Creat l&#8217;any 2017, informa de totes les activitats relacionades amb la cultura coreana que es realitzen a Barcelona i Catalunya, fent especial recalcament en la cinematografia sud-coreana. Tamb\u00e9 publica articles de contingut cultural i entrevistes a directores de cine, actors i escriptors. En l&#8217;\u00e0mbit particular, \u00e9s una apassionada del cinema asi\u00e0tic i participa com a premsa acreditada en diversos festivals de cinema.<\/p>\n<\/div><\/div><\/div><\/section>\n<section class='av_toggle_section av-lo70s1qm-01ae95dd19e25fdc1d75446bb18734df' ><div role=\"tablist\" class=\"single_toggle\" data-tags=\"{All} \"  ><p data-fake-id='#toggle-id-5' class='toggler   '  role='tab' tabindex='0' aria-controls='toggle-id-5'>JURAT DE LA SECCI\u00d3 ESPECIAL<span class=\"toggle_icon\"><span class=\"vert_icon\"><\/span><span class=\"hor_icon\"><\/span><\/span><\/p><div id='toggle-id-5' class='toggle_wrap  '  ><div class='toggle_content invers-color ' ><h2>Eugenio Rivera (President)<\/h2>\n<p>Eugenio Rivera Claudio (Madrid, 1959) \u00e9s escriptor i il\u00b7lustrador. Actualment, dirigeix la revista digital ENTRELETRAS, en la que exerceix la cr\u00edtica de cinema. \u00c9s col\u00b7laborador d\u2019OMC R\u00e0dio i vocal de l\u2019Associaci\u00f3 de Cr\u00edtics i Escriptors Madrilenys. Entre les seves publicacions, es troben <em>Sombras de bohemia<\/em> (Vitruvio, 2013), <em>Poes\u00eda dibujada en el parque<\/em> (Vitruvio, 2017), <em>Madrid 1939<\/em> (Vitruvio, 2019) i <em>Madrid 2020<\/em>, <em>Pand\u00e9mica y celeste<\/em> (Vitruvio, 2020), les dues amb coautoria amb Pablo M\u00e9ndez, <em>Lorca habla aqu\u00ed<\/em> (Vitruvio, 2020) i els poemaris <em>Memorias del derrumbe<\/em> (Vitruvio, 2021) i <em>Manual de desvanecimientos <\/em>(Ajuntament de Torrej\u00f3n, 2023).<\/p>\n<h2>Sandra Mur<\/h2>\n<p>Sandra Mur Puyuelo (Huesca, 1986) t\u00e9 un M\u00e0ster en Comunicaci\u00f3 Especialitzada i el doctorat en Estudis Ling\u00fc\u00edstics, Literaris i Culturals. S\u2019ha especialitzat en l\u2019espai Euroasi\u00e0tic, R\u00fassia i \u00c0sia Central. Col\u00b7labora amb distribu\u00efdores d\u2019aquesta zona geogr\u00e0fica i festivals de cinema com a interlocutora i mediadora intercultural.<\/p>\n<h2>Qazi Abdur Rahim<\/h2>\n<p>Qazi Abdur Rahim (1962) es va graduar a la Universitat Aut\u00f2noma de Madrid i va comen\u00e7ar a treballar a la R\u00e0dio M-80 i a &#8220;Gomaespuma&#8221;. Qazi \u00e9s el primer indi nominat als Premis del Cinema Espanyol a la Millor M\u00fasica Original per la pel\u00b7l\u00edcula <em>El Pr\u00f3ximo Oriente<\/em>. \u00c9s el fundador i director del Festival Internacional de Cine Imagineindia a Madrid, que acaba de celebrar la seva vintena edici\u00f3. Ha sigut jurat en diversos festivals i programador al Macta Women\u2019s Film Festival, el Rain International Nature Film Festival i el Turkish Film Festival.<\/p>\n<h2>Yeung Hiutung<\/h2>\n<p>Fundador d\u2019AURUA Art Fund. Com a productor de pel\u00b7l\u00edcules com<em> Hope Island, The Rain Keeps Falling, A Road to Spring<\/em> i <em>Where to Grow<\/em>, Yeung Hiutung ha ampliat constantment els l\u00edmits de la narraci\u00f3 i l\u2019art visual. La seva dedicaci\u00f3 a l\u2019excel\u00b7l\u00e8ncia cinematogr\u00e0fica li ha valgut prestigiosos gallardons, com la preselecci\u00f3 de <em>A Road to Spring<\/em> a la secci\u00f3 \u201cNew Wave\u201d del 24\u00ba Festival Internacional de Cinema de Busan, la preselecci\u00f3 de <em>Growing Apart<\/em> en la 16\u00aa Mostra de Cine Jove FIRST i la preselecci\u00f3 a la secci\u00f3 &#8220;Eye for the Future&#8221; del 13\u00ba Festival Internacional de Cinema de Pequ\u00edn. El comprom\u00eds de Yeung Hiutung a la innovaci\u00f3 creativa va m\u00e9s enll\u00e0 de la gran pantalla.<\/p>\n<h2>Adriano Calero<\/h2>\n<p>Gestor cultural, graduat en Humanitats i en Direcci\u00f3 cinematogr\u00e0fica. En tant que cr\u00edtic de cine s\u2019ha especialitzat en cine asi\u00e0tic. Publica els seus texts a <em>Las Furias Magazine<\/em>, <em>Transit: cine<\/em> i altres mitjans com <em>+1 UIC Magazine<\/em>. \u00c9s creador, redactor i locutor del Podcast <em>Empanada Cultural<\/em> que s\u2019emet a R\u00e0dio Fabra i R\u00e0dio Desvern. Tamb\u00e9 es vincula amb la cultura asi\u00e0tica a trav\u00e9s de les Arts Marcials, com a instructor titulat de Kali Filipino i de Kuk Sool Won (AAMM tradicionals coreanes).<\/p>\n<\/div><\/div><\/div><\/section>\n<\/div>\n","protected":false},"excerpt":{"rendered":"","protected":false},"author":7,"featured_media":0,"parent":0,"menu_order":0,"comment_status":"closed","ping_status":"closed","template":"","meta":{"_acf_changed":false,"footnotes":""},"class_list":["post-37261","page","type-page","status-publish","hentry"],"acf":[],"yoast_head":"<!-- This site is optimized with the Yoast SEO plugin v27.4 - https:\/\/yoast.com\/product\/yoast-seo-wordpress\/ -->\n<title>Premis i Jurats 2023 - Asian Film Festival Barcelona<\/title>\n<meta name=\"robots\" content=\"noindex, follow, max-snippet:-1, max-image-preview:large, max-video-preview:-1\" \/>\n<meta property=\"og:locale\" content=\"ca_ES\" \/>\n<meta property=\"og:type\" content=\"article\" \/>\n<meta property=\"og:title\" content=\"Premis i Jurats 2023 - Asian Film Festival Barcelona\" \/>\n<meta property=\"og:url\" content=\"https:\/\/asianfilmfestival.barcelona\/2023\/ca\/juries-and-awards-plantilla-2021\/\" \/>\n<meta property=\"og:site_name\" content=\"Asian Film Festival Barcelona\" \/>\n<meta property=\"article:modified_time\" content=\"2023-10-30T12:54:14+00:00\" \/>\n<meta name=\"twitter:card\" content=\"summary_large_image\" \/>\n<meta name=\"twitter:label1\" content=\"Temps estimat de lectura\" \/>\n\t<meta name=\"twitter:data1\" content=\"13 minuts\" \/>\n<script type=\"application\/ld+json\" class=\"yoast-schema-graph\">{\"@context\":\"https:\\\/\\\/schema.org\",\"@graph\":[{\"@type\":\"WebPage\",\"@id\":\"https:\\\/\\\/asianfilmfestival.barcelona\\\/2023\\\/ca\\\/juries-and-awards-plantilla-2021\\\/\",\"url\":\"https:\\\/\\\/asianfilmfestival.barcelona\\\/2023\\\/ca\\\/juries-and-awards-plantilla-2021\\\/\",\"name\":\"Premis i Jurats 2023 - Asian Film Festival Barcelona\",\"isPartOf\":{\"@id\":\"https:\\\/\\\/asianfilmfestival.barcelona\\\/2023\\\/ca\\\/#website\"},\"datePublished\":\"2021-11-03T11:06:43+00:00\",\"dateModified\":\"2023-10-30T12:54:14+00:00\",\"breadcrumb\":{\"@id\":\"https:\\\/\\\/asianfilmfestival.barcelona\\\/2023\\\/ca\\\/juries-and-awards-plantilla-2021\\\/#breadcrumb\"},\"inLanguage\":\"ca\",\"potentialAction\":[{\"@type\":\"ReadAction\",\"target\":[\"https:\\\/\\\/asianfilmfestival.barcelona\\\/2023\\\/ca\\\/juries-and-awards-plantilla-2021\\\/\"]}]},{\"@type\":\"BreadcrumbList\",\"@id\":\"https:\\\/\\\/asianfilmfestival.barcelona\\\/2023\\\/ca\\\/juries-and-awards-plantilla-2021\\\/#breadcrumb\",\"itemListElement\":[{\"@type\":\"ListItem\",\"position\":1,\"name\":\"Home\",\"item\":\"https:\\\/\\\/asianfilmfestival.barcelona\\\/2023\\\/ca\\\/benvinguda-asian-film-festival-barcelona-2023\\\/\"},{\"@type\":\"ListItem\",\"position\":2,\"name\":\"Premis i Jurats 2023\"}]},{\"@type\":\"WebSite\",\"@id\":\"https:\\\/\\\/asianfilmfestival.barcelona\\\/2023\\\/ca\\\/#website\",\"url\":\"https:\\\/\\\/asianfilmfestival.barcelona\\\/2023\\\/ca\\\/\",\"name\":\"Asian Film Festival Barcelona\",\"description\":\"2023\",\"potentialAction\":[{\"@type\":\"SearchAction\",\"target\":{\"@type\":\"EntryPoint\",\"urlTemplate\":\"https:\\\/\\\/asianfilmfestival.barcelona\\\/2023\\\/ca\\\/?s={search_term_string}\"},\"query-input\":{\"@type\":\"PropertyValueSpecification\",\"valueRequired\":true,\"valueName\":\"search_term_string\"}}],\"inLanguage\":\"ca\"}]}<\/script>\n<!-- \/ Yoast SEO plugin. -->","yoast_head_json":{"title":"Premis i Jurats 2023 - Asian Film Festival Barcelona","robots":{"index":"noindex","follow":"follow","max-snippet":"max-snippet:-1","max-image-preview":"max-image-preview:large","max-video-preview":"max-video-preview:-1"},"og_locale":"ca_ES","og_type":"article","og_title":"Premis i Jurats 2023 - Asian Film Festival Barcelona","og_url":"https:\/\/asianfilmfestival.barcelona\/2023\/ca\/juries-and-awards-plantilla-2021\/","og_site_name":"Asian Film Festival Barcelona","article_modified_time":"2023-10-30T12:54:14+00:00","twitter_card":"summary_large_image","twitter_misc":{"Temps estimat de lectura":"13 minuts"},"schema":{"@context":"https:\/\/schema.org","@graph":[{"@type":"WebPage","@id":"https:\/\/asianfilmfestival.barcelona\/2023\/ca\/juries-and-awards-plantilla-2021\/","url":"https:\/\/asianfilmfestival.barcelona\/2023\/ca\/juries-and-awards-plantilla-2021\/","name":"Premis i Jurats 2023 - Asian Film Festival Barcelona","isPartOf":{"@id":"https:\/\/asianfilmfestival.barcelona\/2023\/ca\/#website"},"datePublished":"2021-11-03T11:06:43+00:00","dateModified":"2023-10-30T12:54:14+00:00","breadcrumb":{"@id":"https:\/\/asianfilmfestival.barcelona\/2023\/ca\/juries-and-awards-plantilla-2021\/#breadcrumb"},"inLanguage":"ca","potentialAction":[{"@type":"ReadAction","target":["https:\/\/asianfilmfestival.barcelona\/2023\/ca\/juries-and-awards-plantilla-2021\/"]}]},{"@type":"BreadcrumbList","@id":"https:\/\/asianfilmfestival.barcelona\/2023\/ca\/juries-and-awards-plantilla-2021\/#breadcrumb","itemListElement":[{"@type":"ListItem","position":1,"name":"Home","item":"https:\/\/asianfilmfestival.barcelona\/2023\/ca\/benvinguda-asian-film-festival-barcelona-2023\/"},{"@type":"ListItem","position":2,"name":"Premis i Jurats 2023"}]},{"@type":"WebSite","@id":"https:\/\/asianfilmfestival.barcelona\/2023\/ca\/#website","url":"https:\/\/asianfilmfestival.barcelona\/2023\/ca\/","name":"Asian Film Festival Barcelona","description":"2023","potentialAction":[{"@type":"SearchAction","target":{"@type":"EntryPoint","urlTemplate":"https:\/\/asianfilmfestival.barcelona\/2023\/ca\/?s={search_term_string}"},"query-input":{"@type":"PropertyValueSpecification","valueRequired":true,"valueName":"search_term_string"}}],"inLanguage":"ca"}]}},"_links":{"self":[{"href":"https:\/\/asianfilmfestival.barcelona\/2023\/ca\/wp-json\/wp\/v2\/pages\/37261","targetHints":{"allow":["GET"]}}],"collection":[{"href":"https:\/\/asianfilmfestival.barcelona\/2023\/ca\/wp-json\/wp\/v2\/pages"}],"about":[{"href":"https:\/\/asianfilmfestival.barcelona\/2023\/ca\/wp-json\/wp\/v2\/types\/page"}],"author":[{"embeddable":true,"href":"https:\/\/asianfilmfestival.barcelona\/2023\/ca\/wp-json\/wp\/v2\/users\/7"}],"replies":[{"embeddable":true,"href":"https:\/\/asianfilmfestival.barcelona\/2023\/ca\/wp-json\/wp\/v2\/comments?post=37261"}],"version-history":[{"count":7,"href":"https:\/\/asianfilmfestival.barcelona\/2023\/ca\/wp-json\/wp\/v2\/pages\/37261\/revisions"}],"predecessor-version":[{"id":48207,"href":"https:\/\/asianfilmfestival.barcelona\/2023\/ca\/wp-json\/wp\/v2\/pages\/37261\/revisions\/48207"}],"wp:attachment":[{"href":"https:\/\/asianfilmfestival.barcelona\/2023\/ca\/wp-json\/wp\/v2\/media?parent=37261"}],"curies":[{"name":"wp","href":"https:\/\/api.w.org\/{rel}","templated":true}]}}