{"id":34712,"date":"2021-10-15T17:19:59","date_gmt":"2021-10-15T15:19:59","guid":{"rendered":"https:\/\/asianfilmfestival.barcelona\/2021\/film-item\/the-women\/"},"modified":"2021-11-10T10:54:17","modified_gmt":"2021-11-10T09:54:17","slug":"the-women","status":"publish","type":"portfolio","link":"https:\/\/asianfilmfestival.barcelona\/2021\/es\/film-item\/the-women\/","title":{"rendered":"The Women"},"content":{"rendered":"<div class='clear'><\/div><div id='sub_menu1'  class='av-submenu-container main_color  avia-builder-el-0  el_before_av_slideshow_full  avia-builder-el-first  av-sticky-submenu  container_wrap fullsize' style='  z-index:301' ><div class='container av-menu-mobile-disabled '><ul id=\"menu-programa-esp\" class=\"av-subnav-menu av-submenu-pos-center\"><li id=\"menu-item-15146\" class=\"menu-item menu-item-type-post_type menu-item-object-page menu-item-top-level menu-item-top-level-1\"><a href=\"https:\/\/asianfilmfestival.barcelona\/2021\/es\/paises\/\" itemprop=\"url\"><span class=\"avia-bullet\"><\/span><span class=\"avia-menu-text\">PAISES<\/span><span class=\"avia-menu-fx\"><span class=\"avia-arrow-wrap\"><span class=\"avia-arrow\"><\/span><\/span><\/span><\/a><\/li>\n<li id=\"menu-item-15147\" class=\"menu-item menu-item-type-post_type menu-item-object-page menu-item-top-level menu-item-top-level-2\"><a href=\"https:\/\/asianfilmfestival.barcelona\/2021\/es\/secciones\/\" itemprop=\"url\"><span class=\"avia-bullet\"><\/span><span class=\"avia-menu-text\">SECCIONES<\/span><span class=\"avia-menu-fx\"><span class=\"avia-arrow-wrap\"><span class=\"avia-arrow\"><\/span><\/span><\/span><\/a><\/li>\n<li id=\"menu-item-36347\" class=\"menu-item menu-item-type-post_type menu-item-object-page menu-item-top-level menu-item-top-level-3\"><a href=\"https:\/\/asianfilmfestival.barcelona\/2021\/es\/hong-kong-new-talents\/\" itemprop=\"url\"><span class=\"avia-bullet\"><\/span><span class=\"avia-menu-text\">HONG KONG NEW TALENTS<\/span><span class=\"avia-menu-fx\"><span class=\"avia-arrow-wrap\"><span class=\"avia-arrow\"><\/span><\/span><\/span><\/a><\/li>\n<li id=\"menu-item-36352\" class=\"menu-item menu-item-type-post_type menu-item-object-page menu-item-top-level menu-item-top-level-4\"><a href=\"https:\/\/asianfilmfestival.barcelona\/2021\/es\/secciones\/retrospectiva\/\" itemprop=\"url\"><span class=\"avia-bullet\"><\/span><span class=\"avia-menu-text\">RETROSPECTIVA SATYAJIT RAY<\/span><span class=\"avia-menu-fx\"><span class=\"avia-arrow-wrap\"><span class=\"avia-arrow\"><\/span><\/span><\/span><\/a><\/li>\n<li id=\"menu-item-15148\" class=\"menu-item menu-item-type-post_type menu-item-object-page menu-item-top-level menu-item-top-level-5\"><a href=\"https:\/\/asianfilmfestival.barcelona\/2021\/es\/salas\/\" itemprop=\"url\"><span class=\"avia-bullet\"><\/span><span class=\"avia-menu-text\">SALAS<\/span><span class=\"avia-menu-fx\"><span class=\"avia-arrow-wrap\"><span class=\"avia-arrow\"><\/span><\/span><\/span><\/a><\/li>\n<\/ul><\/div><\/div><div class='sticky_placeholder'><\/div>\n<div id='full_slider_1'  class='avia-fullwidth-slider main_color avia-shadow   avia-builder-el-1  el_after_av_submenu  el_before_av_one_third   slider-not-first container_wrap fullsize' style=' '  ><div   data-size='no scaling'  data-lightbox_size='large'  data-animation='fade'  data-conditional_play=''  data-ids='34705'  data-video_counter='0'  data-autoplay='false'  data-bg_slider='false'  data-slide_height=''  data-handle='av_slideshow_full'  data-interval='5'  data-class=' '  data-el_id=''  data-css_id=''  data-scroll_down=''  data-control_layout='av-control-hidden'  data-custom_markup=''  data-perma_caption='aviaTBperma_caption'  data-autoplay_stopper=''  data-image_attachment=''  data-min_height='250px'  data-lazy_loading='disabled'  data-src=''  data-position='top left'  data-repeat='no-repeat'  data-attach='scroll'  data-stretch=''  class='avia-slideshow avia-slideshow-1  av-control-hidden av-default-height-applied avia-slideshow-no scaling av_slideshow_full   avia-fade-slider '  itemprop=\"image\" itemscope=\"itemscope\" itemtype=\"https:\/\/schema.org\/ImageObject\" ><ul class='avia-slideshow-inner ' style='padding-bottom: 45%;' ><li  class=' av-single-slide slide-1 ' ><div data-rel='slideshow-1' class='avia-slide-wrap '   ><img decoding=\"async\" class=\"wp-image-34707 avia-img-lazy-loading-not-34707\"  src=\"https:\/\/asianfilmfestival.barcelona\/2021\/wp-content\/uploads\/2021\/10\/Japon-THE-WOMEN.jpg\" width=\"1800\" height=\"810\" title='Japon-THE-WOMEN' alt=''  itemprop=\"thumbnailUrl\"  style='min-height:250px; min-width:556px; ' srcset=\"https:\/\/asianfilmfestival.barcelona\/2021\/wp-content\/uploads\/2021\/10\/Japon-THE-WOMEN.jpg 1800w, https:\/\/asianfilmfestival.barcelona\/2021\/wp-content\/uploads\/2021\/10\/Japon-THE-WOMEN-300x135.jpg 300w, https:\/\/asianfilmfestival.barcelona\/2021\/wp-content\/uploads\/2021\/10\/Japon-THE-WOMEN-1030x464.jpg 1030w, https:\/\/asianfilmfestival.barcelona\/2021\/wp-content\/uploads\/2021\/10\/Japon-THE-WOMEN-768x346.jpg 768w, https:\/\/asianfilmfestival.barcelona\/2021\/wp-content\/uploads\/2021\/10\/Japon-THE-WOMEN-1536x691.jpg 1536w, https:\/\/asianfilmfestival.barcelona\/2021\/wp-content\/uploads\/2021\/10\/Japon-THE-WOMEN-1500x675.jpg 1500w, https:\/\/asianfilmfestival.barcelona\/2021\/wp-content\/uploads\/2021\/10\/Japon-THE-WOMEN-705x317.jpg 705w\" sizes=\"(max-width: 1800px) 100vw, 1800px\" \/><\/div><\/li><\/ul><div class = \"caption_fullwidth av-slideshow-caption caption_bottom\"><div class = \"container caption_container\"><div class = \"slideshow_caption\"><div class = \"slideshow_inner_caption\"><div class = \"slideshow_align_caption\"><h2  style='font-size:80px; color:#ffffff; ' class='avia-caption-title  '  itemprop=\"name\" >The Women<\/h2><div class='avia-caption-content  av_inherit_color'  itemprop=\"description\"   style='font-size:18px; color:#ffffff; '><p>Nobuteru Uchida \/ Jap\u00f3n<\/p>\n<p><span style=\"background: rgba(143, 191, 33, 0.7); padding: 8px; font-size: 13px;\"><a href=\"https:\/\/asianfilmfestival.barcelona\/2021\/es\/seccion-especial\/\">SECCI\u00d3N ESPECIAL<\/a><\/span><\/p>\n<\/div><\/div><\/div><\/div><\/div><\/div><\/div><\/div><div id='after_full_slider_1'  class='main_color av_default_container_wrap container_wrap fullsize' style=' '  ><div class='container' ><div class='template-page content  av-content-full alpha units'><div class='post-entry post-entry-type-page post-entry-34712'><div class='entry-content-wrapper clearfix'>\n<div class=\"flex_column av_one_third  flex_column_div av-zero-column-padding first  avia-builder-el-2  el_after_av_slideshow_full  el_before_av_two_third  avia-builder-el-first  \" style='border-radius:0px; '><p><div  class='avia-video avia-video-16-9   av-lazyload-immediate  av-lazyload-video-embed  '   itemprop=\"video\" itemtype=\"https:\/\/schema.org\/VideoObject\"  data-original_url='https:\/\/www.youtube.com\/watch?v=Qic2xibHNlQ' ><script type='text\/html' class='av-video-tmpl'><div class='avia-iframe-wrap'><iframe loading=\"lazy\" title=\"\u6620\u753b\u300e\u5973\u305f\u3061\u300f\u4e88\u544a\u7de8\" width=\"1500\" height=\"844\" src=\"https:\/\/www.youtube.com\/embed\/Qic2xibHNlQ?feature=oembed&autoplay=1&loop=0&controls=0&mute=1\" frameborder=\"0\" allow=\"accelerometer; autoplay; clipboard-write; encrypted-media; gyroscope; picture-in-picture\" allowfullscreen><\/iframe><\/div><\/script><div class='av-click-to-play-overlay'><div class=\"avia_playpause_icon\"><\/div><\/div><\/div><br \/>\n<section class=\"av_textblock_section \"  itemscope=\"itemscope\" itemtype=\"https:\/\/schema.org\/CreativeWork\" ><div class='avia_textblock  '   itemprop=\"text\" ><h2 style=\"text-align: left;\"><span style=\"color: #ffffff;\">PROYECCI\u00d3N <\/span><\/h2>\n<p>FILMIN (online)<strong><br \/>\n<\/strong>Del 28 de octubre al 14 de noviembre<\/p>\n<div  class='avia-button-wrap avia-button-left  avia-builder-el-5  avia-builder-el-no-sibling ' ><a href='https:\/\/www.filmin.es\/pelicula\/the-women?origin=searcher&amp;origin-type=primary' class='avia-button  avia-color-theme-color-highlight   avia-icon_select-no avia-size-medium avia-position-left ' target=\"_blank\" rel=\"noopener noreferrer\"><span class='avia_iconbox_title' >VER EN FILMIN<\/span><\/a><\/div>\n<\/div><\/section><\/p><\/div><div class=\"flex_column av_two_third  flex_column_div av-zero-column-padding   avia-builder-el-6  el_after_av_one_third  el_before_av_hr  \" style='border-radius:0px; '><section class=\"av_textblock_section \"  itemscope=\"itemscope\" itemtype=\"https:\/\/schema.org\/CreativeWork\" ><div class='avia_textblock  '   itemprop=\"text\" ><h2>INFORMACI\u00d3N<\/h2>\n<p>Director: Nobuteru Uchida<br \/>\nA\u00f1o: 2021<br \/>\nDuraci\u00f3n: 97\u2019<br \/>\nIdioma: VOSE | VOSC<br \/>\nG\u00e9nero: Drama<\/p>\n<h2>SINOPSIS<\/h2>\n<p>A pesar de graduarse en una universidad en Tokio, Misaki no ha podido encontrar el trabajo que esperaba debido a la falta de oportunidades laborales que sufri\u00f3 su generaci\u00f3n. Casi todo le ha ido mal y ahora est\u00e1 a punto de cumplir 40 a\u00f1os. Sin embargo, sue\u00f1a con casarse con Naoki, la asistente social de su anciana y discapacitada madre, Mitsuko, que visita su casa. Sus reuniones clandestinas con Naoki son uno de los oasis de Misaki del duro abuso verbal diario de Mitsuko. El otro es la granja de abejas dirigida por su amiga de la infancia, Kaori. La miel que Kaori fabrica diligentemente es dulce, suave y relajante. Pero de pronto, una serie de sucesos llevar\u00e1n al coraz\u00f3n de Misaki al borde de estallar. El per\u00edodo de la pandemia ha extendido la separaci\u00f3n entre las personas, pero \u00bfqu\u00e9 hay de sus corazones?<\/p>\n<h2>BIOGRAFIA DEL DIRECTOR<\/h2>\n<p>Nobuteru Uchida es un director y escritor, conocido por <em>Fuyu no kemono<\/em> (2010), <em>Bokura no b\u00f4mei<\/em> (2017) y <em>Onna-tachi<\/em> (2021). Naci\u00f3 en 1972 en la prefectura de Saitama. Su documental <em>Pictorial Letters<\/em> gan\u00f3 el Premio Especial del Jurado del PFF 2003 y la Menci\u00f3n Especial del Festival Internacional de Cine de Hong Kong. Su primer largometraje, <em>Kazaana<\/em>, obtuvo el Premio Especial del Jurado del PFF 2008 y fue seleccionado para la secci\u00f3n de competici\u00f3n del Festival Internacional de Cine de Vancouver. <em>Love Addiction<\/em>, de 2010, recibi\u00f3 el Gran Premio en TOKYO FIILMeX, compiti\u00f3 en el Festival Internacional de Cine de Rotterdam y se proyect\u00f3 en los festivales de Hong Kong y San Sebasti\u00e1n, as\u00ed como en muchos otros festivales internacionales. En 2012 escribi\u00f3, dirigi\u00f3 y edit\u00f3 <em>Odayaka<\/em>, cuyo estreno mundial tuvo lugar en el Festival Internacional de Cine de Busan, y que posteriormente se proyect\u00f3 en TOKYO FILMeX, Rotterdam, Tesal\u00f3nica y otros festivales de cine de todo el mundo. Se estren\u00f3 en cines en Taiw\u00e1n en 2013. Este y su cuarto largometraje <em>Love Bo<\/em>mbs se estrenaron consecutivamente en Jap\u00f3n en 2012 y 2013 respectivamente. Tambi\u00e9n escribi\u00f3, dirigi\u00f3 y edit\u00f3 <em>Our Esca<\/em>pe, de 2016, que fue nominada para competir en el 17\u00ba TOKYO FILMeX y en el 7\u00ba Festival Internacional de Cine de Sajal\u00edn.<\/p>\n<\/div><\/section><\/div><\/p>\n<div   class='hr hr-default   avia-builder-el-8  el_after_av_two_third  el_before_av_postcontent  avia-builder-el-last '><span class='hr-inner ' ><span class='hr-inner-style'><\/span><\/span><\/div>\n[av_one_full first min_height='' vertical_alignment='' space='' row_boxshadow='' row_boxshadow_color='' row_boxshadow_width='10' custom_margin='' margin='0px' mobile_breaking='' border='' border_color='' radius='0px' padding='0px' column_boxshadow='' column_boxshadow_color='' column_boxshadow_width='10' background='bg_color' background_color='' background_gradient_color1='' background_gradient_color2='' background_gradient_direction='vertical' src='' background_position='top left' background_repeat='no-repeat' highlight='' highlight_size='' animation='' link='' linktarget='' link_hover='' title_attr='' alt_attr='' mobile_display='' id='' custom_class='' aria_label='' av_uid='av-izquih']\r\n\r\n[av_heading heading='VER TODAS LAS PEL\u00cdCULAS POR PA\u00cdSES' tag='h2' link='' link_target='' style='blockquote modern-quote' size='' subheading_active='' subheading_size='' margin=',,15px,' padding='18' icon_padding='10' color='' custom_font='' icon_color='' show_icon='' icon='ue800' font='' icon_size='' custom_class='' id='' admin_preview_bg='' av-desktop-hide='' av-medium-hide='' av-small-hide='' av-mini-hide='' av-medium-font-size-title='' av-small-font-size-title='' av-mini-font-size-title='' av-medium-font-size='' av-small-font-size='' av-mini-font-size='' av-medium-font-size-1='' av-small-font-size-1='' av-mini-font-size-1='' av_uid='av-sznete'][\/av_heading]\r\n\r\n[av_portfolio categories='155,100,93,96,170,103,98,248,239,154,117,268,104,105,106,107,114,113,111,271,225,242,151,204,186,108,201,216,198,120,210,119,192,283,286,245' date_filter='' date_filter_start='' date_filter_end='' date_filter_format='yy\/mm\/dd' sort='yes' query_orderby='title' query_order='ASC' contents='excerpt' preview_mode='auto' image_size='portfolio' columns='3' av-medium-columns='' av-small-columns='' av-mini-columns='' one_column_template='special' items='-1' paginate='no' linking='' lazy_loading='disabled' id='' custom_class='' av_uid='av-ku2dkvn0']\r\n\r\n[\/av_one_full]\n","protected":false},"excerpt":{"rendered":"<p>Nobuteru Uchida &#8211; 2021<\/p>\n","protected":false},"featured_media":34707,"comment_status":"closed","ping_status":"closed","template":"","tags":[],"portfolio_entries":[99,277,114],"class_list":["post-34712","portfolio","type-portfolio","status-publish","has-post-thumbnail","hentry","portfolio_entries-especial","portfolio_entries-filmin-es","portfolio_entries-japon"],"yoast_head":"<!-- This site is optimized with the Yoast SEO plugin v27.4 - https:\/\/yoast.com\/product\/yoast-seo-wordpress\/ -->\n<title>The Women - Asian Film Festival Barcelona<\/title>\n<meta name=\"robots\" content=\"index, follow, max-snippet:-1, max-image-preview:large, max-video-preview:-1\" \/>\n<link rel=\"canonical\" href=\"https:\/\/asianfilmfestival.barcelona\/2021\/es\/film-item\/the-women\/\" \/>\n<meta property=\"og:locale\" content=\"es_ES\" \/>\n<meta property=\"og:type\" content=\"article\" \/>\n<meta property=\"og:title\" content=\"The Women - Asian Film Festival Barcelona\" \/>\n<meta property=\"og:description\" content=\"Nobuteru Uchida - 2021\" \/>\n<meta property=\"og:url\" content=\"https:\/\/asianfilmfestival.barcelona\/2021\/es\/film-item\/the-women\/\" \/>\n<meta property=\"og:site_name\" content=\"Asian Film Festival Barcelona\" \/>\n<meta property=\"article:modified_time\" content=\"2021-11-10T09:54:17+00:00\" \/>\n<meta property=\"og:image\" content=\"https:\/\/asianfilmfestival.barcelona\/2021\/wp-content\/uploads\/2021\/10\/Japon-THE-WOMEN.jpg\" \/>\n\t<meta property=\"og:image:width\" content=\"1800\" \/>\n\t<meta property=\"og:image:height\" content=\"810\" \/>\n\t<meta property=\"og:image:type\" content=\"image\/jpeg\" \/>\n<meta name=\"twitter:card\" content=\"summary_large_image\" \/>\n<meta name=\"twitter:label1\" content=\"Tiempo de lectura\" \/>\n\t<meta name=\"twitter:data1\" content=\"6 minutos\" \/>\n<script type=\"application\/ld+json\" class=\"yoast-schema-graph\">{\"@context\":\"https:\\\/\\\/schema.org\",\"@graph\":[{\"@type\":\"WebPage\",\"@id\":\"https:\\\/\\\/asianfilmfestival.barcelona\\\/2021\\\/es\\\/film-item\\\/the-women\\\/\",\"url\":\"https:\\\/\\\/asianfilmfestival.barcelona\\\/2021\\\/es\\\/film-item\\\/the-women\\\/\",\"name\":\"The Women - Asian Film Festival Barcelona\",\"isPartOf\":{\"@id\":\"https:\\\/\\\/asianfilmfestival.barcelona\\\/2021\\\/#website\"},\"primaryImageOfPage\":{\"@id\":\"https:\\\/\\\/asianfilmfestival.barcelona\\\/2021\\\/es\\\/film-item\\\/the-women\\\/#primaryimage\"},\"image\":{\"@id\":\"https:\\\/\\\/asianfilmfestival.barcelona\\\/2021\\\/es\\\/film-item\\\/the-women\\\/#primaryimage\"},\"thumbnailUrl\":\"https:\\\/\\\/asianfilmfestival.barcelona\\\/2021\\\/wp-content\\\/uploads\\\/2021\\\/10\\\/Japon-THE-WOMEN.jpg\",\"datePublished\":\"2021-10-15T15:19:59+00:00\",\"dateModified\":\"2021-11-10T09:54:17+00:00\",\"breadcrumb\":{\"@id\":\"https:\\\/\\\/asianfilmfestival.barcelona\\\/2021\\\/es\\\/film-item\\\/the-women\\\/#breadcrumb\"},\"inLanguage\":\"es\",\"potentialAction\":[{\"@type\":\"ReadAction\",\"target\":[\"https:\\\/\\\/asianfilmfestival.barcelona\\\/2021\\\/es\\\/film-item\\\/the-women\\\/\"]}]},{\"@type\":\"ImageObject\",\"inLanguage\":\"es\",\"@id\":\"https:\\\/\\\/asianfilmfestival.barcelona\\\/2021\\\/es\\\/film-item\\\/the-women\\\/#primaryimage\",\"url\":\"https:\\\/\\\/asianfilmfestival.barcelona\\\/2021\\\/wp-content\\\/uploads\\\/2021\\\/10\\\/Japon-THE-WOMEN.jpg\",\"contentUrl\":\"https:\\\/\\\/asianfilmfestival.barcelona\\\/2021\\\/wp-content\\\/uploads\\\/2021\\\/10\\\/Japon-THE-WOMEN.jpg\",\"width\":1800,\"height\":810},{\"@type\":\"BreadcrumbList\",\"@id\":\"https:\\\/\\\/asianfilmfestival.barcelona\\\/2021\\\/es\\\/film-item\\\/the-women\\\/#breadcrumb\",\"itemListElement\":[{\"@type\":\"ListItem\",\"position\":1,\"name\":\"Home\",\"item\":\"https:\\\/\\\/asianfilmfestival.barcelona\\\/2021\\\/es\\\/\"},{\"@type\":\"ListItem\",\"position\":2,\"name\":\"The Women\"}]},{\"@type\":\"WebSite\",\"@id\":\"https:\\\/\\\/asianfilmfestival.barcelona\\\/2021\\\/#website\",\"url\":\"https:\\\/\\\/asianfilmfestival.barcelona\\\/2021\\\/\",\"name\":\"Asian Film Festival Barcelona\",\"description\":\"2017\",\"potentialAction\":[{\"@type\":\"SearchAction\",\"target\":{\"@type\":\"EntryPoint\",\"urlTemplate\":\"https:\\\/\\\/asianfilmfestival.barcelona\\\/2021\\\/?s={search_term_string}\"},\"query-input\":{\"@type\":\"PropertyValueSpecification\",\"valueRequired\":true,\"valueName\":\"search_term_string\"}}],\"inLanguage\":\"es\"}]}<\/script>\n<!-- \/ Yoast SEO plugin. -->","yoast_head_json":{"title":"The Women - Asian Film Festival Barcelona","robots":{"index":"index","follow":"follow","max-snippet":"max-snippet:-1","max-image-preview":"max-image-preview:large","max-video-preview":"max-video-preview:-1"},"canonical":"https:\/\/asianfilmfestival.barcelona\/2021\/es\/film-item\/the-women\/","og_locale":"es_ES","og_type":"article","og_title":"The Women - Asian Film Festival Barcelona","og_description":"Nobuteru Uchida - 2021","og_url":"https:\/\/asianfilmfestival.barcelona\/2021\/es\/film-item\/the-women\/","og_site_name":"Asian Film Festival Barcelona","article_modified_time":"2021-11-10T09:54:17+00:00","og_image":[{"width":1800,"height":810,"url":"https:\/\/asianfilmfestival.barcelona\/2021\/wp-content\/uploads\/2021\/10\/Japon-THE-WOMEN.jpg","type":"image\/jpeg"}],"twitter_card":"summary_large_image","twitter_misc":{"Tiempo de lectura":"6 minutos"},"schema":{"@context":"https:\/\/schema.org","@graph":[{"@type":"WebPage","@id":"https:\/\/asianfilmfestival.barcelona\/2021\/es\/film-item\/the-women\/","url":"https:\/\/asianfilmfestival.barcelona\/2021\/es\/film-item\/the-women\/","name":"The Women - Asian Film Festival Barcelona","isPartOf":{"@id":"https:\/\/asianfilmfestival.barcelona\/2021\/#website"},"primaryImageOfPage":{"@id":"https:\/\/asianfilmfestival.barcelona\/2021\/es\/film-item\/the-women\/#primaryimage"},"image":{"@id":"https:\/\/asianfilmfestival.barcelona\/2021\/es\/film-item\/the-women\/#primaryimage"},"thumbnailUrl":"https:\/\/asianfilmfestival.barcelona\/2021\/wp-content\/uploads\/2021\/10\/Japon-THE-WOMEN.jpg","datePublished":"2021-10-15T15:19:59+00:00","dateModified":"2021-11-10T09:54:17+00:00","breadcrumb":{"@id":"https:\/\/asianfilmfestival.barcelona\/2021\/es\/film-item\/the-women\/#breadcrumb"},"inLanguage":"es","potentialAction":[{"@type":"ReadAction","target":["https:\/\/asianfilmfestival.barcelona\/2021\/es\/film-item\/the-women\/"]}]},{"@type":"ImageObject","inLanguage":"es","@id":"https:\/\/asianfilmfestival.barcelona\/2021\/es\/film-item\/the-women\/#primaryimage","url":"https:\/\/asianfilmfestival.barcelona\/2021\/wp-content\/uploads\/2021\/10\/Japon-THE-WOMEN.jpg","contentUrl":"https:\/\/asianfilmfestival.barcelona\/2021\/wp-content\/uploads\/2021\/10\/Japon-THE-WOMEN.jpg","width":1800,"height":810},{"@type":"BreadcrumbList","@id":"https:\/\/asianfilmfestival.barcelona\/2021\/es\/film-item\/the-women\/#breadcrumb","itemListElement":[{"@type":"ListItem","position":1,"name":"Home","item":"https:\/\/asianfilmfestival.barcelona\/2021\/es\/"},{"@type":"ListItem","position":2,"name":"The Women"}]},{"@type":"WebSite","@id":"https:\/\/asianfilmfestival.barcelona\/2021\/#website","url":"https:\/\/asianfilmfestival.barcelona\/2021\/","name":"Asian Film Festival Barcelona","description":"2017","potentialAction":[{"@type":"SearchAction","target":{"@type":"EntryPoint","urlTemplate":"https:\/\/asianfilmfestival.barcelona\/2021\/?s={search_term_string}"},"query-input":{"@type":"PropertyValueSpecification","valueRequired":true,"valueName":"search_term_string"}}],"inLanguage":"es"}]}},"_links":{"self":[{"href":"https:\/\/asianfilmfestival.barcelona\/2021\/es\/wp-json\/wp\/v2\/portfolio\/34712","targetHints":{"allow":["GET"]}}],"collection":[{"href":"https:\/\/asianfilmfestival.barcelona\/2021\/es\/wp-json\/wp\/v2\/portfolio"}],"about":[{"href":"https:\/\/asianfilmfestival.barcelona\/2021\/es\/wp-json\/wp\/v2\/types\/portfolio"}],"replies":[{"embeddable":true,"href":"https:\/\/asianfilmfestival.barcelona\/2021\/es\/wp-json\/wp\/v2\/comments?post=34712"}],"version-history":[{"count":5,"href":"https:\/\/asianfilmfestival.barcelona\/2021\/es\/wp-json\/wp\/v2\/portfolio\/34712\/revisions"}],"predecessor-version":[{"id":37455,"href":"https:\/\/asianfilmfestival.barcelona\/2021\/es\/wp-json\/wp\/v2\/portfolio\/34712\/revisions\/37455"}],"wp:featuredmedia":[{"embeddable":true,"href":"https:\/\/asianfilmfestival.barcelona\/2021\/es\/wp-json\/wp\/v2\/media\/34707"}],"wp:attachment":[{"href":"https:\/\/asianfilmfestival.barcelona\/2021\/es\/wp-json\/wp\/v2\/media?parent=34712"}],"wp:term":[{"taxonomy":"post_tag","embeddable":true,"href":"https:\/\/asianfilmfestival.barcelona\/2021\/es\/wp-json\/wp\/v2\/tags?post=34712"},{"taxonomy":"portfolio_entries","embeddable":true,"href":"https:\/\/asianfilmfestival.barcelona\/2021\/es\/wp-json\/wp\/v2\/portfolio_entries?post=34712"}],"curies":[{"name":"wp","href":"https:\/\/api.w.org\/{rel}","templated":true}]}}