{"id":37262,"date":"2021-11-03T12:06:43","date_gmt":"2021-11-03T11:06:43","guid":{"rendered":"https:\/\/asianfilmfestival.barcelona\/2021\/juries-and-awards-plantilla-2021\/"},"modified":"2021-11-18T13:26:13","modified_gmt":"2021-11-18T12:26:13","slug":"juries-and-awards-plantilla-2021","status":"publish","type":"page","link":"https:\/\/asianfilmfestival.barcelona\/2021\/es\/juries-and-awards-plantilla-2021\/","title":{"rendered":"Juries and Awards 2021"},"content":{"rendered":"<div id='full_slider_1'  class='avia-fullwidth-slider main_color avia-shadow   avia-builder-el-0  el_before_av_textblock  avia-builder-el-first   container_wrap fullsize' style=' '  ><div   data-size='featured'  data-lightbox_size='large'  data-animation='fade'  data-conditional_play=''  data-ids='5842'  data-video_counter='0'  data-autoplay='false'  data-bg_slider='false'  data-slide_height=''  data-handle='av_slideshow_full'  data-interval='5'  data-class=' '  data-el_id=''  data-css_id=''  data-scroll_down=''  data-control_layout='av-control-default'  data-custom_markup=''  data-perma_caption=''  data-autoplay_stopper=''  data-image_attachment=''  data-min_height='0px'  data-lazy_loading='disabled'  data-src=''  data-position='top left'  data-repeat='no-repeat'  data-attach='scroll'  data-stretch=''  data-default-height='28.666666666667'  class='avia-slideshow avia-slideshow-1  av-control-default av-default-height-applied avia-slideshow-featured av_slideshow_full   avia-fade-slider '  itemprop=\"image\" itemscope=\"itemscope\" itemtype=\"https:\/\/schema.org\/ImageObject\" ><ul class='avia-slideshow-inner ' style='padding-bottom: 23.333333333333%;' ><li  class=' av-single-slide slide-1 ' ><div data-rel='slideshow-1' class='avia-slide-wrap '   ><div class = \"caption_fullwidth av-slideshow-caption caption_bottom\"><div class = \"container caption_container\"><div class = \"slideshow_caption\"><div class = \"slideshow_inner_caption\"><div class = \"slideshow_align_caption\"><h2  style='font-size:90px; ' class='avia-caption-title  '  itemprop=\"name\" >Premios y Jurados<\/h2><\/div><\/div><\/div><\/div><\/div><img decoding=\"async\" class=\"wp-image-5843 avia-img-lazy-loading-not-5843\"  src=\"https:\/\/asianfilmfestival.barcelona\/2021\/wp-content\/uploads\/2016\/09\/Banner-JURY-1500x350.jpg\" width=\"1500\" height=\"350\" title='banner-jury' alt=''  itemprop=\"thumbnailUrl\"   \/><\/div><\/li><\/ul><\/div><\/div><div id='after_full_slider_1'  class='main_color av_default_container_wrap container_wrap fullsize' style=' '  ><div class='container' ><div class='template-page content  av-content-full alpha units'><div class='post-entry post-entry-type-page post-entry-37262'><div class='entry-content-wrapper clearfix'>\n<section class=\"av_textblock_section \"  itemscope=\"itemscope\" itemtype=\"https:\/\/schema.org\/CreativeWork\" ><div class='avia_textblock  '   itemprop=\"text\" ><h2 style=\"text-align: left;\">PREMIOS<\/h2>\n<\/div><\/section>\n<div class=\"flex_column av_one_full  flex_column_div av-zero-column-padding first  avia-builder-el-2  el_after_av_textblock  el_before_av_one_third  column-top-margin\" style='border-radius:0px; '><section class=\"av_textblock_section \"  itemscope=\"itemscope\" itemtype=\"https:\/\/schema.org\/CreativeWork\" ><div class='avia_textblock  '   itemprop=\"text\" ><p><strong>El AFFBCN 2021 ha reunido a cinco jurados que han otorgado los siguientes premios en cada una de las secciones correspondientes.<\/strong><\/p>\n<\/div><\/section><\/div>\n<div class=\"flex_column av_one_third  flex_column_div first  avia-builder-el-4  el_after_av_one_full  el_before_av_one_third  column-top-margin\" style='padding:0px 0px 0px 0px ; border-radius:0px; '><section class=\"av_textblock_section \"  itemscope=\"itemscope\" itemtype=\"https:\/\/schema.org\/CreativeWork\" ><div class='avia_textblock  '   itemprop=\"text\" ><h4>SECCI\u00d3N OFICIAL<\/h4>\n<p><img loading=\"lazy\" decoding=\"async\" class=\"alignnone wp-image-33640 size-medium\" src=\"https:\/\/asianfilmfestival.barcelona\/2021\/wp-content\/uploads\/2021\/10\/China-ANIMA-300x135.jpg\" alt=\"\" width=\"300\" height=\"135\" srcset=\"https:\/\/asianfilmfestival.barcelona\/2021\/wp-content\/uploads\/2021\/10\/China-ANIMA-300x135.jpg 300w, https:\/\/asianfilmfestival.barcelona\/2021\/wp-content\/uploads\/2021\/10\/China-ANIMA-1030x464.jpg 1030w, https:\/\/asianfilmfestival.barcelona\/2021\/wp-content\/uploads\/2021\/10\/China-ANIMA-768x346.jpg 768w, https:\/\/asianfilmfestival.barcelona\/2021\/wp-content\/uploads\/2021\/10\/China-ANIMA-1536x691.jpg 1536w, https:\/\/asianfilmfestival.barcelona\/2021\/wp-content\/uploads\/2021\/10\/China-ANIMA-1500x675.jpg 1500w, https:\/\/asianfilmfestival.barcelona\/2021\/wp-content\/uploads\/2021\/10\/China-ANIMA-705x317.jpg 705w, https:\/\/asianfilmfestival.barcelona\/2021\/wp-content\/uploads\/2021\/10\/China-ANIMA.jpg 1800w\" sizes=\"auto, (max-width: 300px) 100vw, 300px\" \/><\/p>\n<p>MEJOR PEL\u00cdCULA<br \/>\n<strong><em><a href=\"https:\/\/asianfilmfestival.barcelona\/2021\/es\/film-item\/anima\/\">Anima<\/a><\/em> <\/strong>de Cao Jinling (China)<\/p>\n<p>MEJOR DIRECCI\u00d3N<br \/>\n<em><strong>Mirlan Abdykalykov<\/strong><\/em> (Kirguizist\u00e1n) por <em>Running to the Sky<\/em><\/p>\n<p>MEJOR GUION<br \/>\n<em><strong>Verdict<\/strong> <\/em>de Raymund Ribay Guti\u00e9rrez<\/p>\n<p>MENCIONES ESPECIALES<br \/>\n<em><strong>My Childhood, My Country<\/strong><\/em> de Phil Grabsky y Shoaib Sharifi<br \/>\n<em><strong>Drive My Car<\/strong><\/em> de Ryusuke Hamaguchi<\/p>\n<\/div><\/section><\/div>\n<div class=\"flex_column av_one_third  flex_column_div   avia-builder-el-6  el_after_av_one_third  el_before_av_one_third  column-top-margin\" style='padding:0px 0px 0px 0px ; border-radius:0px; '><section class=\"av_textblock_section \"  itemscope=\"itemscope\" itemtype=\"https:\/\/schema.org\/CreativeWork\" ><div class='avia_textblock  '   itemprop=\"text\" ><h4>SECCI\u00d3N OFICIAL PANORAMA<\/h4>\n<p><img loading=\"lazy\" decoding=\"async\" class=\"alignnone size-medium wp-image-34348\" src=\"https:\/\/asianfilmfestival.barcelona\/2021\/wp-content\/uploads\/2021\/10\/India-WHERE-IS-PINKI-1-300x135.jpg\" alt=\"\" width=\"300\" height=\"135\" srcset=\"https:\/\/asianfilmfestival.barcelona\/2021\/wp-content\/uploads\/2021\/10\/India-WHERE-IS-PINKI-1-300x135.jpg 300w, https:\/\/asianfilmfestival.barcelona\/2021\/wp-content\/uploads\/2021\/10\/India-WHERE-IS-PINKI-1-1030x464.jpg 1030w, https:\/\/asianfilmfestival.barcelona\/2021\/wp-content\/uploads\/2021\/10\/India-WHERE-IS-PINKI-1-768x346.jpg 768w, https:\/\/asianfilmfestival.barcelona\/2021\/wp-content\/uploads\/2021\/10\/India-WHERE-IS-PINKI-1-1536x691.jpg 1536w, https:\/\/asianfilmfestival.barcelona\/2021\/wp-content\/uploads\/2021\/10\/India-WHERE-IS-PINKI-1-1500x675.jpg 1500w, https:\/\/asianfilmfestival.barcelona\/2021\/wp-content\/uploads\/2021\/10\/India-WHERE-IS-PINKI-1-705x317.jpg 705w, https:\/\/asianfilmfestival.barcelona\/2021\/wp-content\/uploads\/2021\/10\/India-WHERE-IS-PINKI-1.jpg 1800w\" sizes=\"auto, (max-width: 300px) 100vw, 300px\" \/><\/p>\n<p>MEJOR PEL\u00cdCULA<br \/>\n<strong><em><a href=\"https:\/\/asianfilmfestival.barcelona\/2021\/film-item\/where-is-pinki\/\">Where is Pinki?<\/a><\/em> <\/strong>de Prithvi Konanur (\u00cdndia)<\/p>\n<p>MEJOR DIRECCI\u00d3N<br \/>\n<em><strong>Maxim Dashkin<\/strong><\/em> (Kirguizist\u00e1n) por <em>Far Frontiers<\/em><\/p>\n<p>MEJOR GUION<br \/>\n<em><strong>Bedridden<\/strong> <\/em>de Riri Riza (Mongolia)<\/p>\n<p>MENCI\u00d3N ESPECIAL<br \/>\n<em><strong>A Balance<\/strong><\/em> del japon\u00e9s Yujiro Harumoto<\/p>\n<\/div><\/section><\/div>\n<div class=\"flex_column av_one_third  flex_column_div   avia-builder-el-8  el_after_av_one_third  el_before_av_one_third  column-top-margin\" style='padding:0px 0px 0px 0px ; border-radius:0px; '><section class=\"av_textblock_section \"  itemscope=\"itemscope\" itemtype=\"https:\/\/schema.org\/CreativeWork\" ><div class='avia_textblock  '   itemprop=\"text\" ><h4>SECCI\u00d3N DISCOVERIES<\/h4>\n<p><img loading=\"lazy\" decoding=\"async\" class=\"alignnone size-medium wp-image-33679\" src=\"https:\/\/asianfilmfestival.barcelona\/2021\/wp-content\/uploads\/2021\/10\/China-BIPOLAR-300x135.jpg\" alt=\"\" width=\"300\" height=\"135\" srcset=\"https:\/\/asianfilmfestival.barcelona\/2021\/wp-content\/uploads\/2021\/10\/China-BIPOLAR-300x135.jpg 300w, https:\/\/asianfilmfestival.barcelona\/2021\/wp-content\/uploads\/2021\/10\/China-BIPOLAR-1030x464.jpg 1030w, https:\/\/asianfilmfestival.barcelona\/2021\/wp-content\/uploads\/2021\/10\/China-BIPOLAR-768x346.jpg 768w, https:\/\/asianfilmfestival.barcelona\/2021\/wp-content\/uploads\/2021\/10\/China-BIPOLAR-1536x691.jpg 1536w, https:\/\/asianfilmfestival.barcelona\/2021\/wp-content\/uploads\/2021\/10\/China-BIPOLAR-1500x675.jpg 1500w, https:\/\/asianfilmfestival.barcelona\/2021\/wp-content\/uploads\/2021\/10\/China-BIPOLAR-705x317.jpg 705w, https:\/\/asianfilmfestival.barcelona\/2021\/wp-content\/uploads\/2021\/10\/China-BIPOLAR.jpg 1800w\" sizes=\"auto, (max-width: 300px) 100vw, 300px\" \/><\/p>\n<p>MEJOR PEL\u00cdCULA<br \/>\n<em><strong><a href=\"https:\/\/asianfilmfestival.barcelona\/2021\/film-item\/bipolar\/\">Bipolar<\/a><\/strong> <\/em>de Queena Li<\/p>\n<p>MEJOR DIRECCI\u00d3N<br \/>\n<strong>Kiy\u00e9 Simon Luana<\/strong> (Laos) por <em><strong>Good-bye Mr Wong<\/strong><\/em><\/p>\n<p>MEJOR GUION<br \/>\n<em><strong>18Khz<\/strong> <\/em>de Farkhat Sharipov (Kazajast\u00e1n)<\/p>\n<p>MENCI\u00d3N ESPECIAL<br \/>\n<em><strong>The Forbidden Strings<\/strong><\/em> de la directora afgana Hasan Noori<\/p>\n<\/div><\/section><\/div>\n<div class=\"flex_column av_one_third  flex_column_div first  avia-builder-el-10  el_after_av_one_third  el_before_av_one_third  column-top-margin\" style='padding:0px 0px 0px 0px ; border-radius:0px; '><section class=\"av_textblock_section \"  itemscope=\"itemscope\" itemtype=\"https:\/\/schema.org\/CreativeWork\" ><div class='avia_textblock  '   itemprop=\"text\" ><h4>SECCI\u00d3N NETPAC<\/h4>\n<p><img loading=\"lazy\" decoding=\"async\" class=\"alignnone size-medium wp-image-34645\" src=\"https:\/\/asianfilmfestival.barcelona\/2021\/wp-content\/uploads\/2021\/10\/Japon_Eternally-Younger-than-Those-Idiots-300x135.jpg\" alt=\"\" width=\"300\" height=\"135\" srcset=\"https:\/\/asianfilmfestival.barcelona\/2021\/wp-content\/uploads\/2021\/10\/Japon_Eternally-Younger-than-Those-Idiots-300x135.jpg 300w, https:\/\/asianfilmfestival.barcelona\/2021\/wp-content\/uploads\/2021\/10\/Japon_Eternally-Younger-than-Those-Idiots-1030x464.jpg 1030w, https:\/\/asianfilmfestival.barcelona\/2021\/wp-content\/uploads\/2021\/10\/Japon_Eternally-Younger-than-Those-Idiots-768x346.jpg 768w, https:\/\/asianfilmfestival.barcelona\/2021\/wp-content\/uploads\/2021\/10\/Japon_Eternally-Younger-than-Those-Idiots-1536x691.jpg 1536w, https:\/\/asianfilmfestival.barcelona\/2021\/wp-content\/uploads\/2021\/10\/Japon_Eternally-Younger-than-Those-Idiots-1500x675.jpg 1500w, https:\/\/asianfilmfestival.barcelona\/2021\/wp-content\/uploads\/2021\/10\/Japon_Eternally-Younger-than-Those-Idiots-705x317.jpg 705w, https:\/\/asianfilmfestival.barcelona\/2021\/wp-content\/uploads\/2021\/10\/Japon_Eternally-Younger-than-Those-Idiots.jpg 1800w\" sizes=\"auto, (max-width: 300px) 100vw, 300px\" \/><\/p>\n<p>MEJOR PEL\u00cdCULA<br \/>\n<em><strong><a href=\"https:\/\/asianfilmfestival.barcelona\/2021\/film-item\/eternally-younger-than-those-idiots\/\">Eternally Younger Than Those Idiots<\/a><\/strong><\/em>de Ryohei Yoshino (Jap\u00f3n)<\/p>\n<p>MENCI\u00d3N ESPECIAL<br \/>\n<em><b>Caf\u00e9 by the Highway <\/b><\/em>de Xiaofan Shi (China)<\/p>\n<\/div><\/section><\/div>\n<div class=\"flex_column av_one_third  flex_column_div   avia-builder-el-12  el_after_av_one_third  el_before_av_one_third  column-top-margin\" style='padding:0px 0px 0px 0px ; border-radius:0px; '><section class=\"av_textblock_section \"  itemscope=\"itemscope\" itemtype=\"https:\/\/schema.org\/CreativeWork\" ><div class='avia_textblock  '   itemprop=\"text\" ><h4>SECCI\u00d3N ESPECIAL<\/h4>\n<p><img loading=\"lazy\" decoding=\"async\" class=\"alignnone size-medium wp-image-32242\" src=\"https:\/\/asianfilmfestival.barcelona\/2021\/wp-content\/uploads\/2021\/10\/Iran-WALNUT-TREE-300x135.jpg\" alt=\"\" width=\"300\" height=\"135\" srcset=\"https:\/\/asianfilmfestival.barcelona\/2021\/wp-content\/uploads\/2021\/10\/Iran-WALNUT-TREE-300x135.jpg 300w, https:\/\/asianfilmfestival.barcelona\/2021\/wp-content\/uploads\/2021\/10\/Iran-WALNUT-TREE-1030x464.jpg 1030w, https:\/\/asianfilmfestival.barcelona\/2021\/wp-content\/uploads\/2021\/10\/Iran-WALNUT-TREE-768x346.jpg 768w, https:\/\/asianfilmfestival.barcelona\/2021\/wp-content\/uploads\/2021\/10\/Iran-WALNUT-TREE-1536x691.jpg 1536w, https:\/\/asianfilmfestival.barcelona\/2021\/wp-content\/uploads\/2021\/10\/Iran-WALNUT-TREE-1500x675.jpg 1500w, https:\/\/asianfilmfestival.barcelona\/2021\/wp-content\/uploads\/2021\/10\/Iran-WALNUT-TREE-705x317.jpg 705w, https:\/\/asianfilmfestival.barcelona\/2021\/wp-content\/uploads\/2021\/10\/Iran-WALNUT-TREE.jpg 1800w\" sizes=\"auto, (max-width: 300px) 100vw, 300px\" \/><\/p>\n<p>MEJOR PEL\u00cdCULA Y DIRECCI\u00d3N<br \/>\n<em><strong><a href=\"https:\/\/asianfilmfestival.barcelona\/2021\/film-item\/walnut-tree\/\">Walnut Tree<\/a><\/strong> de <\/em><strong>Mohammad Hossein Mahdavian<\/strong> (Iran)<\/p>\n<p>MEJOR GUION<br \/>\n<em><strong>Drown<\/strong><\/em> de Mohammad Kart (Ir\u00e1n)<\/p>\n<p>PREMIO ESPECIAL DEL JURADO<br \/>\n<em><strong>The Woman<\/strong><\/em> de Otgonzorig Batchuluun (Mongolia)<\/p>\n<\/div><\/section><\/div>\n<div class=\"flex_column av_one_third  flex_column_div   avia-builder-el-14  el_after_av_one_third  el_before_av_hr  column-top-margin\" style='padding:0px 0px 0px 0px ; border-radius:0px; '><section class=\"av_textblock_section \"  itemscope=\"itemscope\" itemtype=\"https:\/\/schema.org\/CreativeWork\" ><div class='avia_textblock  '   itemprop=\"text\" ><h4>PREMIO DEL P\u00daBLICO<\/h4>\n<p><img loading=\"lazy\" decoding=\"async\" class=\"alignnone size-medium wp-image-32243\" src=\"https:\/\/asianfilmfestival.barcelona\/2021\/wp-content\/uploads\/2021\/09\/Hong-Kong-Better-Days.jpg\" alt=\"\" width=\"300\" height=\"135\" \/><\/p>\n<p>MEJOR PEL\u00cdCULA<br \/>\n<em><strong><a href=\"https:\/\/asianfilmfestival.barcelona\/2021\/es\/film-item\/better-days-%e5%b0%91%e5%b9%b4%e7%9a%84%e4%bd%a0\/\">Better Days<\/a> <\/strong><\/em>de Derek Kwok-cheung Tsang (Hong Kong)<\/p>\n<\/div><\/section><\/div>\n<div  style='height:30px' class='hr hr-invisible   avia-builder-el-16  el_after_av_one_third  el_before_av_three_fifth '><span class='hr-inner ' ><span class='hr-inner-style'><\/span><\/span><\/div>\n<div class=\"flex_column av_three_fifth  flex_column_div av-zero-column-padding first  avia-builder-el-17  el_after_av_hr  el_before_av_two_fifth  \" style='border-radius:0px; '><section class=\"av_textblock_section \"  itemscope=\"itemscope\" itemtype=\"https:\/\/schema.org\/CreativeWork\" ><div class='avia_textblock  '   itemprop=\"text\" ><p>Una vez concedidos los premios, la pel\u00edcula hongkonesa<strong> Better Days<\/strong> (2019) del director Derek Tsang ha clausurado la novena edici\u00f3n del Asian Film Festival este domingo, 7 de noviembre, en la sede principal del certamen, los Cinemes Girona.<\/p>\n<p>As\u00ed ha finalizado un a\u00f1o m\u00e1s el \u00fanico festival especializado en cine de autor asi\u00e1tico de la capital catalana, coincidiendo con la celebraci\u00f3n del 20\u00ba aniversario de Casa Asia. Sin embargo, a\u00fan se puede ver, ya fuera de competici\u00f3n, la <strong>Retrospectiva Satyajit Ray<\/strong> en la Filmoteca de Catalunya, que comenz\u00f3 el pasado 4 de noviembre y se extiende hasta el 11 de diciembre.<\/p>\n<p>El AFFBCN 2021 e ha celebrado entre el 27 de octubre y el 7 de noviembre y ha proyectado m\u00e1s de 120 pel\u00edculas de 26 pa\u00edses de la regi\u00f3n Asia-Pac\u00edfico, la mayor parte de ellas en formato f\u00edsico. Las sedes de esta edici\u00f3n del Festival han sido CaixaForum, Cinemes Girona, Instituto Franc\u00e9s y Filmoteca de Catalunya, mientras que la plataforma de cine Filmin acoger\u00e1 la programaci\u00f3n online hasta el 14 de noviembre.<\/p>\n<p>El AFFBCN 2021 ha contado un a\u00f1o m\u00e1s con el apoyo del Institut de Cultura de les Empreses Culturals del Departament de Cultura de la Generalitat de Catalunya, el Institut de Cultura del Ayuntamiento de Barcelona, Catalunya Film Festivals, la Agencia EFE y Betev\u00e9, entre otros.<\/p>\n<p><a href=\"https:\/\/asianfilmfestival.barcelona\/2021\/wp-content\/uploads\/2021\/11\/AFFBCN-2021-PREMIOS-ESPAN\u0303OL-DEF-3.pdf\">Descarga aqui el listado de premios.<\/a><\/p>\n<\/div><\/section><\/div><div class=\"flex_column av_two_fifth  flex_column_div av-zero-column-padding   avia-builder-el-19  el_after_av_three_fifth  el_before_av_hr  \" style='border-radius:0px; '><section class=\"av_textblock_section \"  itemscope=\"itemscope\" itemtype=\"https:\/\/schema.org\/CreativeWork\" ><div class='avia_textblock  '   itemprop=\"text\" ><blockquote>\n<p>\u201cA las puertas del d\u00e9cimo aniversario del AFFBCN el a\u00f1o pr\u00f3ximo, el Asian Film Festival Barcelona 2021 se clausura habiendo experimentado una importante ampliaci\u00f3n de temas y narrativas, y un aumento considerable de sus respectivas audiencias. Se trata de un festival geogr\u00e1fico que ha abarcado m\u00e1s de veinticinco nacionalidades y pa\u00edses, a partir de una diversidad multicultural cuyo acceso y conocimiento privilegia el cine. La valoraci\u00f3n se basa en las puntuaciones positivas de los jurados de las cinco secciones (Oficial, Oficial Panorama, Discoveries, Netpac y Especial) y de los p\u00fablicos, tanto nuevos como aquellos asiduos, a favor de un cine m\u00e1s inclusivo, como el programado en esta edici\u00f3n<em>\u201d.<\/em><\/p>\n<p>Menene Gras Balaguer, Directora del certamen.<\/p>\n<\/blockquote>\n<\/div><\/section><\/div><\/p>\n<div  style=' margin-top:30px; margin-bottom:30px;'  class='hr hr-custom hr-center hr-icon-no   avia-builder-el-21  el_after_av_two_fifth  el_before_av_textblock '><span class='hr-inner  inner-border-av-border-thin' style=' width:100%; border-color:#ffffff;' ><span class='hr-inner-style'><\/span><\/span><\/div>\n<section class=\"av_textblock_section \"  itemscope=\"itemscope\" itemtype=\"https:\/\/schema.org\/CreativeWork\" ><div class='avia_textblock  '   itemprop=\"text\" ><h2 style=\"text-align: left;\">JURADOS<\/h2>\n<\/div><\/section>\n<div class=\"flex_column av_one_half  flex_column_div av-zero-column-padding first  avia-builder-el-23  el_after_av_textblock  el_before_av_one_half  column-top-margin\" style='border-radius:0px; '><section class=\"av_textblock_section \"  itemscope=\"itemscope\" itemtype=\"https:\/\/schema.org\/CreativeWork\" ><div class='avia_textblock  '   itemprop=\"text\" ><h4 style=\"text-align: left;\"><u>JURADO DE LA SECCI\u00d3N OFICIAL<\/u><\/h4>\n<\/div><\/section><br \/>\n<div  style='height:20px' class='hr hr-invisible   avia-builder-el-25  el_after_av_textblock  el_before_av_textblock '><span class='hr-inner ' ><span class='hr-inner-style'><\/span><\/span><\/div><br \/>\n<section class=\"av_textblock_section \"  itemscope=\"itemscope\" itemtype=\"https:\/\/schema.org\/CreativeWork\" ><div class='avia_textblock  '   itemprop=\"text\" ><h3 style=\"text-align: left;\">Rosa Verg\u00e9s<\/h3>\n<p><em>Directora ganadora de Goyas, Guionista y ex-vicepresidente de AACCE, Espa\u00f1a | Presidenta del Jurado<\/em><\/p>\n<p>Nacida en Barcelona en 1955, Verg\u00e9s es directora, realizadora y guionista de cine y televisi\u00f3n. Tras estudiar Historia del Arte en la Universidad de Barcelona, decidi\u00f3 ampliar su formaci\u00f3n en Par\u00eds, donde finalmente se decant\u00f3 por dedicarse al cine al haberlo experimentado como actriz en el grupo teatral Dagoll Dagom. Fue galardonada con un Premio Goya por <em>Boom Boom<\/em> a la mejor Opera Prima, en 1991.<\/p>\n<h3 style=\"text-align: left;\">Mar\u00eda Molins<\/h3>\n<p><em>Actriz ganadora de un Gaud\u00ed y otros premios de cine y teatro<\/em><\/p>\n<p>Mar\u00eda Molins es una actriz espa\u00f1ola, nacida el 14 de febrero de 1973 en Catalu\u00f1a. Ha actuado para cine, teatro y televisi\u00f3n. Ha sido galardonada con el premio a la mejor interpretaci\u00f3n femenina protagonista en 2013 por la pel\u00edcula <em>El Bosque<\/em>, adem\u00e1s de recibir dos nominaciones a los premios Gaud\u00ed.<\/p>\n<h3 style=\"text-align: left;\">Sahraa Karimi<\/h3>\n<p><em>Cineasta y presidenta de la Afghan Film Organisation<\/em><\/p>\n<p>Nacida en Teher\u00e1n, Sahraa Karimi es una documentalista, directora y productora de pel\u00edculas afganas. Su primer contacto con el mundo del cine fue actuando en la pel\u00edcula iran\u00ed <em>Daughters of the Sun<\/em>, dirigida por Maryam Shahriar. Fue la primera ni\u00f1a afgana en trabajar en el cine iran\u00ed, adem\u00e1s de la primera mujer directora de Afghan Film Organisation, y la primera (y \u00fanica) mujer en Afganist\u00e1n que posee un doctorado en cine y direcci\u00f3n. Sus obras tienen como punto focal las mujeres afganas, y en ellas no solo habla de la discriminaci\u00f3n que estas reciben, sino que tambi\u00e9n aplaude su fortaleza. Karimi ha participado en m\u00e1s de 150 festivales de cine internacionales.<\/p>\n<h3 style=\"text-align: left;\">Luke Eve<\/h3>\n<p><em>Director de <\/em>I Met A Girl<\/p>\n<p>Nacido en S\u00eddney en 1974, Luke Eve es un director y productor de cine australiano. Tras haberse dedicado a la fotograf\u00eda y haber dirigido videoclips musicales y anuncios, decidi\u00f3 lanzarse al mundo de los largometrajes. Qued\u00f3 primero en el festival Tropfest de 2005 con su pel\u00edcula <em>Australian Summer<\/em>. Ha dirigido pel\u00edculas como <em>I Met a Girl,<\/em> y series como <em>SEX: An Unnatural History<\/em> (2011), <em>Low Life<\/em> (2014),<em> High Life<\/em> (2017) y <em>Cancelled<\/em> (2020).<\/p>\n<h3 style=\"text-align: left;\">Jess\u00e9 Miceli<\/h3>\n<p><em>Director y guionista de<\/em> Coalesce<\/p>\n<p>Miceli se gradu\u00f3 en la Sorbona de Par\u00eds, donde una vez terminados sus estudios, decidi\u00f3 explorar el \u00e1mbito del cine. Ha trabajado para compa\u00f1\u00edas de producci\u00f3n y en la distribuci\u00f3n de pel\u00edculas \u2018Heritage\u2019, un g\u00e9nero cinematogr\u00e1fico que inclu\u00eda largometrajes que miraban con ojos nost\u00e1lgicos el pasado de un pa\u00eds, normalmente europeo, pero que hoy en d\u00eda se refiere simplemente a pel\u00edculas de \u00e9poca con un especial \u00e9nfasis en la alta calidad visual. Es conocido por su largometraje <em>Coalesce<\/em> (2020).<\/p>\n<\/div><\/section><\/p><\/div>\n<div class=\"flex_column av_one_half  flex_column_div av-zero-column-padding   avia-builder-el-27  el_after_av_one_half  el_before_av_one_half  column-top-margin\" style='border-radius:0px; '><section class=\"av_textblock_section \"  itemscope=\"itemscope\" itemtype=\"https:\/\/schema.org\/CreativeWork\" ><div class='avia_textblock  '   itemprop=\"text\" ><h4 style=\"text-align: left;\"><u>JURADO DE LA SECCI\u00d3N OFICIAL PANORAMA<\/u><\/h4>\n<\/div><\/section><br \/>\n<div  style='height:20px' class='hr hr-invisible   avia-builder-el-29  el_after_av_textblock  el_before_av_textblock '><span class='hr-inner ' ><span class='hr-inner-style'><\/span><\/span><\/div><br \/>\n<section class=\"av_textblock_section \"  itemscope=\"itemscope\" itemtype=\"https:\/\/schema.org\/CreativeWork\" ><div class='avia_textblock  '   itemprop=\"text\" ><h3 style=\"text-align: left;\">Jonathan Harris<\/h3>\n<p><em>Director de la Escuela de Doctorado de la Universidad de Artes Creativas de Canterbury | Presidente del jurado<\/em><\/p>\n<p>El profesor Jonathan Harris ha ense\u00f1ado en la Polit\u00e9cnica de Leeds (1989-94), la Universidad de Keele (1994-99), la Universidad de Liverpool (1999-2011), la Escuela de Arte de Winchester Universidad de Southampton (2011-2015) y la Universidad de la Ciudad de Birmingham (2015-2020), donde fue director de la Escuela de Arte de Birmingham. Jonathan investiga y escribe sobre arte moderno y contempor\u00e1neo, especializ\u00e1ndose en la globalizaci\u00f3n del arte contempor\u00e1neo y sus contextos sociales y pol\u00edticos.<\/p>\n<h3 style=\"text-align: left;\">Pierre Gonnord<\/h3>\n<p><em>Fot\u00f3grafo y autor detr\u00e1s del rostro del AFFBCN<\/em><\/p>\n<p>El fot\u00f3grafo autodidacta Pierre Gonnord naci\u00f3 en Francia en 1963. El trabajo m\u00e1s determinante de su carrera muestra una serie de retratos de personas procedentes de distintos lugares del mundo. Algunas de esas series de retratos son <em>Interiors<\/em> (hecha en Madrid en 1999), <em>City<\/em> (en Nueva York, en 2001) o <em>Far East<\/em> (en Jap\u00f3n, 2003). <em>Ut\u00f3picos<\/em>, por ejemplo, fotograf\u00eda a personajes marginados por la sociedad. Su trabajo ha llegado a diversas ciudades de Espa\u00f1a, Francia, Portugal y Estados Unidos.<\/p>\n<h3 style=\"text-align: left;\">Negin Kianfar<\/h3>\n<p><em>Pintora, actriz de doblaje y directora de<\/em> A New Day<\/p>\n<p>Kianfar naci\u00f3 en Tehran, Ir\u00e1n, en el a\u00f1o 1969. Es directora de cine, pintora y actriz de doblaje. Ha dirigido pel\u00edculas como el documental <em>The Birthday<\/em> (en 2016), <em>Eve &amp; Adam<\/em> (2009) y <em>A New Day<\/em>, en 2021. Tambi\u00e9n ha doblado a actrices como Meryl Streep y Charlize Theron.<\/p>\n<h3 style=\"text-align: left;\">Mar\u00eda Fasce<\/h3>\n<p><em>Directora Literaria de Alfaguara, Lumen y Reservoir Books Madrid<\/em><\/p>\n<p>Mar\u00eda Fasce naci\u00f3 en Buenos Aires en 1969. Es escritora, traductora y periodista cultural, adem\u00e1s de licenciada en Letras y directora literaria de la Editorial Alfaguara. Ha editado <em>El Oficio de Mentir<\/em> (1997), y ha escrito <em>La Felicidad de las Mujeres<\/em> (publicado en 1999 y por el que gan\u00f3 el Premio Fondo Nacional de las Artes), <em>la Verdad Seg\u00fan Virginia<\/em> (1997) y <em>la Mujer de Isla Negra<\/em> (2015).<\/p>\n<h3 style=\"text-align: left;\">Sahra Mani<\/h3>\n<p><em>Cineasta, fundadora de la Afghanistan Documentary House<\/em><\/p>\n<p>Sahra Mosawi-Mani es una premiada documentalista, profesora universitaria y fundadora de Afghanistan Documentary House. Comenz\u00f3 a trabajar en los medios de comunicaci\u00f3n en 2001 con el objetivo de utilizarlos como catalizadores del bien. Obtuvo un m\u00e1ster en cine documental en la Universidad de las Artes de Londres y desde entonces se ha centrado en la creaci\u00f3n de documentales sobre su propio pa\u00eds, Afganist\u00e1n. Sus pel\u00edculas incluyen <em>Kaloo School<\/em> (2013), <em>Beyond the Burka<\/em> (2014) y <em>A Thousand Girls Like Me<\/em> (2018).<\/p>\n<\/div><\/section><\/p><\/div>\n<div class=\"flex_column av_one_half  flex_column_div av-zero-column-padding first  avia-builder-el-31  el_after_av_one_half  el_before_av_one_half  column-top-margin\" style='border-radius:0px; '><section class=\"av_textblock_section \"  itemscope=\"itemscope\" itemtype=\"https:\/\/schema.org\/CreativeWork\" ><div class='avia_textblock  '   itemprop=\"text\" ><h4 style=\"text-align: left;\"><u>JURADO DE LA SECCI\u00d3N DISCOVERIES<\/u><\/h4>\n<\/div><\/section><br \/>\n<div  style='height:20px' class='hr hr-invisible   avia-builder-el-33  el_after_av_textblock  el_before_av_textblock '><span class='hr-inner ' ><span class='hr-inner-style'><\/span><\/span><\/div><br \/>\n<section class=\"av_textblock_section \"  itemscope=\"itemscope\" itemtype=\"https:\/\/schema.org\/CreativeWork\" ><div class='avia_textblock  '   itemprop=\"text\" ><h3 style=\"text-align: left;\">Esteban Andueza<\/h3>\n<p><em>Gestor cultural y traductor | Presidente del jurado<\/em><\/p>\n<p>Esteban Andueza es gestor cultural, traductor, comisario de arte y promotor de proyectos art\u00edsticos. Ha vivido en China durante 12 a\u00f1os donde ha trabajado como freelance y tambi\u00e9n para centros de prestigio, como el Iberia Center for Contemporary Art o el Instituto Cervantes de Pek\u00edn, siempre enfocado en promover los intercambios culturales entre Espa\u00f1a y China.<\/p>\n<h3 style=\"text-align: left;\">Elodie Mellado<\/h3>\n<p><em>Editora de contenidos de FILMIN y Programadora del Festival de cine REC Tarragona<\/em><\/p>\n<p>\u00c9lodie Mellado es editora de contenidos para FILMIN desde 2012 y programadora del Festival REC de Tarragona. Se gradu\u00f3 en Comunicaci\u00f3n Audiovisual por la Universidad Rovira i Virgili y profesionalmente desde el principio se ha dedicado al sector cinematogr\u00e1fico.<\/p>\n<h3 style=\"text-align: left;\">Aditya Kripalani<\/h3>\n<p><em>Director de<\/em> Not Today<\/p>\n<p>Nacido en 1981 en Maharashtra, en India, Kripalani es un director, escritor, m\u00fasico y productor cinematogr\u00e1fico. Sus pel\u00edculas m\u00e1s conocidas son <em>Backseat<\/em>, <em>Frontseat<\/em> y <em>Tikli and Laxmi Bomb<\/em>, con la que debut\u00f3 en 2017 y con la que gan\u00f3 el premio al Mejor Largometraje en el D\u00e9cimo Festival de Cine Independiente de Berl\u00edn en 2018. En ese mismo a\u00f1o fue premiada en el vig\u00e9simo Festival de Cine Asi\u00e1tico de Reino Unido.<\/p>\n<h3 style=\"text-align: left;\">Paloma Polo<\/h3>\n<p><em>Guionista y directora de <\/em>El Barro de la Revoluci\u00f3n<\/p>\n<p>Paloma Polo es una artista espa\u00f1ola e investigadora independiente que actualmente vive en Utrecht (Holanda). Entre 2007 y 2009 asisti\u00f3 al programa de residencia de arte De Ateliers (Amsterdam) y en 2010 al programa de residencia de Gasworks (Londres). En 2013 fue investigadora visitante en el Centro de Estudios Internacionales de la Universidad de Filipinas Diliman, en Manila. Sus \u00faltimas investigaciones fueron organizadas por Les Laboratoires D\u2019Aubervilliers (Par\u00eds). Polo es una de las impulsoras de la organizaci\u00f3n Moving Artists International y miembro de la Liga Internacional de Luchas de los Pueblos (ILPS).<\/p>\n<h3 style=\"text-align: left;\">Javier Mart\u00edn-Dom\u00ednguez<\/h3>\n<p><em>Presidente del International Press Club, CIP Spain<\/em><\/p>\n<p>Javier Mart\u00edn-Dom\u00ednguez es productor y realizador y, actualmente presidente del Club Internacional de Prensa. Ha ejercido el periodismo en prensa, radio y televisi\u00f3n. Fue corresponsal en el extranjero, con Radio Nacional y Televisi\u00f3n Espa\u00f1ola en Estados Unidos durante diez a\u00f1os, y con La Vanguardia en Tokio. Ha sido Premio Cirilo Rodr\u00edguez de periodismo internacional. Entre otros acontecimientos cubri\u00f3 tres campa\u00f1as electorales norteamericanas, los viajes de Reagan a Mosc\u00fa y Gorbachev a Washington, el funeral de Hirohito y la entronizaci\u00f3n de Akihito. Como realizador es autor de las biograf\u00edas de Paul Bowles y de la artista surrealista Leonora Carrington, y dirigi\u00f3 el Festival de cine europeo de Sevilla durante 4 a\u00f1os. Ha sido jurado en los de Mosc\u00fa, Sarajevo y Documenta Madrid y en el Asian Film Festival de Barcelona.<\/p>\n<\/div><\/section><\/p><\/div>\n<div class=\"flex_column av_one_half  flex_column_div av-zero-column-padding   avia-builder-el-35  el_after_av_one_half  el_before_av_one_half  column-top-margin\" style='border-radius:0px; '><section class=\"av_textblock_section \"  itemscope=\"itemscope\" itemtype=\"https:\/\/schema.org\/CreativeWork\" ><div class='avia_textblock  '   itemprop=\"text\" ><h4 style=\"text-align: left;\"><u>JURADO DE LA SECCI\u00d3N NETPAC<\/u><\/h4>\n<\/div><\/section><br \/>\n<div  style='height:20px' class='hr hr-invisible   avia-builder-el-37  el_after_av_textblock  el_before_av_textblock '><span class='hr-inner ' ><span class='hr-inner-style'><\/span><\/span><\/div><br \/>\n<section class=\"av_textblock_section \"  itemscope=\"itemscope\" itemtype=\"https:\/\/schema.org\/CreativeWork\" ><div class='avia_textblock  '   itemprop=\"text\" ><h3 style=\"text-align: left;\">Qazi Abdur Rahim<\/h3>\n<p><em>Director del ImagineIndia International Film Festival | Presidente del Jurado<\/em><\/p>\n<p>Qazi Abdur Rahim (1962) se gradu\u00f3 en la Universidad Aut\u00f3noma de Madrid y empez\u00f3 a trabajar en Radio M-80 y con los famosos comediantes \u00abGomaespuma\u00bb. Qazi es el primer indio nominado a los Premios del Cine Espa\u00f1ol a la Mejor M\u00fasica Original por la pel\u00edcula El Pr\u00f3ximo Oriente. Es el fundador y director del prestigioso Festival Internacional de Cine ImagineIndia en Madrid. Ha sido jurado en numerosos festivales y programador en el Macta Women\u2019s Film Festival, Rain International Nature Film Festival o el Turkish Film Festival Madrid.<\/p>\n<h3 style=\"text-align: left;\">Antonio Rodrigo<\/h3>\n<p><em>Fundador de Nomadocs y Director de<\/em> Los Mensajes Ocultos de Ganga<\/p>\n<p>Antonio Rodrigo es director de cine documental y fundador de Nomadocs. Viajero y explorador de historias, se define como un artesano del cine social. Su primer cortometraje El Sentir desde Afuera fue premiado internacionalmente y seleccionado para representar a Espa\u00f1a en la Bienal de J\u00f3venes Artistas del Mediterr\u00e1neo celebrada en Skopje en 2008. Tras algunas publicaciones en TV y m\u00e1s de 12 a\u00f1os de experiencia en el sector del documental social trabajando para IFC, World Bank, GlobalCad y otras organizaciones, decide independizarse y fundar Nomadocs con la idea de usar su trabajo como herramienta de educaci\u00f3n y sensibilizaci\u00f3n social.<\/p>\n<h3 style=\"text-align: left;\">Sandra Sotelo<\/h3>\n<p><em>Periodista y corresponsal de not\u00edcias<\/em><\/p>\n<p>Profesora, periodista freelance y miembro activo de la comunidad filipina, Sandra Sotelo Aboy entiende el valor del tiempo y de la libertad financiera para poder cumplir con todos sus roles. Para gestionar su tiempo de la manera la m\u00e1s eficaz, se lanz\u00f3 al mundo del comercio digital con un proyecto empresarial que funciona 24\/7 y que le permite dedicarse a sus otros proyectos.<\/p>\n<\/div><\/section><\/p><\/div>\n<div class=\"flex_column av_one_half  flex_column_div av-zero-column-padding first  avia-builder-el-39  el_after_av_one_half  el_before_av_one_half  column-top-margin\" style='border-radius:0px; '><section class=\"av_textblock_section \"  itemscope=\"itemscope\" itemtype=\"https:\/\/schema.org\/CreativeWork\" ><div class='avia_textblock  '   itemprop=\"text\" ><h4 style=\"text-align: left;\"><u>JURADO DE LA SECCI\u00d3N ESPECIAL<\/u><\/h4>\n<\/div><\/section><br \/>\n<div  style='height:20px' class='hr hr-invisible   avia-builder-el-41  el_after_av_textblock  el_before_av_textblock '><span class='hr-inner ' ><span class='hr-inner-style'><\/span><\/span><\/div><br \/>\n<section class=\"av_textblock_section \"  itemscope=\"itemscope\" itemtype=\"https:\/\/schema.org\/CreativeWork\" ><div class='avia_textblock  '   itemprop=\"text\" ><h3 style=\"text-align: left;\">Fina Sensada<\/h3>\n<p><em>Cineasta | Presidenta del jurado<\/em><\/p>\n<p>Fina Sensada es directora y guionista. Desde hace m\u00e1s de treinta a\u00f1os trabaja como freelance en la Industria Cinematogr\u00e1fica Nacional e Internacional, en el departamento de Direcci\u00f3n. En 2005 cofund\u00f3 junto con el Dr. Fernando Fonseca la productora LAiLA Produktions, sin \u00e1nimo de lucro, con un \u00fanico objetivo: producir y realizar audiovisuales con el fin de elaborar materiales de sensibilizaci\u00f3n relacionados con el tercer mundo y la exclusi\u00f3n social a nivel sanitario. Compaginando con su carrera profesional ha hecho ponencias relevantes como \u201c\u00c9tica en la imagen\u201d (2009) en el primer Congreso de Medicina Humanitaria en Barcelona, o \u201cMujer y Publicidad\u201d (2008). En 2019, particip\u00f3 como jurado en el Festival de Cine de Derechos Humanos de Barcelona y ha creado la Fernando Fonseca Foundation para seguir la obra de este m\u00e9dico- investigador, el qual falleci\u00f3 en el 2014.<\/p>\n<h3 style=\"text-align: left;\">Josep Roca<\/h3>\n<p><em>Exproductor y coordinador de relaciones internacionales en el Ayuntamiento de Barcelona<\/em><\/p>\n<p>Josep Roca es licenciado en Filolog\u00eda Hisp\u00e1nica por la Aut\u00f3noma de Barcelona y diplomado en Gerencia de las Adminsitraciones P\u00fablicas en ESADE. Fue Gerente de Barcelona Televisi\u00f3 entre 1994 y 2001, Director de Relaciones Internacionales, de Contenidos y de Exposiciones y Eventos del F\u00f3rum Universal de las Culturas de Barcelona, y Director del Programa Audiovisual del Insitut de Cultura de Barcelona en 2005 y 2006. Actualmente trabaja en el Ayuntamiento de Barcelona como Jefe de Proyectos y Director de Promoci\u00f3n de la Ciudad en Barcelona Activa, adem\u00e1s de ser Coordinador de Relaciones Internacionales en el \u00c1rea de Qualitat de Vida, Igualtat i Esports.<\/p>\n<h3 style=\"text-align: left;\">Rub\u00e9n Seca<\/h3>\n<p><em>Joven Cineasta<\/em><\/p>\n<p>Rub\u00e9n Seca naci\u00f3 en 1991 y estudia la Diplomatura de Direcci\u00f3n de cine en la Escola de Cinema de Barcelona. Algunos de sus cortometrajes son <em>Solitud<\/em> (2017), <em>Esculpiendo en la Memoria<\/em> (dirigido en el a\u00f1o 2018 y que ha conseguido 15 premios) y <em>RAm\u00e9n<\/em> (2019).<\/p>\n<h3 style=\"text-align: left;\">Carlos Yannuzzi<\/h3>\n<p><em>Escritor e investigador<\/em><\/p>\n<p>Carlos Yannuzzi se licenci\u00f3 en Filosof\u00eda por la UB en 2010 y obtuvo el M\u00e1ster en lengua espa\u00f1ola y literaturas hisp\u00e1nicas en 2011. Pas\u00f3 a trabajar en la propia Universidad de Barcelona como Community Manager, y desde entonces trabaja en el \u00c1rea de Formaci\u00f3n Complementaria de la Universidad de Barcelona, primero en el dise\u00f1o de pol\u00edticas de recursos humanos y luego en el dise\u00f1o del producto formativo del \u00e1rea. Adem\u00e1s, forma parte del equipo de Las Nubes, la revista de filosof\u00eda, arte y literatura de la UB.<\/p>\n<h3 style=\"text-align: left;\">Jaime L\u00f3pez Diez<\/h3>\n<p><em>Prof. Dr. de Ciencias de la Informaci\u00f3n en la UCM (Madrid), y organizador del WoCiCo<\/em><\/p>\n<p>El profesor Jaime L\u00f3pez D\u00edez es licenciado en Ciencias de la Informaci\u00f3n por la Universidad Complutense de Madrid y Doctor en Comunicaci\u00f3n Audiovisual y Publicidad por la Universidad de Valladolid. Adem\u00e1s de su experiencia docente, ha desarrollado su carrera profesional en televisi\u00f3n (Antena 3 TV y La 2 (RTVE)), la prensa escrita (El Pa\u00eds Semanal, La Vanguardia, Muy Interesante, Tiempo, Tribuna de Actualidad) y los servicios de comunicaci\u00f3n (Universidad Carlos III de Madrid, Interm\u00f3n Oxfam, Banco de Espa\u00f1a, Federaci\u00f3n Espa\u00f1ola de Municipios y Provincias).<\/p>\n<\/div><\/section><\/p><\/div>\n<div class=\"flex_column av_one_half  flex_column_div av-zero-column-padding   avia-builder-el-43  el_after_av_one_half  avia-builder-el-last  column-top-margin\" style='border-radius:0px; '><section class=\"av_textblock_section \"  itemscope=\"itemscope\" itemtype=\"https:\/\/schema.org\/CreativeWork\" ><div class='avia_textblock  '   itemprop=\"text\" ><h3 style=\"text-align: left;\">Sandra Mur Puyuelo<\/h3>\n<p><em>Comunicadora cultural e investigadora | Miembro suplente del jurado<\/em><\/p>\n<p>Sandra Mur Puyuelo (Huesca, 1986) tiene un M\u00e1ster en Comunicaci\u00f3n Especializada y el doctorado en Estudios Ling\u00fc\u00edsticos, Literarios y Culturales. Se ha especializado en el espacio Euroasi\u00e1tico, Rusia y Asia Central. Colabora con distribuidoras de esta zona geogr\u00e1fica y festivales de cine como interlocutora y mediadora intercultural.<\/p>\n<\/div><\/section><\/div>\n","protected":false},"excerpt":{"rendered":"","protected":false},"author":7,"featured_media":0,"parent":0,"menu_order":0,"comment_status":"closed","ping_status":"closed","template":"","meta":{"footnotes":""},"class_list":["post-37262","page","type-page","status-publish","hentry"],"yoast_head":"<!-- This site is optimized with the Yoast SEO plugin v27.4 - https:\/\/yoast.com\/product\/yoast-seo-wordpress\/ -->\n<title>Juries and Awards 2021 - Asian Film Festival Barcelona<\/title>\n<meta name=\"robots\" content=\"index, follow, max-snippet:-1, max-image-preview:large, max-video-preview:-1\" \/>\n<link rel=\"canonical\" href=\"https:\/\/asianfilmfestival.barcelona\/2021\/es\/juries-and-awards-plantilla-2021\/\" \/>\n<meta property=\"og:locale\" content=\"es_ES\" \/>\n<meta property=\"og:type\" content=\"article\" \/>\n<meta property=\"og:title\" content=\"Juries and Awards 2021 - Asian Film Festival Barcelona\" \/>\n<meta property=\"og:url\" content=\"https:\/\/asianfilmfestival.barcelona\/2021\/es\/juries-and-awards-plantilla-2021\/\" \/>\n<meta property=\"og:site_name\" content=\"Asian Film Festival Barcelona\" \/>\n<meta property=\"article:modified_time\" content=\"2021-11-18T12:26:13+00:00\" \/>\n<meta property=\"og:image\" content=\"https:\/\/asianfilmfestival.barcelona\/2021\/wp-content\/uploads\/2021\/10\/China-ANIMA-300x135.jpg\" \/>\n<meta name=\"twitter:card\" content=\"summary_large_image\" \/>\n<meta name=\"twitter:label1\" content=\"Tiempo de lectura\" \/>\n\t<meta name=\"twitter:data1\" content=\"9 minutos\" \/>\n<script type=\"application\/ld+json\" class=\"yoast-schema-graph\">{\"@context\":\"https:\\\/\\\/schema.org\",\"@graph\":[{\"@type\":\"WebPage\",\"@id\":\"https:\\\/\\\/asianfilmfestival.barcelona\\\/2021\\\/es\\\/juries-and-awards-plantilla-2021\\\/\",\"url\":\"https:\\\/\\\/asianfilmfestival.barcelona\\\/2021\\\/es\\\/juries-and-awards-plantilla-2021\\\/\",\"name\":\"Juries and Awards 2021 - Asian Film Festival Barcelona\",\"isPartOf\":{\"@id\":\"https:\\\/\\\/asianfilmfestival.barcelona\\\/2021\\\/#website\"},\"primaryImageOfPage\":{\"@id\":\"https:\\\/\\\/asianfilmfestival.barcelona\\\/2021\\\/es\\\/juries-and-awards-plantilla-2021\\\/#primaryimage\"},\"image\":{\"@id\":\"https:\\\/\\\/asianfilmfestival.barcelona\\\/2021\\\/es\\\/juries-and-awards-plantilla-2021\\\/#primaryimage\"},\"thumbnailUrl\":\"https:\\\/\\\/asianfilmfestival.barcelona\\\/2021\\\/wp-content\\\/uploads\\\/2021\\\/10\\\/China-ANIMA-300x135.jpg\",\"datePublished\":\"2021-11-03T11:06:43+00:00\",\"dateModified\":\"2021-11-18T12:26:13+00:00\",\"breadcrumb\":{\"@id\":\"https:\\\/\\\/asianfilmfestival.barcelona\\\/2021\\\/es\\\/juries-and-awards-plantilla-2021\\\/#breadcrumb\"},\"inLanguage\":\"es\",\"potentialAction\":[{\"@type\":\"ReadAction\",\"target\":[\"https:\\\/\\\/asianfilmfestival.barcelona\\\/2021\\\/es\\\/juries-and-awards-plantilla-2021\\\/\"]}]},{\"@type\":\"ImageObject\",\"inLanguage\":\"es\",\"@id\":\"https:\\\/\\\/asianfilmfestival.barcelona\\\/2021\\\/es\\\/juries-and-awards-plantilla-2021\\\/#primaryimage\",\"url\":\"https:\\\/\\\/asianfilmfestival.barcelona\\\/2021\\\/wp-content\\\/uploads\\\/2021\\\/10\\\/China-ANIMA-300x135.jpg\",\"contentUrl\":\"https:\\\/\\\/asianfilmfestival.barcelona\\\/2021\\\/wp-content\\\/uploads\\\/2021\\\/10\\\/China-ANIMA-300x135.jpg\"},{\"@type\":\"BreadcrumbList\",\"@id\":\"https:\\\/\\\/asianfilmfestival.barcelona\\\/2021\\\/es\\\/juries-and-awards-plantilla-2021\\\/#breadcrumb\",\"itemListElement\":[{\"@type\":\"ListItem\",\"position\":1,\"name\":\"Home\",\"item\":\"https:\\\/\\\/asianfilmfestival.barcelona\\\/2021\\\/es\\\/\"},{\"@type\":\"ListItem\",\"position\":2,\"name\":\"Juries and Awards 2021\"}]},{\"@type\":\"WebSite\",\"@id\":\"https:\\\/\\\/asianfilmfestival.barcelona\\\/2021\\\/#website\",\"url\":\"https:\\\/\\\/asianfilmfestival.barcelona\\\/2021\\\/\",\"name\":\"Asian Film Festival Barcelona\",\"description\":\"2017\",\"potentialAction\":[{\"@type\":\"SearchAction\",\"target\":{\"@type\":\"EntryPoint\",\"urlTemplate\":\"https:\\\/\\\/asianfilmfestival.barcelona\\\/2021\\\/?s={search_term_string}\"},\"query-input\":{\"@type\":\"PropertyValueSpecification\",\"valueRequired\":true,\"valueName\":\"search_term_string\"}}],\"inLanguage\":\"es\"}]}<\/script>\n<!-- \/ Yoast SEO plugin. -->","yoast_head_json":{"title":"Juries and Awards 2021 - Asian Film Festival Barcelona","robots":{"index":"index","follow":"follow","max-snippet":"max-snippet:-1","max-image-preview":"max-image-preview:large","max-video-preview":"max-video-preview:-1"},"canonical":"https:\/\/asianfilmfestival.barcelona\/2021\/es\/juries-and-awards-plantilla-2021\/","og_locale":"es_ES","og_type":"article","og_title":"Juries and Awards 2021 - Asian Film Festival Barcelona","og_url":"https:\/\/asianfilmfestival.barcelona\/2021\/es\/juries-and-awards-plantilla-2021\/","og_site_name":"Asian Film Festival Barcelona","article_modified_time":"2021-11-18T12:26:13+00:00","og_image":[{"url":"https:\/\/asianfilmfestival.barcelona\/2021\/wp-content\/uploads\/2021\/10\/China-ANIMA-300x135.jpg","type":"","width":"","height":""}],"twitter_card":"summary_large_image","twitter_misc":{"Tiempo de lectura":"9 minutos"},"schema":{"@context":"https:\/\/schema.org","@graph":[{"@type":"WebPage","@id":"https:\/\/asianfilmfestival.barcelona\/2021\/es\/juries-and-awards-plantilla-2021\/","url":"https:\/\/asianfilmfestival.barcelona\/2021\/es\/juries-and-awards-plantilla-2021\/","name":"Juries and Awards 2021 - Asian Film Festival Barcelona","isPartOf":{"@id":"https:\/\/asianfilmfestival.barcelona\/2021\/#website"},"primaryImageOfPage":{"@id":"https:\/\/asianfilmfestival.barcelona\/2021\/es\/juries-and-awards-plantilla-2021\/#primaryimage"},"image":{"@id":"https:\/\/asianfilmfestival.barcelona\/2021\/es\/juries-and-awards-plantilla-2021\/#primaryimage"},"thumbnailUrl":"https:\/\/asianfilmfestival.barcelona\/2021\/wp-content\/uploads\/2021\/10\/China-ANIMA-300x135.jpg","datePublished":"2021-11-03T11:06:43+00:00","dateModified":"2021-11-18T12:26:13+00:00","breadcrumb":{"@id":"https:\/\/asianfilmfestival.barcelona\/2021\/es\/juries-and-awards-plantilla-2021\/#breadcrumb"},"inLanguage":"es","potentialAction":[{"@type":"ReadAction","target":["https:\/\/asianfilmfestival.barcelona\/2021\/es\/juries-and-awards-plantilla-2021\/"]}]},{"@type":"ImageObject","inLanguage":"es","@id":"https:\/\/asianfilmfestival.barcelona\/2021\/es\/juries-and-awards-plantilla-2021\/#primaryimage","url":"https:\/\/asianfilmfestival.barcelona\/2021\/wp-content\/uploads\/2021\/10\/China-ANIMA-300x135.jpg","contentUrl":"https:\/\/asianfilmfestival.barcelona\/2021\/wp-content\/uploads\/2021\/10\/China-ANIMA-300x135.jpg"},{"@type":"BreadcrumbList","@id":"https:\/\/asianfilmfestival.barcelona\/2021\/es\/juries-and-awards-plantilla-2021\/#breadcrumb","itemListElement":[{"@type":"ListItem","position":1,"name":"Home","item":"https:\/\/asianfilmfestival.barcelona\/2021\/es\/"},{"@type":"ListItem","position":2,"name":"Juries and Awards 2021"}]},{"@type":"WebSite","@id":"https:\/\/asianfilmfestival.barcelona\/2021\/#website","url":"https:\/\/asianfilmfestival.barcelona\/2021\/","name":"Asian Film Festival Barcelona","description":"2017","potentialAction":[{"@type":"SearchAction","target":{"@type":"EntryPoint","urlTemplate":"https:\/\/asianfilmfestival.barcelona\/2021\/?s={search_term_string}"},"query-input":{"@type":"PropertyValueSpecification","valueRequired":true,"valueName":"search_term_string"}}],"inLanguage":"es"}]}},"_links":{"self":[{"href":"https:\/\/asianfilmfestival.barcelona\/2021\/es\/wp-json\/wp\/v2\/pages\/37262","targetHints":{"allow":["GET"]}}],"collection":[{"href":"https:\/\/asianfilmfestival.barcelona\/2021\/es\/wp-json\/wp\/v2\/pages"}],"about":[{"href":"https:\/\/asianfilmfestival.barcelona\/2021\/es\/wp-json\/wp\/v2\/types\/page"}],"author":[{"embeddable":true,"href":"https:\/\/asianfilmfestival.barcelona\/2021\/es\/wp-json\/wp\/v2\/users\/7"}],"replies":[{"embeddable":true,"href":"https:\/\/asianfilmfestival.barcelona\/2021\/es\/wp-json\/wp\/v2\/comments?post=37262"}],"version-history":[{"count":23,"href":"https:\/\/asianfilmfestival.barcelona\/2021\/es\/wp-json\/wp\/v2\/pages\/37262\/revisions"}],"predecessor-version":[{"id":37727,"href":"https:\/\/asianfilmfestival.barcelona\/2021\/es\/wp-json\/wp\/v2\/pages\/37262\/revisions\/37727"}],"wp:attachment":[{"href":"https:\/\/asianfilmfestival.barcelona\/2021\/es\/wp-json\/wp\/v2\/media?parent=37262"}],"curies":[{"name":"wp","href":"https:\/\/api.w.org\/{rel}","templated":true}]}}