{"id":31275,"date":"2021-09-30T19:08:10","date_gmt":"2021-09-30T17:08:10","guid":{"rendered":"https:\/\/asianfilmfestival.barcelona\/2021\/film-item\/my-childhood-my-country-20-years-in-afghanistan\/"},"modified":"2021-11-10T11:14:52","modified_gmt":"2021-11-10T10:14:52","slug":"my-childhood-my-country-20-years-in-afghanistan","status":"publish","type":"portfolio","link":"https:\/\/asianfilmfestival.barcelona\/2021\/ca\/film-item\/my-childhood-my-country-20-years-in-afghanistan\/","title":{"rendered":"My Childhood, My Country: 20 Years in Afghanistan"},"content":{"rendered":"<div class='clear'><\/div><div id='sub_menu1'  class='av-submenu-container main_color  avia-builder-el-0  el_before_av_slideshow_full  avia-builder-el-first  av-sticky-submenu  container_wrap fullsize' style='  z-index:301' ><div class='container av-menu-mobile-disabled '><ul id=\"menu-programa\" class=\"av-subnav-menu av-submenu-pos-center\"><li id=\"menu-item-15143\" class=\"menu-item menu-item-type-post_type menu-item-object-page menu-item-top-level menu-item-top-level-1\"><a href=\"https:\/\/asianfilmfestival.barcelona\/2021\/ca\/paisos\/\"><span class=\"avia-bullet\"><\/span><span class=\"avia-menu-text\">PA\u00cfSOS<\/span><span class=\"avia-menu-fx\"><span class=\"avia-arrow-wrap\"><span class=\"avia-arrow\"><\/span><\/span><\/span><\/a><\/li>\n<li id=\"menu-item-15144\" class=\"menu-item menu-item-type-post_type menu-item-object-page menu-item-top-level menu-item-top-level-2\"><a href=\"https:\/\/asianfilmfestival.barcelona\/2021\/ca\/seccions\/\"><span class=\"avia-bullet\"><\/span><span class=\"avia-menu-text\">SECCIONS<\/span><span class=\"avia-menu-fx\"><span class=\"avia-arrow-wrap\"><span class=\"avia-arrow\"><\/span><\/span><\/span><\/a><\/li>\n<li id=\"menu-item-36387\" class=\"menu-item menu-item-type-post_type menu-item-object-page menu-item-top-level menu-item-top-level-3\"><a href=\"https:\/\/asianfilmfestival.barcelona\/2021\/ca\/hong-kong-new-talents\/\"><span class=\"avia-bullet\"><\/span><span class=\"avia-menu-text\">HONG KONG NEW TALENTS<\/span><span class=\"avia-menu-fx\"><span class=\"avia-arrow-wrap\"><span class=\"avia-arrow\"><\/span><\/span><\/span><\/a><\/li>\n<li id=\"menu-item-36388\" class=\"menu-item menu-item-type-post_type menu-item-object-page menu-item-top-level menu-item-top-level-4\"><a href=\"https:\/\/asianfilmfestival.barcelona\/2021\/ca\/seccions\/retrospectiva\/\"><span class=\"avia-bullet\"><\/span><span class=\"avia-menu-text\">RETROSPECTIVA SATYAJIT RAY<\/span><span class=\"avia-menu-fx\"><span class=\"avia-arrow-wrap\"><span class=\"avia-arrow\"><\/span><\/span><\/span><\/a><\/li>\n<li id=\"menu-item-15145\" class=\"menu-item menu-item-type-post_type menu-item-object-page menu-item-top-level menu-item-top-level-5\"><a href=\"https:\/\/asianfilmfestival.barcelona\/2021\/ca\/sales\/\"><span class=\"avia-bullet\"><\/span><span class=\"avia-menu-text\">SALES<\/span><span class=\"avia-menu-fx\"><span class=\"avia-arrow-wrap\"><span class=\"avia-arrow\"><\/span><\/span><\/span><\/a><\/li>\n<\/ul><\/div><\/div><div class='sticky_placeholder'><\/div>\n<div id='full_slider_1'  class='avia-fullwidth-slider main_color avia-shadow   avia-builder-el-1  el_after_av_submenu  el_before_av_one_third   slider-not-first container_wrap fullsize' style=' '  ><div   data-size='no scaling'  data-lightbox_size='large'  data-animation='fade'  data-conditional_play=''  data-ids='31234'  data-video_counter='0'  data-autoplay='false'  data-bg_slider='false'  data-slide_height=''  data-handle='av_slideshow_full'  data-interval='5'  data-class=' '  data-el_id=''  data-css_id=''  data-scroll_down=''  data-control_layout='av-control-hidden'  data-custom_markup=''  data-perma_caption='aviaTBperma_caption'  data-autoplay_stopper=''  data-image_attachment=''  data-min_height='250px'  data-lazy_loading='disabled'  data-src=''  data-position='top left'  data-repeat='no-repeat'  data-attach='scroll'  data-stretch=''  class='avia-slideshow avia-slideshow-1  av-control-hidden av-default-height-applied avia-slideshow-no scaling av_slideshow_full   avia-fade-slider ' ><ul class='avia-slideshow-inner ' style='padding-bottom: 45%;' ><li  class=' av-single-slide slide-1 ' ><div data-rel='slideshow-1' class='avia-slide-wrap '   ><img decoding=\"async\" class=\"wp-image-31235 avia-img-lazy-loading-not-31235\"  src=\"https:\/\/asianfilmfestival.barcelona\/2021\/wp-content\/uploads\/2021\/09\/Afganistan-MY-CHILDHOOD-MY-COUNTRY.jpg\" width=\"1800\" height=\"810\" title='Afganistan-MY-CHILDHOOD-MY-COUNTRY' alt=''  style='min-height:250px; min-width:556px; ' srcset=\"https:\/\/asianfilmfestival.barcelona\/2021\/wp-content\/uploads\/2021\/09\/Afganistan-MY-CHILDHOOD-MY-COUNTRY.jpg 1800w, https:\/\/asianfilmfestival.barcelona\/2021\/wp-content\/uploads\/2021\/09\/Afganistan-MY-CHILDHOOD-MY-COUNTRY-300x135.jpg 300w, https:\/\/asianfilmfestival.barcelona\/2021\/wp-content\/uploads\/2021\/09\/Afganistan-MY-CHILDHOOD-MY-COUNTRY-1030x464.jpg 1030w, https:\/\/asianfilmfestival.barcelona\/2021\/wp-content\/uploads\/2021\/09\/Afganistan-MY-CHILDHOOD-MY-COUNTRY-768x346.jpg 768w, https:\/\/asianfilmfestival.barcelona\/2021\/wp-content\/uploads\/2021\/09\/Afganistan-MY-CHILDHOOD-MY-COUNTRY-1536x691.jpg 1536w, https:\/\/asianfilmfestival.barcelona\/2021\/wp-content\/uploads\/2021\/09\/Afganistan-MY-CHILDHOOD-MY-COUNTRY-1500x675.jpg 1500w, https:\/\/asianfilmfestival.barcelona\/2021\/wp-content\/uploads\/2021\/09\/Afganistan-MY-CHILDHOOD-MY-COUNTRY-705x317.jpg 705w\" sizes=\"(max-width: 1800px) 100vw, 1800px\" \/><\/div><\/li><\/ul><div class = \"caption_fullwidth av-slideshow-caption caption_bottom\"><div class = \"container caption_container\"><div class = \"slideshow_caption\"><div class = \"slideshow_inner_caption\"><div class = \"slideshow_align_caption\"><h2  style='font-size:80px; color:#ffffff; ' class='avia-caption-title  ' >My Childhood, My Country: 20 Years in Afghanistan<\/h2><div class='avia-caption-content  av_inherit_color'   style='font-size:18px; color:#ffffff; '><p>Phil Grabsky, Shoaib Sharifi \/ Afghanistan<\/p>\n<p><span style=\"background: rgba(0, 165, 198, 0.7); padding: 8px; font-size: 13px;\"><a href=\"https:\/\/asianfilmfestival.barcelona\/2021\/ca\/seccio-oficial\/\">SECCI\u00d3 OFICIAL<\/a><\/span><\/p>\n<\/div><\/div><\/div><\/div><\/div><\/div><\/div><\/div><div id='after_full_slider_1'  class='main_color av_default_container_wrap container_wrap fullsize' style=' '  ><div class='container' ><div class='template-page content  av-content-full alpha units'><div class='post-entry post-entry-type-page post-entry-31275'><div class='entry-content-wrapper clearfix'>\n<div class=\"flex_column av_one_third  flex_column_div av-zero-column-padding first  avia-builder-el-2  el_after_av_slideshow_full  el_before_av_two_third  avia-builder-el-first  \" style='border-radius:0px; '><p><div  class='avia-video avia-video-16-9   av-lazyload-immediate  av-lazyload-video-embed  '   data-original_url='https:\/\/www.youtube.com\/watch?v=_WoROZl6kG0 ' ><script type='text\/html' class='av-video-tmpl'><div class='avia-iframe-wrap'><iframe loading=\"lazy\" title=\"My Childhood, My Country - 20 Years in Afghanistan | Official Trailer\" width=\"1500\" height=\"844\" src=\"https:\/\/www.youtube.com\/embed\/_WoROZl6kG0?feature=oembed&autoplay=1&loop=0&controls=0&mute=1\" frameborder=\"0\" allow=\"accelerometer; autoplay; clipboard-write; encrypted-media; gyroscope; picture-in-picture\" allowfullscreen><\/iframe><\/div><\/script><div class='av-click-to-play-overlay'><div class=\"avia_playpause_icon\"><\/div><\/div><\/div><br \/>\n<section class=\"av_textblock_section \" ><div class='avia_textblock  '  ><h2 style=\"text-align: left;\"><span style=\"color: #ffffff;\">PROJECCI\u00d3 <\/span><\/h2>\n<p>FILMIN (online)<strong><br \/>\n<\/strong>Del 28 d\u2019octubre al 14 de novembre<\/p>\n<div  class='avia-button-wrap avia-button-left  avia-builder-el-5  avia-builder-el-no-sibling ' ><a href='https:\/\/www.filmin.es\/pelicula\/my-childhood-my-country-20-years-in-afghanistan?origin=searcher&amp;origin-type=primary' class='avia-button  avia-color-theme-color-highlight   avia-icon_select-no avia-size-medium avia-position-left ' target=\"_blank\" rel=\"noopener noreferrer\"><span class='avia_iconbox_title' >VEURE A FILMIN<\/span><\/a><\/div>\n<\/div><\/section><\/p><\/div><div class=\"flex_column av_two_third  flex_column_div av-zero-column-padding   avia-builder-el-6  el_after_av_one_third  el_before_av_hr  \" style='border-radius:0px; '><section class=\"av_textblock_section \" ><div class='avia_textblock  '  ><h2>INFORMACI\u00d3<\/h2>\n<p>Director: Phil Grabsky, Shoaib Sharifi<br \/>\nAny: 2021<br \/>\nDuraci\u00f3: 90\u2019<br \/>\nIdioma: VOSE | VOSC<br \/>\nG\u00e8nere: Documental<\/p>\n<h2>SINOPSI<\/h2>\n<p><em>My Childhood, My Country: 20 Years in Afghanistan<\/em> segueix el viatge de Mir Hussain, que va cr\u00e9ixer en una terra devastada per la guerra. Al principi \u00e9s un nen de vuit anys que juga entre les runes dels Budes de Bamiyan a l\u2019Afganistan rural. El 2002, les tropes estatunidenques desembarquen a l\u2019Afganistan, comen\u00e7ant una guerra aparentment interminable en un dels pa\u00efsos m\u00e9s pobres del m\u00f3n. Aquest documental intimista recorre les dues d\u00e8cades d&#8217;un conflicte que mai no ha acabat. Des de l\u201911 de setembre de 2001, <em>My Childhood, My Country: 20 Years in Afghanistan<\/em> \u00e9s una revisi\u00f3 \u00fanica de la vida d\u2019una naci\u00f3, en la qual 40 pa\u00efsos han invertit m\u00e9s d\u2019un bili\u00f3 de d\u00f2lars i s\u2019han perdut m\u00e9s de 150.000 vides. Va valdre la pena l&#8217;esfor\u00e7 per acabar on tot va comen\u00e7ar?<\/p>\n<h2>BIOGRAFIA DEL DIRECTOR<\/h2>\n<p>Els cineastes guardonats, Phil Grabsky i Shoaib Sharifi, presenten una epopeia de la inf\u00e0ncia i la maduresa a la vida real, rodada durant vint anys en un dels racons m\u00e9s amena\u00e7ats del m\u00f3n. <em>My Childhood, My Country: 20 Years in Afghanistan\u00a0<\/em>ens recorda un altre gran t\u00edtol, <em>Boyhood<\/em>, del director Richard Linklater, rodada en el transcurs de dotze anys amb el mateix repartiment.<\/p>\n<\/div><\/section><\/div><\/p>\n<div   class='hr hr-default   avia-builder-el-8  el_after_av_two_third  el_before_av_postcontent  avia-builder-el-last '><span class='hr-inner ' ><span class='hr-inner-style'><\/span><\/span><\/div>\n[av_one_full first min_height='' vertical_alignment='' space='' row_boxshadow='' row_boxshadow_color='' row_boxshadow_width='10' custom_margin='' margin='0px' mobile_breaking='' border='' border_color='' radius='0px' padding='0px' column_boxshadow='' column_boxshadow_color='' column_boxshadow_width='10' background='bg_color' background_color='' background_gradient_color1='' background_gradient_color2='' background_gradient_direction='vertical' src='' background_position='top left' background_repeat='no-repeat' highlight='' highlight_size='' animation='' link='' linktarget='' link_hover='' title_attr='' alt_attr='' mobile_display='' id='' custom_class='' aria_label='' av_uid='av-izquih']\r\n\r\n[av_heading heading='VEURE TOTES LES PEL\u00b7L\u00cdCULES PER PA\u00cfSOS' tag='h2' link='' link_target='' style='blockquote modern-quote' size='' subheading_active='' subheading_size='' margin=',,15px,' padding='18' icon_padding='10' color='' custom_font='' icon_color='' show_icon='' icon='ue800' font='' icon_size='' custom_class='' id='' admin_preview_bg='' av-desktop-hide='' av-medium-hide='' av-small-hide='' av-mini-hide='' av-medium-font-size-title='' av-small-font-size-title='' av-mini-font-size-title='' av-medium-font-size='' av-small-font-size='' av-mini-font-size='' av-medium-font-size-1='' av-small-font-size-1='' av-mini-font-size-1='' av_uid='av-j6j7x5'][\/av_heading]\r\n\r\n[av_portfolio categories='35,143,142,141,169,203,140,247,238,153,122,267,139,47,138,137,136,135,134,270,224,241,150,185,131,200,215,197,191,130,209,129,282,285,244,59' date_filter='' date_filter_start='' date_filter_end='' date_filter_format='yy\/mm\/dd' sort='yes' query_orderby='title' query_order='ASC' contents='excerpt' preview_mode='auto' image_size='portfolio' columns='3' av-medium-columns='' av-small-columns='' av-mini-columns='' one_column_template='special' items='-1' paginate='no' linking='' lazy_loading='disabled' id='' custom_class='' av_uid='av-ku2dkvn0']\r\n\r\n[\/av_one_full]\n","protected":false},"excerpt":{"rendered":"<p>Phil Grabsky, Shoaib Sharifi &#8211; 2021<\/p>\n","protected":false},"featured_media":31235,"comment_status":"closed","ping_status":"closed","template":"","tags":[],"portfolio_entries":[124,143,276],"class_list":["post-31275","portfolio","type-portfolio","status-publish","has-post-thumbnail","hentry","portfolio_entries-02-seccio-oficial","portfolio_entries-afganistan-ca","portfolio_entries-filmin-ca"],"yoast_head":"<!-- This site is optimized with the Yoast SEO plugin v27.4 - https:\/\/yoast.com\/product\/yoast-seo-wordpress\/ -->\n<title>My Childhood, My Country: 20 Years in Afghanistan - Asian Film Festival Barcelona<\/title>\n<meta name=\"robots\" content=\"index, follow, max-snippet:-1, max-image-preview:large, max-video-preview:-1\" \/>\n<link rel=\"canonical\" href=\"https:\/\/asianfilmfestival.barcelona\/2021\/ca\/film-item\/my-childhood-my-country-20-years-in-afghanistan\/\" \/>\n<meta property=\"og:locale\" content=\"ca_ES\" \/>\n<meta property=\"og:type\" content=\"article\" \/>\n<meta property=\"og:title\" content=\"My Childhood, My Country: 20 Years in Afghanistan - Asian Film Festival Barcelona\" \/>\n<meta property=\"og:description\" content=\"Phil Grabsky, Shoaib Sharifi - 2021\" \/>\n<meta property=\"og:url\" content=\"https:\/\/asianfilmfestival.barcelona\/2021\/ca\/film-item\/my-childhood-my-country-20-years-in-afghanistan\/\" \/>\n<meta property=\"og:site_name\" content=\"Asian Film Festival Barcelona\" \/>\n<meta property=\"article:modified_time\" content=\"2021-11-10T10:14:52+00:00\" \/>\n<meta property=\"og:image\" content=\"https:\/\/asianfilmfestival.barcelona\/2021\/wp-content\/uploads\/2021\/09\/Afganistan-MY-CHILDHOOD-MY-COUNTRY.jpg\" \/>\n\t<meta property=\"og:image:width\" content=\"1800\" \/>\n\t<meta property=\"og:image:height\" content=\"810\" \/>\n\t<meta property=\"og:image:type\" content=\"image\/jpeg\" \/>\n<meta name=\"twitter:card\" content=\"summary_large_image\" \/>\n<meta name=\"twitter:label1\" content=\"Temps estimat de lectura\" \/>\n\t<meta name=\"twitter:data1\" content=\"3 minuts\" \/>\n<script type=\"application\/ld+json\" class=\"yoast-schema-graph\">{\"@context\":\"https:\\\/\\\/schema.org\",\"@graph\":[{\"@type\":\"WebPage\",\"@id\":\"https:\\\/\\\/asianfilmfestival.barcelona\\\/2021\\\/ca\\\/film-item\\\/my-childhood-my-country-20-years-in-afghanistan\\\/\",\"url\":\"https:\\\/\\\/asianfilmfestival.barcelona\\\/2021\\\/ca\\\/film-item\\\/my-childhood-my-country-20-years-in-afghanistan\\\/\",\"name\":\"My Childhood, My Country: 20 Years in Afghanistan - Asian Film Festival Barcelona\",\"isPartOf\":{\"@id\":\"https:\\\/\\\/asianfilmfestival.barcelona\\\/2021\\\/#website\"},\"primaryImageOfPage\":{\"@id\":\"https:\\\/\\\/asianfilmfestival.barcelona\\\/2021\\\/ca\\\/film-item\\\/my-childhood-my-country-20-years-in-afghanistan\\\/#primaryimage\"},\"image\":{\"@id\":\"https:\\\/\\\/asianfilmfestival.barcelona\\\/2021\\\/ca\\\/film-item\\\/my-childhood-my-country-20-years-in-afghanistan\\\/#primaryimage\"},\"thumbnailUrl\":\"https:\\\/\\\/asianfilmfestival.barcelona\\\/2021\\\/wp-content\\\/uploads\\\/2021\\\/09\\\/Afganistan-MY-CHILDHOOD-MY-COUNTRY.jpg\",\"datePublished\":\"2021-09-30T17:08:10+00:00\",\"dateModified\":\"2021-11-10T10:14:52+00:00\",\"breadcrumb\":{\"@id\":\"https:\\\/\\\/asianfilmfestival.barcelona\\\/2021\\\/ca\\\/film-item\\\/my-childhood-my-country-20-years-in-afghanistan\\\/#breadcrumb\"},\"inLanguage\":\"ca\",\"potentialAction\":[{\"@type\":\"ReadAction\",\"target\":[\"https:\\\/\\\/asianfilmfestival.barcelona\\\/2021\\\/ca\\\/film-item\\\/my-childhood-my-country-20-years-in-afghanistan\\\/\"]}]},{\"@type\":\"ImageObject\",\"inLanguage\":\"ca\",\"@id\":\"https:\\\/\\\/asianfilmfestival.barcelona\\\/2021\\\/ca\\\/film-item\\\/my-childhood-my-country-20-years-in-afghanistan\\\/#primaryimage\",\"url\":\"https:\\\/\\\/asianfilmfestival.barcelona\\\/2021\\\/wp-content\\\/uploads\\\/2021\\\/09\\\/Afganistan-MY-CHILDHOOD-MY-COUNTRY.jpg\",\"contentUrl\":\"https:\\\/\\\/asianfilmfestival.barcelona\\\/2021\\\/wp-content\\\/uploads\\\/2021\\\/09\\\/Afganistan-MY-CHILDHOOD-MY-COUNTRY.jpg\",\"width\":1800,\"height\":810},{\"@type\":\"BreadcrumbList\",\"@id\":\"https:\\\/\\\/asianfilmfestival.barcelona\\\/2021\\\/ca\\\/film-item\\\/my-childhood-my-country-20-years-in-afghanistan\\\/#breadcrumb\",\"itemListElement\":[{\"@type\":\"ListItem\",\"position\":1,\"name\":\"Home\",\"item\":\"https:\\\/\\\/asianfilmfestival.barcelona\\\/2021\\\/ca\\\/\"},{\"@type\":\"ListItem\",\"position\":2,\"name\":\"My Childhood, My Country: 20 Years in Afghanistan\"}]},{\"@type\":\"WebSite\",\"@id\":\"https:\\\/\\\/asianfilmfestival.barcelona\\\/2021\\\/#website\",\"url\":\"https:\\\/\\\/asianfilmfestival.barcelona\\\/2021\\\/\",\"name\":\"Asian Film Festival Barcelona\",\"description\":\"2017\",\"potentialAction\":[{\"@type\":\"SearchAction\",\"target\":{\"@type\":\"EntryPoint\",\"urlTemplate\":\"https:\\\/\\\/asianfilmfestival.barcelona\\\/2021\\\/?s={search_term_string}\"},\"query-input\":{\"@type\":\"PropertyValueSpecification\",\"valueRequired\":true,\"valueName\":\"search_term_string\"}}],\"inLanguage\":\"ca\"}]}<\/script>\n<!-- \/ Yoast SEO plugin. -->","yoast_head_json":{"title":"My Childhood, My Country: 20 Years in Afghanistan - Asian Film Festival Barcelona","robots":{"index":"index","follow":"follow","max-snippet":"max-snippet:-1","max-image-preview":"max-image-preview:large","max-video-preview":"max-video-preview:-1"},"canonical":"https:\/\/asianfilmfestival.barcelona\/2021\/ca\/film-item\/my-childhood-my-country-20-years-in-afghanistan\/","og_locale":"ca_ES","og_type":"article","og_title":"My Childhood, My Country: 20 Years in Afghanistan - Asian Film Festival Barcelona","og_description":"Phil Grabsky, Shoaib Sharifi - 2021","og_url":"https:\/\/asianfilmfestival.barcelona\/2021\/ca\/film-item\/my-childhood-my-country-20-years-in-afghanistan\/","og_site_name":"Asian Film Festival Barcelona","article_modified_time":"2021-11-10T10:14:52+00:00","og_image":[{"width":1800,"height":810,"url":"https:\/\/asianfilmfestival.barcelona\/2021\/wp-content\/uploads\/2021\/09\/Afganistan-MY-CHILDHOOD-MY-COUNTRY.jpg","type":"image\/jpeg"}],"twitter_card":"summary_large_image","twitter_misc":{"Temps estimat de lectura":"3 minuts"},"schema":{"@context":"https:\/\/schema.org","@graph":[{"@type":"WebPage","@id":"https:\/\/asianfilmfestival.barcelona\/2021\/ca\/film-item\/my-childhood-my-country-20-years-in-afghanistan\/","url":"https:\/\/asianfilmfestival.barcelona\/2021\/ca\/film-item\/my-childhood-my-country-20-years-in-afghanistan\/","name":"My Childhood, My Country: 20 Years in Afghanistan - Asian Film Festival Barcelona","isPartOf":{"@id":"https:\/\/asianfilmfestival.barcelona\/2021\/#website"},"primaryImageOfPage":{"@id":"https:\/\/asianfilmfestival.barcelona\/2021\/ca\/film-item\/my-childhood-my-country-20-years-in-afghanistan\/#primaryimage"},"image":{"@id":"https:\/\/asianfilmfestival.barcelona\/2021\/ca\/film-item\/my-childhood-my-country-20-years-in-afghanistan\/#primaryimage"},"thumbnailUrl":"https:\/\/asianfilmfestival.barcelona\/2021\/wp-content\/uploads\/2021\/09\/Afganistan-MY-CHILDHOOD-MY-COUNTRY.jpg","datePublished":"2021-09-30T17:08:10+00:00","dateModified":"2021-11-10T10:14:52+00:00","breadcrumb":{"@id":"https:\/\/asianfilmfestival.barcelona\/2021\/ca\/film-item\/my-childhood-my-country-20-years-in-afghanistan\/#breadcrumb"},"inLanguage":"ca","potentialAction":[{"@type":"ReadAction","target":["https:\/\/asianfilmfestival.barcelona\/2021\/ca\/film-item\/my-childhood-my-country-20-years-in-afghanistan\/"]}]},{"@type":"ImageObject","inLanguage":"ca","@id":"https:\/\/asianfilmfestival.barcelona\/2021\/ca\/film-item\/my-childhood-my-country-20-years-in-afghanistan\/#primaryimage","url":"https:\/\/asianfilmfestival.barcelona\/2021\/wp-content\/uploads\/2021\/09\/Afganistan-MY-CHILDHOOD-MY-COUNTRY.jpg","contentUrl":"https:\/\/asianfilmfestival.barcelona\/2021\/wp-content\/uploads\/2021\/09\/Afganistan-MY-CHILDHOOD-MY-COUNTRY.jpg","width":1800,"height":810},{"@type":"BreadcrumbList","@id":"https:\/\/asianfilmfestival.barcelona\/2021\/ca\/film-item\/my-childhood-my-country-20-years-in-afghanistan\/#breadcrumb","itemListElement":[{"@type":"ListItem","position":1,"name":"Home","item":"https:\/\/asianfilmfestival.barcelona\/2021\/ca\/"},{"@type":"ListItem","position":2,"name":"My Childhood, My Country: 20 Years in Afghanistan"}]},{"@type":"WebSite","@id":"https:\/\/asianfilmfestival.barcelona\/2021\/#website","url":"https:\/\/asianfilmfestival.barcelona\/2021\/","name":"Asian Film Festival Barcelona","description":"2017","potentialAction":[{"@type":"SearchAction","target":{"@type":"EntryPoint","urlTemplate":"https:\/\/asianfilmfestival.barcelona\/2021\/?s={search_term_string}"},"query-input":{"@type":"PropertyValueSpecification","valueRequired":true,"valueName":"search_term_string"}}],"inLanguage":"ca"}]}},"_links":{"self":[{"href":"https:\/\/asianfilmfestival.barcelona\/2021\/ca\/wp-json\/wp\/v2\/portfolio\/31275","targetHints":{"allow":["GET"]}}],"collection":[{"href":"https:\/\/asianfilmfestival.barcelona\/2021\/ca\/wp-json\/wp\/v2\/portfolio"}],"about":[{"href":"https:\/\/asianfilmfestival.barcelona\/2021\/ca\/wp-json\/wp\/v2\/types\/portfolio"}],"replies":[{"embeddable":true,"href":"https:\/\/asianfilmfestival.barcelona\/2021\/ca\/wp-json\/wp\/v2\/comments?post=31275"}],"version-history":[{"count":12,"href":"https:\/\/asianfilmfestival.barcelona\/2021\/ca\/wp-json\/wp\/v2\/portfolio\/31275\/revisions"}],"predecessor-version":[{"id":37648,"href":"https:\/\/asianfilmfestival.barcelona\/2021\/ca\/wp-json\/wp\/v2\/portfolio\/31275\/revisions\/37648"}],"wp:featuredmedia":[{"embeddable":true,"href":"https:\/\/asianfilmfestival.barcelona\/2021\/ca\/wp-json\/wp\/v2\/media\/31235"}],"wp:attachment":[{"href":"https:\/\/asianfilmfestival.barcelona\/2021\/ca\/wp-json\/wp\/v2\/media?parent=31275"}],"wp:term":[{"taxonomy":"post_tag","embeddable":true,"href":"https:\/\/asianfilmfestival.barcelona\/2021\/ca\/wp-json\/wp\/v2\/tags?post=31275"},{"taxonomy":"portfolio_entries","embeddable":true,"href":"https:\/\/asianfilmfestival.barcelona\/2021\/ca\/wp-json\/wp\/v2\/portfolio_entries?post=31275"}],"curies":[{"name":"wp","href":"https:\/\/api.w.org\/{rel}","templated":true}]}}