{"id":5917,"date":"2016-10-28T14:03:04","date_gmt":"2016-10-28T12:03:04","guid":{"rendered":"http:\/\/asianfilmfestival.barcelona\/2018\/es\/?page_id=5917"},"modified":"2021-03-08T12:04:29","modified_gmt":"2021-03-08T11:04:29","slug":"jurados-y-premios","status":"publish","type":"page","link":"https:\/\/asianfilmfestival.barcelona\/2020\/es\/jurados-y-premios\/","title":{"rendered":"JURADOS Y PREMIOS 2020"},"content":{"rendered":"<div id='full_slider_1'  class='avia-fullwidth-slider main_color avia-shadow   avia-builder-el-0  el_before_av_textblock  avia-builder-el-first   container_wrap fullsize' style=' '  ><div   data-size='featured'  data-lightbox_size='large'  data-animation='fade'  data-conditional_play=''  data-ids='5842'  data-video_counter='0'  data-autoplay='false'  data-bg_slider='false'  data-slide_height=''  data-handle='av_slideshow_full'  data-interval='5'  data-class=' '  data-el_id=''  data-css_id=''  data-scroll_down=''  data-control_layout='av-control-default'  data-custom_markup=''  data-perma_caption=''  data-autoplay_stopper=''  data-image_attachment=''  data-min_height='0px'  data-lazy_loading='disabled'  data-src=''  data-position='top left'  data-repeat='no-repeat'  data-attach='scroll'  data-stretch=''  data-default-height='28.666666666667'  class='avia-slideshow avia-slideshow-1  av-control-default av-default-height-applied avia-slideshow-featured av_slideshow_full   avia-fade-slider '  itemprop=\"image\" itemscope=\"itemscope\" itemtype=\"https:\/\/schema.org\/ImageObject\" ><ul class='avia-slideshow-inner ' style='padding-bottom: 23.333333333333%;' ><li  class=' av-single-slide slide-1 ' ><div data-rel='slideshow-1' class='avia-slide-wrap '   ><div class = \"caption_fullwidth av-slideshow-caption caption_bottom\"><div class = \"container caption_container\"><div class = \"slideshow_caption\"><div class = \"slideshow_inner_caption\"><div class = \"slideshow_align_caption\"><h2  style='font-size:90px; ' class='avia-caption-title  '  itemprop=\"name\" >Jurados y Premios<\/h2><\/div><\/div><\/div><\/div><\/div><img decoding=\"async\" class=\"wp-image-5843 avia-img-lazy-loading-not-5843\"  src=\"https:\/\/asianfilmfestival.barcelona\/2020\/wp-content\/uploads\/2016\/09\/Banner-JURY-1500x350.jpg\" width=\"1500\" height=\"350\" title='banner-jury' alt=''  itemprop=\"thumbnailUrl\"   \/><\/div><\/li><\/ul><\/div><\/div><div id='after_full_slider_1'  class='main_color av_default_container_wrap container_wrap fullsize' style=' '  ><div class='container' ><div class='template-page content  av-content-full alpha units'><div class='post-entry post-entry-type-page post-entry-5917'><div class='entry-content-wrapper clearfix'>\n<section class=\"av_textblock_section \"  itemscope=\"itemscope\" itemtype=\"https:\/\/schema.org\/CreativeWork\" ><div class='avia_textblock  av_inherit_color '  style='font-size:30px; color:#d32e1b; '  itemprop=\"text\" ><h1 style=\"text-align: center;\">JURADOS Y PREMIOS DEL ASIAN FILM FESTIVAL BARCELONA 2020<\/h1>\n<\/div><\/section>\n<div  style='height:30px' class='hr hr-invisible   avia-builder-el-2  el_after_av_textblock  el_before_av_one_full '><span class='hr-inner ' ><span class='hr-inner-style'><\/span><\/span><\/div>\n<div class='flex_column_table av-equal-height-column-flextable -flextable' ><div class=\"flex_column av_one_full  flex_column_table_cell av-equal-height-column av-align-top av-zero-column-padding first  avia-builder-el-3  el_after_av_hr  el_before_av_one_third  \" style='border-radius:0px; '><section class=\"av_textblock_section \"  itemscope=\"itemscope\" itemtype=\"https:\/\/schema.org\/CreativeWork\" ><div class='avia_textblock  av_inherit_color '  style='font-size:30px; color:#d32e1b; '  itemprop=\"text\" ><h2 style=\"text-align: center;\">Jurado de la Secci\u00f3n Oficial<\/h2>\n<\/div><\/section><br \/>\n<section class=\"av_textblock_section \"  itemscope=\"itemscope\" itemtype=\"https:\/\/schema.org\/CreativeWork\" ><div class='avia_textblock  av_inherit_color '  style='font-size:30px; color:#d32e1b; '  itemprop=\"text\" ><h4 style=\"text-align: center;\"><strong>Llu\u00eds Mi\u00f1arro<\/strong>, <strong>Marta Grau<\/strong>, <strong>\u00c1ngel Sala<\/strong>, <strong>Pierre Gonnord<\/strong> y <strong>Pedro Ballesteros<\/strong><\/h4>\n<\/div><\/section><\/p><\/div><\/div><!--close column table wrapper. Autoclose: 1 -->\n<div class=\"flex_column av_one_third  flex_column_div av-zero-column-padding first  avia-builder-el-6  el_after_av_one_full  el_before_av_one_third  column-top-margin\" style='border-radius:0px; '><section  class='avia-team-member   avia-builder-el-7  avia-builder-el-no-sibling '  itemscope=\"itemscope\" itemtype=\"https:\/\/schema.org\/Person\" ><div class='team-img-container'><img decoding=\"async\" width=\"300\" height=\"300\" class='wp-image-32219 avia-img-lazy-loading-not-32219 avia_image avia_image_team' src=\"https:\/\/asianfilmfestival.barcelona\/2020\/wp-content\/uploads\/2020\/10\/Lluis-Min\u0303arro-300x300.png\" alt='Lluis Mi\u00f1arro '  itemprop=\"image\" srcset=\"https:\/\/asianfilmfestival.barcelona\/2020\/wp-content\/uploads\/2020\/10\/Lluis-Min\u0303arro-300x300.png 300w, https:\/\/asianfilmfestival.barcelona\/2020\/wp-content\/uploads\/2020\/10\/Lluis-Min\u0303arro-80x80.png 80w, https:\/\/asianfilmfestival.barcelona\/2020\/wp-content\/uploads\/2020\/10\/Lluis-Min\u0303arro-36x36.png 36w, https:\/\/asianfilmfestival.barcelona\/2020\/wp-content\/uploads\/2020\/10\/Lluis-Min\u0303arro-180x180.png 180w, https:\/\/asianfilmfestival.barcelona\/2020\/wp-content\/uploads\/2020\/10\/Lluis-Min\u0303arro.png 352w\" sizes=\"(max-width: 300px) 100vw, 300px\" \/><\/div><h3 class='team-member-name'   style='color:#b117f8; '  itemprop=\"name\" >Lluis Mi\u00f1arro <\/h3><div class='team-member-job-title av_opacity_variation'  style='color:#b117f8; '  itemprop=\"jobTitle\" >Productor y Director | Presidente del Jurado<\/div><div class='team-member-description av_inherit_color'  itemprop=\"description\"   style='color:#999999; '><p>Llu\u00eds Mi\u00f1arro es un cineasta y productor barcelon\u00e9s independiente. Ha dirigido Love Me Not (2019), Stella Cadente (2014) y los documentales Blow Horn (2009) y Familystrip (2009). En 1989, funda la productora Eddie Saeta, desde la cual produce m\u00e1s de 40 pel\u00edculas que han obtenido un gran reconocimiento en festivales nacionales e internacionales. Ha sido jurado en los festivales de Locarno, Karlovy Vary, San Sebasti\u00e1n o Buenos Aires. En 2010, recibi\u00f3 el premio Ciudad de Barcelona, y recientemente ha sido galardonado por toda su trayectoria con el premio Pep\u00f3n Coromina 2020 de la Academia del Cine Catal\u00e1n.<\/p>\n<\/div><span class='hidden team-member-affiliation'  itemprop=\"affiliation\" >Asian Film Festival Barcelona<\/span><\/section><\/div>\n<div class=\"flex_column av_one_third  flex_column_div av-zero-column-padding   avia-builder-el-8  el_after_av_one_third  el_before_av_one_third  column-top-margin\" style='border-radius:0px; '><section  class='avia-team-member   avia-builder-el-9  avia-builder-el-no-sibling '  itemscope=\"itemscope\" itemtype=\"https:\/\/schema.org\/Person\" ><div class='team-img-container'><img decoding=\"async\" width=\"300\" height=\"300\" class='wp-image-32222 avia-img-lazy-loading-not-32222 avia_image avia_image_team' src=\"https:\/\/asianfilmfestival.barcelona\/2020\/wp-content\/uploads\/2020\/10\/Marta-Grau-300x300.png\" alt='Marta Grau'  itemprop=\"image\" srcset=\"https:\/\/asianfilmfestival.barcelona\/2020\/wp-content\/uploads\/2020\/10\/Marta-Grau-300x300.png 300w, https:\/\/asianfilmfestival.barcelona\/2020\/wp-content\/uploads\/2020\/10\/Marta-Grau-80x80.png 80w, https:\/\/asianfilmfestival.barcelona\/2020\/wp-content\/uploads\/2020\/10\/Marta-Grau-36x36.png 36w, https:\/\/asianfilmfestival.barcelona\/2020\/wp-content\/uploads\/2020\/10\/Marta-Grau-180x180.png 180w, https:\/\/asianfilmfestival.barcelona\/2020\/wp-content\/uploads\/2020\/10\/Marta-Grau.png 352w\" sizes=\"(max-width: 300px) 100vw, 300px\" \/><\/div><h3 class='team-member-name'   style='color:#b117f8; '  itemprop=\"name\" >Marta Grau<\/h3><div class='team-member-job-title av_opacity_variation'  style='color:#b117f8; '  itemprop=\"jobTitle\" >Guionista<\/div><div class='team-member-description av_inherit_color'  itemprop=\"description\"   style='color:#999999; '><p>Marta Grau es guionista y escritora. Empieza su trayectoria como Coordinadora del Departamento de Contenidos en el Centro de Desarrollo Audiovisual-ICEC (2006-2008). Es autora de los guiones de varios largometrajes y series, entre los que destacan Volveremos (2013, Premio Gold Panda, Premio Gaud\u00ed y ATV), Las del hockey (TVC-Netflix, 2019 -2020, Premio CIMA a la Igualdad), la 3\u00aa temporada de Com si fos ahir (2019-2020) o Can\u00e7\u00f3 per a tu (nominada a los Premios Gaud\u00ed 2020). Escribe ensayo y novela, y tambi\u00e9n da clases de guion en diferentes universidades y escuelas de Barcelona.<\/p>\n<\/div><span class='hidden team-member-affiliation'  itemprop=\"affiliation\" >Asian Film Festival Barcelona<\/span><\/section><\/div>\n<div class=\"flex_column av_one_third  flex_column_div av-zero-column-padding   avia-builder-el-10  el_after_av_one_third  el_before_av_one_third  column-top-margin\" style='border-radius:0px; '><section  class='avia-team-member   avia-builder-el-11  avia-builder-el-no-sibling '  itemscope=\"itemscope\" itemtype=\"https:\/\/schema.org\/Person\" ><div class='team-img-container'><img decoding=\"async\" width=\"300\" height=\"300\" class='wp-image-32216 avia-img-lazy-loading-not-32216 avia_image avia_image_team' src=\"https:\/\/asianfilmfestival.barcelona\/2020\/wp-content\/uploads\/2020\/10\/Angel-Sala-300x300.png\" alt='\u00c1ngel Sala'  itemprop=\"image\" srcset=\"https:\/\/asianfilmfestival.barcelona\/2020\/wp-content\/uploads\/2020\/10\/Angel-Sala-300x300.png 300w, https:\/\/asianfilmfestival.barcelona\/2020\/wp-content\/uploads\/2020\/10\/Angel-Sala-80x80.png 80w, https:\/\/asianfilmfestival.barcelona\/2020\/wp-content\/uploads\/2020\/10\/Angel-Sala-36x36.png 36w, https:\/\/asianfilmfestival.barcelona\/2020\/wp-content\/uploads\/2020\/10\/Angel-Sala-180x180.png 180w, https:\/\/asianfilmfestival.barcelona\/2020\/wp-content\/uploads\/2020\/10\/Angel-Sala.png 352w\" sizes=\"(max-width: 300px) 100vw, 300px\" \/><\/div><h3 class='team-member-name'   style='color:#b117f8; '  itemprop=\"name\" >\u00c1ngel Sala<\/h3><div class='team-member-job-title av_opacity_variation'  style='color:#b117f8; '  itemprop=\"jobTitle\" >Director del Sitges Fantastic International Film Festival<\/div><div class='team-member-description av_inherit_color'  itemprop=\"description\"   style='color:#999999; '><p>\u00c1ngel Sala (Barcelona, 1964) es director, guionista y cr\u00edtico de cine. Dirige el SITGES Festival International de Cine Fant\u00e0stic de Catalunya desde 2001. Adem\u00e1s de colaborar en diferentes revistas y peri\u00f3dicos, como el Peri\u00f3dico de Catalunya o como asesor de programaci\u00f3n cinematogr\u00e1fica en TV3, ha escrito m\u00e1s de treinta libros entre los que cabe destacar los siguientes t\u00edtulos: Cine fant\u00e1stico y de terror alem\u00e1n. 1913-1927 (2005), Universo Lynch (2006), entre otros. No obstante, adem\u00e1s de cr\u00edtico de cine tambi\u00e9n ha sido guionista de pel\u00edculas como Rottweiler (2004), Beneath the Still Waters (2004) y Nunca he estado en Poughkeepsie (2013), que tambi\u00e9n dirigi\u00f3.<\/p>\n<\/div><span class='hidden team-member-affiliation'  itemprop=\"affiliation\" >Asian Film Festival Barcelona<\/span><\/section><\/div>\n<div class=\"flex_column av_one_third  flex_column_div av-zero-column-padding first  avia-builder-el-12  el_after_av_one_third  el_before_av_one_third  column-top-margin\" style='border-radius:0px; '><section  class='avia-team-member   avia-builder-el-13  avia-builder-el-no-sibling '  itemscope=\"itemscope\" itemtype=\"https:\/\/schema.org\/Person\" ><div class='team-img-container'><img decoding=\"async\" width=\"300\" height=\"300\" class='wp-image-32213 avia-img-lazy-loading-not-32213 avia_image avia_image_team' src=\"https:\/\/asianfilmfestival.barcelona\/2020\/wp-content\/uploads\/2020\/10\/Pierre-Gonnord-300x300.png\" alt='Pierre Gonnord '  itemprop=\"image\" srcset=\"https:\/\/asianfilmfestival.barcelona\/2020\/wp-content\/uploads\/2020\/10\/Pierre-Gonnord-300x300.png 300w, https:\/\/asianfilmfestival.barcelona\/2020\/wp-content\/uploads\/2020\/10\/Pierre-Gonnord-80x80.png 80w, https:\/\/asianfilmfestival.barcelona\/2020\/wp-content\/uploads\/2020\/10\/Pierre-Gonnord-36x36.png 36w, https:\/\/asianfilmfestival.barcelona\/2020\/wp-content\/uploads\/2020\/10\/Pierre-Gonnord-180x180.png 180w, https:\/\/asianfilmfestival.barcelona\/2020\/wp-content\/uploads\/2020\/10\/Pierre-Gonnord.png 352w\" sizes=\"(max-width: 300px) 100vw, 300px\" \/><\/div><h3 class='team-member-name'   style='color:#b117f8; '  itemprop=\"name\" >Pierre Gonnord <\/h3><div class='team-member-job-title av_opacity_variation'  style='color:#b117f8; '  itemprop=\"jobTitle\" >Fot\u00f3grafo<\/div><div class='team-member-description av_inherit_color'  itemprop=\"description\"   style='color:#999999; '><p>Pierre Gonnord (1963, Francia) es un fot\u00f3grafo conocido internacionalmente que reside en Madrid desde 1988. Desarrolla su obra en el entorno de personas con fuerte identidad colectiva y presencia individual, generalmente amenazadas por la globalizaci\u00f3n y el paso del tiempo. La visibilidad y la memoria de los rostros es una componente constante en su trabajo. Ha recibido el Premio de la Cultura de la Comunidad de Madrid, el Premio Internacional de Fotograf\u00eda Ciudad de Alcobendas en su IV edici\u00f3n. Entre sus principales exposiciones destacan: La sangre no es agua La Arquer\u00eda\/Nuevos Ministerios, Madrid (2019\/20), Doce fot\u00f3grafos en el Museo del Prado, Madrid (2018), entre otras. Ha participado en eventos art\u00edsticos internacionales, como les Rencontres d\u2019Arles y la Biennale di Venezzia, tambi\u00e9n en exposiciones colectivas institucionales como el Museo del Prado (Madrid).<\/p>\n<\/div><span class='hidden team-member-affiliation'  itemprop=\"affiliation\" >Asian Film Festival Barcelona<\/span><\/section><\/div>\n<div class=\"flex_column av_one_third  flex_column_div av-zero-column-padding   avia-builder-el-14  el_after_av_one_third  el_before_av_one_full  column-top-margin\" style='border-radius:0px; '><section  class='avia-team-member   avia-builder-el-15  avia-builder-el-no-sibling '  itemscope=\"itemscope\" itemtype=\"https:\/\/schema.org\/Person\" ><div class='team-img-container'><img decoding=\"async\" width=\"300\" height=\"300\" class='wp-image-32210 avia-img-lazy-loading-not-32210 avia_image avia_image_team' src=\"https:\/\/asianfilmfestival.barcelona\/2020\/wp-content\/uploads\/2020\/10\/Pedro-ballesteros-300x300.png\" alt='Pedro Ballesteros '  itemprop=\"image\" srcset=\"https:\/\/asianfilmfestival.barcelona\/2020\/wp-content\/uploads\/2020\/10\/Pedro-ballesteros-300x300.png 300w, https:\/\/asianfilmfestival.barcelona\/2020\/wp-content\/uploads\/2020\/10\/Pedro-ballesteros-80x80.png 80w, https:\/\/asianfilmfestival.barcelona\/2020\/wp-content\/uploads\/2020\/10\/Pedro-ballesteros-36x36.png 36w, https:\/\/asianfilmfestival.barcelona\/2020\/wp-content\/uploads\/2020\/10\/Pedro-ballesteros-180x180.png 180w, https:\/\/asianfilmfestival.barcelona\/2020\/wp-content\/uploads\/2020\/10\/Pedro-ballesteros.png 352w\" sizes=\"(max-width: 300px) 100vw, 300px\" \/><\/div><h3 class='team-member-name'   style='color:#b117f8; '  itemprop=\"name\" >Pedro Ballesteros <\/h3><div class='team-member-job-title av_opacity_variation'  style='color:#b117f8; '  itemprop=\"jobTitle\" >Cineasta <\/div><div class='team-member-description av_inherit_color'  itemprop=\"description\"   style='color:#999999; '><p>Pedro Ballesteros dirige y realiza documentales para cine y televisi\u00f3n desde hace 30 a\u00f1os. En sus comienzos destac\u00f3 como \u201cvideocreador\u201d, obteniendo numerosos premios en festivales como el Chicago Internacional Film Festival, el Locarno Videoart Festival o el Tokio Video Festival. Su \u00faltimo trabajo es \u00bfPuedes o\u00edrme? un retrato espectacular del escultor catal\u00e1n Jaume Plensa que ha ganado el premio del p\u00fablico en la \u00faltima edici\u00f3n del Docs Barcelona. Es licenciado en Ciencias de la Informaci\u00f3n por la Universidad Aut\u00f3noma de Barcelona.<\/p>\n<\/div><span class='hidden team-member-affiliation'  itemprop=\"affiliation\" >Asian Film Festival Barcelona<\/span><\/section><\/div>\n<div class=\"flex_column av_one_full  flex_column_div av-zero-column-padding first  avia-builder-el-16  el_after_av_one_third  el_before_av_one_third  column-top-margin\" style='border-radius:0px; '><p><div  style=' margin-top:30px; margin-bottom:30px;'  class='hr hr-custom hr-center hr-icon-no   avia-builder-el-17  el_before_av_textblock  avia-builder-el-first '><span class='hr-inner  inner-border-av-border-thin' style=' width:100%; border-color:#4f4f4f;' ><span class='hr-inner-style'><\/span><\/span><\/div><br \/>\n<section class=\"av_textblock_section \"  itemscope=\"itemscope\" itemtype=\"https:\/\/schema.org\/CreativeWork\" ><div class='avia_textblock  av_inherit_color '  style='font-size:30px; color:#d32e1b; '  itemprop=\"text\" ><h2 style=\"text-align: center;\">Jurado de la Secci\u00f3n Oficial Panorama<\/h2>\n<\/div><\/section><br \/>\n<section class=\"av_textblock_section \"  itemscope=\"itemscope\" itemtype=\"https:\/\/schema.org\/CreativeWork\" ><div class='avia_textblock  av_inherit_color '  style='font-size:30px; color:#d32e1b; '  itemprop=\"text\" ><h4 style=\"text-align: center;\"><strong>Cloe Masotta<\/strong>, <strong>Andr\u00e9s Duque<\/strong>, <strong>Mireia Iniesta<\/strong>,<\/h4>\n<h4 style=\"text-align: center;\"><strong>Adri\u00e1n Silvestre<\/strong> y <strong>Lucas Santos<\/strong><\/h4>\n<\/div><\/section><\/p><\/div>\n<div class=\"flex_column av_one_third  flex_column_div av-zero-column-padding first  avia-builder-el-20  el_after_av_one_full  el_before_av_one_third  column-top-margin\" style='border-radius:0px; '><section  class='avia-team-member   avia-builder-el-21  avia-builder-el-no-sibling '  itemscope=\"itemscope\" itemtype=\"https:\/\/schema.org\/Person\" ><div class='team-img-container'><img decoding=\"async\" width=\"300\" height=\"300\" class='wp-image-32204 avia-img-lazy-loading-not-32204 avia_image avia_image_team' src=\"https:\/\/asianfilmfestival.barcelona\/2020\/wp-content\/uploads\/2020\/10\/Cloe-Masotta-300x300.png\" alt='Cloe Masotta'  itemprop=\"image\" srcset=\"https:\/\/asianfilmfestival.barcelona\/2020\/wp-content\/uploads\/2020\/10\/Cloe-Masotta-300x300.png 300w, https:\/\/asianfilmfestival.barcelona\/2020\/wp-content\/uploads\/2020\/10\/Cloe-Masotta-80x80.png 80w, https:\/\/asianfilmfestival.barcelona\/2020\/wp-content\/uploads\/2020\/10\/Cloe-Masotta-36x36.png 36w, https:\/\/asianfilmfestival.barcelona\/2020\/wp-content\/uploads\/2020\/10\/Cloe-Masotta-180x180.png 180w, https:\/\/asianfilmfestival.barcelona\/2020\/wp-content\/uploads\/2020\/10\/Cloe-Masotta.png 352w\" sizes=\"(max-width: 300px) 100vw, 300px\" \/><\/div><h3 class='team-member-name'   style='color:#b117f8; '  itemprop=\"name\" >Cloe Masotta<\/h3><div class='team-member-job-title av_opacity_variation'  style='color:#b117f8; '  itemprop=\"jobTitle\" >Docente y Cr\u00edtica de cinema | Presidenta del Jurado<\/div><div class='team-member-description av_inherit_color'  itemprop=\"description\"   style='color:#999999; '><p>Cloe Masotta (1977) es doctora en comunicaci\u00f3n, docente y cr\u00edtica de cine y arte contempor\u00e1neo. Como miembro de la ACCEC (Asociaci\u00f3n Catalana de la Escritura y la Cr\u00edtica Cinematogr\u00e1fica) ha sido Jurado de la Cr\u00edtica en varios festivales como el D\u2019A Film Festival, el LPA Film Canarias o L\u2019Alternativa, y Jurado FIPRESCI del Festival Internacional de Cine de Animaci\u00f3n de Annecy. Recientemente ha publicado el libro Cuerpos exquisitos. Identidades y deseo en el Arxiu Xc\u00e8ntric (colecci\u00f3n Breus, CCCB).<\/p>\n<\/div><span class='hidden team-member-affiliation'  itemprop=\"affiliation\" >Asian Film Festival Barcelona<\/span><\/section><\/div>\n<div class=\"flex_column av_one_third  flex_column_div av-zero-column-padding   avia-builder-el-22  el_after_av_one_third  el_before_av_one_third  column-top-margin\" style='border-radius:0px; '><section  class='avia-team-member   avia-builder-el-23  avia-builder-el-no-sibling '  itemscope=\"itemscope\" itemtype=\"https:\/\/schema.org\/Person\" ><div class='team-img-container'><img decoding=\"async\" width=\"300\" height=\"300\" class='wp-image-32201 avia-img-lazy-loading-not-32201 avia_image avia_image_team' src=\"https:\/\/asianfilmfestival.barcelona\/2020\/wp-content\/uploads\/2020\/10\/Andre\u0301s-Duque-300x300.png\" alt='Andr\u00e9s Duque '  itemprop=\"image\" srcset=\"https:\/\/asianfilmfestival.barcelona\/2020\/wp-content\/uploads\/2020\/10\/Andre\u0301s-Duque-300x300.png 300w, https:\/\/asianfilmfestival.barcelona\/2020\/wp-content\/uploads\/2020\/10\/Andre\u0301s-Duque-80x80.png 80w, https:\/\/asianfilmfestival.barcelona\/2020\/wp-content\/uploads\/2020\/10\/Andre\u0301s-Duque-36x36.png 36w, https:\/\/asianfilmfestival.barcelona\/2020\/wp-content\/uploads\/2020\/10\/Andre\u0301s-Duque-180x180.png 180w, https:\/\/asianfilmfestival.barcelona\/2020\/wp-content\/uploads\/2020\/10\/Andre\u0301s-Duque.png 352w\" sizes=\"(max-width: 300px) 100vw, 300px\" \/><\/div><h3 class='team-member-name'   style='color:#b117f8; '  itemprop=\"name\" >Andr\u00e9s Duque <\/h3><div class='team-member-job-title av_opacity_variation'  style='color:#b117f8; '  itemprop=\"jobTitle\" >Cineasta <\/div><div class='team-member-description av_inherit_color'  itemprop=\"description\"   style='color:#999999; '><p>Andr\u00e9s Duque es un cineasta espa\u00f1ol nacido en Venezuela. Su trabajo se sit\u00faa en la periferia de la no-ficci\u00f3n espa\u00f1ola con un fuerte car\u00e1cter documental y ensay\u00edstico. Su primera pel\u00edcula, Ivan Z, es un retrato del cineasta de culto Iv\u00e1n Zulueta. Sus obras han obtenido numerosos premios y reconocimientos en festivales de cine de todo el mundo y han sido exhibidas en centros culturales como el Museo Nacional Centro de Arte Reina Sof\u00eda (MNCARS). En 2018, inicia un proyecto en dos partes sobre Carelia, un territorio repartido entre Rusia y Finlandia. Actualmente se encuentra preparando la segunda parte.<\/p>\n<\/div><span class='hidden team-member-affiliation'  itemprop=\"affiliation\" >Asian Film Festival Barcelona<\/span><\/section><\/div>\n<div class=\"flex_column av_one_third  flex_column_div av-zero-column-padding   avia-builder-el-24  el_after_av_one_third  el_before_av_one_third  column-top-margin\" style='border-radius:0px; '><section  class='avia-team-member   avia-builder-el-25  avia-builder-el-no-sibling '  itemscope=\"itemscope\" itemtype=\"https:\/\/schema.org\/Person\" ><div class='team-img-container'><img decoding=\"async\" width=\"300\" height=\"300\" class='wp-image-32207 avia-img-lazy-loading-not-32207 avia_image avia_image_team' src=\"https:\/\/asianfilmfestival.barcelona\/2020\/wp-content\/uploads\/2020\/10\/Mireia-Iniesta-300x300.png\" alt='Mireia Iniesta'  itemprop=\"image\" srcset=\"https:\/\/asianfilmfestival.barcelona\/2020\/wp-content\/uploads\/2020\/10\/Mireia-Iniesta-300x300.png 300w, https:\/\/asianfilmfestival.barcelona\/2020\/wp-content\/uploads\/2020\/10\/Mireia-Iniesta-80x80.png 80w, https:\/\/asianfilmfestival.barcelona\/2020\/wp-content\/uploads\/2020\/10\/Mireia-Iniesta-36x36.png 36w, https:\/\/asianfilmfestival.barcelona\/2020\/wp-content\/uploads\/2020\/10\/Mireia-Iniesta-180x180.png 180w, https:\/\/asianfilmfestival.barcelona\/2020\/wp-content\/uploads\/2020\/10\/Mireia-Iniesta.png 352w\" sizes=\"(max-width: 300px) 100vw, 300px\" \/><\/div><h3 class='team-member-name'   style='color:#b117f8; '  itemprop=\"name\" >Mireia Iniesta<\/h3><div class='team-member-job-title av_opacity_variation'  style='color:#b117f8; '  itemprop=\"jobTitle\" >Actriz, Programadora y Docente<\/div><div class='team-member-description av_inherit_color'  itemprop=\"description\"   style='color:#999999; '><p>Mireia Iniesta es licenciada en Filolog\u00eda Rom\u00e1nica y Filolog\u00eda Italiana por la Universidad de Barcelona. Obtuvo un M\u00e1ster en Cine y Audiovisuales Contempor\u00e1neos por la UPF. Es programadora de los cineclubes Treinta y nueve escalones y La linterna m\u00e1gica. Adem\u00e1s, de ser la responsable de programaci\u00f3n del Craft Film Festival de Barcelona. Es miembro y vocal de la junta de la Federaci\u00f3n Catalana de Cineclubes y colaboradora con Cinergia, El Destilador Cultural, Shangrila y Solaris. Profesora de g\u00e9nero y cine en la escuela Educa tu Mirada ubicada en Barcelona. Actriz en La Academia de las Musas de Jos\u00e9 Luis Guerin y en el cortometraje Aniversari de Judith Collel.<\/p>\n<\/div><span class='hidden team-member-affiliation'  itemprop=\"affiliation\" >Asian Film Festival Barcelona<\/span><\/section><\/div>\n<div class=\"flex_column av_one_third  flex_column_div av-zero-column-padding first  avia-builder-el-26  el_after_av_one_third  el_before_av_one_third  column-top-margin\" style='border-radius:0px; '><section  class='avia-team-member   avia-builder-el-27  avia-builder-el-no-sibling '  itemscope=\"itemscope\" itemtype=\"https:\/\/schema.org\/Person\" ><div class='team-img-container'><img decoding=\"async\" width=\"300\" height=\"300\" class='wp-image-32195 avia-img-lazy-loading-not-32195 avia_image avia_image_team' src=\"https:\/\/asianfilmfestival.barcelona\/2020\/wp-content\/uploads\/2020\/10\/Adrian-Silvestre-300x300.png\" alt='Adri\u00e1n Silvestre '  itemprop=\"image\" srcset=\"https:\/\/asianfilmfestival.barcelona\/2020\/wp-content\/uploads\/2020\/10\/Adrian-Silvestre-300x300.png 300w, https:\/\/asianfilmfestival.barcelona\/2020\/wp-content\/uploads\/2020\/10\/Adrian-Silvestre-80x80.png 80w, https:\/\/asianfilmfestival.barcelona\/2020\/wp-content\/uploads\/2020\/10\/Adrian-Silvestre-36x36.png 36w, https:\/\/asianfilmfestival.barcelona\/2020\/wp-content\/uploads\/2020\/10\/Adrian-Silvestre-180x180.png 180w, https:\/\/asianfilmfestival.barcelona\/2020\/wp-content\/uploads\/2020\/10\/Adrian-Silvestre.png 352w\" sizes=\"(max-width: 300px) 100vw, 300px\" \/><\/div><h3 class='team-member-name'   style='color:#b117f8; '  itemprop=\"name\" >Adri\u00e1n Silvestre <\/h3><div class='team-member-job-title av_opacity_variation'  style='color:#b117f8; '  itemprop=\"jobTitle\" >Cineasta <\/div><div class='team-member-description av_inherit_color'  itemprop=\"description\"   style='color:#999999; '><p>Adri\u00e1n Silvestre (Valencia, 1981) director de cine Licenciado en Comunicaci\u00f3n Audiovisual por la UCM, Graduado en Direcci\u00f3n de cine por la ECAM y con un M\u00e1ster de Historia del Arte Contempor\u00e1neo y Cultura Visual en el Museo Nacional Centro de Arte Reina Sof\u00eda (MNCARS). Tambi\u00e9n ha estudiado en la EICTV (Cuba), y ha sido becario de la Real Academia de Espa\u00f1a en Roma y de la Academia de Francia. Los Objetos Amorosos, su \u00f3pera prima, recibi\u00f3 numerosos premios internacionales como el FIPRESCI (SEFF 2016, Sevilla). Actualmente est\u00e1 finalizando Sedimentos, su segundo largometraje.<\/p>\n<\/div><span class='hidden team-member-affiliation'  itemprop=\"affiliation\" >Asian Film Festival Barcelona<\/span><\/section><\/div>\n<div class=\"flex_column av_one_third  flex_column_div av-zero-column-padding   avia-builder-el-28  el_after_av_one_third  el_before_av_one_full  column-top-margin\" style='border-radius:0px; '><section  class='avia-team-member   avia-builder-el-29  avia-builder-el-no-sibling '  itemscope=\"itemscope\" itemtype=\"https:\/\/schema.org\/Person\" ><div class='team-img-container'><img decoding=\"async\" width=\"300\" height=\"300\" class='wp-image-32198 avia-img-lazy-loading-not-32198 avia_image avia_image_team' src=\"https:\/\/asianfilmfestival.barcelona\/2020\/wp-content\/uploads\/2020\/10\/Lucas-santos-300x300.png\" alt='Lucas Santos '  itemprop=\"image\" srcset=\"https:\/\/asianfilmfestival.barcelona\/2020\/wp-content\/uploads\/2020\/10\/Lucas-santos-300x300.png 300w, https:\/\/asianfilmfestival.barcelona\/2020\/wp-content\/uploads\/2020\/10\/Lucas-santos-80x80.png 80w, https:\/\/asianfilmfestival.barcelona\/2020\/wp-content\/uploads\/2020\/10\/Lucas-santos-36x36.png 36w, https:\/\/asianfilmfestival.barcelona\/2020\/wp-content\/uploads\/2020\/10\/Lucas-santos-180x180.png 180w, https:\/\/asianfilmfestival.barcelona\/2020\/wp-content\/uploads\/2020\/10\/Lucas-santos.png 352w\" sizes=\"(max-width: 300px) 100vw, 300px\" \/><\/div><h3 class='team-member-name'   style='color:#b117f8; '  itemprop=\"name\" >Lucas Santos <\/h3><div class='team-member-job-title av_opacity_variation'  style='color:#b117f8; '  itemprop=\"jobTitle\" >Cr\u00edtico de cine <\/div><div class='team-member-description av_inherit_color'  itemprop=\"description\"   style='color:#999999; '><p>Lucas Santos (Barcelona, 1978) se licenci\u00f3 en periodismo por la Universidad Aut\u00f3noma de Barcelona. Despu\u00e9s de escribir en el semanario Adelante, Diario 16 y en otras publicaciones, se incorpor\u00f3 en el sector de los gabinetes de comunicaci\u00f3n. Desde 2014, redacta el blog sobre cine Asa Nisi Masa. Previamente, colabor\u00f3 en el programa \"S de s\u00e1bado\" (Radio Uni\u00f3n Catalu\u00f1a) comentando la actualidad cinematogr\u00e1fica y espor\u00e1dicamente ha continuado escribiendo sobre cine en su columna semanal para el diario A fons Vall\u00e8s. Lo mismo ha hecho con estrenos y otros acontecimientos para Sigue leyendo. Actualmente, colabora con la revista Transit y es miembro de la Asociaci\u00f3n Catalana de la Cr\u00edtica y la Escritura Cinematogr\u00e1fica.<\/p>\n<\/div><span class='hidden team-member-affiliation'  itemprop=\"affiliation\" >Asian Film Festival Barcelona<\/span><\/section><\/div>\n<div class=\"flex_column av_one_full  flex_column_div av-zero-column-padding first  avia-builder-el-30  el_after_av_one_third  el_before_av_one_third  column-top-margin\" style='border-radius:0px; '><p><div  style=' margin-top:30px; margin-bottom:30px;'  class='hr hr-custom hr-center hr-icon-no   avia-builder-el-31  el_before_av_textblock  avia-builder-el-first '><span class='hr-inner  inner-border-av-border-thin' style=' width:100%; border-color:#4f4f4f;' ><span class='hr-inner-style'><\/span><\/span><\/div><br \/>\n<section class=\"av_textblock_section \"  itemscope=\"itemscope\" itemtype=\"https:\/\/schema.org\/CreativeWork\" ><div class='avia_textblock  av_inherit_color '  style='font-size:30px; color:#d32e1b; '  itemprop=\"text\" ><h2 style=\"text-align: center;\">Jurado de la Secci\u00f3n Discoveries<\/h2>\n<\/div><\/section><br \/>\n<section class=\"av_textblock_section \"  itemscope=\"itemscope\" itemtype=\"https:\/\/schema.org\/CreativeWork\" ><div class='avia_textblock  av_inherit_color '  style='font-size:30px; color:#d32e1b; '  itemprop=\"text\" ><h4 style=\"text-align: center;\"><strong>Alexis Racionero<\/strong>, <strong>\u00c9lodie Mellado<\/strong>, <strong>\u00c1lvaro de Luna<\/strong>, <strong>Jeffrey Frigula<\/strong> y <strong>Shaghayegh Norouzi<\/strong><\/h4>\n<\/div><\/section><\/p><\/div>\n<div class=\"flex_column av_one_third  flex_column_div av-zero-column-padding first  avia-builder-el-34  el_after_av_one_full  el_before_av_one_third  column-top-margin\" style='border-radius:0px; '><section  class='avia-team-member   avia-builder-el-35  avia-builder-el-no-sibling '  itemscope=\"itemscope\" itemtype=\"https:\/\/schema.org\/Person\" ><div class='team-img-container'><img decoding=\"async\" width=\"300\" height=\"300\" class='wp-image-32185 avia-img-lazy-loading-not-32185 avia_image avia_image_team' src=\"https:\/\/asianfilmfestival.barcelona\/2020\/wp-content\/uploads\/2020\/10\/Alexis-Racionero-300x300.png\" alt='Alexis Racionero Ragu\u00e9'  itemprop=\"image\" srcset=\"https:\/\/asianfilmfestival.barcelona\/2020\/wp-content\/uploads\/2020\/10\/Alexis-Racionero-300x300.png 300w, https:\/\/asianfilmfestival.barcelona\/2020\/wp-content\/uploads\/2020\/10\/Alexis-Racionero-80x80.png 80w, https:\/\/asianfilmfestival.barcelona\/2020\/wp-content\/uploads\/2020\/10\/Alexis-Racionero-36x36.png 36w, https:\/\/asianfilmfestival.barcelona\/2020\/wp-content\/uploads\/2020\/10\/Alexis-Racionero-180x180.png 180w, https:\/\/asianfilmfestival.barcelona\/2020\/wp-content\/uploads\/2020\/10\/Alexis-Racionero.png 352w\" sizes=\"(max-width: 300px) 100vw, 300px\" \/><\/div><h3 class='team-member-name'   style='color:#b117f8; '  itemprop=\"name\" >Alexis Racionero Ragu\u00e9<\/h3><div class='team-member-job-title av_opacity_variation'  style='color:#b117f8; '  itemprop=\"jobTitle\" >Escritor y cineasta | Presidente del Jurado<\/div><div class='team-member-description av_inherit_color'  itemprop=\"description\"   style='color:#999999; '><p>Alexis Racionero Ragu\u00e9 es doctor en historia del arte y licenciado en geograf\u00eda e historia. Ha impartido clases de cine durante m\u00e1s de una d\u00e9cada en la ESCAC y ha rodado Rubbersoul, El viaje hippie a la India y Railway to Heaven, dos documentales de \u00e9xito. Especialista en filosof\u00eda oriental y contracultura. Entre los libros que ha publicado destacan California dreaming (Niberta), El ansia de vagar (RBA) o Darshan, filosof\u00eda oriental para la vida cotidiana (Kair\u00f3s). Colabora en los siguientes medios: Rac1, Cat Radio, National Geographic y la Vanguardia. Desde Wakenpath imparte cursos intensivos sobre storytelling, liderazgo y prop\u00f3sito vital.<\/p>\n<\/div><span class='hidden team-member-affiliation'  itemprop=\"affiliation\" >Asian Film Festival Barcelona<\/span><\/section><\/div>\n<div class=\"flex_column av_one_third  flex_column_div av-zero-column-padding   avia-builder-el-36  el_after_av_one_third  el_before_av_one_third  column-top-margin\" style='border-radius:0px; '><section  class='avia-team-member   avia-builder-el-37  avia-builder-el-no-sibling '  itemscope=\"itemscope\" itemtype=\"https:\/\/schema.org\/Person\" ><div class='team-img-container'><img decoding=\"async\" width=\"300\" height=\"300\" class='wp-image-32191 avia-img-lazy-loading-not-32191 avia_image avia_image_team' src=\"https:\/\/asianfilmfestival.barcelona\/2020\/wp-content\/uploads\/2020\/10\/Elodie-Mellado-300x300.png\" alt='\u00c9lodie Mellado'  itemprop=\"image\" srcset=\"https:\/\/asianfilmfestival.barcelona\/2020\/wp-content\/uploads\/2020\/10\/Elodie-Mellado-300x300.png 300w, https:\/\/asianfilmfestival.barcelona\/2020\/wp-content\/uploads\/2020\/10\/Elodie-Mellado-80x80.png 80w, https:\/\/asianfilmfestival.barcelona\/2020\/wp-content\/uploads\/2020\/10\/Elodie-Mellado-36x36.png 36w, https:\/\/asianfilmfestival.barcelona\/2020\/wp-content\/uploads\/2020\/10\/Elodie-Mellado-180x180.png 180w, https:\/\/asianfilmfestival.barcelona\/2020\/wp-content\/uploads\/2020\/10\/Elodie-Mellado.png 352w\" sizes=\"(max-width: 300px) 100vw, 300px\" \/><\/div><h3 class='team-member-name'   style='color:#b117f8; '  itemprop=\"name\" >\u00c9lodie Mellado<\/h3><div class='team-member-job-title av_opacity_variation'  style='color:#b117f8; '  itemprop=\"jobTitle\" >Editora de contenidos (FILMIN)<\/div><div class='team-member-description av_inherit_color'  itemprop=\"description\"   style='color:#999999; '><p>\u00c9lodie Mellado es editora de contenidos para Filmin desde 2012 y programadora del Festival REC de Tarragona. Se gradu\u00f3 en Comunicaci\u00f3n Audiovisual por la Universidad Rovira i Virgili y profesionalmente desde el principio se ha dedicado al sector cinematogr\u00e1fico.<\/p>\n<\/div><span class='hidden team-member-affiliation'  itemprop=\"affiliation\" >Asian Film Festival Barcelona<\/span><\/section><\/div>\n<div class=\"flex_column av_one_third  flex_column_div av-zero-column-padding   avia-builder-el-38  el_after_av_one_third  el_before_av_one_third  column-top-margin\" style='border-radius:0px; '><section  class='avia-team-member   avia-builder-el-39  avia-builder-el-no-sibling '  itemscope=\"itemscope\" itemtype=\"https:\/\/schema.org\/Person\" ><div class='team-img-container'><img decoding=\"async\" width=\"300\" height=\"300\" class='wp-image-32188 avia-img-lazy-loading-not-32188 avia_image avia_image_team' src=\"https:\/\/asianfilmfestival.barcelona\/2020\/wp-content\/uploads\/2020\/10\/Alvaro-de-Luna-300x300.png\" alt='\u00c1lvaro de Luna '  itemprop=\"image\" srcset=\"https:\/\/asianfilmfestival.barcelona\/2020\/wp-content\/uploads\/2020\/10\/Alvaro-de-Luna-300x300.png 300w, https:\/\/asianfilmfestival.barcelona\/2020\/wp-content\/uploads\/2020\/10\/Alvaro-de-Luna-80x80.png 80w, https:\/\/asianfilmfestival.barcelona\/2020\/wp-content\/uploads\/2020\/10\/Alvaro-de-Luna-36x36.png 36w, https:\/\/asianfilmfestival.barcelona\/2020\/wp-content\/uploads\/2020\/10\/Alvaro-de-Luna-180x180.png 180w, https:\/\/asianfilmfestival.barcelona\/2020\/wp-content\/uploads\/2020\/10\/Alvaro-de-Luna.png 352w\" sizes=\"(max-width: 300px) 100vw, 300px\" \/><\/div><h3 class='team-member-name'   style='color:#b117f8; '  itemprop=\"name\" >\u00c1lvaro de Luna <\/h3><div class='team-member-job-title av_opacity_variation'  style='color:#b117f8; '  itemprop=\"jobTitle\" >Cr\u00edtico de cine <\/div><div class='team-member-description av_inherit_color'  itemprop=\"description\"   style='color:#999999; '><p>\u00c1lvaro de Luna (1991) se gradu\u00f3 en filosof\u00eda y en cr\u00edtica cinematogr\u00e1fica y se dedica a la cr\u00edtica. Ha sido miembro del jurado del Festival de cine europeo de Sevilla (SEFF 2014) en la secci\u00f3n Las Nuevas Olas. Asimismo, particip\u00f3 como colaborador en el SEFF (2015-2018) y desde entonces se encarga de la cobertura de prensa anual de festivales como Zinemaldia, Seminci, M\u00e1laga, Filmadrid, entre otros. Actualmente presenta las pel\u00edculas para Youfeelm y colabora con La gran evasi\u00f3n de Radi\u00f3polis.<\/p>\n<\/div><span class='hidden team-member-affiliation'  itemprop=\"affiliation\" >Asian Film Festival Barcelona<\/span><\/section><\/div>\n<div class=\"flex_column av_one_third  flex_column_div av-zero-column-padding first  avia-builder-el-40  el_after_av_one_third  el_before_av_one_third  column-top-margin\" style='border-radius:0px; '><section  class='avia-team-member   avia-builder-el-41  avia-builder-el-no-sibling '  itemscope=\"itemscope\" itemtype=\"https:\/\/schema.org\/Person\" ><div class='team-img-container'><img decoding=\"async\" width=\"300\" height=\"300\" class='wp-image-32179 avia-img-lazy-loading-not-32179 avia_image avia_image_team' src=\"https:\/\/asianfilmfestival.barcelona\/2020\/wp-content\/uploads\/2020\/10\/Jeffrey-Frigula-300x300.png\" alt='Jeffrey Frigula'  itemprop=\"image\" srcset=\"https:\/\/asianfilmfestival.barcelona\/2020\/wp-content\/uploads\/2020\/10\/Jeffrey-Frigula-300x300.png 300w, https:\/\/asianfilmfestival.barcelona\/2020\/wp-content\/uploads\/2020\/10\/Jeffrey-Frigula-80x80.png 80w, https:\/\/asianfilmfestival.barcelona\/2020\/wp-content\/uploads\/2020\/10\/Jeffrey-Frigula-36x36.png 36w, https:\/\/asianfilmfestival.barcelona\/2020\/wp-content\/uploads\/2020\/10\/Jeffrey-Frigula-180x180.png 180w, https:\/\/asianfilmfestival.barcelona\/2020\/wp-content\/uploads\/2020\/10\/Jeffrey-Frigula.png 352w\" sizes=\"(max-width: 300px) 100vw, 300px\" \/><\/div><h3 class='team-member-name'   style='color:#b117f8; '  itemprop=\"name\" >Jeffrey Frigula<\/h3><div class='team-member-job-title av_opacity_variation'  style='color:#b117f8; '  itemprop=\"jobTitle\" >Director y Guionista <\/div><div class='team-member-description av_inherit_color'  itemprop=\"description\"   style='color:#999999; '><p>Jeffrey Frigula es director y guionista. Se gradu\u00f3 en 2008 en la ESCAC con Distopia (2008), un cortometraje que fue seleccionado en los festivales de San Sebasti\u00e1n o Cannes Film Market. Adem\u00e1s, form\u00f3 parte del cat\u00e1logo Shortcat del an\u0303o 2012. Despu\u00e9s de su debut, inici\u00f3 su carrera como director\/realizador de videoclips para grupos como Kokoshca o La Bien Querida. Posteriormente, su carrera se ha centrado en la especialidad de guion. Entre sus \u00faltimos proyectos, cabe destacar la serie de ficci\u00f3n Monkey Express para Movistar+ series y la codirecci\u00f3n del largometraje Shanghai brillaba entre l\u00edneas que iniciar\u00e1 circuito de festivales en 2021. Entre sus \u00faltimos proyectos cabe destacar, Para llevar, es un documental de ficci\u00f3n que se encuentra actualmente en desarrollo.<\/p>\n<\/div><span class='hidden team-member-affiliation'  itemprop=\"affiliation\" >Asian Film Festival Barcelona<\/span><\/section><\/div>\n<div class=\"flex_column av_one_third  flex_column_div av-zero-column-padding   avia-builder-el-42  el_after_av_one_third  el_before_av_one_full  column-top-margin\" style='border-radius:0px; '><section  class='avia-team-member   avia-builder-el-43  avia-builder-el-no-sibling '  itemscope=\"itemscope\" itemtype=\"https:\/\/schema.org\/Person\" ><div class='team-img-container'><img decoding=\"async\" width=\"300\" height=\"300\" class='wp-image-32182 avia-img-lazy-loading-not-32182 avia_image avia_image_team' src=\"https:\/\/asianfilmfestival.barcelona\/2020\/wp-content\/uploads\/2020\/10\/Shaghayegh-Norouzi-300x300.png\" alt='Shaghayegh Norouzi '  itemprop=\"image\" srcset=\"https:\/\/asianfilmfestival.barcelona\/2020\/wp-content\/uploads\/2020\/10\/Shaghayegh-Norouzi-300x300.png 300w, https:\/\/asianfilmfestival.barcelona\/2020\/wp-content\/uploads\/2020\/10\/Shaghayegh-Norouzi-80x80.png 80w, https:\/\/asianfilmfestival.barcelona\/2020\/wp-content\/uploads\/2020\/10\/Shaghayegh-Norouzi-36x36.png 36w, https:\/\/asianfilmfestival.barcelona\/2020\/wp-content\/uploads\/2020\/10\/Shaghayegh-Norouzi-180x180.png 180w, https:\/\/asianfilmfestival.barcelona\/2020\/wp-content\/uploads\/2020\/10\/Shaghayegh-Norouzi.png 352w\" sizes=\"(max-width: 300px) 100vw, 300px\" \/><\/div><h3 class='team-member-name'   style='color:#b117f8; '  itemprop=\"name\" >Shaghayegh Norouzi <\/h3><div class='team-member-job-title av_opacity_variation'  style='color:#b117f8; '  itemprop=\"jobTitle\" >Actriz<\/div><div class='team-member-description av_inherit_color'  itemprop=\"description\"   style='color:#999999; '><p>Shaghayegh Norouzi se gradu\u00f3 en 2009 en la Universidad de Tehera\u0301n (Ira\u0301n) en la especialidad de Direcci\u00f3n y Dramaturgia Teatral. Paralelamente, inici\u00f3 su carrera como actriz profesional debutando en 2006 con el papel protagonista en Bidori (Awakening), serie que se convirti\u00f3 en un gran \u00e9xito, otorg\u00e1ndole un gran reconocimiento personal a nivel estatal. En los \u00faltimos a\u00f1os ha dado el salto a la direcci\u00f3n y ha realizado varios cortometrajes que han participado en el festival de Cannes en cuatro ediciones. Sin embargo, no ha dejado de llevar a cabo la labor de conservadora f\u00edlmica dando a conocer a numerosos cineastas iran\u00edes independientes. <\/p>\n<\/div><span class='hidden team-member-affiliation'  itemprop=\"affiliation\" >Asian Film Festival Barcelona<\/span><\/section><\/div>\n<div class=\"flex_column av_one_full  flex_column_div av-zero-column-padding first  avia-builder-el-44  el_after_av_one_third  el_before_av_one_third  column-top-margin\" style='border-radius:0px; '><p><div  style=' margin-top:30px; margin-bottom:30px;'  class='hr hr-custom hr-center hr-icon-no   avia-builder-el-45  el_before_av_textblock  avia-builder-el-first '><span class='hr-inner  inner-border-av-border-thin' style=' width:100%; border-color:#4f4f4f;' ><span class='hr-inner-style'><\/span><\/span><\/div><br \/>\n<section class=\"av_textblock_section \"  itemscope=\"itemscope\" itemtype=\"https:\/\/schema.org\/CreativeWork\" ><div class='avia_textblock  av_inherit_color '  style='font-size:30px; color:#d32e1b; '  itemprop=\"text\" ><h2 style=\"text-align: center;\">Jurado de la secci\u00f3n NETPAC<\/h2>\n<\/div><\/section><br \/>\n<section class=\"av_textblock_section \"  itemscope=\"itemscope\" itemtype=\"https:\/\/schema.org\/CreativeWork\" ><div class='avia_textblock  av_inherit_color '  style='font-size:30px; color:#d32e1b; '  itemprop=\"text\" ><h4 style=\"text-align: center;\"><strong>Qazi Abdur Rahim<\/strong>, <strong>Fina Sensada<\/strong>, <strong>Javier Mart\u00edn-Dom\u00ednguez<\/strong><\/h4>\n<\/div><\/section><\/p><\/div>\n<div class=\"flex_column av_one_third  flex_column_div av-zero-column-padding first  avia-builder-el-48  el_after_av_one_full  el_before_av_one_third  column-top-margin\" style='border-radius:0px; '><section  class='avia-team-member   avia-builder-el-49  avia-builder-el-no-sibling '  itemscope=\"itemscope\" itemtype=\"https:\/\/schema.org\/Person\" ><div class='team-img-container'><img decoding=\"async\" width=\"300\" height=\"300\" class='wp-image-32176 avia-img-lazy-loading-not-32176 avia_image avia_image_team' src=\"https:\/\/asianfilmfestival.barcelona\/2020\/wp-content\/uploads\/2020\/10\/Qazi-Rahim-300x300.png\" alt='Qazi Abdur Rahim '  itemprop=\"image\" srcset=\"https:\/\/asianfilmfestival.barcelona\/2020\/wp-content\/uploads\/2020\/10\/Qazi-Rahim-300x300.png 300w, https:\/\/asianfilmfestival.barcelona\/2020\/wp-content\/uploads\/2020\/10\/Qazi-Rahim-80x80.png 80w, https:\/\/asianfilmfestival.barcelona\/2020\/wp-content\/uploads\/2020\/10\/Qazi-Rahim-36x36.png 36w, https:\/\/asianfilmfestival.barcelona\/2020\/wp-content\/uploads\/2020\/10\/Qazi-Rahim-180x180.png 180w, https:\/\/asianfilmfestival.barcelona\/2020\/wp-content\/uploads\/2020\/10\/Qazi-Rahim.png 352w\" sizes=\"(max-width: 300px) 100vw, 300px\" \/><\/div><h3 class='team-member-name'   style='color:#b117f8; '  itemprop=\"name\" >Qazi Abdur Rahim <\/h3><div class='team-member-job-title av_opacity_variation'  style='color:#b117f8; '  itemprop=\"jobTitle\" >Director del Imagine India International Film Festival | Presidente del Jurado<\/div><div class='team-member-description av_inherit_color'  itemprop=\"description\"   style='color:#999999; '><p>Qazi Abdur Rahim (1962) se gradu\u00f3 en la Universidad Aut\u00f3noma de Madrid y empez\u00f3 a trabajar en Radio M-80 y con los famosos comediantes \"Gomaespuma\". Qazi es el primer indio nominado a los Premios del Cine Espa\u00f1ol a la Mejor M\u00fasica Original por la pel\u00edcula El Pr\u00f3ximo Oriente. Es el fundador y director del prestigioso Festival Internacional de Cine Imagineindia en Madrid, que acaba de celebrar su vig\u00e9sima edici\u00f3n. Ha sido jurado en numerosos festivales y programador en el Macta Women\u2019s Film Festival, Rain International Nature Film Festival o el Turkish Film Festival Madrid<\/p>\n<\/div><span class='hidden team-member-affiliation'  itemprop=\"affiliation\" >Asian Film Festival Barcelona<\/span><\/section><\/div>\n<div class=\"flex_column av_one_third  flex_column_div av-zero-column-padding   avia-builder-el-50  el_after_av_one_third  el_before_av_one_third  column-top-margin\" style='border-radius:0px; '><section  class='avia-team-member   avia-builder-el-51  avia-builder-el-no-sibling '  itemscope=\"itemscope\" itemtype=\"https:\/\/schema.org\/Person\" ><div class='team-img-container'><img decoding=\"async\" width=\"300\" height=\"300\" class='wp-image-32170 avia-img-lazy-loading-not-32170 avia_image avia_image_team' src=\"https:\/\/asianfilmfestival.barcelona\/2020\/wp-content\/uploads\/2020\/10\/Fina-Sensada-300x300.png\" alt='Fina Sensada '  itemprop=\"image\" srcset=\"https:\/\/asianfilmfestival.barcelona\/2020\/wp-content\/uploads\/2020\/10\/Fina-Sensada-300x300.png 300w, https:\/\/asianfilmfestival.barcelona\/2020\/wp-content\/uploads\/2020\/10\/Fina-Sensada-80x80.png 80w, https:\/\/asianfilmfestival.barcelona\/2020\/wp-content\/uploads\/2020\/10\/Fina-Sensada-36x36.png 36w, https:\/\/asianfilmfestival.barcelona\/2020\/wp-content\/uploads\/2020\/10\/Fina-Sensada-180x180.png 180w, https:\/\/asianfilmfestival.barcelona\/2020\/wp-content\/uploads\/2020\/10\/Fina-Sensada.png 352w\" sizes=\"(max-width: 300px) 100vw, 300px\" \/><\/div><h3 class='team-member-name'   style='color:#b117f8; '  itemprop=\"name\" >Fina Sensada <\/h3><div class='team-member-job-title av_opacity_variation'  style='color:#b117f8; '  itemprop=\"jobTitle\" >Cineasta <\/div><div class='team-member-description av_inherit_color'  itemprop=\"description\"   style='color:#999999; '><p>Fina Sensada es directora y guionista. Desde hace m\u00e1s de treinta a\u00f1os trabaja como freelance en la Industria Cinematogr\u00e1fica Nacional e Internacional, en el departamento de Direcci\u00f3n. En 2005 cofund\u00f3 junto con el Dr. Fernando Fonseca la productora LAiLA Produktions, sin \u00e1nimo de lucro, con un \u00fanico objetivo: producir y realizar audiovisuales con el fin de elaborar materiales de sensibilizaci\u00f3n relacionados con el tercer mundo y la exclusi\u00f3n social a nivel sanitario. Compaginando con su carrera profesional ha hecho ponencias relevantes como \u201c\u00c9tica en la imagen\u201d (2009) en el primer Congreso de Medicina Humanitaria en Barcelona, o \u201cMujer y Publicidad\u201d (2008). En 2019, particip\u00f3 como jurado en el Festival de Cine de Derechos Humanos de Barcelona y en el transcurso de este a\u00f1o ha creado la Fernando Fonseca Foundation para seguir la obra de este m\u00e9dico- investigador, el qual falleci\u00f3 en el 2014. <\/p>\n<\/div><span class='hidden team-member-affiliation'  itemprop=\"affiliation\" >Asian Film Festival Barcelona<\/span><\/section><\/div>\n<div class=\"flex_column av_one_third  flex_column_div av-zero-column-padding   avia-builder-el-52  el_after_av_one_third  el_before_av_one_full  column-top-margin\" style='border-radius:0px; '><section  class='avia-team-member   avia-builder-el-53  avia-builder-el-no-sibling '  itemscope=\"itemscope\" itemtype=\"https:\/\/schema.org\/Person\" ><div class='team-img-container'><img decoding=\"async\" width=\"300\" height=\"300\" class='wp-image-32173 avia-img-lazy-loading-not-32173 avia_image avia_image_team' src=\"https:\/\/asianfilmfestival.barcelona\/2020\/wp-content\/uploads\/2020\/10\/Javier-MArtin-300x300.png\" alt='Javier Mart\u00edn-Dom\u00ednguez'  itemprop=\"image\" srcset=\"https:\/\/asianfilmfestival.barcelona\/2020\/wp-content\/uploads\/2020\/10\/Javier-MArtin-300x300.png 300w, https:\/\/asianfilmfestival.barcelona\/2020\/wp-content\/uploads\/2020\/10\/Javier-MArtin-80x80.png 80w, https:\/\/asianfilmfestival.barcelona\/2020\/wp-content\/uploads\/2020\/10\/Javier-MArtin-36x36.png 36w, https:\/\/asianfilmfestival.barcelona\/2020\/wp-content\/uploads\/2020\/10\/Javier-MArtin-180x180.png 180w, https:\/\/asianfilmfestival.barcelona\/2020\/wp-content\/uploads\/2020\/10\/Javier-MArtin.png 352w\" sizes=\"(max-width: 300px) 100vw, 300px\" \/><\/div><h3 class='team-member-name'   style='color:#b117f8; '  itemprop=\"name\" >Javier Mart\u00edn-Dom\u00ednguez<\/h3><div class='team-member-job-title av_opacity_variation'  style='color:#b117f8; '  itemprop=\"jobTitle\" >Presidente del International Press Club, CIP. Spain <\/div><div class='team-member-description av_inherit_color'  itemprop=\"description\"   style='color:#999999; '><p>Javier Mart\u00edn- Dom\u00ednguez es productor y realizador y, actualmente presidente del Club Internacional de Prensa. Ha ejercido el periodismo en prensa, radio y televisi\u00f3n. Fue corresponsal en el extranjero, con Radio Nacional y Televisi\u00f3n Espa\u00f1ola en Estados Unidos durante diez a\u00f1os, y con La Vanguardia en Tokio. Ha sido Premio Cirilo Rodr\u00edguez de periodismo internacional. Entre otros acontecimientos cubri\u00f3 tres campa\u00f1as electorales norteamericanas, los viajes de Reagan a Mosc\u00fa y Gorvachev a Washington, el funeral de Hiro Hito y la entronizaci\u00f3n de Akihito. Como realizador es autor de las biograf\u00edas de Paul Bowles y de la artista surrealista Leonora Carrington, y dirigi\u00f3 el Festival de cine europeo de Sevilla durante 4 a\u00f1os. Ha sido jurado en los de Mosc\u00fa, Sarajevo y Documenta Madrid y en el Asian Film Festival de Barcelona.<\/p>\n<\/div><span class='hidden team-member-affiliation'  itemprop=\"affiliation\" >Asian Film Festival Barcelona<\/span><\/section><\/div>\n<div class=\"flex_column av_one_full  flex_column_div av-zero-column-padding first  avia-builder-el-54  el_after_av_one_third  el_before_av_one_third  column-top-margin\" style='border-radius:0px; '><p><div  style=' margin-top:30px; margin-bottom:30px;'  class='hr hr-custom hr-center hr-icon-no   avia-builder-el-55  el_before_av_textblock  avia-builder-el-first '><span class='hr-inner  inner-border-av-border-thin' style=' width:100%; border-color:#4f4f4f;' ><span class='hr-inner-style'><\/span><\/span><\/div><br \/>\n<section class=\"av_textblock_section \"  itemscope=\"itemscope\" itemtype=\"https:\/\/schema.org\/CreativeWork\" ><div class='avia_textblock  av_inherit_color '  style='font-size:30px; color:#d32e1b; '  itemprop=\"text\" ><h2 style=\"text-align: center;\">Jurado de la Secci\u00f3n Especial<\/h2>\n<\/div><\/section><br \/>\n<section class=\"av_textblock_section \"  itemscope=\"itemscope\" itemtype=\"https:\/\/schema.org\/CreativeWork\" ><div class='avia_textblock  av_inherit_color '  style='font-size:30px; color:#d32e1b; '  itemprop=\"text\" ><h4 style=\"text-align: center;\"><strong>Esteban Andueza<\/strong>, <strong>Magdalena Correa<\/strong>, <strong>Mana Salehi<\/strong>,<\/h4>\n<h4 style=\"text-align: center;\"><strong>Adri\u00e1n Caravaca Caparr\u00f3s, Melissa Pascale <\/strong>y <strong>Sandra Mur Puyuelo<\/strong><\/h4>\n<\/div><\/section><\/p><\/div>\n<div class=\"flex_column av_one_third  flex_column_div av-zero-column-padding first  avia-builder-el-58  el_after_av_one_full  el_before_av_one_third  column-top-margin\" style='border-radius:0px; '><section  class='avia-team-member   avia-builder-el-59  avia-builder-el-no-sibling '  itemscope=\"itemscope\" itemtype=\"https:\/\/schema.org\/Person\" ><div class='team-img-container'><img decoding=\"async\" width=\"300\" height=\"300\" class='wp-image-32167 avia-img-lazy-loading-not-32167 avia_image avia_image_team' src=\"https:\/\/asianfilmfestival.barcelona\/2020\/wp-content\/uploads\/2020\/10\/Esteban-Andueza-300x300.png\" alt='Esteban Andueza '  itemprop=\"image\" srcset=\"https:\/\/asianfilmfestival.barcelona\/2020\/wp-content\/uploads\/2020\/10\/Esteban-Andueza-300x300.png 300w, https:\/\/asianfilmfestival.barcelona\/2020\/wp-content\/uploads\/2020\/10\/Esteban-Andueza-80x80.png 80w, https:\/\/asianfilmfestival.barcelona\/2020\/wp-content\/uploads\/2020\/10\/Esteban-Andueza-36x36.png 36w, https:\/\/asianfilmfestival.barcelona\/2020\/wp-content\/uploads\/2020\/10\/Esteban-Andueza-180x180.png 180w, https:\/\/asianfilmfestival.barcelona\/2020\/wp-content\/uploads\/2020\/10\/Esteban-Andueza.png 352w\" sizes=\"(max-width: 300px) 100vw, 300px\" \/><\/div><h3 class='team-member-name'   style='color:#b117f8; '  itemprop=\"name\" >Esteban Andueza <\/h3><div class='team-member-job-title av_opacity_variation'  style='color:#b117f8; '  itemprop=\"jobTitle\" >Gestor cultural y Traductor | Presidente del Jurado<\/div><div class='team-member-description av_inherit_color'  itemprop=\"description\"   style='color:#999999; '><p>Esteban Andueza es gestor cultural, traductor, comisario de arte y promotor de proyectos art\u00edsticos. Ha vivido en China durante 12 a\u00f1os donde ha trabajado como freelance y tambi\u00e9n para centros de prestigio, como el Iberia Center for Contemporary Art o el Instituto Cervantes de Pek\u00edn, siempre enfocado en promover los intercambios culturales entre Espa\u00f1a y China.<\/p>\n<\/div><span class='hidden team-member-affiliation'  itemprop=\"affiliation\" >Asian Film Festival Barcelona<\/span><\/section><\/div>\n<div class=\"flex_column av_one_third  flex_column_div av-zero-column-padding   avia-builder-el-60  el_after_av_one_third  el_before_av_one_third  column-top-margin\" style='border-radius:0px; '><section  class='avia-team-member   avia-builder-el-61  avia-builder-el-no-sibling '  itemscope=\"itemscope\" itemtype=\"https:\/\/schema.org\/Person\" ><div class='team-img-container'><img decoding=\"async\" width=\"300\" height=\"300\" class='wp-image-32164 avia-img-lazy-loading-not-32164 avia_image avia_image_team' src=\"https:\/\/asianfilmfestival.barcelona\/2020\/wp-content\/uploads\/2020\/10\/Magdalena-correa-300x300.png\" alt='Magdalena Correa'  itemprop=\"image\" srcset=\"https:\/\/asianfilmfestival.barcelona\/2020\/wp-content\/uploads\/2020\/10\/Magdalena-correa-300x300.png 300w, https:\/\/asianfilmfestival.barcelona\/2020\/wp-content\/uploads\/2020\/10\/Magdalena-correa-80x80.png 80w, https:\/\/asianfilmfestival.barcelona\/2020\/wp-content\/uploads\/2020\/10\/Magdalena-correa-36x36.png 36w, https:\/\/asianfilmfestival.barcelona\/2020\/wp-content\/uploads\/2020\/10\/Magdalena-correa-180x180.png 180w, https:\/\/asianfilmfestival.barcelona\/2020\/wp-content\/uploads\/2020\/10\/Magdalena-correa.png 352w\" sizes=\"(max-width: 300px) 100vw, 300px\" \/><\/div><h3 class='team-member-name'   style='color:#b117f8; '  itemprop=\"name\" >Magdalena Correa<\/h3><div class='team-member-job-title av_opacity_variation'  style='color:#b117f8; '  itemprop=\"jobTitle\" >Artista Visual<\/div><div class='team-member-description av_inherit_color'  itemprop=\"description\"   style='color:#999999; '><p>Magdalena Correa (1968) es doctora en fotograf\u00eda y v\u00eddeo por la Universidad Polit\u00e9cnica de Catalu\u00f1a y est\u00e1 acreditada por la ANECA. Se ha especializado en proyectos de investigaci\u00f3n fotogr\u00e1fica y de v\u00eddeo sobre territorios aislados y extremos, donde habita el hombre. Entre sus l\u00edneas de investoigaci\u00f3n merecen nombrarse los siguientes proyectos: Austral (2006) sobre la XI Regi\u00f3n de Ays\u00e9n en el Sur de Chile, La Desaparici\u00f3n (2008) sobre los desiertos del Gobi en China y Mongolia y el de Atacama en el Norte de Chile, N\u00edveo (2011) sobre el pueblo chileno Villa Las Estrellas ubicado en la Ant\u00e1rtica, La Rinconada (2013) sobre la mina de oro m\u00e1s alta del mundo ubicada a 5.600 metros de altura en el Distrito de Ananea, Per\u00fa, Luxury has a new Address (2014) sobre la riqueza y ostentaci\u00f3n de la sociedad Kuwait\u00ed. Ha sido integrante de la L\u00ednea de Investigaci\u00f3n \u201cAplicaciones a los Sistemas Audiovisuales y Multimedia\u201d del Departamento de Ingenier\u00eda de la Universidad Polit\u00e9cnica de Catalu\u00f1a, Barcelona.<\/p>\n<\/div><span class='hidden team-member-affiliation'  itemprop=\"affiliation\" >Asian Film Festival Barcelona<\/span><\/section><\/div>\n<div class=\"flex_column av_one_third  flex_column_div av-zero-column-padding   avia-builder-el-62  el_after_av_one_third  el_before_av_one_third  column-top-margin\" style='border-radius:0px; '><section  class='avia-team-member   avia-builder-el-63  avia-builder-el-no-sibling '  itemscope=\"itemscope\" itemtype=\"https:\/\/schema.org\/Person\" ><div class='team-img-container'><img decoding=\"async\" width=\"300\" height=\"300\" class='wp-image-32161 avia-img-lazy-loading-not-32161 avia_image avia_image_team' src=\"https:\/\/asianfilmfestival.barcelona\/2020\/wp-content\/uploads\/2020\/10\/mana-salehi-300x300.png\" alt='Mana Salehi '  itemprop=\"image\" srcset=\"https:\/\/asianfilmfestival.barcelona\/2020\/wp-content\/uploads\/2020\/10\/mana-salehi-300x300.png 300w, https:\/\/asianfilmfestival.barcelona\/2020\/wp-content\/uploads\/2020\/10\/mana-salehi-80x80.png 80w, https:\/\/asianfilmfestival.barcelona\/2020\/wp-content\/uploads\/2020\/10\/mana-salehi-36x36.png 36w, https:\/\/asianfilmfestival.barcelona\/2020\/wp-content\/uploads\/2020\/10\/mana-salehi-180x180.png 180w, https:\/\/asianfilmfestival.barcelona\/2020\/wp-content\/uploads\/2020\/10\/mana-salehi.png 352w\" sizes=\"(max-width: 300px) 100vw, 300px\" \/><\/div><h3 class='team-member-name'   style='color:#b117f8; '  itemprop=\"name\" >Mana Salehi <\/h3><div class='team-member-job-title av_opacity_variation'  style='color:#b117f8; '  itemprop=\"jobTitle\" >Artista Visual<\/div><div class='team-member-description av_inherit_color'  itemprop=\"description\"   style='color:#999999; '><p>Mana Salehi es una artista audiovisual de origen iran\u00ed que vive y trabaja en Barcelona desde 2004. Se doctor\u00f3 en la Facultad de Bellas Artes de la Universidad de Barcelona. Ha participado en diversas exposiciones individuales y colectivas, internacionales y nacionales. En su trabajo explora las crisis ambientales y las emociones humanas a trav\u00e9s de po\u00e9ticas audiovisuales como muestras: WEAD, Woman Eco Artists Dialog (San Francisco, USA 2020) Platform 3 Gallery (Tehran, Iran 2020) Proyector Festival (Madrid, Spain 2019), (BOX) Videoart Project Space (Milan, Italy 2019), Es Baluard Museo de Arte Moderno y Contempor\u00e1neo de Palma (Mallorca, Spain 2018), Swan Prague Festival (Praga 2017).<\/p>\n<\/div><span class='hidden team-member-affiliation'  itemprop=\"affiliation\" >Asian Film Festival Barcelona<\/span><\/section><\/div>\n<div class=\"flex_column av_one_third  flex_column_div av-zero-column-padding first  avia-builder-el-64  el_after_av_one_third  el_before_av_one_third  column-top-margin\" style='border-radius:0px; '><section  class='avia-team-member   avia-builder-el-65  avia-builder-el-no-sibling '  itemscope=\"itemscope\" itemtype=\"https:\/\/schema.org\/Person\" ><div class='team-img-container'><img decoding=\"async\" width=\"300\" height=\"300\" class='wp-image-32155 avia-img-lazy-loading-not-32155 avia_image avia_image_team' src=\"https:\/\/asianfilmfestival.barcelona\/2020\/wp-content\/uploads\/2020\/10\/Melissa-Pascale_2-300x300.png\" alt='Melissa Pascale '  itemprop=\"image\" srcset=\"https:\/\/asianfilmfestival.barcelona\/2020\/wp-content\/uploads\/2020\/10\/Melissa-Pascale_2-300x300.png 300w, https:\/\/asianfilmfestival.barcelona\/2020\/wp-content\/uploads\/2020\/10\/Melissa-Pascale_2-80x80.png 80w, https:\/\/asianfilmfestival.barcelona\/2020\/wp-content\/uploads\/2020\/10\/Melissa-Pascale_2-36x36.png 36w, https:\/\/asianfilmfestival.barcelona\/2020\/wp-content\/uploads\/2020\/10\/Melissa-Pascale_2-180x180.png 180w, https:\/\/asianfilmfestival.barcelona\/2020\/wp-content\/uploads\/2020\/10\/Melissa-Pascale_2.png 352w\" sizes=\"(max-width: 300px) 100vw, 300px\" \/><\/div><h3 class='team-member-name'   style='color:#b117f8; '  itemprop=\"name\" >Melissa Pascale <\/h3><div class='team-member-job-title av_opacity_variation'  style='color:#b117f8; '  itemprop=\"jobTitle\" >Relaciones P\u00fablicas de HKETO <\/div><div class='team-member-description av_inherit_color'  itemprop=\"description\"   style='color:#999999; '><p>Melissa Pascale reside en Bruselas y lleva m\u00e1s de 6 a\u00f1os trabajando como encargada de RRPP para la representaci\u00f3n del Gobierno de Hong Kong ante la EU y 15 paises en Europa. Le apasiona la diversidad cultural motivo por el cual ha realizado frecuentes viajes y dio vuelta al mundo en 2019. As\u00eda un continente con el que tiene afinidades tanto profesionales como personales. Escribe para un medio de comunicaci\u00f3n digital sobre cine y viajes.<\/p>\n<\/div><span class='hidden team-member-affiliation'  itemprop=\"affiliation\" >Asian Film Festival Barcelona<\/span><\/section><\/div>\n<div class=\"flex_column av_one_third  flex_column_div av-zero-column-padding   avia-builder-el-66  el_after_av_one_third  el_before_av_one_third  column-top-margin\" style='border-radius:0px; '><section  class='avia-team-member   avia-builder-el-67  avia-builder-el-no-sibling '  itemscope=\"itemscope\" itemtype=\"https:\/\/schema.org\/Person\" ><div class='team-img-container'><img decoding=\"async\" width=\"300\" height=\"300\" class='wp-image-32152 avia-img-lazy-loading-not-32152 avia_image avia_image_team' src=\"https:\/\/asianfilmfestival.barcelona\/2020\/wp-content\/uploads\/2020\/10\/Adria\u0301n-Caravaca_2-300x300.png\" alt='Adri\u00e1n Caravaca Caparr\u00f3s '  itemprop=\"image\" srcset=\"https:\/\/asianfilmfestival.barcelona\/2020\/wp-content\/uploads\/2020\/10\/Adria\u0301n-Caravaca_2-300x300.png 300w, https:\/\/asianfilmfestival.barcelona\/2020\/wp-content\/uploads\/2020\/10\/Adria\u0301n-Caravaca_2-80x80.png 80w, https:\/\/asianfilmfestival.barcelona\/2020\/wp-content\/uploads\/2020\/10\/Adria\u0301n-Caravaca_2-36x36.png 36w, https:\/\/asianfilmfestival.barcelona\/2020\/wp-content\/uploads\/2020\/10\/Adria\u0301n-Caravaca_2-180x180.png 180w, https:\/\/asianfilmfestival.barcelona\/2020\/wp-content\/uploads\/2020\/10\/Adria\u0301n-Caravaca_2.png 352w\" sizes=\"(max-width: 300px) 100vw, 300px\" \/><\/div><h3 class='team-member-name'   style='color:#b117f8; '  itemprop=\"name\" >Adri\u00e1n Caravaca Caparr\u00f3s <\/h3><div class='team-member-job-title av_opacity_variation'  style='color:#b117f8; '  itemprop=\"jobTitle\" >Investigador <\/div><div class='team-member-description av_inherit_color'  itemprop=\"description\"   style='color:#999999; '><p>Adri\u00e1n Caravaca Caparr\u00f3s se gradu\u00f3 en Estudios de Asia Oriental en la Universidad Aut\u00f3noma de Barcelona con especializaci\u00f3n en Econom\u00eda, Pol\u00edtica y Sociedad. Desde 2019 colabora con Casa Asia en la traducci\u00f3n y edici\u00f3n de material audiovisual. Su l\u00ednea de investigaci\u00f3n gira en torno a la relaciones diplom\u00e1ticas entre Espa\u00f1a y China entre 1931 y 1953. Colabora como redactor para el portal informativo \u2018Noticias Gamer\u2019.<\/p>\n<\/div><span class='hidden team-member-affiliation'  itemprop=\"affiliation\" >Asian Film Festival Barcelona<\/span><\/section><\/div>\n<div class=\"flex_column av_one_third  flex_column_div av-zero-column-padding   avia-builder-el-68  el_after_av_one_third  avia-builder-el-last  column-top-margin\" style='border-radius:0px; '><section  class='avia-team-member   avia-builder-el-69  avia-builder-el-no-sibling '  itemscope=\"itemscope\" itemtype=\"https:\/\/schema.org\/Person\" ><div class='team-img-container'><img decoding=\"async\" width=\"300\" height=\"300\" class='wp-image-32158 avia-img-lazy-loading-not-32158 avia_image avia_image_team' src=\"https:\/\/asianfilmfestival.barcelona\/2020\/wp-content\/uploads\/2020\/10\/Sandra-Mur-2-300x300.png\" alt='Sandra Mur Puyuelo '  itemprop=\"image\" srcset=\"https:\/\/asianfilmfestival.barcelona\/2020\/wp-content\/uploads\/2020\/10\/Sandra-Mur-2-300x300.png 300w, https:\/\/asianfilmfestival.barcelona\/2020\/wp-content\/uploads\/2020\/10\/Sandra-Mur-2-80x80.png 80w, https:\/\/asianfilmfestival.barcelona\/2020\/wp-content\/uploads\/2020\/10\/Sandra-Mur-2-36x36.png 36w, https:\/\/asianfilmfestival.barcelona\/2020\/wp-content\/uploads\/2020\/10\/Sandra-Mur-2-180x180.png 180w, https:\/\/asianfilmfestival.barcelona\/2020\/wp-content\/uploads\/2020\/10\/Sandra-Mur-2.png 352w\" sizes=\"(max-width: 300px) 100vw, 300px\" \/><\/div><h3 class='team-member-name'   style='color:#b117f8; '  itemprop=\"name\" >Sandra Mur Puyuelo <\/h3><div class='team-member-job-title av_opacity_variation'  style='color:#b117f8; '  itemprop=\"jobTitle\" >Programadora e Investigadora<\/div><div class='team-member-description av_inherit_color'  itemprop=\"description\"   style='color:#999999; '><p>Sandra Mur Puyuelo (Huesca, 1986) tiene un M\u00e1ster en Comunicaci\u00f3n Especializada y el doctorado en Estudios Ling\u00fc\u00edsticos, Literarios y Culturales. Se ha especializado en el espacio Euroasi\u00e1tico, Rusia y Asia Central. Colabora con distribuidoras de esta zona geogr\u00e1fica y festivales de cine como interlocutora y mediadora intercultural.<\/p>\n<\/div><span class='hidden team-member-affiliation'  itemprop=\"affiliation\" >Asian Film Festival Barcelona<\/span><\/section><\/div>\n","protected":false},"excerpt":{"rendered":"","protected":false},"author":3,"featured_media":0,"parent":0,"menu_order":0,"comment_status":"closed","ping_status":"closed","template":"","meta":{"footnotes":""},"class_list":["post-5917","page","type-page","status-publish","hentry"],"yoast_head":"<!-- This site is optimized with the Yoast SEO plugin v27.4 - https:\/\/yoast.com\/product\/yoast-seo-wordpress\/ -->\n<title>JURADOS Y PREMIOS 2020 - Asian Film Festival Barcelona<\/title>\n<meta name=\"robots\" content=\"noindex, follow, max-snippet:-1, max-image-preview:large, max-video-preview:-1\" \/>\n<meta property=\"og:locale\" content=\"es_ES\" \/>\n<meta property=\"og:type\" content=\"article\" \/>\n<meta property=\"og:title\" content=\"JURADOS Y PREMIOS 2020 - Asian Film Festival Barcelona\" \/>\n<meta property=\"og:url\" content=\"https:\/\/asianfilmfestival.barcelona\/2020\/es\/jurados-y-premios\/\" \/>\n<meta property=\"og:site_name\" content=\"Asian Film Festival Barcelona\" \/>\n<meta property=\"article:modified_time\" content=\"2021-03-08T11:04:29+00:00\" \/>\n<meta name=\"twitter:card\" content=\"summary_large_image\" \/>\n<meta name=\"twitter:label1\" content=\"Tiempo de lectura\" \/>\n\t<meta name=\"twitter:data1\" content=\"33 minutos\" \/>\n<script type=\"application\/ld+json\" class=\"yoast-schema-graph\">{\"@context\":\"https:\\\/\\\/schema.org\",\"@graph\":[{\"@type\":\"WebPage\",\"@id\":\"https:\\\/\\\/asianfilmfestival.barcelona\\\/2020\\\/es\\\/jurados-y-premios\\\/\",\"url\":\"https:\\\/\\\/asianfilmfestival.barcelona\\\/2020\\\/es\\\/jurados-y-premios\\\/\",\"name\":\"JURADOS Y PREMIOS 2020 - Asian Film Festival Barcelona\",\"isPartOf\":{\"@id\":\"https:\\\/\\\/asianfilmfestival.barcelona\\\/2020\\\/#website\"},\"datePublished\":\"2016-10-28T12:03:04+00:00\",\"dateModified\":\"2021-03-08T11:04:29+00:00\",\"breadcrumb\":{\"@id\":\"https:\\\/\\\/asianfilmfestival.barcelona\\\/2020\\\/es\\\/jurados-y-premios\\\/#breadcrumb\"},\"inLanguage\":\"es\",\"potentialAction\":[{\"@type\":\"ReadAction\",\"target\":[\"https:\\\/\\\/asianfilmfestival.barcelona\\\/2020\\\/es\\\/jurados-y-premios\\\/\"]}]},{\"@type\":\"BreadcrumbList\",\"@id\":\"https:\\\/\\\/asianfilmfestival.barcelona\\\/2020\\\/es\\\/jurados-y-premios\\\/#breadcrumb\",\"itemListElement\":[{\"@type\":\"ListItem\",\"position\":1,\"name\":\"Home\",\"item\":\"https:\\\/\\\/asianfilmfestival.barcelona\\\/2020\\\/es\\\/\"},{\"@type\":\"ListItem\",\"position\":2,\"name\":\"JURADOS Y PREMIOS 2020\"}]},{\"@type\":\"WebSite\",\"@id\":\"https:\\\/\\\/asianfilmfestival.barcelona\\\/2020\\\/#website\",\"url\":\"https:\\\/\\\/asianfilmfestival.barcelona\\\/2020\\\/\",\"name\":\"Asian Film Festival Barcelona\",\"description\":\"2020\",\"potentialAction\":[{\"@type\":\"SearchAction\",\"target\":{\"@type\":\"EntryPoint\",\"urlTemplate\":\"https:\\\/\\\/asianfilmfestival.barcelona\\\/2020\\\/?s={search_term_string}\"},\"query-input\":{\"@type\":\"PropertyValueSpecification\",\"valueRequired\":true,\"valueName\":\"search_term_string\"}}],\"inLanguage\":\"es\"}]}<\/script>\n<!-- \/ Yoast SEO plugin. -->","yoast_head_json":{"title":"JURADOS Y PREMIOS 2020 - Asian Film Festival Barcelona","robots":{"index":"noindex","follow":"follow","max-snippet":"max-snippet:-1","max-image-preview":"max-image-preview:large","max-video-preview":"max-video-preview:-1"},"og_locale":"es_ES","og_type":"article","og_title":"JURADOS Y PREMIOS 2020 - Asian Film Festival Barcelona","og_url":"https:\/\/asianfilmfestival.barcelona\/2020\/es\/jurados-y-premios\/","og_site_name":"Asian Film Festival Barcelona","article_modified_time":"2021-03-08T11:04:29+00:00","twitter_card":"summary_large_image","twitter_misc":{"Tiempo de lectura":"33 minutos"},"schema":{"@context":"https:\/\/schema.org","@graph":[{"@type":"WebPage","@id":"https:\/\/asianfilmfestival.barcelona\/2020\/es\/jurados-y-premios\/","url":"https:\/\/asianfilmfestival.barcelona\/2020\/es\/jurados-y-premios\/","name":"JURADOS Y PREMIOS 2020 - Asian Film Festival Barcelona","isPartOf":{"@id":"https:\/\/asianfilmfestival.barcelona\/2020\/#website"},"datePublished":"2016-10-28T12:03:04+00:00","dateModified":"2021-03-08T11:04:29+00:00","breadcrumb":{"@id":"https:\/\/asianfilmfestival.barcelona\/2020\/es\/jurados-y-premios\/#breadcrumb"},"inLanguage":"es","potentialAction":[{"@type":"ReadAction","target":["https:\/\/asianfilmfestival.barcelona\/2020\/es\/jurados-y-premios\/"]}]},{"@type":"BreadcrumbList","@id":"https:\/\/asianfilmfestival.barcelona\/2020\/es\/jurados-y-premios\/#breadcrumb","itemListElement":[{"@type":"ListItem","position":1,"name":"Home","item":"https:\/\/asianfilmfestival.barcelona\/2020\/es\/"},{"@type":"ListItem","position":2,"name":"JURADOS Y PREMIOS 2020"}]},{"@type":"WebSite","@id":"https:\/\/asianfilmfestival.barcelona\/2020\/#website","url":"https:\/\/asianfilmfestival.barcelona\/2020\/","name":"Asian Film Festival Barcelona","description":"2020","potentialAction":[{"@type":"SearchAction","target":{"@type":"EntryPoint","urlTemplate":"https:\/\/asianfilmfestival.barcelona\/2020\/?s={search_term_string}"},"query-input":{"@type":"PropertyValueSpecification","valueRequired":true,"valueName":"search_term_string"}}],"inLanguage":"es"}]}},"_links":{"self":[{"href":"https:\/\/asianfilmfestival.barcelona\/2020\/es\/wp-json\/wp\/v2\/pages\/5917","targetHints":{"allow":["GET"]}}],"collection":[{"href":"https:\/\/asianfilmfestival.barcelona\/2020\/es\/wp-json\/wp\/v2\/pages"}],"about":[{"href":"https:\/\/asianfilmfestival.barcelona\/2020\/es\/wp-json\/wp\/v2\/types\/page"}],"author":[{"embeddable":true,"href":"https:\/\/asianfilmfestival.barcelona\/2020\/es\/wp-json\/wp\/v2\/users\/3"}],"replies":[{"embeddable":true,"href":"https:\/\/asianfilmfestival.barcelona\/2020\/es\/wp-json\/wp\/v2\/comments?post=5917"}],"version-history":[{"count":102,"href":"https:\/\/asianfilmfestival.barcelona\/2020\/es\/wp-json\/wp\/v2\/pages\/5917\/revisions"}],"predecessor-version":[{"id":35392,"href":"https:\/\/asianfilmfestival.barcelona\/2020\/es\/wp-json\/wp\/v2\/pages\/5917\/revisions\/35392"}],"wp:attachment":[{"href":"https:\/\/asianfilmfestival.barcelona\/2020\/es\/wp-json\/wp\/v2\/media?parent=5917"}],"curies":[{"name":"wp","href":"https:\/\/api.w.org\/{rel}","templated":true}]}}