{"id":30283,"date":"2020-10-19T11:40:25","date_gmt":"2020-10-19T09:40:25","guid":{"rendered":"https:\/\/asianfilmfestival.barcelona\/2020\/film-item\/facing-the-dragon\/"},"modified":"2020-11-17T11:14:18","modified_gmt":"2020-11-17T10:14:18","slug":"facing-the-dragon","status":"publish","type":"portfolio","link":"https:\/\/asianfilmfestival.barcelona\/2020\/ca\/film-item\/facing-the-dragon\/","title":{"rendered":"FACING THE DRAGON"},"content":{"rendered":"<div class=\"flex_column av_one_half  flex_column_div first  avia-builder-el-0  el_before_av_one_half  avia-builder-el-first  \" ><p><a href=\"https:\/\/www.youtube.com\/watch?v=UVSRq1KWpfo\"><img loading=\"lazy\" decoding=\"async\" class=\"alignnone wp-image-25915 size-full\" src=\"https:\/\/asianfilmfestival.barcelona\/2020\/wp-content\/uploads\/2020\/10\/AFGHANISTAN_FACING-THE-DRAGON_1_PLAY.jpg\" alt=\"\" width=\"988\" height=\"642\" \/><\/a><\/p>\n<div   data-size='no scaling'  data-lightbox_size='large'  data-animation='fade'  data-conditional_play=''  data-ids='30259,30262,30265'  data-video_counter='0'  data-autoplay='true'  data-bg_slider='false'  data-slide_height=''  data-handle='av_slideshow'  data-interval='3'  data-class=' avia-builder-el-1  avia-builder-el-no-sibling  '  data-el_id=''  data-css_id=''  data-scroll_down=''  data-control_layout='av-control-hidden'  data-custom_markup=''  data-perma_caption=''  data-autoplay_stopper=''  data-image_attachment=''  data-min_height='0px'  data-lazy_loading='disabled'  class='avia-slideshow avia-slideshow-1  av-control-hidden av-default-height-applied avia-slideshow-no scaling av_slideshow  avia-builder-el-1  avia-builder-el-no-sibling   avia-fade-slider ' ><ul class='avia-slideshow-inner ' style='padding-bottom: 64.97975708502%;' ><li  class=' slide-1 ' ><div data-rel='slideshow-1' class='avia-slide-wrap '   ><img decoding=\"async\" class=\"wp-image-30260 avia-img-lazy-loading-not-30260\"  src=\"https:\/\/asianfilmfestival.barcelona\/2020\/wp-content\/uploads\/2020\/10\/AFGHANISTAN_FACING-THE-DRAGON_2.jpg\" width=\"988\" height=\"642\" title='AFGHANISTAN_FACING-THE-DRAGON_2' alt='' srcset=\"https:\/\/asianfilmfestival.barcelona\/2020\/wp-content\/uploads\/2020\/10\/AFGHANISTAN_FACING-THE-DRAGON_2.jpg 988w, https:\/\/asianfilmfestival.barcelona\/2020\/wp-content\/uploads\/2020\/10\/AFGHANISTAN_FACING-THE-DRAGON_2-300x195.jpg 300w, https:\/\/asianfilmfestival.barcelona\/2020\/wp-content\/uploads\/2020\/10\/AFGHANISTAN_FACING-THE-DRAGON_2-768x499.jpg 768w, https:\/\/asianfilmfestival.barcelona\/2020\/wp-content\/uploads\/2020\/10\/AFGHANISTAN_FACING-THE-DRAGON_2-705x458.jpg 705w\" sizes=\"(max-width: 988px) 100vw, 988px\" \/><\/div><\/li><li  class=' slide-2 ' ><div data-rel='slideshow-1' class='avia-slide-wrap '   ><img decoding=\"async\" class=\"wp-image-30263 avia-img-lazy-loading-not-30263\"  src=\"https:\/\/asianfilmfestival.barcelona\/2020\/wp-content\/uploads\/2020\/10\/AFGHANISTAN_FACING-THE-DRAGON_3.jpg\" width=\"988\" height=\"642\" title='AFGHANISTAN_FACING-THE-DRAGON_3' alt='' srcset=\"https:\/\/asianfilmfestival.barcelona\/2020\/wp-content\/uploads\/2020\/10\/AFGHANISTAN_FACING-THE-DRAGON_3.jpg 988w, https:\/\/asianfilmfestival.barcelona\/2020\/wp-content\/uploads\/2020\/10\/AFGHANISTAN_FACING-THE-DRAGON_3-300x195.jpg 300w, https:\/\/asianfilmfestival.barcelona\/2020\/wp-content\/uploads\/2020\/10\/AFGHANISTAN_FACING-THE-DRAGON_3-768x499.jpg 768w, https:\/\/asianfilmfestival.barcelona\/2020\/wp-content\/uploads\/2020\/10\/AFGHANISTAN_FACING-THE-DRAGON_3-705x458.jpg 705w\" sizes=\"(max-width: 988px) 100vw, 988px\" \/><\/div><\/li><li  class=' slide-3 ' ><div data-rel='slideshow-1' class='avia-slide-wrap '   ><img decoding=\"async\" class=\"wp-image-30266 avia-img-lazy-loading-not-30266\"  src=\"https:\/\/asianfilmfestival.barcelona\/2020\/wp-content\/uploads\/2020\/10\/AFGHANISTAN_FACING-THE-DRAGON_4.jpg\" width=\"988\" height=\"642\" title='AFGHANISTAN_FACING-THE-DRAGON_4' alt='' srcset=\"https:\/\/asianfilmfestival.barcelona\/2020\/wp-content\/uploads\/2020\/10\/AFGHANISTAN_FACING-THE-DRAGON_4.jpg 988w, https:\/\/asianfilmfestival.barcelona\/2020\/wp-content\/uploads\/2020\/10\/AFGHANISTAN_FACING-THE-DRAGON_4-300x195.jpg 300w, https:\/\/asianfilmfestival.barcelona\/2020\/wp-content\/uploads\/2020\/10\/AFGHANISTAN_FACING-THE-DRAGON_4-768x499.jpg 768w, https:\/\/asianfilmfestival.barcelona\/2020\/wp-content\/uploads\/2020\/10\/AFGHANISTAN_FACING-THE-DRAGON_4-705x458.jpg 705w\" sizes=\"(max-width: 988px) 100vw, 988px\" \/><\/div><\/li><\/ul><div class='avia-slideshow-arrows avia-slideshow-controls'><a href='#prev' class='prev-slide' aria-hidden='true' data-av_icon='\ue87c' data-av_iconfont='entypo-fontello'>Anterior<\/a><a href='#next' class='next-slide' aria-hidden='true' data-av_icon='\ue87d' data-av_iconfont='entypo-fontello'>Seg\u00fcent<\/a><\/div><div class='avia-slideshow-dots avia-slideshow-controls'><a href='#1' class='goto-slide active' >1<\/a><a href='#2' class='goto-slide ' >2<\/a><a href='#3' class='goto-slide ' >3<\/a><\/div><\/div><\/div>\n<div class=\"flex_column av_one_half  flex_column_div   avia-builder-el-2  el_after_av_one_half  avia-builder-el-last  \" ><h1><span style=\"color: #af17f8;\">Facing the Dragon<\/span><\/h1>\n<h4><span style=\"color: #999999;\">Afganistan<\/span><\/h4>\n<h4><span style=\"color: #999999;\">SECCI\u00d3 ESPECIAL<\/span><\/h4>\n<p>Director: Sedika Mojadidi<br \/>\nAny: 2019<br \/>\nDuraci\u00f3: 80\u2032<br \/>\nIdioma: VOSE \/ VOSC<br \/>\nG\u00e8nere: Documental<\/p>\n<p><div   class=\"togglecontainer   toggle_close_all  avia-builder-el-3  el_before_av_hr  avia-builder-el-first \" >\n<section class=\"av_toggle_section\"  >    <div role=\"tablist\" class=\"single_toggle\" data-tags=\"{All} \"  >        <p data-fake-id=\"#toggle-id-1\" class=\"toggler \"    role=\"tab\" tabindex=\"0\" aria-controls=\"toggle-id-1\">Sinopsi<span class=\"toggle_icon\" >        <span class=\"vert_icon\"><\/span><span class=\"hor_icon\"><\/span><\/span><\/p>        <div id=\"toggle-id-1\" class=\"toggle_wrap \"   >            <div class=\"toggle_content invers-color \"   ><p>En aquest documental la directora va seguir durant quatre anys la vida de dues extraordin\u00e0ries dones afganeses: Nilofar, membre del parlament, i Shakila, una periodista de televisi\u00f3. La retirada de les forces americanes i de l&#8217;ajuda internacional a l&#8217;Afganistan deixa a la democr\u00e0cia i les recents vict\u00f2ries de les dones penjant d&#8217;un fil, per la qual cosa Nilofar i Shakila hauran de triar entre la maternitat i les seves ambicions professionals, davant les creixents amenaces que pesen sobre elles i les seves fam\u00edlies.<\/p>\n            <\/div>        <\/div>    <\/div><\/section>\n<section class=\"av_toggle_section\"  >    <div role=\"tablist\" class=\"single_toggle\" data-tags=\"{All} \"  >        <p data-fake-id=\"#toggle-id-2\" class=\"toggler \"    role=\"tab\" tabindex=\"0\" aria-controls=\"toggle-id-2\">Biografia del director<span class=\"toggle_icon\" >        <span class=\"vert_icon\"><\/span><span class=\"hor_icon\"><\/span><\/span><\/p>        <div id=\"toggle-id-2\" class=\"toggle_wrap \"   >            <div class=\"toggle_content invers-color \"   ><p><strong>Sedika Mojadidi<\/strong> \u00e9s una directora de cinema independent, productora i guionista. Va n\u00e0ixer a l&#8217;Afganistan per\u00f2 es va criar a Florida. En 2006 va dirigir el seu primer documental Motherland Afghanistan, on segueix la lluita del seu pare per fer marcar la difer\u00e8ncia en la mortalitat materna que afecta el pa\u00eds. Durant l&#8217;\u00faltima d\u00e8cada Sedika ha produ\u00eft i dirigit diversos projectes per a cadenes de televisi\u00f3 com Discovery Channel i Humans Rights Watch, A&amp;E, TLC, New York Times Television, ABC News i The Guardian Multim\u00e8dia. Ha fet diversos rodatges a l&#8217;Afganistan des de l&#8217;any 2003. Actualment \u00e9s professora de Cinema i Televisi\u00f3 en el Savannah Collegue of Art and Design.<\/p>\n            <\/div>        <\/div>    <\/div><\/section>\n<\/div><br \/>\n<div  style='height:20px' class='hr hr-invisible   avia-builder-el-4  el_after_av_toggle_container  el_before_av_button '><span class='hr-inner ' ><span class='hr-inner-style'><\/span><\/span><\/div><\/p>\n<h4 style=\"text-align: center;\"><span style=\"color: #af17f8;\"><b>PROJECCI\u00d3<\/b><\/span><\/h4>\n<p style=\"text-align: center;\">Novembre del 2020<br \/>\nDisponible online en FILMIN<\/p>\n<div  class='avia-button-wrap avia-button-center  avia-builder-el-5  el_after_av_hr  avia-builder-el-last ' ><a href='https:\/\/www.filmin.es' class='avia-button  avia-color-theme-color   avia-icon_select-no avia-size-x-large avia-position-center ' target=\"_blank\" rel=\"noopener noreferrer\"><span class='avia_iconbox_title' >VEURE A FILMIN<\/span><\/a><\/div><\/div>\n","protected":false},"excerpt":{"rendered":"<p>Sedika Mojadidi &#8211; 2019<\/p>\n","protected":false},"featured_media":30263,"comment_status":"closed","ping_status":"closed","template":"","tags":[],"portfolio_entries":[143,78,276],"class_list":["post-30283","portfolio","type-portfolio","status-publish","has-post-thumbnail","hentry","portfolio_entries-afganistan-ca","portfolio_entries-seccio-especial","portfolio_entries-filmin-ca"],"yoast_head":"<!-- This site is optimized with the Yoast SEO plugin v27.4 - https:\/\/yoast.com\/product\/yoast-seo-wordpress\/ -->\n<title>FACING THE DRAGON - Asian Film Festival Barcelona<\/title>\n<meta name=\"robots\" content=\"noindex, follow, max-snippet:-1, max-image-preview:large, max-video-preview:-1\" \/>\n<meta property=\"og:locale\" content=\"ca_ES\" \/>\n<meta property=\"og:type\" content=\"article\" \/>\n<meta property=\"og:title\" content=\"FACING THE DRAGON - Asian Film Festival Barcelona\" \/>\n<meta property=\"og:description\" content=\"Sedika Mojadidi - 2019\" \/>\n<meta property=\"og:url\" content=\"https:\/\/asianfilmfestival.barcelona\/2020\/ca\/film-item\/facing-the-dragon\/\" \/>\n<meta property=\"og:site_name\" content=\"Asian Film Festival Barcelona\" \/>\n<meta property=\"article:modified_time\" content=\"2020-11-17T10:14:18+00:00\" \/>\n<meta property=\"og:image\" content=\"https:\/\/asianfilmfestival.barcelona\/2020\/wp-content\/uploads\/2020\/10\/AFGHANISTAN_FACING-THE-DRAGON_3.jpg\" \/>\n\t<meta property=\"og:image:width\" content=\"988\" \/>\n\t<meta property=\"og:image:height\" content=\"642\" \/>\n\t<meta property=\"og:image:type\" content=\"image\/jpeg\" \/>\n<meta name=\"twitter:card\" content=\"summary_large_image\" \/>\n<meta name=\"twitter:label1\" content=\"Temps estimat de lectura\" \/>\n\t<meta name=\"twitter:data1\" content=\"2 minuts\" \/>\n<script type=\"application\/ld+json\" class=\"yoast-schema-graph\">{\"@context\":\"https:\\\/\\\/schema.org\",\"@graph\":[{\"@type\":\"WebPage\",\"@id\":\"https:\\\/\\\/asianfilmfestival.barcelona\\\/2020\\\/ca\\\/film-item\\\/facing-the-dragon\\\/\",\"url\":\"https:\\\/\\\/asianfilmfestival.barcelona\\\/2020\\\/ca\\\/film-item\\\/facing-the-dragon\\\/\",\"name\":\"FACING THE DRAGON - Asian Film Festival Barcelona\",\"isPartOf\":{\"@id\":\"https:\\\/\\\/asianfilmfestival.barcelona\\\/2020\\\/#website\"},\"primaryImageOfPage\":{\"@id\":\"https:\\\/\\\/asianfilmfestival.barcelona\\\/2020\\\/ca\\\/film-item\\\/facing-the-dragon\\\/#primaryimage\"},\"image\":{\"@id\":\"https:\\\/\\\/asianfilmfestival.barcelona\\\/2020\\\/ca\\\/film-item\\\/facing-the-dragon\\\/#primaryimage\"},\"thumbnailUrl\":\"https:\\\/\\\/asianfilmfestival.barcelona\\\/2020\\\/wp-content\\\/uploads\\\/2020\\\/10\\\/AFGHANISTAN_FACING-THE-DRAGON_3.jpg\",\"datePublished\":\"2020-10-19T09:40:25+00:00\",\"dateModified\":\"2020-11-17T10:14:18+00:00\",\"breadcrumb\":{\"@id\":\"https:\\\/\\\/asianfilmfestival.barcelona\\\/2020\\\/ca\\\/film-item\\\/facing-the-dragon\\\/#breadcrumb\"},\"inLanguage\":\"ca\",\"potentialAction\":[{\"@type\":\"ReadAction\",\"target\":[\"https:\\\/\\\/asianfilmfestival.barcelona\\\/2020\\\/ca\\\/film-item\\\/facing-the-dragon\\\/\"]}]},{\"@type\":\"ImageObject\",\"inLanguage\":\"ca\",\"@id\":\"https:\\\/\\\/asianfilmfestival.barcelona\\\/2020\\\/ca\\\/film-item\\\/facing-the-dragon\\\/#primaryimage\",\"url\":\"https:\\\/\\\/asianfilmfestival.barcelona\\\/2020\\\/wp-content\\\/uploads\\\/2020\\\/10\\\/AFGHANISTAN_FACING-THE-DRAGON_3.jpg\",\"contentUrl\":\"https:\\\/\\\/asianfilmfestival.barcelona\\\/2020\\\/wp-content\\\/uploads\\\/2020\\\/10\\\/AFGHANISTAN_FACING-THE-DRAGON_3.jpg\",\"width\":988,\"height\":642},{\"@type\":\"BreadcrumbList\",\"@id\":\"https:\\\/\\\/asianfilmfestival.barcelona\\\/2020\\\/ca\\\/film-item\\\/facing-the-dragon\\\/#breadcrumb\",\"itemListElement\":[{\"@type\":\"ListItem\",\"position\":1,\"name\":\"Home\",\"item\":\"https:\\\/\\\/asianfilmfestival.barcelona\\\/2020\\\/ca\\\/\"},{\"@type\":\"ListItem\",\"position\":2,\"name\":\"FACING THE DRAGON\"}]},{\"@type\":\"WebSite\",\"@id\":\"https:\\\/\\\/asianfilmfestival.barcelona\\\/2020\\\/#website\",\"url\":\"https:\\\/\\\/asianfilmfestival.barcelona\\\/2020\\\/\",\"name\":\"Asian Film Festival Barcelona\",\"description\":\"2020\",\"potentialAction\":[{\"@type\":\"SearchAction\",\"target\":{\"@type\":\"EntryPoint\",\"urlTemplate\":\"https:\\\/\\\/asianfilmfestival.barcelona\\\/2020\\\/?s={search_term_string}\"},\"query-input\":{\"@type\":\"PropertyValueSpecification\",\"valueRequired\":true,\"valueName\":\"search_term_string\"}}],\"inLanguage\":\"ca\"}]}<\/script>\n<!-- \/ Yoast SEO plugin. -->","yoast_head_json":{"title":"FACING THE DRAGON - Asian Film Festival Barcelona","robots":{"index":"noindex","follow":"follow","max-snippet":"max-snippet:-1","max-image-preview":"max-image-preview:large","max-video-preview":"max-video-preview:-1"},"og_locale":"ca_ES","og_type":"article","og_title":"FACING THE DRAGON - Asian Film Festival Barcelona","og_description":"Sedika Mojadidi - 2019","og_url":"https:\/\/asianfilmfestival.barcelona\/2020\/ca\/film-item\/facing-the-dragon\/","og_site_name":"Asian Film Festival Barcelona","article_modified_time":"2020-11-17T10:14:18+00:00","og_image":[{"width":988,"height":642,"url":"https:\/\/asianfilmfestival.barcelona\/2020\/wp-content\/uploads\/2020\/10\/AFGHANISTAN_FACING-THE-DRAGON_3.jpg","type":"image\/jpeg"}],"twitter_card":"summary_large_image","twitter_misc":{"Temps estimat de lectura":"2 minuts"},"schema":{"@context":"https:\/\/schema.org","@graph":[{"@type":"WebPage","@id":"https:\/\/asianfilmfestival.barcelona\/2020\/ca\/film-item\/facing-the-dragon\/","url":"https:\/\/asianfilmfestival.barcelona\/2020\/ca\/film-item\/facing-the-dragon\/","name":"FACING THE DRAGON - Asian Film Festival Barcelona","isPartOf":{"@id":"https:\/\/asianfilmfestival.barcelona\/2020\/#website"},"primaryImageOfPage":{"@id":"https:\/\/asianfilmfestival.barcelona\/2020\/ca\/film-item\/facing-the-dragon\/#primaryimage"},"image":{"@id":"https:\/\/asianfilmfestival.barcelona\/2020\/ca\/film-item\/facing-the-dragon\/#primaryimage"},"thumbnailUrl":"https:\/\/asianfilmfestival.barcelona\/2020\/wp-content\/uploads\/2020\/10\/AFGHANISTAN_FACING-THE-DRAGON_3.jpg","datePublished":"2020-10-19T09:40:25+00:00","dateModified":"2020-11-17T10:14:18+00:00","breadcrumb":{"@id":"https:\/\/asianfilmfestival.barcelona\/2020\/ca\/film-item\/facing-the-dragon\/#breadcrumb"},"inLanguage":"ca","potentialAction":[{"@type":"ReadAction","target":["https:\/\/asianfilmfestival.barcelona\/2020\/ca\/film-item\/facing-the-dragon\/"]}]},{"@type":"ImageObject","inLanguage":"ca","@id":"https:\/\/asianfilmfestival.barcelona\/2020\/ca\/film-item\/facing-the-dragon\/#primaryimage","url":"https:\/\/asianfilmfestival.barcelona\/2020\/wp-content\/uploads\/2020\/10\/AFGHANISTAN_FACING-THE-DRAGON_3.jpg","contentUrl":"https:\/\/asianfilmfestival.barcelona\/2020\/wp-content\/uploads\/2020\/10\/AFGHANISTAN_FACING-THE-DRAGON_3.jpg","width":988,"height":642},{"@type":"BreadcrumbList","@id":"https:\/\/asianfilmfestival.barcelona\/2020\/ca\/film-item\/facing-the-dragon\/#breadcrumb","itemListElement":[{"@type":"ListItem","position":1,"name":"Home","item":"https:\/\/asianfilmfestival.barcelona\/2020\/ca\/"},{"@type":"ListItem","position":2,"name":"FACING THE DRAGON"}]},{"@type":"WebSite","@id":"https:\/\/asianfilmfestival.barcelona\/2020\/#website","url":"https:\/\/asianfilmfestival.barcelona\/2020\/","name":"Asian Film Festival Barcelona","description":"2020","potentialAction":[{"@type":"SearchAction","target":{"@type":"EntryPoint","urlTemplate":"https:\/\/asianfilmfestival.barcelona\/2020\/?s={search_term_string}"},"query-input":{"@type":"PropertyValueSpecification","valueRequired":true,"valueName":"search_term_string"}}],"inLanguage":"ca"}]}},"_links":{"self":[{"href":"https:\/\/asianfilmfestival.barcelona\/2020\/ca\/wp-json\/wp\/v2\/portfolio\/30283","targetHints":{"allow":["GET"]}}],"collection":[{"href":"https:\/\/asianfilmfestival.barcelona\/2020\/ca\/wp-json\/wp\/v2\/portfolio"}],"about":[{"href":"https:\/\/asianfilmfestival.barcelona\/2020\/ca\/wp-json\/wp\/v2\/types\/portfolio"}],"replies":[{"embeddable":true,"href":"https:\/\/asianfilmfestival.barcelona\/2020\/ca\/wp-json\/wp\/v2\/comments?post=30283"}],"version-history":[{"count":10,"href":"https:\/\/asianfilmfestival.barcelona\/2020\/ca\/wp-json\/wp\/v2\/portfolio\/30283\/revisions"}],"predecessor-version":[{"id":33853,"href":"https:\/\/asianfilmfestival.barcelona\/2020\/ca\/wp-json\/wp\/v2\/portfolio\/30283\/revisions\/33853"}],"wp:featuredmedia":[{"embeddable":true,"href":"https:\/\/asianfilmfestival.barcelona\/2020\/ca\/wp-json\/wp\/v2\/media\/30263"}],"wp:attachment":[{"href":"https:\/\/asianfilmfestival.barcelona\/2020\/ca\/wp-json\/wp\/v2\/media?parent=30283"}],"wp:term":[{"taxonomy":"post_tag","embeddable":true,"href":"https:\/\/asianfilmfestival.barcelona\/2020\/ca\/wp-json\/wp\/v2\/tags?post=30283"},{"taxonomy":"portfolio_entries","embeddable":true,"href":"https:\/\/asianfilmfestival.barcelona\/2020\/ca\/wp-json\/wp\/v2\/portfolio_entries?post=30283"}],"curies":[{"name":"wp","href":"https:\/\/api.w.org\/{rel}","templated":true}]}}