{"id":29731,"date":"2020-10-08T14:51:13","date_gmt":"2020-10-08T12:51:13","guid":{"rendered":"https:\/\/www.asianfilmfestival.barcelona\/2020\/film-item\/vertigo\/"},"modified":"2020-11-24T09:51:26","modified_gmt":"2020-11-24T08:51:26","slug":"vertigo","status":"publish","type":"portfolio","link":"https:\/\/asianfilmfestival.barcelona\/2020\/ca\/film-item\/vertigo\/","title":{"rendered":"VERTIGO"},"content":{"rendered":"<div class=\"flex_column av_one_half  flex_column_div first  avia-builder-el-0  el_before_av_one_half  avia-builder-el-first  \" ><p><a href=\"https:\/\/www.youtube.com\/watch?v=3B5lLnLfzig\"><img loading=\"lazy\" decoding=\"async\" class=\"alignnone wp-image-25915 size-full\" src=\"https:\/\/www.asianfilmfestival.barcelona\/2020\/wp-content\/uploads\/2020\/10\/COREAVERTIGO1-PLAY.jpg\" alt=\"\" width=\"988\" height=\"642\" \/><\/a><\/p>\n<div   data-size='no scaling'  data-lightbox_size='large'  data-animation='fade'  data-conditional_play=''  data-ids='29714,29717,29720,29723'  data-video_counter='0'  data-autoplay='true'  data-bg_slider='false'  data-slide_height=''  data-handle='av_slideshow'  data-interval='3'  data-class=' avia-builder-el-1  avia-builder-el-no-sibling  '  data-el_id=''  data-css_id=''  data-scroll_down=''  data-control_layout='av-control-hidden'  data-custom_markup=''  data-perma_caption=''  data-autoplay_stopper=''  data-image_attachment=''  data-min_height='0px'  data-lazy_loading='disabled'  class='avia-slideshow avia-slideshow-1  av-control-hidden av-default-height-applied avia-slideshow-no scaling av_slideshow  avia-builder-el-1  avia-builder-el-no-sibling   avia-fade-slider ' ><ul class='avia-slideshow-inner ' style='padding-bottom: 64.97975708502%;' ><li  class=' slide-1 ' ><div data-rel='slideshow-1' class='avia-slide-wrap '   ><img decoding=\"async\" class=\"wp-image-29715 avia-img-lazy-loading-not-29715\"  src=\"https:\/\/asianfilmfestival.barcelona\/2020\/wp-content\/uploads\/2020\/10\/COREAVERTIGO2.jpg\" width=\"988\" height=\"642\" title='COREAVERTIGO2' alt='' srcset=\"https:\/\/asianfilmfestival.barcelona\/2020\/wp-content\/uploads\/2020\/10\/COREAVERTIGO2.jpg 988w, https:\/\/asianfilmfestival.barcelona\/2020\/wp-content\/uploads\/2020\/10\/COREAVERTIGO2-300x195.jpg 300w, https:\/\/asianfilmfestival.barcelona\/2020\/wp-content\/uploads\/2020\/10\/COREAVERTIGO2-768x499.jpg 768w, https:\/\/asianfilmfestival.barcelona\/2020\/wp-content\/uploads\/2020\/10\/COREAVERTIGO2-705x458.jpg 705w\" sizes=\"(max-width: 988px) 100vw, 988px\" \/><\/div><\/li><li  class=' slide-2 ' ><div data-rel='slideshow-1' class='avia-slide-wrap '   ><img decoding=\"async\" class=\"wp-image-29718 avia-img-lazy-loading-not-29718\"  src=\"https:\/\/asianfilmfestival.barcelona\/2020\/wp-content\/uploads\/2020\/10\/COREAVERTIGO3.jpg\" width=\"988\" height=\"642\" title='COREAVERTIGO3' alt='' srcset=\"https:\/\/asianfilmfestival.barcelona\/2020\/wp-content\/uploads\/2020\/10\/COREAVERTIGO3.jpg 988w, https:\/\/asianfilmfestival.barcelona\/2020\/wp-content\/uploads\/2020\/10\/COREAVERTIGO3-300x195.jpg 300w, https:\/\/asianfilmfestival.barcelona\/2020\/wp-content\/uploads\/2020\/10\/COREAVERTIGO3-768x499.jpg 768w, https:\/\/asianfilmfestival.barcelona\/2020\/wp-content\/uploads\/2020\/10\/COREAVERTIGO3-705x458.jpg 705w\" sizes=\"(max-width: 988px) 100vw, 988px\" \/><\/div><\/li><li  class=' slide-3 ' ><div data-rel='slideshow-1' class='avia-slide-wrap '   ><img decoding=\"async\" class=\"wp-image-29721 avia-img-lazy-loading-not-29721\"  src=\"https:\/\/asianfilmfestival.barcelona\/2020\/wp-content\/uploads\/2020\/10\/COREAVERTIGO4.jpg\" width=\"988\" height=\"642\" title='COREAVERTIGO4' alt='' srcset=\"https:\/\/asianfilmfestival.barcelona\/2020\/wp-content\/uploads\/2020\/10\/COREAVERTIGO4.jpg 988w, https:\/\/asianfilmfestival.barcelona\/2020\/wp-content\/uploads\/2020\/10\/COREAVERTIGO4-300x195.jpg 300w, https:\/\/asianfilmfestival.barcelona\/2020\/wp-content\/uploads\/2020\/10\/COREAVERTIGO4-768x499.jpg 768w, https:\/\/asianfilmfestival.barcelona\/2020\/wp-content\/uploads\/2020\/10\/COREAVERTIGO4-705x458.jpg 705w\" sizes=\"(max-width: 988px) 100vw, 988px\" \/><\/div><\/li><li  class=' slide-4 ' ><div data-rel='slideshow-1' class='avia-slide-wrap '   ><img decoding=\"async\" class=\"wp-image-29724 avia-img-lazy-loading-not-29724\"  src=\"https:\/\/asianfilmfestival.barcelona\/2020\/wp-content\/uploads\/2020\/10\/COREAVERTIGO5.jpg\" width=\"988\" height=\"642\" title='COREAVERTIGO5' alt='' srcset=\"https:\/\/asianfilmfestival.barcelona\/2020\/wp-content\/uploads\/2020\/10\/COREAVERTIGO5.jpg 988w, https:\/\/asianfilmfestival.barcelona\/2020\/wp-content\/uploads\/2020\/10\/COREAVERTIGO5-300x195.jpg 300w, https:\/\/asianfilmfestival.barcelona\/2020\/wp-content\/uploads\/2020\/10\/COREAVERTIGO5-768x499.jpg 768w, https:\/\/asianfilmfestival.barcelona\/2020\/wp-content\/uploads\/2020\/10\/COREAVERTIGO5-705x458.jpg 705w\" sizes=\"(max-width: 988px) 100vw, 988px\" \/><\/div><\/li><\/ul><div class='avia-slideshow-arrows avia-slideshow-controls'><a href='#prev' class='prev-slide' aria-hidden='true' data-av_icon='\ue87c' data-av_iconfont='entypo-fontello'>Anterior<\/a><a href='#next' class='next-slide' aria-hidden='true' data-av_icon='\ue87d' data-av_iconfont='entypo-fontello'>Seg\u00fcent<\/a><\/div><div class='avia-slideshow-dots avia-slideshow-controls'><a href='#1' class='goto-slide active' >1<\/a><a href='#2' class='goto-slide ' >2<\/a><a href='#3' class='goto-slide ' >3<\/a><a href='#4' class='goto-slide ' >4<\/a><\/div><\/div><\/div>\n<div class=\"flex_column av_one_half  flex_column_div   avia-builder-el-2  el_after_av_one_half  avia-builder-el-last  \" ><h1><span style=\"color: #af17f8;\">Vertigo<\/span><\/h1>\n<h4><span style=\"color: #999999;\">Corea del sud<\/span><\/h4>\n<h4><span style=\"color: #999999;\">SECCI\u00d3 OFICIAL<\/span><\/h4>\n<p>Director: Jeon Gye-soo<br \/>\nAny: 2019<br \/>\nDurada:114 \u2032<br \/>\nIdioma: VOSE<br \/>\nG\u00e8nere: Drama, Roman\u00e7<\/p>\n<p><div   class=\"togglecontainer   toggle_close_all  avia-builder-el-3  el_before_av_hr  avia-builder-el-first \" >\n<section class=\"av_toggle_section\"  >    <div role=\"tablist\" class=\"single_toggle\" data-tags=\"{All} \"  >        <p data-fake-id=\"#toggle-id-1\" class=\"toggler \"    role=\"tab\" tabindex=\"0\" aria-controls=\"toggle-id-1\">Sinopsis<span class=\"toggle_icon\" >        <span class=\"vert_icon\"><\/span><span class=\"hor_icon\"><\/span><\/span><\/p>        <div id=\"toggle-id-1\" class=\"toggle_wrap \"   >            <div class=\"toggle_content invers-color \"   ><p>Seo- yeong treballa com a dissenyadora en una companyia situada en un dels molts gratacels de Se\u00fcl. Sembla feli\u00e7 tant en la seva vida professional com personal, perqu\u00e8 mant\u00e9 una relaci\u00f3 secreta amb un dels seus companys, el qual crida l&#8217;atenci\u00f3 de la majoria de les dones de l&#8217;oficina. La seva mare est\u00e0 passant per circumst\u00e0ncies oposades i increpa a la seva filla, que t\u00e9 un problema d&#8217;o\u00efda i com a conseq\u00fc\u00e8ncia vertigen. Just quan el seu nuvi sembla posar una certa dist\u00e0ncia entre ells per raons que Seu-yeong no pot comprendre, en la seva vida apareix Gwan-woo, un netejador de finestres que treballa fora del seu edifici d&#8217;oficines i amb qui entaular\u00e0 una relaci\u00f3 inesperada.<\/p>\n            <\/div>        <\/div>    <\/div><\/section>\n<section class=\"av_toggle_section\"  >    <div role=\"tablist\" class=\"single_toggle\" data-tags=\"{All} \"  >        <p data-fake-id=\"#toggle-id-2\" class=\"toggler \"    role=\"tab\" tabindex=\"0\" aria-controls=\"toggle-id-2\">Biografia del director<span class=\"toggle_icon\" >        <span class=\"vert_icon\"><\/span><span class=\"hor_icon\"><\/span><\/span><\/p>        <div id=\"toggle-id-2\" class=\"toggle_wrap \"   >            <div class=\"toggle_content invers-color \"   ><p><strong>Jeon Gye-soo<\/strong> va estudiar Filosofia en la Universitat de Sogang i despr\u00e9s de graduar-se va decidir dedicar-se a escriure obres de teatre. Amb aquesta experi\u00e8ncia i l&#8217;adquirida en els musicals, va fer el seu debut com a director amb la pel\u00b7l\u00edcula musical Ghost Theater en 2006. El seu tercer llargmetratge, Love Fiction, va guanyar el premi al millor gui\u00f3 en la 48a edici\u00f3 dels Premis Baeksang de les Arts.<\/p>\n            <\/div>        <\/div>    <\/div><\/section>\n<\/div><br \/>\n<div  style='height:20px' class='hr hr-invisible   avia-builder-el-4  el_after_av_toggle_container  el_before_av_button '><span class='hr-inner ' ><span class='hr-inner-style'><\/span><\/span><\/div><\/p>\n<h4 style=\"text-align: center;\"><span style=\"color: #af17f8;\"><b>PROJECCI\u00d3<\/b><\/span><\/h4>\n<p style=\"text-align: center;\">Dijous, 3 de desembre<br \/>\n20:00h<br \/>\nCINEMES GIRONA<\/p>\n<div  class='avia-button-wrap avia-button-center  avia-builder-el-5  el_after_av_hr  avia-builder-el-last ' ><a href='http:\/\/www.cinemesgirona.cat' class='avia-button  avia-color-theme-color   avia-icon_select-no avia-size-x-large avia-position-center ' target=\"_blank\" rel=\"noopener noreferrer\"><span class='avia_iconbox_title' >COMPRAR ENTRADES<\/span><\/a><\/div><\/div>\n","protected":false},"excerpt":{"rendered":"<p>Jeon Gye-soo &#8211; 2019<\/p>\n","protected":false},"featured_media":29718,"comment_status":"closed","ping_status":"closed","template":"","tags":[],"portfolio_entries":[38,238,124],"class_list":["post-29731","portfolio","type-portfolio","status-publish","has-post-thumbnail","hentry","portfolio_entries-cinemes-girona-ca","portfolio_entries-corea-ca","portfolio_entries-seccio-oficial"],"yoast_head":"<!-- This site is optimized with the Yoast SEO plugin v27.4 - https:\/\/yoast.com\/product\/yoast-seo-wordpress\/ -->\n<title>VERTIGO - Asian Film Festival Barcelona<\/title>\n<meta name=\"robots\" content=\"noindex, follow, max-snippet:-1, max-image-preview:large, max-video-preview:-1\" \/>\n<meta property=\"og:locale\" content=\"ca_ES\" \/>\n<meta property=\"og:type\" content=\"article\" \/>\n<meta property=\"og:title\" content=\"VERTIGO - Asian Film Festival Barcelona\" \/>\n<meta property=\"og:description\" content=\"Jeon Gye-soo - 2019\" \/>\n<meta property=\"og:url\" content=\"https:\/\/asianfilmfestival.barcelona\/2020\/ca\/film-item\/vertigo\/\" \/>\n<meta property=\"og:site_name\" content=\"Asian Film Festival Barcelona\" \/>\n<meta property=\"article:modified_time\" content=\"2020-11-24T08:51:26+00:00\" \/>\n<meta property=\"og:image\" content=\"https:\/\/asianfilmfestival.barcelona\/2020\/wp-content\/uploads\/2020\/10\/COREAVERTIGO3.jpg\" \/>\n\t<meta property=\"og:image:width\" content=\"988\" \/>\n\t<meta property=\"og:image:height\" content=\"642\" \/>\n\t<meta property=\"og:image:type\" content=\"image\/jpeg\" \/>\n<meta name=\"twitter:card\" content=\"summary_large_image\" \/>\n<meta name=\"twitter:label1\" content=\"Temps estimat de lectura\" \/>\n\t<meta name=\"twitter:data1\" content=\"2 minuts\" \/>\n<script type=\"application\/ld+json\" class=\"yoast-schema-graph\">{\"@context\":\"https:\\\/\\\/schema.org\",\"@graph\":[{\"@type\":\"WebPage\",\"@id\":\"https:\\\/\\\/asianfilmfestival.barcelona\\\/2020\\\/ca\\\/film-item\\\/vertigo\\\/\",\"url\":\"https:\\\/\\\/asianfilmfestival.barcelona\\\/2020\\\/ca\\\/film-item\\\/vertigo\\\/\",\"name\":\"VERTIGO - Asian Film Festival Barcelona\",\"isPartOf\":{\"@id\":\"https:\\\/\\\/asianfilmfestival.barcelona\\\/2020\\\/#website\"},\"primaryImageOfPage\":{\"@id\":\"https:\\\/\\\/asianfilmfestival.barcelona\\\/2020\\\/ca\\\/film-item\\\/vertigo\\\/#primaryimage\"},\"image\":{\"@id\":\"https:\\\/\\\/asianfilmfestival.barcelona\\\/2020\\\/ca\\\/film-item\\\/vertigo\\\/#primaryimage\"},\"thumbnailUrl\":\"https:\\\/\\\/asianfilmfestival.barcelona\\\/2020\\\/wp-content\\\/uploads\\\/2020\\\/10\\\/COREAVERTIGO3.jpg\",\"datePublished\":\"2020-10-08T12:51:13+00:00\",\"dateModified\":\"2020-11-24T08:51:26+00:00\",\"breadcrumb\":{\"@id\":\"https:\\\/\\\/asianfilmfestival.barcelona\\\/2020\\\/ca\\\/film-item\\\/vertigo\\\/#breadcrumb\"},\"inLanguage\":\"ca\",\"potentialAction\":[{\"@type\":\"ReadAction\",\"target\":[\"https:\\\/\\\/asianfilmfestival.barcelona\\\/2020\\\/ca\\\/film-item\\\/vertigo\\\/\"]}]},{\"@type\":\"ImageObject\",\"inLanguage\":\"ca\",\"@id\":\"https:\\\/\\\/asianfilmfestival.barcelona\\\/2020\\\/ca\\\/film-item\\\/vertigo\\\/#primaryimage\",\"url\":\"https:\\\/\\\/asianfilmfestival.barcelona\\\/2020\\\/wp-content\\\/uploads\\\/2020\\\/10\\\/COREAVERTIGO3.jpg\",\"contentUrl\":\"https:\\\/\\\/asianfilmfestival.barcelona\\\/2020\\\/wp-content\\\/uploads\\\/2020\\\/10\\\/COREAVERTIGO3.jpg\",\"width\":988,\"height\":642},{\"@type\":\"BreadcrumbList\",\"@id\":\"https:\\\/\\\/asianfilmfestival.barcelona\\\/2020\\\/ca\\\/film-item\\\/vertigo\\\/#breadcrumb\",\"itemListElement\":[{\"@type\":\"ListItem\",\"position\":1,\"name\":\"Home\",\"item\":\"https:\\\/\\\/asianfilmfestival.barcelona\\\/2020\\\/ca\\\/\"},{\"@type\":\"ListItem\",\"position\":2,\"name\":\"VERTIGO\"}]},{\"@type\":\"WebSite\",\"@id\":\"https:\\\/\\\/asianfilmfestival.barcelona\\\/2020\\\/#website\",\"url\":\"https:\\\/\\\/asianfilmfestival.barcelona\\\/2020\\\/\",\"name\":\"Asian Film Festival Barcelona\",\"description\":\"2020\",\"potentialAction\":[{\"@type\":\"SearchAction\",\"target\":{\"@type\":\"EntryPoint\",\"urlTemplate\":\"https:\\\/\\\/asianfilmfestival.barcelona\\\/2020\\\/?s={search_term_string}\"},\"query-input\":{\"@type\":\"PropertyValueSpecification\",\"valueRequired\":true,\"valueName\":\"search_term_string\"}}],\"inLanguage\":\"ca\"}]}<\/script>\n<!-- \/ Yoast SEO plugin. -->","yoast_head_json":{"title":"VERTIGO - Asian Film Festival Barcelona","robots":{"index":"noindex","follow":"follow","max-snippet":"max-snippet:-1","max-image-preview":"max-image-preview:large","max-video-preview":"max-video-preview:-1"},"og_locale":"ca_ES","og_type":"article","og_title":"VERTIGO - Asian Film Festival Barcelona","og_description":"Jeon Gye-soo - 2019","og_url":"https:\/\/asianfilmfestival.barcelona\/2020\/ca\/film-item\/vertigo\/","og_site_name":"Asian Film Festival Barcelona","article_modified_time":"2020-11-24T08:51:26+00:00","og_image":[{"width":988,"height":642,"url":"https:\/\/asianfilmfestival.barcelona\/2020\/wp-content\/uploads\/2020\/10\/COREAVERTIGO3.jpg","type":"image\/jpeg"}],"twitter_card":"summary_large_image","twitter_misc":{"Temps estimat de lectura":"2 minuts"},"schema":{"@context":"https:\/\/schema.org","@graph":[{"@type":"WebPage","@id":"https:\/\/asianfilmfestival.barcelona\/2020\/ca\/film-item\/vertigo\/","url":"https:\/\/asianfilmfestival.barcelona\/2020\/ca\/film-item\/vertigo\/","name":"VERTIGO - Asian Film Festival Barcelona","isPartOf":{"@id":"https:\/\/asianfilmfestival.barcelona\/2020\/#website"},"primaryImageOfPage":{"@id":"https:\/\/asianfilmfestival.barcelona\/2020\/ca\/film-item\/vertigo\/#primaryimage"},"image":{"@id":"https:\/\/asianfilmfestival.barcelona\/2020\/ca\/film-item\/vertigo\/#primaryimage"},"thumbnailUrl":"https:\/\/asianfilmfestival.barcelona\/2020\/wp-content\/uploads\/2020\/10\/COREAVERTIGO3.jpg","datePublished":"2020-10-08T12:51:13+00:00","dateModified":"2020-11-24T08:51:26+00:00","breadcrumb":{"@id":"https:\/\/asianfilmfestival.barcelona\/2020\/ca\/film-item\/vertigo\/#breadcrumb"},"inLanguage":"ca","potentialAction":[{"@type":"ReadAction","target":["https:\/\/asianfilmfestival.barcelona\/2020\/ca\/film-item\/vertigo\/"]}]},{"@type":"ImageObject","inLanguage":"ca","@id":"https:\/\/asianfilmfestival.barcelona\/2020\/ca\/film-item\/vertigo\/#primaryimage","url":"https:\/\/asianfilmfestival.barcelona\/2020\/wp-content\/uploads\/2020\/10\/COREAVERTIGO3.jpg","contentUrl":"https:\/\/asianfilmfestival.barcelona\/2020\/wp-content\/uploads\/2020\/10\/COREAVERTIGO3.jpg","width":988,"height":642},{"@type":"BreadcrumbList","@id":"https:\/\/asianfilmfestival.barcelona\/2020\/ca\/film-item\/vertigo\/#breadcrumb","itemListElement":[{"@type":"ListItem","position":1,"name":"Home","item":"https:\/\/asianfilmfestival.barcelona\/2020\/ca\/"},{"@type":"ListItem","position":2,"name":"VERTIGO"}]},{"@type":"WebSite","@id":"https:\/\/asianfilmfestival.barcelona\/2020\/#website","url":"https:\/\/asianfilmfestival.barcelona\/2020\/","name":"Asian Film Festival Barcelona","description":"2020","potentialAction":[{"@type":"SearchAction","target":{"@type":"EntryPoint","urlTemplate":"https:\/\/asianfilmfestival.barcelona\/2020\/?s={search_term_string}"},"query-input":{"@type":"PropertyValueSpecification","valueRequired":true,"valueName":"search_term_string"}}],"inLanguage":"ca"}]}},"_links":{"self":[{"href":"https:\/\/asianfilmfestival.barcelona\/2020\/ca\/wp-json\/wp\/v2\/portfolio\/29731","targetHints":{"allow":["GET"]}}],"collection":[{"href":"https:\/\/asianfilmfestival.barcelona\/2020\/ca\/wp-json\/wp\/v2\/portfolio"}],"about":[{"href":"https:\/\/asianfilmfestival.barcelona\/2020\/ca\/wp-json\/wp\/v2\/types\/portfolio"}],"replies":[{"embeddable":true,"href":"https:\/\/asianfilmfestival.barcelona\/2020\/ca\/wp-json\/wp\/v2\/comments?post=29731"}],"version-history":[{"count":6,"href":"https:\/\/asianfilmfestival.barcelona\/2020\/ca\/wp-json\/wp\/v2\/portfolio\/29731\/revisions"}],"predecessor-version":[{"id":34332,"href":"https:\/\/asianfilmfestival.barcelona\/2020\/ca\/wp-json\/wp\/v2\/portfolio\/29731\/revisions\/34332"}],"wp:featuredmedia":[{"embeddable":true,"href":"https:\/\/asianfilmfestival.barcelona\/2020\/ca\/wp-json\/wp\/v2\/media\/29718"}],"wp:attachment":[{"href":"https:\/\/asianfilmfestival.barcelona\/2020\/ca\/wp-json\/wp\/v2\/media?parent=29731"}],"wp:term":[{"taxonomy":"post_tag","embeddable":true,"href":"https:\/\/asianfilmfestival.barcelona\/2020\/ca\/wp-json\/wp\/v2\/tags?post=29731"},{"taxonomy":"portfolio_entries","embeddable":true,"href":"https:\/\/asianfilmfestival.barcelona\/2020\/ca\/wp-json\/wp\/v2\/portfolio_entries?post=29731"}],"curies":[{"name":"wp","href":"https:\/\/api.w.org\/{rel}","templated":true}]}}