{"id":28689,"date":"2020-10-01T18:27:07","date_gmt":"2020-10-01T16:27:07","guid":{"rendered":"https:\/\/www.asianfilmfestival.barcelona\/2020\/film-item\/we-are-all-together\/"},"modified":"2020-11-24T10:43:44","modified_gmt":"2020-11-24T09:43:44","slug":"we-are-all-together","status":"publish","type":"portfolio","link":"https:\/\/asianfilmfestival.barcelona\/2020\/ca\/film-item\/we-are-all-together\/","title":{"rendered":"WE ARE ALL TOGETHER"},"content":{"rendered":"<div class=\"flex_column av_one_half  flex_column_div first  avia-builder-el-0  el_before_av_one_half  avia-builder-el-first  \" ><p><a href=\"https:\/\/www.youtube.com\/watch?v=giKV3lu2N_4\"><img loading=\"lazy\" decoding=\"async\" class=\"alignnone wp-image-25915 size-full\" src=\"https:\/\/www.asianfilmfestival.barcelona\/2020\/wp-content\/uploads\/2020\/10\/Ira\u0301n-WE-ARE-ALL-TOGETHER-5.jpg\" alt=\"\" width=\"988\" height=\"642\" \/><\/a><br \/>\n<div   data-size='no scaling'  data-lightbox_size='large'  data-animation='fade'  data-conditional_play=''  data-ids='28666,28669,28672,28675,28681,28684'  data-video_counter='0'  data-autoplay='true'  data-bg_slider='false'  data-slide_height=''  data-handle='av_slideshow'  data-interval='3'  data-class=' avia-builder-el-1  avia-builder-el-no-sibling  '  data-el_id=''  data-css_id=''  data-scroll_down=''  data-control_layout='av-control-hidden'  data-custom_markup=''  data-perma_caption=''  data-autoplay_stopper=''  data-image_attachment=''  data-min_height='0px'  data-lazy_loading='disabled'  class='avia-slideshow avia-slideshow-1  av-control-hidden av-default-height-applied avia-slideshow-no scaling av_slideshow  avia-builder-el-1  avia-builder-el-no-sibling   avia-fade-slider ' ><ul class='avia-slideshow-inner ' style='padding-bottom: 64.97975708502%;' ><li  class=' slide-1 ' ><div data-rel='slideshow-1' class='avia-slide-wrap '   ><img decoding=\"async\" class=\"wp-image-28667 avia-img-lazy-loading-not-28667\"  src=\"https:\/\/asianfilmfestival.barcelona\/2020\/wp-content\/uploads\/2020\/10\/Ira\u0301n-WE-ARE-ALL-TOGETHER-1.jpg\" width=\"988\" height=\"642\" title='Ira\u0301n-WE-ARE-ALL-TOGETHER-1' alt='' srcset=\"https:\/\/asianfilmfestival.barcelona\/2020\/wp-content\/uploads\/2020\/10\/Ira\u0301n-WE-ARE-ALL-TOGETHER-1.jpg 988w, https:\/\/asianfilmfestival.barcelona\/2020\/wp-content\/uploads\/2020\/10\/Ira\u0301n-WE-ARE-ALL-TOGETHER-1-300x195.jpg 300w, https:\/\/asianfilmfestival.barcelona\/2020\/wp-content\/uploads\/2020\/10\/Ira\u0301n-WE-ARE-ALL-TOGETHER-1-768x499.jpg 768w, https:\/\/asianfilmfestival.barcelona\/2020\/wp-content\/uploads\/2020\/10\/Ira\u0301n-WE-ARE-ALL-TOGETHER-1-705x458.jpg 705w\" sizes=\"(max-width: 988px) 100vw, 988px\" \/><\/div><\/li><li  class=' slide-2 ' ><div data-rel='slideshow-1' class='avia-slide-wrap '   ><img decoding=\"async\" class=\"wp-image-28670 avia-img-lazy-loading-not-28670\"  src=\"https:\/\/asianfilmfestival.barcelona\/2020\/wp-content\/uploads\/2020\/10\/Ira\u0301n-WE-ARE-ALL-TOGETHER-2.jpg\" width=\"988\" height=\"642\" title='Ira\u0301n-WE-ARE-ALL-TOGETHER-2' alt='' srcset=\"https:\/\/asianfilmfestival.barcelona\/2020\/wp-content\/uploads\/2020\/10\/Ira\u0301n-WE-ARE-ALL-TOGETHER-2.jpg 988w, https:\/\/asianfilmfestival.barcelona\/2020\/wp-content\/uploads\/2020\/10\/Ira\u0301n-WE-ARE-ALL-TOGETHER-2-300x195.jpg 300w, https:\/\/asianfilmfestival.barcelona\/2020\/wp-content\/uploads\/2020\/10\/Ira\u0301n-WE-ARE-ALL-TOGETHER-2-768x499.jpg 768w, https:\/\/asianfilmfestival.barcelona\/2020\/wp-content\/uploads\/2020\/10\/Ira\u0301n-WE-ARE-ALL-TOGETHER-2-705x458.jpg 705w\" sizes=\"(max-width: 988px) 100vw, 988px\" \/><\/div><\/li><li  class=' slide-3 ' ><div data-rel='slideshow-1' class='avia-slide-wrap '   ><img decoding=\"async\" class=\"wp-image-28673 avia-img-lazy-loading-not-28673\"  src=\"https:\/\/asianfilmfestival.barcelona\/2020\/wp-content\/uploads\/2020\/10\/Ira\u0301n-WE-ARE-ALL-TOGETHER-3.jpg\" width=\"988\" height=\"642\" title='Ira\u0301n-WE-ARE-ALL-TOGETHER-3' alt='' srcset=\"https:\/\/asianfilmfestival.barcelona\/2020\/wp-content\/uploads\/2020\/10\/Ira\u0301n-WE-ARE-ALL-TOGETHER-3.jpg 988w, https:\/\/asianfilmfestival.barcelona\/2020\/wp-content\/uploads\/2020\/10\/Ira\u0301n-WE-ARE-ALL-TOGETHER-3-300x195.jpg 300w, https:\/\/asianfilmfestival.barcelona\/2020\/wp-content\/uploads\/2020\/10\/Ira\u0301n-WE-ARE-ALL-TOGETHER-3-768x499.jpg 768w, https:\/\/asianfilmfestival.barcelona\/2020\/wp-content\/uploads\/2020\/10\/Ira\u0301n-WE-ARE-ALL-TOGETHER-3-705x458.jpg 705w\" sizes=\"(max-width: 988px) 100vw, 988px\" \/><\/div><\/li><li  class=' slide-4 ' ><div data-rel='slideshow-1' class='avia-slide-wrap '   ><img decoding=\"async\" class=\"wp-image-28676 avia-img-lazy-loading-not-28676\"  src=\"https:\/\/asianfilmfestival.barcelona\/2020\/wp-content\/uploads\/2020\/10\/Ira\u0301n-WE-ARE-ALL-TOGETHER-4.jpg\" width=\"988\" height=\"642\" title='Ira\u0301n-WE-ARE-ALL-TOGETHER-4' alt='' srcset=\"https:\/\/asianfilmfestival.barcelona\/2020\/wp-content\/uploads\/2020\/10\/Ira\u0301n-WE-ARE-ALL-TOGETHER-4.jpg 988w, https:\/\/asianfilmfestival.barcelona\/2020\/wp-content\/uploads\/2020\/10\/Ira\u0301n-WE-ARE-ALL-TOGETHER-4-300x195.jpg 300w, https:\/\/asianfilmfestival.barcelona\/2020\/wp-content\/uploads\/2020\/10\/Ira\u0301n-WE-ARE-ALL-TOGETHER-4-768x499.jpg 768w, https:\/\/asianfilmfestival.barcelona\/2020\/wp-content\/uploads\/2020\/10\/Ira\u0301n-WE-ARE-ALL-TOGETHER-4-705x458.jpg 705w\" sizes=\"(max-width: 988px) 100vw, 988px\" \/><\/div><\/li><li  class=' slide-5 ' ><div data-rel='slideshow-1' class='avia-slide-wrap '   ><img decoding=\"async\" class=\"wp-image-28682 avia-img-lazy-loading-not-28682\"  src=\"https:\/\/asianfilmfestival.barcelona\/2020\/wp-content\/uploads\/2020\/10\/Ira\u0301n-WE-ARE-ALL-TOGETHER-6.jpg\" width=\"988\" height=\"642\" title='Ira\u0301n-WE-ARE-ALL-TOGETHER-6' alt='' srcset=\"https:\/\/asianfilmfestival.barcelona\/2020\/wp-content\/uploads\/2020\/10\/Ira\u0301n-WE-ARE-ALL-TOGETHER-6.jpg 988w, https:\/\/asianfilmfestival.barcelona\/2020\/wp-content\/uploads\/2020\/10\/Ira\u0301n-WE-ARE-ALL-TOGETHER-6-300x195.jpg 300w, https:\/\/asianfilmfestival.barcelona\/2020\/wp-content\/uploads\/2020\/10\/Ira\u0301n-WE-ARE-ALL-TOGETHER-6-768x499.jpg 768w, https:\/\/asianfilmfestival.barcelona\/2020\/wp-content\/uploads\/2020\/10\/Ira\u0301n-WE-ARE-ALL-TOGETHER-6-705x458.jpg 705w\" sizes=\"(max-width: 988px) 100vw, 988px\" \/><\/div><\/li><li  class=' slide-6 ' ><div data-rel='slideshow-1' class='avia-slide-wrap '   ><img decoding=\"async\" class=\"wp-image-28685 avia-img-lazy-loading-not-28685\"  src=\"https:\/\/asianfilmfestival.barcelona\/2020\/wp-content\/uploads\/2020\/10\/Ira\u0301n-WE-ARE-ALL-TOGETHER-7.jpg\" width=\"988\" height=\"642\" title='Ira\u0301n-WE-ARE-ALL-TOGETHER-7' alt='' srcset=\"https:\/\/asianfilmfestival.barcelona\/2020\/wp-content\/uploads\/2020\/10\/Ira\u0301n-WE-ARE-ALL-TOGETHER-7.jpg 988w, https:\/\/asianfilmfestival.barcelona\/2020\/wp-content\/uploads\/2020\/10\/Ira\u0301n-WE-ARE-ALL-TOGETHER-7-300x195.jpg 300w, https:\/\/asianfilmfestival.barcelona\/2020\/wp-content\/uploads\/2020\/10\/Ira\u0301n-WE-ARE-ALL-TOGETHER-7-768x499.jpg 768w, https:\/\/asianfilmfestival.barcelona\/2020\/wp-content\/uploads\/2020\/10\/Ira\u0301n-WE-ARE-ALL-TOGETHER-7-705x458.jpg 705w\" sizes=\"(max-width: 988px) 100vw, 988px\" \/><\/div><\/li><\/ul><div class='avia-slideshow-arrows avia-slideshow-controls'><a href='#prev' class='prev-slide' aria-hidden='true' data-av_icon='\ue87c' data-av_iconfont='entypo-fontello'>Anterior<\/a><a href='#next' class='next-slide' aria-hidden='true' data-av_icon='\ue87d' data-av_iconfont='entypo-fontello'>Seg\u00fcent<\/a><\/div><div class='avia-slideshow-dots avia-slideshow-controls'><a href='#1' class='goto-slide active' >1<\/a><a href='#2' class='goto-slide ' >2<\/a><a href='#3' class='goto-slide ' >3<\/a><a href='#4' class='goto-slide ' >4<\/a><a href='#5' class='goto-slide ' >5<\/a><a href='#6' class='goto-slide ' >6<\/a><\/div><\/div><\/p><\/div>\n<div class=\"flex_column av_one_half  flex_column_div   avia-builder-el-2  el_after_av_one_half  avia-builder-el-last  \" ><h1><span style=\"color: #af17f8;\">We Are All Together <\/span><\/h1>\n<h4><span style=\"color: #999999;\">Iran<\/span><\/h4>\n<h4><span style=\"color: #999999;\">SECCI\u00d3 OFICIAL PANORAMA<\/span><\/h4>\n<p>Director: Kamal Tabrizi<br \/>\nAny: 2019<br \/>\nDurada: 95\u2032<br \/>\nIdioma: VOSE<br \/>\nG\u00e8nere: Drama<\/p>\n<p><div   class=\"togglecontainer   toggle_close_all  avia-builder-el-3  el_before_av_hr  avia-builder-el-first \" >\n<section class=\"av_toggle_section\"  >    <div role=\"tablist\" class=\"single_toggle\" data-tags=\"{All} \"  >        <p data-fake-id=\"#toggle-id-1\" class=\"toggler \"    role=\"tab\" tabindex=\"0\" aria-controls=\"toggle-id-1\">Sinopsis<span class=\"toggle_icon\" >        <span class=\"vert_icon\"><\/span><span class=\"hor_icon\"><\/span><\/span><\/p>        <div id=\"toggle-id-1\" class=\"toggle_wrap \"   >            <div class=\"toggle_content invers-color \"   ><p>Despr\u00e9s d&#8217;alguns intents de salvar una companyia a\u00e8ria de la fallida, la seva propiet\u00e0ria reuneix un grup de persones perqu\u00e8 siguin els seus c\u00f2mplices, encara que alguns qualifiquin la seva estrat\u00e8gia su\u00efcida. El que semblava un pla impossible de dur a terme canvia de sentit arran d&#8217;un inesperat accident.<\/p>\n            <\/div>        <\/div>    <\/div><\/section>\n<section class=\"av_toggle_section\"  >    <div role=\"tablist\" class=\"single_toggle\" data-tags=\"{All} \"  >        <p data-fake-id=\"#toggle-id-2\" class=\"toggler \"    role=\"tab\" tabindex=\"0\" aria-controls=\"toggle-id-2\">Biografia del director<span class=\"toggle_icon\" >        <span class=\"vert_icon\"><\/span><span class=\"hor_icon\"><\/span><\/span><\/p>        <div id=\"toggle-id-2\" class=\"toggle_wrap \"   >            <div class=\"toggle_content invers-color \"   ><p><strong>Kamal Tabrizi<\/strong> \u00e9s conegut internacionalment per Maternal Love, que va ser premiada en els festivals de Berl\u00edn, el Caire, Mont-real, Zlin i Se\u00fcl. Tabrizi va comen\u00e7ar la seva carrera cinematogr\u00e0fica com a director de cinema, guionista, editor i director de curtmetratges en 1979. Va dirigir el seu primer llargmetratge, The Passage, en 1988, per\u00f2 Leily is with el va llan\u00e7ar com a cineasta d&#8217;\u00e8xit en l&#8217;escena nacional. El seu innovador projecte The Lizzard va ser un \u00e8xit de taquilla nacional i va rebre el premi del p\u00fablic en el Fajr Festival, aix\u00ed com el premi a la millor pel\u00b7l\u00edcula asi\u00e0tica en el Festival de Mont-real de 2004.<\/p>\n            <\/div>        <\/div>    <\/div><\/section>\n<\/div><br \/>\n<div  style='height:20px' class='hr hr-invisible   avia-builder-el-4  el_after_av_toggle_container  el_before_av_button '><span class='hr-inner ' ><span class='hr-inner-style'><\/span><\/span><\/div><\/p>\n<h4 style=\"text-align: center;\"><span style=\"color: #af17f8;\"><b>PROJECCI\u00d3<\/b><\/span><\/h4>\n<p style=\"text-align: center;\">Dimarts, 8 de desembre<br \/>\n12:00h<br \/>\nCINEMES GIRONA<\/p>\n<div  class='avia-button-wrap avia-button-center  avia-builder-el-5  el_after_av_hr  avia-builder-el-last ' ><a href='http:\/\/www.cinemesgirona.cat' class='avia-button  avia-color-theme-color   avia-icon_select-no avia-size-x-large avia-position-center ' target=\"_blank\" rel=\"noopener noreferrer\"><span class='avia_iconbox_title' >COMPRAR ENTRADES<\/span><\/a><\/div><\/div>\n","protected":false},"excerpt":{"rendered":"<p>Kamal Tabrizi &#8211; 2019<\/p>\n","protected":false},"featured_media":28670,"comment_status":"closed","ping_status":"closed","template":"","tags":[],"portfolio_entries":[38,137,128],"class_list":["post-28689","portfolio","type-portfolio","status-publish","has-post-thumbnail","hentry","portfolio_entries-cinemes-girona-ca","portfolio_entries-iran-ca","portfolio_entries-panorama-ca"],"yoast_head":"<!-- This site is optimized with the Yoast SEO plugin v27.4 - https:\/\/yoast.com\/product\/yoast-seo-wordpress\/ -->\n<title>WE ARE ALL TOGETHER - Asian Film Festival Barcelona<\/title>\n<meta name=\"robots\" content=\"noindex, follow, max-snippet:-1, max-image-preview:large, max-video-preview:-1\" \/>\n<meta property=\"og:locale\" content=\"ca_ES\" \/>\n<meta property=\"og:type\" content=\"article\" \/>\n<meta property=\"og:title\" content=\"WE ARE ALL TOGETHER - Asian Film Festival Barcelona\" \/>\n<meta property=\"og:description\" content=\"Kamal Tabrizi - 2019\" \/>\n<meta property=\"og:url\" content=\"https:\/\/asianfilmfestival.barcelona\/2020\/ca\/film-item\/we-are-all-together\/\" \/>\n<meta property=\"og:site_name\" content=\"Asian Film Festival Barcelona\" \/>\n<meta property=\"article:modified_time\" content=\"2020-11-24T09:43:44+00:00\" \/>\n<meta property=\"og:image\" content=\"https:\/\/asianfilmfestival.barcelona\/2020\/wp-content\/uploads\/2020\/10\/Ira\u0301n-WE-ARE-ALL-TOGETHER-2.jpg\" \/>\n\t<meta property=\"og:image:width\" content=\"988\" \/>\n\t<meta property=\"og:image:height\" content=\"642\" \/>\n\t<meta property=\"og:image:type\" content=\"image\/jpeg\" \/>\n<meta name=\"twitter:card\" content=\"summary_large_image\" \/>\n<meta name=\"twitter:label1\" content=\"Temps estimat de lectura\" \/>\n\t<meta name=\"twitter:data1\" content=\"2 minuts\" \/>\n<script type=\"application\/ld+json\" class=\"yoast-schema-graph\">{\"@context\":\"https:\\\/\\\/schema.org\",\"@graph\":[{\"@type\":\"WebPage\",\"@id\":\"https:\\\/\\\/asianfilmfestival.barcelona\\\/2020\\\/ca\\\/film-item\\\/we-are-all-together\\\/\",\"url\":\"https:\\\/\\\/asianfilmfestival.barcelona\\\/2020\\\/ca\\\/film-item\\\/we-are-all-together\\\/\",\"name\":\"WE ARE ALL TOGETHER - Asian Film Festival Barcelona\",\"isPartOf\":{\"@id\":\"https:\\\/\\\/asianfilmfestival.barcelona\\\/2020\\\/#website\"},\"primaryImageOfPage\":{\"@id\":\"https:\\\/\\\/asianfilmfestival.barcelona\\\/2020\\\/ca\\\/film-item\\\/we-are-all-together\\\/#primaryimage\"},\"image\":{\"@id\":\"https:\\\/\\\/asianfilmfestival.barcelona\\\/2020\\\/ca\\\/film-item\\\/we-are-all-together\\\/#primaryimage\"},\"thumbnailUrl\":\"https:\\\/\\\/asianfilmfestival.barcelona\\\/2020\\\/wp-content\\\/uploads\\\/2020\\\/10\\\/Ira\u0301n-WE-ARE-ALL-TOGETHER-2.jpg\",\"datePublished\":\"2020-10-01T16:27:07+00:00\",\"dateModified\":\"2020-11-24T09:43:44+00:00\",\"breadcrumb\":{\"@id\":\"https:\\\/\\\/asianfilmfestival.barcelona\\\/2020\\\/ca\\\/film-item\\\/we-are-all-together\\\/#breadcrumb\"},\"inLanguage\":\"ca\",\"potentialAction\":[{\"@type\":\"ReadAction\",\"target\":[\"https:\\\/\\\/asianfilmfestival.barcelona\\\/2020\\\/ca\\\/film-item\\\/we-are-all-together\\\/\"]}]},{\"@type\":\"ImageObject\",\"inLanguage\":\"ca\",\"@id\":\"https:\\\/\\\/asianfilmfestival.barcelona\\\/2020\\\/ca\\\/film-item\\\/we-are-all-together\\\/#primaryimage\",\"url\":\"https:\\\/\\\/asianfilmfestival.barcelona\\\/2020\\\/wp-content\\\/uploads\\\/2020\\\/10\\\/Ira\u0301n-WE-ARE-ALL-TOGETHER-2.jpg\",\"contentUrl\":\"https:\\\/\\\/asianfilmfestival.barcelona\\\/2020\\\/wp-content\\\/uploads\\\/2020\\\/10\\\/Ira\u0301n-WE-ARE-ALL-TOGETHER-2.jpg\",\"width\":988,\"height\":642},{\"@type\":\"BreadcrumbList\",\"@id\":\"https:\\\/\\\/asianfilmfestival.barcelona\\\/2020\\\/ca\\\/film-item\\\/we-are-all-together\\\/#breadcrumb\",\"itemListElement\":[{\"@type\":\"ListItem\",\"position\":1,\"name\":\"Home\",\"item\":\"https:\\\/\\\/asianfilmfestival.barcelona\\\/2020\\\/ca\\\/\"},{\"@type\":\"ListItem\",\"position\":2,\"name\":\"WE ARE ALL TOGETHER\"}]},{\"@type\":\"WebSite\",\"@id\":\"https:\\\/\\\/asianfilmfestival.barcelona\\\/2020\\\/#website\",\"url\":\"https:\\\/\\\/asianfilmfestival.barcelona\\\/2020\\\/\",\"name\":\"Asian Film Festival Barcelona\",\"description\":\"2020\",\"potentialAction\":[{\"@type\":\"SearchAction\",\"target\":{\"@type\":\"EntryPoint\",\"urlTemplate\":\"https:\\\/\\\/asianfilmfestival.barcelona\\\/2020\\\/?s={search_term_string}\"},\"query-input\":{\"@type\":\"PropertyValueSpecification\",\"valueRequired\":true,\"valueName\":\"search_term_string\"}}],\"inLanguage\":\"ca\"}]}<\/script>\n<!-- \/ Yoast SEO plugin. -->","yoast_head_json":{"title":"WE ARE ALL TOGETHER - Asian Film Festival Barcelona","robots":{"index":"noindex","follow":"follow","max-snippet":"max-snippet:-1","max-image-preview":"max-image-preview:large","max-video-preview":"max-video-preview:-1"},"og_locale":"ca_ES","og_type":"article","og_title":"WE ARE ALL TOGETHER - Asian Film Festival Barcelona","og_description":"Kamal Tabrizi - 2019","og_url":"https:\/\/asianfilmfestival.barcelona\/2020\/ca\/film-item\/we-are-all-together\/","og_site_name":"Asian Film Festival Barcelona","article_modified_time":"2020-11-24T09:43:44+00:00","og_image":[{"width":988,"height":642,"url":"https:\/\/asianfilmfestival.barcelona\/2020\/wp-content\/uploads\/2020\/10\/Ira\u0301n-WE-ARE-ALL-TOGETHER-2.jpg","type":"image\/jpeg"}],"twitter_card":"summary_large_image","twitter_misc":{"Temps estimat de lectura":"2 minuts"},"schema":{"@context":"https:\/\/schema.org","@graph":[{"@type":"WebPage","@id":"https:\/\/asianfilmfestival.barcelona\/2020\/ca\/film-item\/we-are-all-together\/","url":"https:\/\/asianfilmfestival.barcelona\/2020\/ca\/film-item\/we-are-all-together\/","name":"WE ARE ALL TOGETHER - Asian Film Festival Barcelona","isPartOf":{"@id":"https:\/\/asianfilmfestival.barcelona\/2020\/#website"},"primaryImageOfPage":{"@id":"https:\/\/asianfilmfestival.barcelona\/2020\/ca\/film-item\/we-are-all-together\/#primaryimage"},"image":{"@id":"https:\/\/asianfilmfestival.barcelona\/2020\/ca\/film-item\/we-are-all-together\/#primaryimage"},"thumbnailUrl":"https:\/\/asianfilmfestival.barcelona\/2020\/wp-content\/uploads\/2020\/10\/Ira\u0301n-WE-ARE-ALL-TOGETHER-2.jpg","datePublished":"2020-10-01T16:27:07+00:00","dateModified":"2020-11-24T09:43:44+00:00","breadcrumb":{"@id":"https:\/\/asianfilmfestival.barcelona\/2020\/ca\/film-item\/we-are-all-together\/#breadcrumb"},"inLanguage":"ca","potentialAction":[{"@type":"ReadAction","target":["https:\/\/asianfilmfestival.barcelona\/2020\/ca\/film-item\/we-are-all-together\/"]}]},{"@type":"ImageObject","inLanguage":"ca","@id":"https:\/\/asianfilmfestival.barcelona\/2020\/ca\/film-item\/we-are-all-together\/#primaryimage","url":"https:\/\/asianfilmfestival.barcelona\/2020\/wp-content\/uploads\/2020\/10\/Ira\u0301n-WE-ARE-ALL-TOGETHER-2.jpg","contentUrl":"https:\/\/asianfilmfestival.barcelona\/2020\/wp-content\/uploads\/2020\/10\/Ira\u0301n-WE-ARE-ALL-TOGETHER-2.jpg","width":988,"height":642},{"@type":"BreadcrumbList","@id":"https:\/\/asianfilmfestival.barcelona\/2020\/ca\/film-item\/we-are-all-together\/#breadcrumb","itemListElement":[{"@type":"ListItem","position":1,"name":"Home","item":"https:\/\/asianfilmfestival.barcelona\/2020\/ca\/"},{"@type":"ListItem","position":2,"name":"WE ARE ALL TOGETHER"}]},{"@type":"WebSite","@id":"https:\/\/asianfilmfestival.barcelona\/2020\/#website","url":"https:\/\/asianfilmfestival.barcelona\/2020\/","name":"Asian Film Festival Barcelona","description":"2020","potentialAction":[{"@type":"SearchAction","target":{"@type":"EntryPoint","urlTemplate":"https:\/\/asianfilmfestival.barcelona\/2020\/?s={search_term_string}"},"query-input":{"@type":"PropertyValueSpecification","valueRequired":true,"valueName":"search_term_string"}}],"inLanguage":"ca"}]}},"_links":{"self":[{"href":"https:\/\/asianfilmfestival.barcelona\/2020\/ca\/wp-json\/wp\/v2\/portfolio\/28689","targetHints":{"allow":["GET"]}}],"collection":[{"href":"https:\/\/asianfilmfestival.barcelona\/2020\/ca\/wp-json\/wp\/v2\/portfolio"}],"about":[{"href":"https:\/\/asianfilmfestival.barcelona\/2020\/ca\/wp-json\/wp\/v2\/types\/portfolio"}],"replies":[{"embeddable":true,"href":"https:\/\/asianfilmfestival.barcelona\/2020\/ca\/wp-json\/wp\/v2\/comments?post=28689"}],"version-history":[{"count":6,"href":"https:\/\/asianfilmfestival.barcelona\/2020\/ca\/wp-json\/wp\/v2\/portfolio\/28689\/revisions"}],"predecessor-version":[{"id":28747,"href":"https:\/\/asianfilmfestival.barcelona\/2020\/ca\/wp-json\/wp\/v2\/portfolio\/28689\/revisions\/28747"}],"wp:featuredmedia":[{"embeddable":true,"href":"https:\/\/asianfilmfestival.barcelona\/2020\/ca\/wp-json\/wp\/v2\/media\/28670"}],"wp:attachment":[{"href":"https:\/\/asianfilmfestival.barcelona\/2020\/ca\/wp-json\/wp\/v2\/media?parent=28689"}],"wp:term":[{"taxonomy":"post_tag","embeddable":true,"href":"https:\/\/asianfilmfestival.barcelona\/2020\/ca\/wp-json\/wp\/v2\/tags?post=28689"},{"taxonomy":"portfolio_entries","embeddable":true,"href":"https:\/\/asianfilmfestival.barcelona\/2020\/ca\/wp-json\/wp\/v2\/portfolio_entries?post=28689"}],"curies":[{"name":"wp","href":"https:\/\/api.w.org\/{rel}","templated":true}]}}