{"id":6906,"date":"2016-10-28T15:09:52","date_gmt":"2016-10-28T13:09:52","guid":{"rendered":"http:\/\/asianfilmfestival.barcelona\/2018\/ca\/?page_id=6906"},"modified":"2020-10-28T13:29:30","modified_gmt":"2020-10-28T12:29:30","slug":"jurats-i-premis-2020","status":"publish","type":"page","link":"https:\/\/asianfilmfestival.barcelona\/2020\/ca\/jurats-i-premis-2020\/","title":{"rendered":"JURATS I PREMIS 2020"},"content":{"rendered":"<div id='full_slider_1'  class='avia-fullwidth-slider main_color avia-shadow   avia-builder-el-0  el_before_av_textblock  avia-builder-el-first   container_wrap fullsize' style=' '  ><div   data-size='featured'  data-lightbox_size='large'  data-animation='fade'  data-conditional_play=''  data-ids='5842'  data-video_counter='0'  data-autoplay='false'  data-bg_slider='false'  data-slide_height=''  data-handle='av_slideshow_full'  data-interval='5'  data-class=' '  data-el_id=''  data-css_id=''  data-scroll_down=''  data-control_layout='av-control-default'  data-custom_markup=''  data-perma_caption=''  data-autoplay_stopper=''  data-image_attachment=''  data-min_height='0px'  data-lazy_loading='disabled'  data-src=''  data-position='top left'  data-repeat='no-repeat'  data-attach='scroll'  data-stretch=''  data-default-height='28.666666666667'  class='avia-slideshow avia-slideshow-1  av-control-default av-default-height-applied avia-slideshow-featured av_slideshow_full   avia-fade-slider ' ><ul class='avia-slideshow-inner ' style='padding-bottom: 23.333333333333%;' ><li  class=' av-single-slide slide-1 ' ><div data-rel='slideshow-1' class='avia-slide-wrap '   ><div class = \"caption_fullwidth av-slideshow-caption caption_bottom\"><div class = \"container caption_container\"><div class = \"slideshow_caption\"><div class = \"slideshow_inner_caption\"><div class = \"slideshow_align_caption\"><h2  style='font-size:90px; ' class='avia-caption-title  ' >Jurats i Premis<\/h2><\/div><\/div><\/div><\/div><\/div><img decoding=\"async\" class=\"wp-image-5844 avia-img-lazy-loading-not-5844\"  src=\"https:\/\/asianfilmfestival.barcelona\/2020\/wp-content\/uploads\/2016\/09\/Banner-JURY-1500x350.jpg\" width=\"1500\" height=\"350\" title='banner-jury' alt=''   \/><\/div><\/li><\/ul><\/div><\/div><div id='after_full_slider_1'  class='main_color av_default_container_wrap container_wrap fullsize' style=' '  ><div class='container' ><div class='template-page content  av-content-full alpha units'><div class='post-entry post-entry-type-page post-entry-6906'><div class='entry-content-wrapper clearfix'>\n<section class=\"av_textblock_section \" ><div class='avia_textblock  av_inherit_color '  style='font-size:30px; color:#d32e1b; ' ><h1 style=\"text-align: center;\">JURATS I PREMIS DE L\u2019ASIAN FILM FESTIVAL BARCELONA 2020<\/h1>\n<\/div><\/section>\n<div  style='height:30px' class='hr hr-invisible   avia-builder-el-2  el_after_av_textblock  el_before_av_one_full '><span class='hr-inner ' ><span class='hr-inner-style'><\/span><\/span><\/div>\n<div class='flex_column_table av-equal-height-column-flextable -flextable' ><div class=\"flex_column av_one_full  flex_column_table_cell av-equal-height-column av-align-top av-zero-column-padding first  avia-builder-el-3  el_after_av_hr  el_before_av_one_third  \" style='border-radius:0px; '><section class=\"av_textblock_section \" ><div class='avia_textblock  av_inherit_color '  style='font-size:30px; color:#d32e1b; ' ><h2 style=\"text-align: center;\">Jurat de la Secci\u00f3 Oficial<\/h2>\n<\/div><\/section><br \/>\n<section class=\"av_textblock_section \" ><div class='avia_textblock  av_inherit_color '  style='font-size:30px; color:#d32e1b; ' ><h4 style=\"text-align: center;\"><strong>Llu\u00eds Mi\u00f1arro<\/strong>, <strong>Marta Grau<\/strong>, <strong>\u00c1ngel Sala<\/strong>, <strong>Pierre Gonnord<\/strong> i <strong>Pedro Ballesteros<\/strong><\/h4>\n<\/div><\/section><\/p><\/div><\/div><!--close column table wrapper. Autoclose: 1 -->\n<div class=\"flex_column av_one_third  flex_column_div av-zero-column-padding first  avia-builder-el-6  el_after_av_one_full  el_before_av_one_third  column-top-margin\" style='border-radius:0px; '><section  class='avia-team-member   avia-builder-el-7  avia-builder-el-no-sibling ' ><div class='team-img-container'><img decoding=\"async\" width=\"300\" height=\"300\" class='wp-image-32218 avia-img-lazy-loading-not-32218 avia_image avia_image_team' src=\"https:\/\/asianfilmfestival.barcelona\/2020\/wp-content\/uploads\/2020\/10\/Lluis-Min\u0303arro-300x300.png\" alt='Lluis Mi\u00f1arro ' srcset=\"https:\/\/asianfilmfestival.barcelona\/2020\/wp-content\/uploads\/2020\/10\/Lluis-Min\u0303arro-300x300.png 300w, https:\/\/asianfilmfestival.barcelona\/2020\/wp-content\/uploads\/2020\/10\/Lluis-Min\u0303arro-80x80.png 80w, https:\/\/asianfilmfestival.barcelona\/2020\/wp-content\/uploads\/2020\/10\/Lluis-Min\u0303arro-36x36.png 36w, https:\/\/asianfilmfestival.barcelona\/2020\/wp-content\/uploads\/2020\/10\/Lluis-Min\u0303arro-180x180.png 180w, https:\/\/asianfilmfestival.barcelona\/2020\/wp-content\/uploads\/2020\/10\/Lluis-Min\u0303arro.png 352w\" sizes=\"(max-width: 300px) 100vw, 300px\" \/><\/div><h3 class='team-member-name'   style='color:#b117f8; ' >Lluis Mi\u00f1arro <\/h3><div class='team-member-job-title av_opacity_variation'  style='color:#b117f8; ' >Productor i Director | President del Jurat<\/div><div class='team-member-description av_inherit_color'   style='color:#999999; '><p>Llu\u00eds Mi\u00f1arro, \u00e9s un cineasta independent i productor barcelon\u00ed. Ha dirigit Love Me Not (2019), Stella Cadente (2014) i els documentals Blow Horn (2009) i Familystrip (2009). En 1989, va fundar la productora Eddie Saeta, des de la qual produeix m\u00e9s de 40 pel\u00b7l\u00edcules que han obtingut un gran reconeixement en festivals nacionals i internacionals. Ha estat jurat en els festivals de Locarno, Karlovy Vary, Sant Sebasti\u00e0 o Buenos Aires. En 2010, va rebre el premi Ciutat de Barcelona, i recentment ha estat guardonat per tota la seva traject\u00f2ria amb el premi Pep\u00f3n Coromina 2020 de l\u2019Acad\u00e8mia del Cinema Catal\u00e0.<\/p>\n<\/div><span class='hidden team-member-affiliation' >Asian Film Festival Barcelona<\/span><\/section><\/div>\n<div class=\"flex_column av_one_third  flex_column_div av-zero-column-padding   avia-builder-el-8  el_after_av_one_third  el_before_av_one_third  column-top-margin\" style='border-radius:0px; '><section  class='avia-team-member   avia-builder-el-9  avia-builder-el-no-sibling ' ><div class='team-img-container'><img decoding=\"async\" width=\"300\" height=\"300\" class='wp-image-32221 avia-img-lazy-loading-not-32221 avia_image avia_image_team' src=\"https:\/\/asianfilmfestival.barcelona\/2020\/wp-content\/uploads\/2020\/10\/Marta-Grau-300x300.png\" alt='Marta Grau' srcset=\"https:\/\/asianfilmfestival.barcelona\/2020\/wp-content\/uploads\/2020\/10\/Marta-Grau-300x300.png 300w, https:\/\/asianfilmfestival.barcelona\/2020\/wp-content\/uploads\/2020\/10\/Marta-Grau-80x80.png 80w, https:\/\/asianfilmfestival.barcelona\/2020\/wp-content\/uploads\/2020\/10\/Marta-Grau-36x36.png 36w, https:\/\/asianfilmfestival.barcelona\/2020\/wp-content\/uploads\/2020\/10\/Marta-Grau-180x180.png 180w, https:\/\/asianfilmfestival.barcelona\/2020\/wp-content\/uploads\/2020\/10\/Marta-Grau.png 352w\" sizes=\"(max-width: 300px) 100vw, 300px\" \/><\/div><h3 class='team-member-name'   style='color:#b117f8; ' >Marta Grau<\/h3><div class='team-member-job-title av_opacity_variation'  style='color:#b117f8; ' >Guionista<\/div><div class='team-member-description av_inherit_color'   style='color:#999999; '><p>Marta Grau \u00e9s guionista i escriptora. Comen\u00e7a la seva traject\u00f2ria com a Coordinadora del Departament de Continguts en el Centre de Desenvolupament Audiovisual-ICEC (2006-2008). \u00c9s autora dels guions de diversos llargmetratges i s\u00e8ries, entre els quals destaquen Volveremos (2013, Premi Gold Panda, Premi Gaud\u00ed i ATV), Las del hockey (TVC-Netflix, 2019 -2020, Premi CIM a la Igualtat), la 3a temporada de Com si fos ahir (2019-2020) o Can\u00e7\u00f3 per a tu (nominada als Premis Gaud\u00ed 2020). Escriu assaig i novel\u00b7la, i tamb\u00e9 fa classes de gui\u00f3 en diferents universitats i escoles de Barcelona.<\/p>\n<\/div><span class='hidden team-member-affiliation' >Asian Film Festival Barcelona<\/span><\/section><\/div>\n<div class=\"flex_column av_one_third  flex_column_div av-zero-column-padding   avia-builder-el-10  el_after_av_one_third  el_before_av_one_third  column-top-margin\" style='border-radius:0px; '><section  class='avia-team-member   avia-builder-el-11  avia-builder-el-no-sibling ' ><div class='team-img-container'><img decoding=\"async\" width=\"300\" height=\"300\" class='wp-image-32215 avia-img-lazy-loading-not-32215 avia_image avia_image_team' src=\"https:\/\/asianfilmfestival.barcelona\/2020\/wp-content\/uploads\/2020\/10\/Angel-Sala-300x300.png\" alt='\u00c1ngel Sala' srcset=\"https:\/\/asianfilmfestival.barcelona\/2020\/wp-content\/uploads\/2020\/10\/Angel-Sala-300x300.png 300w, https:\/\/asianfilmfestival.barcelona\/2020\/wp-content\/uploads\/2020\/10\/Angel-Sala-80x80.png 80w, https:\/\/asianfilmfestival.barcelona\/2020\/wp-content\/uploads\/2020\/10\/Angel-Sala-36x36.png 36w, https:\/\/asianfilmfestival.barcelona\/2020\/wp-content\/uploads\/2020\/10\/Angel-Sala-180x180.png 180w, https:\/\/asianfilmfestival.barcelona\/2020\/wp-content\/uploads\/2020\/10\/Angel-Sala.png 352w\" sizes=\"(max-width: 300px) 100vw, 300px\" \/><\/div><h3 class='team-member-name'   style='color:#b117f8; ' >\u00c1ngel Sala<\/h3><div class='team-member-job-title av_opacity_variation'  style='color:#b117f8; ' >Director del Sitges Fantastic International Film Festival<\/div><div class='team-member-description av_inherit_color'   style='color:#999999; '><p>\u00c1ngel Sala (Barcelona, 1964) \u00e9s director, guionista i cr\u00edtic de cinema. Dirigeix el SITGES Festival International de Cinema Fant\u00e0stic de Catalunya des de 2001. A m\u00e9s de col\u00b7laborar en diferents revistes i peri\u00f2dics, com el Peri\u00f2dic de Catalunya o com a assessor de programaci\u00f3 cinematogr\u00e0fica en TV3, ha escrit m\u00e9s de trenta llibres entre els quals cal destacar els seg\u00fcents t\u00edtols Cine fant\u00e1stico y de terror alem\u00e1n. 1913-1927 (2005), Universo Lynch (2006), entre altres. No obstant aix\u00f2, a m\u00e9s de cr\u00edtic de cinema tamb\u00e9 ha estat guionista de pel\u00b7l\u00edcules com Rottweiler (2004), Beneath the Still Waters (2004) i Nunca he estado en Poughkeepsie (2013), que tamb\u00e9 va dirigir.<\/p>\n<\/div><span class='hidden team-member-affiliation' >Asian Film Festival Barcelona<\/span><\/section><\/div>\n<div class=\"flex_column av_one_third  flex_column_div av-zero-column-padding first  avia-builder-el-12  el_after_av_one_third  el_before_av_one_third  column-top-margin\" style='border-radius:0px; '><section  class='avia-team-member   avia-builder-el-13  avia-builder-el-no-sibling ' ><div class='team-img-container'><img decoding=\"async\" width=\"300\" height=\"300\" class='wp-image-32212 avia-img-lazy-loading-not-32212 avia_image avia_image_team' src=\"https:\/\/asianfilmfestival.barcelona\/2020\/wp-content\/uploads\/2020\/10\/Pierre-Gonnord-300x300.png\" alt='Pierre Gonnord ' srcset=\"https:\/\/asianfilmfestival.barcelona\/2020\/wp-content\/uploads\/2020\/10\/Pierre-Gonnord-300x300.png 300w, https:\/\/asianfilmfestival.barcelona\/2020\/wp-content\/uploads\/2020\/10\/Pierre-Gonnord-80x80.png 80w, https:\/\/asianfilmfestival.barcelona\/2020\/wp-content\/uploads\/2020\/10\/Pierre-Gonnord-36x36.png 36w, https:\/\/asianfilmfestival.barcelona\/2020\/wp-content\/uploads\/2020\/10\/Pierre-Gonnord-180x180.png 180w, https:\/\/asianfilmfestival.barcelona\/2020\/wp-content\/uploads\/2020\/10\/Pierre-Gonnord.png 352w\" sizes=\"(max-width: 300px) 100vw, 300px\" \/><\/div><h3 class='team-member-name'   style='color:#b117f8; ' >Pierre Gonnord <\/h3><div class='team-member-job-title av_opacity_variation'  style='color:#b117f8; ' >Fot\u00f2graf <\/div><div class='team-member-description av_inherit_color'   style='color:#999999; '><p>Pierre Gonnord (1963, Fran\u00e7a) \u00e9s un fot\u00f2graf conegut internacionalment que resideix a Madrid des de 1988. Desenvolupa la seva obra a l\u2018entorn de persones amb forta identitat col\u00b7lectiva i pres\u00e8ncia individual, generalment amena\u00e7ades per la globalitzaci\u00f3 i el pas del temps. La visibilitat i la mem\u00f2ria dels rostres \u00e9s una component constant en el seu treball. Ha rebut el Premi de la Cultura de la Comunitat de Madrid, el Premi Internacional de Fotografia Ciutat de Alcobendas en la seva IV edici\u00f3. Entre les seves principals exposicions destaquen: La sangre no es agua La Arquer\u00eda\/Nous Ministeris, Madrid (2019\/20), Doce fot\u00f3grafos en el Museu del Prado, Madrid (2018), entre altres. Ha participat en esdeveniments art\u00edstics internacionals, com els Rencontres d\u2019Arles i la Biennale di Venezzia, tamb\u00e9 en exposicions col\u00b7lectives institucionals com el Museu del Prado (Madrid).<\/p>\n<\/div><span class='hidden team-member-affiliation' >Asian Film Festival Barcelona<\/span><\/section><\/div>\n<div class=\"flex_column av_one_third  flex_column_div av-zero-column-padding   avia-builder-el-14  el_after_av_one_third  el_before_av_one_full  column-top-margin\" style='border-radius:0px; '><section  class='avia-team-member   avia-builder-el-15  avia-builder-el-no-sibling ' ><div class='team-img-container'><img decoding=\"async\" width=\"300\" height=\"300\" class='wp-image-32209 avia-img-lazy-loading-not-32209 avia_image avia_image_team' src=\"https:\/\/asianfilmfestival.barcelona\/2020\/wp-content\/uploads\/2020\/10\/Pedro-ballesteros-300x300.png\" alt='Pedro Ballesteros ' srcset=\"https:\/\/asianfilmfestival.barcelona\/2020\/wp-content\/uploads\/2020\/10\/Pedro-ballesteros-300x300.png 300w, https:\/\/asianfilmfestival.barcelona\/2020\/wp-content\/uploads\/2020\/10\/Pedro-ballesteros-80x80.png 80w, https:\/\/asianfilmfestival.barcelona\/2020\/wp-content\/uploads\/2020\/10\/Pedro-ballesteros-36x36.png 36w, https:\/\/asianfilmfestival.barcelona\/2020\/wp-content\/uploads\/2020\/10\/Pedro-ballesteros-180x180.png 180w, https:\/\/asianfilmfestival.barcelona\/2020\/wp-content\/uploads\/2020\/10\/Pedro-ballesteros.png 352w\" sizes=\"(max-width: 300px) 100vw, 300px\" \/><\/div><h3 class='team-member-name'   style='color:#b117f8; ' >Pedro Ballesteros <\/h3><div class='team-member-job-title av_opacity_variation'  style='color:#b117f8; ' >Cineasta <\/div><div class='team-member-description av_inherit_color'   style='color:#999999; '><p>Pedro Ballesteros dirigeix i realitza documentals per a cinema i televisi\u00f3 des de fa 30 anys. En els seus comen\u00e7aments va destacar com \u201cvideocreador\u201d, obtenint nombrosos premis en festivals com el Chicago Internacional Film Festival, el Locarno Videoart Festival o el T\u00f2quio V\u00eddeo Festival. El seu \u00faltim treball \u00e9s \u00bfPuedes o\u00edrme? un retrat espectacular de l\u2018escultor catal\u00e0 Jaume Plensa que ha guanyat el premi del p\u00fablic en l\u2019\u00faltima edici\u00f3 del Docs Barcelona. \u00c9s llicenciat en Ci\u00e8ncies de la Informaci\u00f3 per la Universitat Aut\u00f2noma de Barcelona.<\/p>\n<\/div><span class='hidden team-member-affiliation' >Asian Film Festival Barcelona<\/span><\/section><\/div>\n<div class=\"flex_column av_one_full  flex_column_div av-zero-column-padding first  avia-builder-el-16  el_after_av_one_third  el_before_av_one_third  column-top-margin\" style='border-radius:0px; '><p><div  style=' margin-top:30px; margin-bottom:30px;'  class='hr hr-custom hr-center hr-icon-no   avia-builder-el-17  el_before_av_textblock  avia-builder-el-first '><span class='hr-inner  inner-border-av-border-thin' style=' width:100%; border-color:#4f4f4f;' ><span class='hr-inner-style'><\/span><\/span><\/div><br \/>\n<section class=\"av_textblock_section \" ><div class='avia_textblock  av_inherit_color '  style='font-size:30px; color:#d32e1b; ' ><h2 style=\"text-align: center;\">Jurat de la Secci\u00f3 Oficial Panorama<\/h2>\n<\/div><\/section><br \/>\n<section class=\"av_textblock_section \" ><div class='avia_textblock  av_inherit_color '  style='font-size:30px; color:#d32e1b; ' ><h4 style=\"text-align: center;\"><strong>Cloe Masotta<\/strong>, <strong>Andr\u00e9s Duque<\/strong>, <strong>Mireia Iniesta<\/strong>,<\/h4>\n<h4 style=\"text-align: center;\"><strong>Adri\u00e1n Silvestre<\/strong> i <strong>Lucas Santos<\/strong><\/h4>\n<\/div><\/section><\/p><\/div>\n<div class=\"flex_column av_one_third  flex_column_div av-zero-column-padding first  avia-builder-el-20  el_after_av_one_full  el_before_av_one_third  column-top-margin\" style='border-radius:0px; '><section  class='avia-team-member   avia-builder-el-21  avia-builder-el-no-sibling ' ><div class='team-img-container'><img decoding=\"async\" width=\"300\" height=\"300\" class='wp-image-32203 avia-img-lazy-loading-not-32203 avia_image avia_image_team' src=\"https:\/\/asianfilmfestival.barcelona\/2020\/wp-content\/uploads\/2020\/10\/Cloe-Masotta-300x300.png\" alt='Cloe Masotta' srcset=\"https:\/\/asianfilmfestival.barcelona\/2020\/wp-content\/uploads\/2020\/10\/Cloe-Masotta-300x300.png 300w, https:\/\/asianfilmfestival.barcelona\/2020\/wp-content\/uploads\/2020\/10\/Cloe-Masotta-80x80.png 80w, https:\/\/asianfilmfestival.barcelona\/2020\/wp-content\/uploads\/2020\/10\/Cloe-Masotta-36x36.png 36w, https:\/\/asianfilmfestival.barcelona\/2020\/wp-content\/uploads\/2020\/10\/Cloe-Masotta-180x180.png 180w, https:\/\/asianfilmfestival.barcelona\/2020\/wp-content\/uploads\/2020\/10\/Cloe-Masotta.png 352w\" sizes=\"(max-width: 300px) 100vw, 300px\" \/><\/div><h3 class='team-member-name'   style='color:#b117f8; ' >Cloe Masotta<\/h3><div class='team-member-job-title av_opacity_variation'  style='color:#b117f8; ' >Docent i Cr\u00edtica de cinema | Presidenta del Jurat<\/div><div class='team-member-description av_inherit_color'   style='color:#999999; '><p>Cloe Masotta (1977) \u00e9s Doctora en comunicaci\u00f3, docent i cr\u00edtica de cinema i art contemporani. Com a membre de la ACCEC (Associaci\u00f3 Catalana de l\u2018Escriptura i la Cr\u00edtica Cinematogr\u00e0fica) ha estat Jurat de la Cr\u00edtica en diferents festivals com el D\u2019A Film Festival, l\u2018LPA Film Can\u00e0ries o L\u2019Alternativa, i Jurat FIPRESCI del Festival Internacional de Cinema d\u2018Animaci\u00f3 d\u2019Annecy. Recentment ha publicat el llibre Cuerpos exquisitos. Identidades y deseo en el Arxiu Xc\u00e8ntric (col\u00b7lecci\u00f3 Breus, CCCB).<\/p>\n<\/div><span class='hidden team-member-affiliation' >Asian Film Festival Barcelona<\/span><\/section><\/div>\n<div class=\"flex_column av_one_third  flex_column_div av-zero-column-padding   avia-builder-el-22  el_after_av_one_third  el_before_av_one_third  column-top-margin\" style='border-radius:0px; '><section  class='avia-team-member   avia-builder-el-23  avia-builder-el-no-sibling ' ><div class='team-img-container'><img decoding=\"async\" width=\"300\" height=\"300\" class='wp-image-32200 avia-img-lazy-loading-not-32200 avia_image avia_image_team' src=\"https:\/\/asianfilmfestival.barcelona\/2020\/wp-content\/uploads\/2020\/10\/Andre\u0301s-Duque-300x300.png\" alt='Andr\u00e9s Duque ' srcset=\"https:\/\/asianfilmfestival.barcelona\/2020\/wp-content\/uploads\/2020\/10\/Andre\u0301s-Duque-300x300.png 300w, https:\/\/asianfilmfestival.barcelona\/2020\/wp-content\/uploads\/2020\/10\/Andre\u0301s-Duque-80x80.png 80w, https:\/\/asianfilmfestival.barcelona\/2020\/wp-content\/uploads\/2020\/10\/Andre\u0301s-Duque-36x36.png 36w, https:\/\/asianfilmfestival.barcelona\/2020\/wp-content\/uploads\/2020\/10\/Andre\u0301s-Duque-180x180.png 180w, https:\/\/asianfilmfestival.barcelona\/2020\/wp-content\/uploads\/2020\/10\/Andre\u0301s-Duque.png 352w\" sizes=\"(max-width: 300px) 100vw, 300px\" \/><\/div><h3 class='team-member-name'   style='color:#b117f8; ' >Andr\u00e9s Duque <\/h3><div class='team-member-job-title av_opacity_variation'  style='color:#b117f8; ' >Cineasta <\/div><div class='team-member-description av_inherit_color'   style='color:#999999; '><p>Andr\u00e9s Duque \u00e9s un cineasta espanyol nascut a Vene\u00e7uela. El seu treball se situa en la perif\u00e8ria de la no-ficci\u00f3 espanyola amb un fort car\u00e0cter documental i assatg\u00edstic. La seva primera pel\u00b7l\u00edcula, Ivan Z, \u00e9s un retrat del cineasta de culte Iv\u00e1n Zulueta. Les seves obres han obtingut nombrosos premis i reconeixements en festivals de cinema de tot el m\u00f3n i han estat exhibides en centres culturals com el Museu Nacional Centre d\u2019Art Reina Sofia (MNCARS). En 2018, inicia un projecte en dues parts sobre Carelia, un territori repartit entre R\u00fassia i Finl\u00e0ndia. Actualment es troba preparant la segona part.<\/p>\n<\/div><span class='hidden team-member-affiliation' >Asian Film Festival Barcelona<\/span><\/section><\/div>\n<div class=\"flex_column av_one_third  flex_column_div av-zero-column-padding   avia-builder-el-24  el_after_av_one_third  el_before_av_one_third  column-top-margin\" style='border-radius:0px; '><section  class='avia-team-member   avia-builder-el-25  avia-builder-el-no-sibling ' ><div class='team-img-container'><img decoding=\"async\" width=\"300\" height=\"300\" class='wp-image-32206 avia-img-lazy-loading-not-32206 avia_image avia_image_team' src=\"https:\/\/asianfilmfestival.barcelona\/2020\/wp-content\/uploads\/2020\/10\/Mireia-Iniesta-300x300.png\" alt='Mireia Iniesta' srcset=\"https:\/\/asianfilmfestival.barcelona\/2020\/wp-content\/uploads\/2020\/10\/Mireia-Iniesta-300x300.png 300w, https:\/\/asianfilmfestival.barcelona\/2020\/wp-content\/uploads\/2020\/10\/Mireia-Iniesta-80x80.png 80w, https:\/\/asianfilmfestival.barcelona\/2020\/wp-content\/uploads\/2020\/10\/Mireia-Iniesta-36x36.png 36w, https:\/\/asianfilmfestival.barcelona\/2020\/wp-content\/uploads\/2020\/10\/Mireia-Iniesta-180x180.png 180w, https:\/\/asianfilmfestival.barcelona\/2020\/wp-content\/uploads\/2020\/10\/Mireia-Iniesta.png 352w\" sizes=\"(max-width: 300px) 100vw, 300px\" \/><\/div><h3 class='team-member-name'   style='color:#b117f8; ' >Mireia Iniesta<\/h3><div class='team-member-job-title av_opacity_variation'  style='color:#b117f8; ' >Actriu, Programadora i Docent <\/div><div class='team-member-description av_inherit_color'   style='color:#999999; '><p>Mireia Iniesta \u00e9s llicenciada en Filologia Rom\u00e0nica i Filologia Italiana per la Universitat de Barcelona. Va obtenir un M\u00e0ster en Cinema i Audiovisuals Contemporanis per la UPF. \u00c9s programadora dels cineclubs Treinta y nueve escalones i La linterna m\u00e1gica. A m\u00e9s, de ser la responsable de programaci\u00f3 del Craft Film Festival de Barcelona. \u00c9s membre i vocal de la junta de la Federaci\u00f3 Catalana de Cineclubs i col\u00b7laboradora amb Cinergia, El Destil\u00b7lador Cultural, Shangrila i Solaris. Professora de g\u00e8nere i cinema a l\u2019escola Educa tu Mirada situada a Barcelona. Actriu en La Academia de las Musas de Jos\u00e9 Luis Guerin i en el curtmetratge Aniversari de Judith Collel.<\/p>\n<\/div><span class='hidden team-member-affiliation' >Asian Film Festival Barcelona<\/span><\/section><\/div>\n<div class=\"flex_column av_one_third  flex_column_div av-zero-column-padding first  avia-builder-el-26  el_after_av_one_third  el_before_av_one_third  column-top-margin\" style='border-radius:0px; '><section  class='avia-team-member   avia-builder-el-27  avia-builder-el-no-sibling ' ><div class='team-img-container'><img decoding=\"async\" width=\"300\" height=\"300\" class='wp-image-32194 avia-img-lazy-loading-not-32194 avia_image avia_image_team' src=\"https:\/\/asianfilmfestival.barcelona\/2020\/wp-content\/uploads\/2020\/10\/Adrian-Silvestre-300x300.png\" alt='Adri\u00e1n Silvestre ' srcset=\"https:\/\/asianfilmfestival.barcelona\/2020\/wp-content\/uploads\/2020\/10\/Adrian-Silvestre-300x300.png 300w, https:\/\/asianfilmfestival.barcelona\/2020\/wp-content\/uploads\/2020\/10\/Adrian-Silvestre-80x80.png 80w, https:\/\/asianfilmfestival.barcelona\/2020\/wp-content\/uploads\/2020\/10\/Adrian-Silvestre-36x36.png 36w, https:\/\/asianfilmfestival.barcelona\/2020\/wp-content\/uploads\/2020\/10\/Adrian-Silvestre-180x180.png 180w, https:\/\/asianfilmfestival.barcelona\/2020\/wp-content\/uploads\/2020\/10\/Adrian-Silvestre.png 352w\" sizes=\"(max-width: 300px) 100vw, 300px\" \/><\/div><h3 class='team-member-name'   style='color:#b117f8; ' >Adri\u00e1n Silvestre <\/h3><div class='team-member-job-title av_opacity_variation'  style='color:#b117f8; ' >Cineasta <\/div><div class='team-member-description av_inherit_color'   style='color:#999999; '><p>Adri\u00e1n Silvestre (Val\u00e8ncia, 1981) director de cinema Llicenciat en Comunicaci\u00f3 Audiovisual per la UCM, Graduat en Direcci\u00f3 de cinema per la ECAM i M\u00e0ster d\u2018Hist\u00f2ria de l\u2019Art Contemporani i Cultura Visual del Museu Nacional Centre d\u2018Art Reina Sofia (MNCARS), a Madrid. Tamb\u00e9 ha estudiat en la EICTV (Cuba), i ha estat becari en la Reial Acad\u00e8mia d\u2019Espanya a Roma i en l\u2019Acad\u00e8mia de Fran\u00e7a. Los Objetos Amorosos, la seva \u00f2pera prima, va rebre nombrosos premis internacionals com el FIPRESCI (SEFF 2016, Sevilla). Actualment est\u00e0 finalitzant Sedimentos, el seu segon llargmetratge.<\/p>\n<\/div><span class='hidden team-member-affiliation' >Asian Film Festival Barcelona<\/span><\/section><\/div>\n<div class=\"flex_column av_one_third  flex_column_div av-zero-column-padding   avia-builder-el-28  el_after_av_one_third  el_before_av_one_full  column-top-margin\" style='border-radius:0px; '><section  class='avia-team-member   avia-builder-el-29  avia-builder-el-no-sibling ' ><div class='team-img-container'><img decoding=\"async\" width=\"300\" height=\"300\" class='wp-image-32197 avia-img-lazy-loading-not-32197 avia_image avia_image_team' src=\"https:\/\/asianfilmfestival.barcelona\/2020\/wp-content\/uploads\/2020\/10\/Lucas-santos-300x300.png\" alt='Lucas Santos ' srcset=\"https:\/\/asianfilmfestival.barcelona\/2020\/wp-content\/uploads\/2020\/10\/Lucas-santos-300x300.png 300w, https:\/\/asianfilmfestival.barcelona\/2020\/wp-content\/uploads\/2020\/10\/Lucas-santos-80x80.png 80w, https:\/\/asianfilmfestival.barcelona\/2020\/wp-content\/uploads\/2020\/10\/Lucas-santos-36x36.png 36w, https:\/\/asianfilmfestival.barcelona\/2020\/wp-content\/uploads\/2020\/10\/Lucas-santos-180x180.png 180w, https:\/\/asianfilmfestival.barcelona\/2020\/wp-content\/uploads\/2020\/10\/Lucas-santos.png 352w\" sizes=\"(max-width: 300px) 100vw, 300px\" \/><\/div><h3 class='team-member-name'   style='color:#b117f8; ' >Lucas Santos <\/h3><div class='team-member-job-title av_opacity_variation'  style='color:#b117f8; ' >Cr\u00edtic de cinema <\/div><div class='team-member-description av_inherit_color'   style='color:#999999; '><p>Lucas Santos (Barcelona, 1978) es va llicenciar en periodisme per la Universitat Aut\u00f2noma de Barcelona. Despr\u00e9s d\u2018escriure al setmanari Avant, a Diario 16 i a altres publicacions, es va incorporar al sector dels gabinets de comunicaci\u00f3. Des de l\u2019any 2014, redacta el blog sobre cinema Asa Nisi Masa. Pr\u00e8viament, va col\u00b7laborar al programa \"S de s\u00e1bado\" (R\u00e0dio Uni\u00f3 Catalunya) comentant l\u2019actualitat cinematogr\u00e1fica i espor\u00e0dicament ha continuat escrivint sobre cinema en la seva columna setmanal al diari A fons Vall\u00e8s. El mateix ha fet amb estrenes i altres esdeveniments per a Sigue leyendo. Actualment, col\u00b7labora amb la revista Transit i \u00e9s membre de l\u2018Associaci\u00f3 Catalana de la Cr\u00edtica i l\u2019Escriptura Cinematogr\u00e0fica.<\/p>\n<\/div><span class='hidden team-member-affiliation' >Asian Film Festival Barcelona<\/span><\/section><\/div>\n<div class=\"flex_column av_one_full  flex_column_div av-zero-column-padding first  avia-builder-el-30  el_after_av_one_third  el_before_av_one_third  column-top-margin\" style='border-radius:0px; '><p><div  style=' margin-top:30px; margin-bottom:30px;'  class='hr hr-custom hr-center hr-icon-no   avia-builder-el-31  el_before_av_textblock  avia-builder-el-first '><span class='hr-inner  inner-border-av-border-thin' style=' width:100%; border-color:#4f4f4f;' ><span class='hr-inner-style'><\/span><\/span><\/div><br \/>\n<section class=\"av_textblock_section \" ><div class='avia_textblock  av_inherit_color '  style='font-size:30px; color:#d32e1b; ' ><h2 style=\"text-align: center;\">Jurat de la Secci\u00f3 Discoveries<\/h2>\n<\/div><\/section><br \/>\n<section class=\"av_textblock_section \" ><div class='avia_textblock  av_inherit_color '  style='font-size:30px; color:#d32e1b; ' ><h4 style=\"text-align: center;\"><strong>Alexis Racionero<\/strong>, <strong>\u00c9lodie Mellado<\/strong>, <strong>\u00c1lvaro de Luna<\/strong>, <strong>Jeffrey Frigula<\/strong> i <strong>Shaghayegh Norouzi<\/strong><\/h4>\n<\/div><\/section><\/p><\/div>\n<div class=\"flex_column av_one_third  flex_column_div av-zero-column-padding first  avia-builder-el-34  el_after_av_one_full  el_before_av_one_third  column-top-margin\" style='border-radius:0px; '><section  class='avia-team-member   avia-builder-el-35  avia-builder-el-no-sibling ' ><div class='team-img-container'><img decoding=\"async\" width=\"300\" height=\"300\" class='wp-image-32184 avia-img-lazy-loading-not-32184 avia_image avia_image_team' src=\"https:\/\/asianfilmfestival.barcelona\/2020\/wp-content\/uploads\/2020\/10\/Alexis-Racionero-300x300.png\" alt='Alexis Racionero Ragu\u00e9' srcset=\"https:\/\/asianfilmfestival.barcelona\/2020\/wp-content\/uploads\/2020\/10\/Alexis-Racionero-300x300.png 300w, https:\/\/asianfilmfestival.barcelona\/2020\/wp-content\/uploads\/2020\/10\/Alexis-Racionero-80x80.png 80w, https:\/\/asianfilmfestival.barcelona\/2020\/wp-content\/uploads\/2020\/10\/Alexis-Racionero-36x36.png 36w, https:\/\/asianfilmfestival.barcelona\/2020\/wp-content\/uploads\/2020\/10\/Alexis-Racionero-180x180.png 180w, https:\/\/asianfilmfestival.barcelona\/2020\/wp-content\/uploads\/2020\/10\/Alexis-Racionero.png 352w\" sizes=\"(max-width: 300px) 100vw, 300px\" \/><\/div><h3 class='team-member-name'   style='color:#b117f8; ' >Alexis Racionero Ragu\u00e9<\/h3><div class='team-member-job-title av_opacity_variation'  style='color:#b117f8; ' >Escriptor i cineasta | President del Jurat<\/div><div class='team-member-description av_inherit_color'   style='color:#999999; '><p>Alexis Racionero Ragu\u00e9 \u00e9s doctor en hist\u00f2ria de l\u2018art i llicenciat en geografia i hist\u00f2ria. Ha impartit classes de cinema durant m\u00e9s d\u2019una d\u00e8cada en la ESCAC i ha rodat Rubbersoul, El viaje hippie a la India i Railway to Heaven, dos documentals d\u2018\u00e8xit. Especialista en filosofia oriental i contracultura. Entre els llibres que ha publicat destaquen Calif\u00f2rnia dreaming (Niberta) El ansia de vagar (RBA) o Darshan, filosof\u00eda oriental para la vida cotidiana (Kair\u00f3s), Col\u00b7labora en els seg\u00fcents mitjans: Rac1, Cat Radi, National Geographic i l\u2019Avantguarda. Des de Wakenpath imparteix cursos intensius sobre storytelling, lideratge i prop\u00f2sit vital.<\/p>\n<\/div><span class='hidden team-member-affiliation' >Asian Film Festival Barcelona<\/span><\/section><\/div>\n<div class=\"flex_column av_one_third  flex_column_div av-zero-column-padding   avia-builder-el-36  el_after_av_one_third  el_before_av_one_third  column-top-margin\" style='border-radius:0px; '><section  class='avia-team-member   avia-builder-el-37  avia-builder-el-no-sibling ' ><div class='team-img-container'><img decoding=\"async\" width=\"300\" height=\"300\" class='wp-image-32190 avia-img-lazy-loading-not-32190 avia_image avia_image_team' src=\"https:\/\/asianfilmfestival.barcelona\/2020\/wp-content\/uploads\/2020\/10\/Elodie-Mellado-300x300.png\" alt='\u00c9lodie Mellado' srcset=\"https:\/\/asianfilmfestival.barcelona\/2020\/wp-content\/uploads\/2020\/10\/Elodie-Mellado-300x300.png 300w, https:\/\/asianfilmfestival.barcelona\/2020\/wp-content\/uploads\/2020\/10\/Elodie-Mellado-80x80.png 80w, https:\/\/asianfilmfestival.barcelona\/2020\/wp-content\/uploads\/2020\/10\/Elodie-Mellado-36x36.png 36w, https:\/\/asianfilmfestival.barcelona\/2020\/wp-content\/uploads\/2020\/10\/Elodie-Mellado-180x180.png 180w, https:\/\/asianfilmfestival.barcelona\/2020\/wp-content\/uploads\/2020\/10\/Elodie-Mellado.png 352w\" sizes=\"(max-width: 300px) 100vw, 300px\" \/><\/div><h3 class='team-member-name'   style='color:#b117f8; ' >\u00c9lodie Mellado<\/h3><div class='team-member-job-title av_opacity_variation'  style='color:#b117f8; ' >Editora de contiguts (FILMIN)<\/div><div class='team-member-description av_inherit_color'   style='color:#999999; '><p>\u00c9lodie Mellado editora de contingut en Filmin des de 2012 i programadora en el Festival REC de Tarragona. Graduada en Comunicaci\u00f3 Audiovisual per la Universitat Rovira i Virgili i professionalment des del principi s\u2019ha dedicat al sector cinematogr\u00e0fic.<\/p>\n<\/div><span class='hidden team-member-affiliation' >Asian Film Festival Barcelona<\/span><\/section><\/div>\n<div class=\"flex_column av_one_third  flex_column_div av-zero-column-padding   avia-builder-el-38  el_after_av_one_third  el_before_av_one_third  column-top-margin\" style='border-radius:0px; '><section  class='avia-team-member   avia-builder-el-39  avia-builder-el-no-sibling ' ><div class='team-img-container'><img decoding=\"async\" width=\"300\" height=\"300\" class='wp-image-32187 avia-img-lazy-loading-not-32187 avia_image avia_image_team' src=\"https:\/\/asianfilmfestival.barcelona\/2020\/wp-content\/uploads\/2020\/10\/Alvaro-de-Luna-300x300.png\" alt='\u00c1lvaro de Luna ' srcset=\"https:\/\/asianfilmfestival.barcelona\/2020\/wp-content\/uploads\/2020\/10\/Alvaro-de-Luna-300x300.png 300w, https:\/\/asianfilmfestival.barcelona\/2020\/wp-content\/uploads\/2020\/10\/Alvaro-de-Luna-80x80.png 80w, https:\/\/asianfilmfestival.barcelona\/2020\/wp-content\/uploads\/2020\/10\/Alvaro-de-Luna-36x36.png 36w, https:\/\/asianfilmfestival.barcelona\/2020\/wp-content\/uploads\/2020\/10\/Alvaro-de-Luna-180x180.png 180w, https:\/\/asianfilmfestival.barcelona\/2020\/wp-content\/uploads\/2020\/10\/Alvaro-de-Luna.png 352w\" sizes=\"(max-width: 300px) 100vw, 300px\" \/><\/div><h3 class='team-member-name'   style='color:#b117f8; ' >\u00c1lvaro de Luna <\/h3><div class='team-member-job-title av_opacity_variation'  style='color:#b117f8; ' >Cr\u00edtic de cinema <\/div><div class='team-member-description av_inherit_color'   style='color:#999999; '><p>\u00c1lvaro de Lluna (1991) es va graduar en filosofia i en cr\u00edtica cinematogr\u00e0fica i es dedica a la cr\u00edtica. Ha estat membre del jurat del Festival de cinema europeu de Sevilla (SEFF 2014) en la secci\u00f3 Les Noves Ones. Aix\u00ed mateix, va participar com a col\u00b7laborador en el SEFF (2015-2018) i des de llavors s\u2019encarrega de la cobertura de premsa anual de festivals com Zinemaldia, Seminci, M\u00e0laga, Filmadrid, entre altres. Actualment presenta les pel\u00b7l\u00edcules per a Youfeelm i col\u00b7labora amb La gran evasi\u00f3n de Radi\u00f3polis.<\/p>\n<\/div><span class='hidden team-member-affiliation' >Asian Film Festival Barcelona<\/span><\/section><\/div>\n<div class=\"flex_column av_one_third  flex_column_div av-zero-column-padding first  avia-builder-el-40  el_after_av_one_third  el_before_av_one_third  column-top-margin\" style='border-radius:0px; '><section  class='avia-team-member   avia-builder-el-41  avia-builder-el-no-sibling ' ><div class='team-img-container'><img decoding=\"async\" width=\"300\" height=\"300\" class='wp-image-32178 avia-img-lazy-loading-not-32178 avia_image avia_image_team' src=\"https:\/\/asianfilmfestival.barcelona\/2020\/wp-content\/uploads\/2020\/10\/Jeffrey-Frigula-300x300.png\" alt='Jeffrey Frigula' srcset=\"https:\/\/asianfilmfestival.barcelona\/2020\/wp-content\/uploads\/2020\/10\/Jeffrey-Frigula-300x300.png 300w, https:\/\/asianfilmfestival.barcelona\/2020\/wp-content\/uploads\/2020\/10\/Jeffrey-Frigula-80x80.png 80w, https:\/\/asianfilmfestival.barcelona\/2020\/wp-content\/uploads\/2020\/10\/Jeffrey-Frigula-36x36.png 36w, https:\/\/asianfilmfestival.barcelona\/2020\/wp-content\/uploads\/2020\/10\/Jeffrey-Frigula-180x180.png 180w, https:\/\/asianfilmfestival.barcelona\/2020\/wp-content\/uploads\/2020\/10\/Jeffrey-Frigula.png 352w\" sizes=\"(max-width: 300px) 100vw, 300px\" \/><\/div><h3 class='team-member-name'   style='color:#b117f8; ' >Jeffrey Frigula<\/h3><div class='team-member-job-title av_opacity_variation'  style='color:#b117f8; ' >Director i Guionista <\/div><div class='team-member-description av_inherit_color'   style='color:#999999; '><p>Jeffrey Frigula \u00e9s director i guionista. Es va graduar en 2008 en la ESCAC amb Distopia (2008), un curtmetratge que va ser seleccionat en els festivals de Sant Sebasti\u00e0 o Cannes Film Market. A m\u00e9s va formar part del cat\u00e0leg Shortcat de l\u2018any 2012. Despr\u00e9s del seu debut, va iniciar la seva carrera com a director\/realitzador de videoclips per a grups com Kokoshca o La Bien Querida. Posteriorment, la seva carrera s\u2019ha centrat en l\u2019especialitat de gui\u00f3. Entre els seus \u00faltims projectes, cal destacar la s\u00e8rie de ficci\u00f3 Monkey Express per a Movistar+ seri\u00efs i la codirecci\u00f3 del largometraje Shanghai brillaba entre l\u00edneas que iniciar\u00e0 circuit de festivals en 2021. Entre els seus \u00faltims projectes cal destacar, Para llevar, \u00e9s un documental de ficci\u00f3 que es troba actualment en desenvolupament.<\/p>\n<\/div><span class='hidden team-member-affiliation' >Asian Film Festival Barcelona<\/span><\/section><\/div>\n<div class=\"flex_column av_one_third  flex_column_div av-zero-column-padding   avia-builder-el-42  el_after_av_one_third  el_before_av_one_full  column-top-margin\" style='border-radius:0px; '><section  class='avia-team-member   avia-builder-el-43  avia-builder-el-no-sibling ' ><div class='team-img-container'><img decoding=\"async\" width=\"300\" height=\"300\" class='wp-image-32181 avia-img-lazy-loading-not-32181 avia_image avia_image_team' src=\"https:\/\/asianfilmfestival.barcelona\/2020\/wp-content\/uploads\/2020\/10\/Shaghayegh-Norouzi-300x300.png\" alt='Shaghayegh Norouzi ' srcset=\"https:\/\/asianfilmfestival.barcelona\/2020\/wp-content\/uploads\/2020\/10\/Shaghayegh-Norouzi-300x300.png 300w, https:\/\/asianfilmfestival.barcelona\/2020\/wp-content\/uploads\/2020\/10\/Shaghayegh-Norouzi-80x80.png 80w, https:\/\/asianfilmfestival.barcelona\/2020\/wp-content\/uploads\/2020\/10\/Shaghayegh-Norouzi-36x36.png 36w, https:\/\/asianfilmfestival.barcelona\/2020\/wp-content\/uploads\/2020\/10\/Shaghayegh-Norouzi-180x180.png 180w, https:\/\/asianfilmfestival.barcelona\/2020\/wp-content\/uploads\/2020\/10\/Shaghayegh-Norouzi.png 352w\" sizes=\"(max-width: 300px) 100vw, 300px\" \/><\/div><h3 class='team-member-name'   style='color:#b117f8; ' >Shaghayegh Norouzi <\/h3><div class='team-member-job-title av_opacity_variation'  style='color:#b117f8; ' >Actriu <\/div><div class='team-member-description av_inherit_color'   style='color:#999999; '><p>Shaghayegh Norouzi es va graduar en 2009 en la Universitat de Teheran (l\u2018Iran) en l\u2019especialitat de Direcci\u00f3 i Dramat\u00fargia Teatral. Paral\u00b7lelament, va iniciar la seva carrera com a actriu professional debutant en 2006 amb el paper protagonista en Bidori (Awakening), s\u00e8rie que es va convertir en un gran \u00e8xit, atorgant-li un gran reconeixement personal a nivell estatal. En els \u00faltims anys ha fet el salt a la direcci\u00f3 i ha realitzat diversos curtmetratges que han participat en el festival de Cannes en quatre edicions. No obstant aix\u00f2, no ha deixat de dur a terme la labor de conservadora f\u00edlmica donant a con\u00e8ixer a nombrosos cineastes iranians independents.<\/p>\n<\/div><span class='hidden team-member-affiliation' >Asian Film Festival Barcelona<\/span><\/section><\/div>\n<div class=\"flex_column av_one_full  flex_column_div av-zero-column-padding first  avia-builder-el-44  el_after_av_one_third  el_before_av_one_third  column-top-margin\" style='border-radius:0px; '><p><div  style=' margin-top:30px; margin-bottom:30px;'  class='hr hr-custom hr-center hr-icon-no   avia-builder-el-45  el_before_av_textblock  avia-builder-el-first '><span class='hr-inner  inner-border-av-border-thin' style=' width:100%; border-color:#4f4f4f;' ><span class='hr-inner-style'><\/span><\/span><\/div><br \/>\n<section class=\"av_textblock_section \" ><div class='avia_textblock  av_inherit_color '  style='font-size:30px; color:#d32e1b; ' ><h2 style=\"text-align: center;\">Jurat de la secci\u00f3 NETPAC<\/h2>\n<\/div><\/section><br \/>\n<section class=\"av_textblock_section \" ><div class='avia_textblock  av_inherit_color '  style='font-size:30px; color:#d32e1b; ' ><h4 style=\"text-align: center;\"><strong>Qazi Abdur Rahim<\/strong>, <strong>Fina Sensada<\/strong>, <strong>Javier Mart\u00edn-Dom\u00ednguez<\/strong><\/h4>\n<\/div><\/section><\/p><\/div>\n<div class=\"flex_column av_one_third  flex_column_div av-zero-column-padding first  avia-builder-el-48  el_after_av_one_full  el_before_av_one_third  column-top-margin\" style='border-radius:0px; '><section  class='avia-team-member   avia-builder-el-49  avia-builder-el-no-sibling ' ><div class='team-img-container'><img decoding=\"async\" width=\"300\" height=\"300\" class='wp-image-32175 avia-img-lazy-loading-not-32175 avia_image avia_image_team' src=\"https:\/\/asianfilmfestival.barcelona\/2020\/wp-content\/uploads\/2020\/10\/Qazi-Rahim-300x300.png\" alt='Qazi Abdur Rahim ' srcset=\"https:\/\/asianfilmfestival.barcelona\/2020\/wp-content\/uploads\/2020\/10\/Qazi-Rahim-300x300.png 300w, https:\/\/asianfilmfestival.barcelona\/2020\/wp-content\/uploads\/2020\/10\/Qazi-Rahim-80x80.png 80w, https:\/\/asianfilmfestival.barcelona\/2020\/wp-content\/uploads\/2020\/10\/Qazi-Rahim-36x36.png 36w, https:\/\/asianfilmfestival.barcelona\/2020\/wp-content\/uploads\/2020\/10\/Qazi-Rahim-180x180.png 180w, https:\/\/asianfilmfestival.barcelona\/2020\/wp-content\/uploads\/2020\/10\/Qazi-Rahim.png 352w\" sizes=\"(max-width: 300px) 100vw, 300px\" \/><\/div><h3 class='team-member-name'   style='color:#b117f8; ' >Qazi Abdur Rahim <\/h3><div class='team-member-job-title av_opacity_variation'  style='color:#b117f8; ' >Director del Imagine India International Film Festival | President del Jurat<\/div><div class='team-member-description av_inherit_color'   style='color:#999999; '><p>Qazi Abdur Rahim (1962) es va graduar en la Universitat UAM i va comen\u00e7ar a treballar amb R\u00e0dio M-80 i els reconeguts comediants \"Goma-escuma\". Qazi \u00e9s el primer indi nominat als Premis del Cinema Espanyol a la Millor M\u00fasica Original per la pel\u00b7l\u00edcula El Pr\u00f3ximo Oriente. \u00c9s el fundador i director del prestigi\u00f3s Festival Internacional de Cinema Imagineindia a Madrid, que ha celebrat la seva vintena edici\u00f3. Ha estat jurat en nombrosos festivals i programador en el Macta Women\u2019s Film Festival, Rain International Nature Film Festival o el Turkish Film Festival Madrid.<\/p>\n<\/div><span class='hidden team-member-affiliation' >Asian Film Festival Barcelona<\/span><\/section><\/div>\n<div class=\"flex_column av_one_third  flex_column_div av-zero-column-padding   avia-builder-el-50  el_after_av_one_third  el_before_av_one_third  column-top-margin\" style='border-radius:0px; '><section  class='avia-team-member   avia-builder-el-51  avia-builder-el-no-sibling ' ><div class='team-img-container'><img decoding=\"async\" width=\"300\" height=\"300\" class='wp-image-32169 avia-img-lazy-loading-not-32169 avia_image avia_image_team' src=\"https:\/\/asianfilmfestival.barcelona\/2020\/wp-content\/uploads\/2020\/10\/Fina-Sensada-300x300.png\" alt='Fina Sensada ' srcset=\"https:\/\/asianfilmfestival.barcelona\/2020\/wp-content\/uploads\/2020\/10\/Fina-Sensada-300x300.png 300w, https:\/\/asianfilmfestival.barcelona\/2020\/wp-content\/uploads\/2020\/10\/Fina-Sensada-80x80.png 80w, https:\/\/asianfilmfestival.barcelona\/2020\/wp-content\/uploads\/2020\/10\/Fina-Sensada-36x36.png 36w, https:\/\/asianfilmfestival.barcelona\/2020\/wp-content\/uploads\/2020\/10\/Fina-Sensada-180x180.png 180w, https:\/\/asianfilmfestival.barcelona\/2020\/wp-content\/uploads\/2020\/10\/Fina-Sensada.png 352w\" sizes=\"(max-width: 300px) 100vw, 300px\" \/><\/div><h3 class='team-member-name'   style='color:#b117f8; ' >Fina Sensada <\/h3><div class='team-member-job-title av_opacity_variation'  style='color:#b117f8; ' >Cineasta <\/div><div class='team-member-description av_inherit_color'   style='color:#999999; '><p>Fina Sensada \u00e9s directora i guionista. Des de fa m\u00e9s de trenta anys treballa com a freelance en la Ind\u00fastria Cinematogr\u00e0fica Nacional i Internacional, en el departament de Direcci\u00f3. En 2005 va cofundar juntament amb el Dr. Fernando Fonseca la productora LAILA Produktions, sense \u00e0nim de lucre, amb un \u00fanic objectiu: produir i realitzar audiovisuals amb la finalitat d\u2018elaborar materials de sensibilitzaci\u00f3 relacionats amb el tercer m\u00f3n i l\u2019exclusi\u00f3 social a nivell sanitari. Compaginant amb la seva carrera professional ha fet pon\u00e8ncies rellevants com a \u201c\u00c9tica en la imagen\u201d (2009) en el primer Congr\u00e9s de Medicina Humanit\u00e0ria a Barcelona, o \u201cMujer y Publicidad\u201d (2008). En 2019, va participar com a jurat en el Festival de Cinema de Drets Humans de Barcelona i en el transcurs d\u2018enguany ha creat la Fernando Fonseca Foundation per a seguir l\u2019obra d\u2019aquest metge- investigador, el qual va morir en el 2014.<\/p>\n<\/div><span class='hidden team-member-affiliation' >Asian Film Festival Barcelona<\/span><\/section><\/div>\n<div class=\"flex_column av_one_third  flex_column_div av-zero-column-padding   avia-builder-el-52  el_after_av_one_third  el_before_av_one_full  column-top-margin\" style='border-radius:0px; '><section  class='avia-team-member   avia-builder-el-53  avia-builder-el-no-sibling ' ><div class='team-img-container'><img decoding=\"async\" width=\"300\" height=\"300\" class='wp-image-32172 avia-img-lazy-loading-not-32172 avia_image avia_image_team' src=\"https:\/\/asianfilmfestival.barcelona\/2020\/wp-content\/uploads\/2020\/10\/Javier-MArtin-300x300.png\" alt='Javier Mart\u00edn-Dom\u00ednguez' srcset=\"https:\/\/asianfilmfestival.barcelona\/2020\/wp-content\/uploads\/2020\/10\/Javier-MArtin-300x300.png 300w, https:\/\/asianfilmfestival.barcelona\/2020\/wp-content\/uploads\/2020\/10\/Javier-MArtin-80x80.png 80w, https:\/\/asianfilmfestival.barcelona\/2020\/wp-content\/uploads\/2020\/10\/Javier-MArtin-36x36.png 36w, https:\/\/asianfilmfestival.barcelona\/2020\/wp-content\/uploads\/2020\/10\/Javier-MArtin-180x180.png 180w, https:\/\/asianfilmfestival.barcelona\/2020\/wp-content\/uploads\/2020\/10\/Javier-MArtin.png 352w\" sizes=\"(max-width: 300px) 100vw, 300px\" \/><\/div><h3 class='team-member-name'   style='color:#b117f8; ' >Javier Mart\u00edn-Dom\u00ednguez<\/h3><div class='team-member-job-title av_opacity_variation'  style='color:#b117f8; ' >President del International Press Club, CIP. Spain <\/div><div class='team-member-description av_inherit_color'   style='color:#999999; '><p>Javier Mart\u00edn- Dom\u00ednguez \u00e9s productor i realitzador i, actualment president del Club Internacional de Premsa. Ha exercit el periodisme en premsa, r\u00e0dio i televisi\u00f3. Va ser corresponsal a l\u2018estranger, amb R\u00e0dio Nacional i Televisi\u00f3 Espanyola als Estats Units durant deu anys, i amb La Vanguardia a T\u00f2quio. Ha estat Premi Cirilo Rodr\u00edguez de periodisme internacional. Entre altres esdeveniments va cobrir tres campanyes electorals nord-americanes, els viatges de Reagan a Moscou i Gorvachev a Washington, el funeral de Hiro Fita i l\u2019entronitzaci\u00f3 de Akihito. Com a realitzador \u00e9s autor de les biografies de Paul Bowles i de l\u2019artista surrealista Leonora Carrington, i va dirigir el Festival de cinema europeu de Sevilla durant 4 anys. Ha estat jurat en els de Moscou, Sarajevo i Documenta Madrid i en el Asian Film Festival de Barcelona.<\/p>\n<\/div><span class='hidden team-member-affiliation' >Asian Film Festival Barcelona<\/span><\/section><\/div>\n<div class=\"flex_column av_one_full  flex_column_div av-zero-column-padding first  avia-builder-el-54  el_after_av_one_third  el_before_av_one_third  column-top-margin\" style='border-radius:0px; '><p><div  style=' margin-top:30px; margin-bottom:30px;'  class='hr hr-custom hr-center hr-icon-no   avia-builder-el-55  el_before_av_textblock  avia-builder-el-first '><span class='hr-inner  inner-border-av-border-thin' style=' width:100%; border-color:#4f4f4f;' ><span class='hr-inner-style'><\/span><\/span><\/div><br \/>\n<section class=\"av_textblock_section \" ><div class='avia_textblock  av_inherit_color '  style='font-size:30px; color:#d32e1b; ' ><h2 style=\"text-align: center;\">Jurat de la Secci\u00f3 Especial<\/h2>\n<\/div><\/section><br \/>\n<section class=\"av_textblock_section \" ><div class='avia_textblock  av_inherit_color '  style='font-size:30px; color:#d32e1b; ' ><h4 style=\"text-align: center;\"><strong>Esteban Andueza<\/strong>, <strong>Magdalena Correa<\/strong>, <strong>Mana Salehi<\/strong>,<\/h4>\n<h4 style=\"text-align: center;\"><strong>Adri\u00e1n Caravaca Caparr\u00f3s, Melissa Pascale <\/strong>i <strong>Sandra Mur Puyuelo<\/strong><\/h4>\n<\/div><\/section><\/p><\/div>\n<div class=\"flex_column av_one_third  flex_column_div av-zero-column-padding first  avia-builder-el-58  el_after_av_one_full  el_before_av_one_third  column-top-margin\" style='border-radius:0px; '><section  class='avia-team-member   avia-builder-el-59  avia-builder-el-no-sibling ' ><div class='team-img-container'><img decoding=\"async\" width=\"300\" height=\"300\" class='wp-image-32166 avia-img-lazy-loading-not-32166 avia_image avia_image_team' src=\"https:\/\/asianfilmfestival.barcelona\/2020\/wp-content\/uploads\/2020\/10\/Esteban-Andueza-300x300.png\" alt='Esteban Andueza ' srcset=\"https:\/\/asianfilmfestival.barcelona\/2020\/wp-content\/uploads\/2020\/10\/Esteban-Andueza-300x300.png 300w, https:\/\/asianfilmfestival.barcelona\/2020\/wp-content\/uploads\/2020\/10\/Esteban-Andueza-80x80.png 80w, https:\/\/asianfilmfestival.barcelona\/2020\/wp-content\/uploads\/2020\/10\/Esteban-Andueza-36x36.png 36w, https:\/\/asianfilmfestival.barcelona\/2020\/wp-content\/uploads\/2020\/10\/Esteban-Andueza-180x180.png 180w, https:\/\/asianfilmfestival.barcelona\/2020\/wp-content\/uploads\/2020\/10\/Esteban-Andueza.png 352w\" sizes=\"(max-width: 300px) 100vw, 300px\" \/><\/div><h3 class='team-member-name'   style='color:#b117f8; ' >Esteban Andueza <\/h3><div class='team-member-job-title av_opacity_variation'  style='color:#b117f8; ' >Gestor cultural i Traductor | President del Jurat<\/div><div class='team-member-description av_inherit_color'   style='color:#999999; '><p>Esteban Andueza \u00e9s gestor cultural, traductor, comissari d\u2018art i promotor de projectes art\u00edstics. Ha viscut a la Xina durant 12 anys on ha treballat com a freelance i tamb\u00e9 per a centres de prestigi, com l\u2019Ib\u00e8ria Center for Contemporary Art o l\u2019Institut Cervantes de Pequ\u00edn, sempre enfocat a promoure els intercanvis culturals entre Espanya i la Xina.<\/p>\n<\/div><span class='hidden team-member-affiliation' >Asian Film Festival Barcelona<\/span><\/section><\/div>\n<div class=\"flex_column av_one_third  flex_column_div av-zero-column-padding   avia-builder-el-60  el_after_av_one_third  el_before_av_one_third  column-top-margin\" style='border-radius:0px; '><section  class='avia-team-member   avia-builder-el-61  avia-builder-el-no-sibling ' ><div class='team-img-container'><img decoding=\"async\" width=\"300\" height=\"300\" class='wp-image-32163 avia-img-lazy-loading-not-32163 avia_image avia_image_team' src=\"https:\/\/asianfilmfestival.barcelona\/2020\/wp-content\/uploads\/2020\/10\/Magdalena-correa-300x300.png\" alt='Magdalena Correa' srcset=\"https:\/\/asianfilmfestival.barcelona\/2020\/wp-content\/uploads\/2020\/10\/Magdalena-correa-300x300.png 300w, https:\/\/asianfilmfestival.barcelona\/2020\/wp-content\/uploads\/2020\/10\/Magdalena-correa-80x80.png 80w, https:\/\/asianfilmfestival.barcelona\/2020\/wp-content\/uploads\/2020\/10\/Magdalena-correa-36x36.png 36w, https:\/\/asianfilmfestival.barcelona\/2020\/wp-content\/uploads\/2020\/10\/Magdalena-correa-180x180.png 180w, https:\/\/asianfilmfestival.barcelona\/2020\/wp-content\/uploads\/2020\/10\/Magdalena-correa.png 352w\" sizes=\"(max-width: 300px) 100vw, 300px\" \/><\/div><h3 class='team-member-name'   style='color:#b117f8; ' >Magdalena Correa<\/h3><div class='team-member-job-title av_opacity_variation'  style='color:#b117f8; ' >Artista Visual<\/div><div class='team-member-description av_inherit_color'   style='color:#999999; '><p>Magdalena Correa (1968) \u00e9s doctora en fotografia i v\u00eddeo per la Universitat Polit\u00e8cnica de Catalunya i est\u00e0 acreditada per la ANECA. S\u2018ha especialitzat en projectes de recerca fotogr\u00e0fica i de v\u00eddeo sobre territoris a\u00efllats i extrems on habita l\u2019home. Entre les seves l\u00ednies de investigaci\u00f3 mereixen nomenar-se els seg\u00fcents projectes: Austral (2006) sobre la XI Regi\u00f3 de Ays\u00e9n al Sud de Xile, La Desaparici\u00f3n (2008) sobre els deserts del Gobi a la Xina i Mong\u00f2lia i el de Atacama al Nord de Xile, N\u00edveo (2011) sobre el poble xil\u00e8 Vila Les Estrelles situat en l\u2018Ant\u00e0rtica, La Rinconada (2013) sobre la mina d\u2019or m\u00e9s alta del m\u00f3n situada a 5.600 metres d\u2018altura en el Districte de Ananea, el Per\u00fa, Luxury has a new Address (2014) sobre la riquesa i ostentaci\u00f3 de la societat Kuwaitiana. Ha estat integrant de la L\u00ednia de Recerca \u201cAplicacions als Sistemes Audiovisuals i Multim\u00e8dia\u201d del Departament d\u2019Enginyeria de la Universitat Polit\u00e8cnica de Catalunya, Barcelona.<\/p>\n<\/div><span class='hidden team-member-affiliation' >Asian Film Festival Barcelona<\/span><\/section><\/div>\n<div class=\"flex_column av_one_third  flex_column_div av-zero-column-padding   avia-builder-el-62  el_after_av_one_third  el_before_av_one_third  column-top-margin\" style='border-radius:0px; '><section  class='avia-team-member   avia-builder-el-63  avia-builder-el-no-sibling ' ><div class='team-img-container'><img decoding=\"async\" width=\"300\" height=\"300\" class='wp-image-32160 avia-img-lazy-loading-not-32160 avia_image avia_image_team' src=\"https:\/\/asianfilmfestival.barcelona\/2020\/wp-content\/uploads\/2020\/10\/mana-salehi-300x300.png\" alt='Mana Salehi ' srcset=\"https:\/\/asianfilmfestival.barcelona\/2020\/wp-content\/uploads\/2020\/10\/mana-salehi-300x300.png 300w, https:\/\/asianfilmfestival.barcelona\/2020\/wp-content\/uploads\/2020\/10\/mana-salehi-80x80.png 80w, https:\/\/asianfilmfestival.barcelona\/2020\/wp-content\/uploads\/2020\/10\/mana-salehi-36x36.png 36w, https:\/\/asianfilmfestival.barcelona\/2020\/wp-content\/uploads\/2020\/10\/mana-salehi-180x180.png 180w, https:\/\/asianfilmfestival.barcelona\/2020\/wp-content\/uploads\/2020\/10\/mana-salehi.png 352w\" sizes=\"(max-width: 300px) 100vw, 300px\" \/><\/div><h3 class='team-member-name'   style='color:#b117f8; ' >Mana Salehi <\/h3><div class='team-member-job-title av_opacity_variation'  style='color:#b117f8; ' >Artista Visual<\/div><div class='team-member-description av_inherit_color'   style='color:#999999; '><p>Mana Salehi \u00e9s una artista audiovisual d\u2019origen irani\u00e0 que viu i treballa a Barcelona des de 2004. Es va doctorar en la Facultat de Belles arts de la Universitat de Barcelona. Ha participat en diverses exposicions individuals i col\u00b7lectives, internacionals i nacionals. En el seu treball explora les crisis ambientals i les emocions humanes a trav\u00e9s de po\u00e8tiques audiovisuals com a mostres: WEAD, Woman Eco Artists Dialog (San Francisco, USA 2020) Platform 3 Gallery (Tehran, Iran 2020) Proyector Festival (Madrid, Spain 2019), (.BOX) Videoart Project Space (Milan, Italy 2019), Es Baluard Museo de Arte Moderno y Contempor\u00e1neo de Palma (Mallorca, Spain 2018), Swan Prague Festival (Praga 2017).<\/p>\n<\/div><span class='hidden team-member-affiliation' >Asian Film Festival Barcelona<\/span><\/section><\/div>\n<div class=\"flex_column av_one_third  flex_column_div av-zero-column-padding first  avia-builder-el-64  el_after_av_one_third  el_before_av_one_third  column-top-margin\" style='border-radius:0px; '><section  class='avia-team-member   avia-builder-el-65  avia-builder-el-no-sibling ' ><div class='team-img-container'><img decoding=\"async\" width=\"300\" height=\"300\" class='wp-image-32154 avia-img-lazy-loading-not-32154 avia_image avia_image_team' src=\"https:\/\/asianfilmfestival.barcelona\/2020\/wp-content\/uploads\/2020\/10\/Melissa-Pascale_2-300x300.png\" alt='Melissa Pascale ' srcset=\"https:\/\/asianfilmfestival.barcelona\/2020\/wp-content\/uploads\/2020\/10\/Melissa-Pascale_2-300x300.png 300w, https:\/\/asianfilmfestival.barcelona\/2020\/wp-content\/uploads\/2020\/10\/Melissa-Pascale_2-80x80.png 80w, https:\/\/asianfilmfestival.barcelona\/2020\/wp-content\/uploads\/2020\/10\/Melissa-Pascale_2-36x36.png 36w, https:\/\/asianfilmfestival.barcelona\/2020\/wp-content\/uploads\/2020\/10\/Melissa-Pascale_2-180x180.png 180w, https:\/\/asianfilmfestival.barcelona\/2020\/wp-content\/uploads\/2020\/10\/Melissa-Pascale_2.png 352w\" sizes=\"(max-width: 300px) 100vw, 300px\" \/><\/div><h3 class='team-member-name'   style='color:#b117f8; ' >Melissa Pascale <\/h3><div class='team-member-job-title av_opacity_variation'  style='color:#b117f8; ' >Relacions P\u00fabliques de HKETO <\/div><div class='team-member-description av_inherit_color'   style='color:#999999; '><p>Melissa Pascale resideix a Brussel\u00b7les i porta m\u00e9s de 6 anys treballant com a encarregada de RRPP per a la representaci\u00f3 del Govern d\u2018Hong Kong davant l\u2019EU i 15 pa\u00efsos a Europa. L\u2019apassiona la diversitat cultural motiu pel qual ha realitzat freq\u00fcents viatges i va donar volta al m\u00f3n en 2019. L\u2019\u00c0sia \u00e9s un continent amb el qual t\u00e9 afinitats tant professionals com personals. Escriu per a un mitj\u00e0 de comunicaci\u00f3 digital sobre cinema i viatges.<\/p>\n<\/div><span class='hidden team-member-affiliation' >Asian Film Festival Barcelona<\/span><\/section><\/div>\n<div class=\"flex_column av_one_third  flex_column_div av-zero-column-padding   avia-builder-el-66  el_after_av_one_third  el_before_av_one_third  column-top-margin\" style='border-radius:0px; '><section  class='avia-team-member   avia-builder-el-67  avia-builder-el-no-sibling ' ><div class='team-img-container'><img decoding=\"async\" width=\"300\" height=\"300\" class='wp-image-32151 avia-img-lazy-loading-not-32151 avia_image avia_image_team' src=\"https:\/\/asianfilmfestival.barcelona\/2020\/wp-content\/uploads\/2020\/10\/Adria\u0301n-Caravaca_2-300x300.png\" alt='Adri\u00e1n Caravaca Caparr\u00f3s ' srcset=\"https:\/\/asianfilmfestival.barcelona\/2020\/wp-content\/uploads\/2020\/10\/Adria\u0301n-Caravaca_2-300x300.png 300w, https:\/\/asianfilmfestival.barcelona\/2020\/wp-content\/uploads\/2020\/10\/Adria\u0301n-Caravaca_2-80x80.png 80w, https:\/\/asianfilmfestival.barcelona\/2020\/wp-content\/uploads\/2020\/10\/Adria\u0301n-Caravaca_2-36x36.png 36w, https:\/\/asianfilmfestival.barcelona\/2020\/wp-content\/uploads\/2020\/10\/Adria\u0301n-Caravaca_2-180x180.png 180w, https:\/\/asianfilmfestival.barcelona\/2020\/wp-content\/uploads\/2020\/10\/Adria\u0301n-Caravaca_2.png 352w\" sizes=\"(max-width: 300px) 100vw, 300px\" \/><\/div><h3 class='team-member-name'   style='color:#b117f8; ' >Adri\u00e1n Caravaca Caparr\u00f3s <\/h3><div class='team-member-job-title av_opacity_variation'  style='color:#b117f8; ' >Investigador <\/div><div class='team-member-description av_inherit_color'   style='color:#999999; '><p>Adri\u00e1n Caravaca Caparr\u00f3s es va graduar en Estudis d\u2019\u00c0sia Oriental per la Universitat Aut\u00f2noma de Barcelona amb especialitzaci\u00f3 en Economia, Pol\u00edtica i Societat. Des de 2019 col\u00b7labora amb Casa \u00c0sia en la traducci\u00f3 i edici\u00f3 de material audiovisual. La seva l\u00ednia de recerca gira entorn a la relacions diplom\u00e0tiques entre Espanya i la Xina entre 1931 i 1953. Col\u00b7labora com a redactor per al portal informatiu \u2018Not\u00edcies Gamer\u2019.<\/p>\n<\/div><span class='hidden team-member-affiliation' >Asian Film Festival Barcelona<\/span><\/section><\/div>\n<div class=\"flex_column av_one_third  flex_column_div av-zero-column-padding   avia-builder-el-68  el_after_av_one_third  avia-builder-el-last  column-top-margin\" style='border-radius:0px; '><section  class='avia-team-member   avia-builder-el-69  avia-builder-el-no-sibling ' ><div class='team-img-container'><img decoding=\"async\" width=\"300\" height=\"300\" class='wp-image-32157 avia-img-lazy-loading-not-32157 avia_image avia_image_team' src=\"https:\/\/asianfilmfestival.barcelona\/2020\/wp-content\/uploads\/2020\/10\/Sandra-Mur-2-300x300.png\" alt='Sandra Mur Puyuelo ' srcset=\"https:\/\/asianfilmfestival.barcelona\/2020\/wp-content\/uploads\/2020\/10\/Sandra-Mur-2-300x300.png 300w, https:\/\/asianfilmfestival.barcelona\/2020\/wp-content\/uploads\/2020\/10\/Sandra-Mur-2-80x80.png 80w, https:\/\/asianfilmfestival.barcelona\/2020\/wp-content\/uploads\/2020\/10\/Sandra-Mur-2-36x36.png 36w, https:\/\/asianfilmfestival.barcelona\/2020\/wp-content\/uploads\/2020\/10\/Sandra-Mur-2-180x180.png 180w, https:\/\/asianfilmfestival.barcelona\/2020\/wp-content\/uploads\/2020\/10\/Sandra-Mur-2.png 352w\" sizes=\"(max-width: 300px) 100vw, 300px\" \/><\/div><h3 class='team-member-name'   style='color:#b117f8; ' >Sandra Mur Puyuelo <\/h3><div class='team-member-job-title av_opacity_variation'  style='color:#b117f8; ' >Programadora i Investigadora<\/div><div class='team-member-description av_inherit_color'   style='color:#999999; '><p>Sandra Mur Puyuelo (Osca, 1986) t\u00e9 un M\u00e0ster en Comunicaci\u00f3 Especialitzada i un doctorat en Estudis Ling\u00fc\u00edstics, Literaris i Culturals. S\u2018ha especialitzat en l\u2019espai Euroasi\u00e0tic, R\u00fassia i \u00c0sia Central. Col\u00b7labora amb distribu\u00efdores d\u2019aquesta zona geogr\u00e0fica i festivals de cinema com a interlocutora i mediadora intercultural.<\/p>\n<\/div><span class='hidden team-member-affiliation' >Asian Film Festival Barcelona<\/span><\/section><\/div>\n","protected":false},"excerpt":{"rendered":"","protected":false},"author":3,"featured_media":0,"parent":0,"menu_order":0,"comment_status":"closed","ping_status":"closed","template":"","meta":{"footnotes":""},"class_list":["post-6906","page","type-page","status-publish","hentry"],"yoast_head":"<!-- This site is optimized with the Yoast SEO plugin v27.4 - https:\/\/yoast.com\/product\/yoast-seo-wordpress\/ -->\n<title>JURATS I PREMIS 2020 - Asian Film Festival Barcelona<\/title>\n<meta name=\"robots\" content=\"noindex, follow, max-snippet:-1, max-image-preview:large, max-video-preview:-1\" \/>\n<meta property=\"og:locale\" content=\"ca_ES\" \/>\n<meta property=\"og:type\" content=\"article\" \/>\n<meta property=\"og:title\" content=\"JURATS I PREMIS 2020 - Asian Film Festival Barcelona\" \/>\n<meta property=\"og:url\" content=\"https:\/\/asianfilmfestival.barcelona\/2020\/ca\/jurats-i-premis-2020\/\" \/>\n<meta property=\"og:site_name\" content=\"Asian Film Festival Barcelona\" \/>\n<meta property=\"article:modified_time\" content=\"2020-10-28T12:29:30+00:00\" \/>\n<meta name=\"twitter:card\" content=\"summary_large_image\" \/>\n<meta name=\"twitter:label1\" content=\"Temps estimat de lectura\" \/>\n\t<meta name=\"twitter:data1\" content=\"33 minuts\" \/>\n<script type=\"application\/ld+json\" class=\"yoast-schema-graph\">{\"@context\":\"https:\\\/\\\/schema.org\",\"@graph\":[{\"@type\":\"WebPage\",\"@id\":\"https:\\\/\\\/asianfilmfestival.barcelona\\\/2020\\\/ca\\\/jurats-i-premis-2020\\\/\",\"url\":\"https:\\\/\\\/asianfilmfestival.barcelona\\\/2020\\\/ca\\\/jurats-i-premis-2020\\\/\",\"name\":\"JURATS I PREMIS 2020 - Asian Film Festival Barcelona\",\"isPartOf\":{\"@id\":\"https:\\\/\\\/asianfilmfestival.barcelona\\\/2020\\\/#website\"},\"datePublished\":\"2016-10-28T13:09:52+00:00\",\"dateModified\":\"2020-10-28T12:29:30+00:00\",\"breadcrumb\":{\"@id\":\"https:\\\/\\\/asianfilmfestival.barcelona\\\/2020\\\/ca\\\/jurats-i-premis-2020\\\/#breadcrumb\"},\"inLanguage\":\"ca\",\"potentialAction\":[{\"@type\":\"ReadAction\",\"target\":[\"https:\\\/\\\/asianfilmfestival.barcelona\\\/2020\\\/ca\\\/jurats-i-premis-2020\\\/\"]}]},{\"@type\":\"BreadcrumbList\",\"@id\":\"https:\\\/\\\/asianfilmfestival.barcelona\\\/2020\\\/ca\\\/jurats-i-premis-2020\\\/#breadcrumb\",\"itemListElement\":[{\"@type\":\"ListItem\",\"position\":1,\"name\":\"Home\",\"item\":\"https:\\\/\\\/asianfilmfestival.barcelona\\\/2020\\\/ca\\\/\"},{\"@type\":\"ListItem\",\"position\":2,\"name\":\"JURATS I PREMIS 2020\"}]},{\"@type\":\"WebSite\",\"@id\":\"https:\\\/\\\/asianfilmfestival.barcelona\\\/2020\\\/#website\",\"url\":\"https:\\\/\\\/asianfilmfestival.barcelona\\\/2020\\\/\",\"name\":\"Asian Film Festival Barcelona\",\"description\":\"2020\",\"potentialAction\":[{\"@type\":\"SearchAction\",\"target\":{\"@type\":\"EntryPoint\",\"urlTemplate\":\"https:\\\/\\\/asianfilmfestival.barcelona\\\/2020\\\/?s={search_term_string}\"},\"query-input\":{\"@type\":\"PropertyValueSpecification\",\"valueRequired\":true,\"valueName\":\"search_term_string\"}}],\"inLanguage\":\"ca\"}]}<\/script>\n<!-- \/ Yoast SEO plugin. -->","yoast_head_json":{"title":"JURATS I PREMIS 2020 - Asian Film Festival Barcelona","robots":{"index":"noindex","follow":"follow","max-snippet":"max-snippet:-1","max-image-preview":"max-image-preview:large","max-video-preview":"max-video-preview:-1"},"og_locale":"ca_ES","og_type":"article","og_title":"JURATS I PREMIS 2020 - Asian Film Festival Barcelona","og_url":"https:\/\/asianfilmfestival.barcelona\/2020\/ca\/jurats-i-premis-2020\/","og_site_name":"Asian Film Festival Barcelona","article_modified_time":"2020-10-28T12:29:30+00:00","twitter_card":"summary_large_image","twitter_misc":{"Temps estimat de lectura":"33 minuts"},"schema":{"@context":"https:\/\/schema.org","@graph":[{"@type":"WebPage","@id":"https:\/\/asianfilmfestival.barcelona\/2020\/ca\/jurats-i-premis-2020\/","url":"https:\/\/asianfilmfestival.barcelona\/2020\/ca\/jurats-i-premis-2020\/","name":"JURATS I PREMIS 2020 - Asian Film Festival Barcelona","isPartOf":{"@id":"https:\/\/asianfilmfestival.barcelona\/2020\/#website"},"datePublished":"2016-10-28T13:09:52+00:00","dateModified":"2020-10-28T12:29:30+00:00","breadcrumb":{"@id":"https:\/\/asianfilmfestival.barcelona\/2020\/ca\/jurats-i-premis-2020\/#breadcrumb"},"inLanguage":"ca","potentialAction":[{"@type":"ReadAction","target":["https:\/\/asianfilmfestival.barcelona\/2020\/ca\/jurats-i-premis-2020\/"]}]},{"@type":"BreadcrumbList","@id":"https:\/\/asianfilmfestival.barcelona\/2020\/ca\/jurats-i-premis-2020\/#breadcrumb","itemListElement":[{"@type":"ListItem","position":1,"name":"Home","item":"https:\/\/asianfilmfestival.barcelona\/2020\/ca\/"},{"@type":"ListItem","position":2,"name":"JURATS I PREMIS 2020"}]},{"@type":"WebSite","@id":"https:\/\/asianfilmfestival.barcelona\/2020\/#website","url":"https:\/\/asianfilmfestival.barcelona\/2020\/","name":"Asian Film Festival Barcelona","description":"2020","potentialAction":[{"@type":"SearchAction","target":{"@type":"EntryPoint","urlTemplate":"https:\/\/asianfilmfestival.barcelona\/2020\/?s={search_term_string}"},"query-input":{"@type":"PropertyValueSpecification","valueRequired":true,"valueName":"search_term_string"}}],"inLanguage":"ca"}]}},"_links":{"self":[{"href":"https:\/\/asianfilmfestival.barcelona\/2020\/ca\/wp-json\/wp\/v2\/pages\/6906","targetHints":{"allow":["GET"]}}],"collection":[{"href":"https:\/\/asianfilmfestival.barcelona\/2020\/ca\/wp-json\/wp\/v2\/pages"}],"about":[{"href":"https:\/\/asianfilmfestival.barcelona\/2020\/ca\/wp-json\/wp\/v2\/types\/page"}],"author":[{"embeddable":true,"href":"https:\/\/asianfilmfestival.barcelona\/2020\/ca\/wp-json\/wp\/v2\/users\/3"}],"replies":[{"embeddable":true,"href":"https:\/\/asianfilmfestival.barcelona\/2020\/ca\/wp-json\/wp\/v2\/comments?post=6906"}],"version-history":[{"count":127,"href":"https:\/\/asianfilmfestival.barcelona\/2020\/ca\/wp-json\/wp\/v2\/pages\/6906\/revisions"}],"predecessor-version":[{"id":32540,"href":"https:\/\/asianfilmfestival.barcelona\/2020\/ca\/wp-json\/wp\/v2\/pages\/6906\/revisions\/32540"}],"wp:attachment":[{"href":"https:\/\/asianfilmfestival.barcelona\/2020\/ca\/wp-json\/wp\/v2\/media?parent=6906"}],"curies":[{"name":"wp","href":"https:\/\/api.w.org\/{rel}","templated":true}]}}