{"id":24713,"date":"2019-10-16T08:56:17","date_gmt":"2019-10-16T06:56:17","guid":{"rendered":"https:\/\/asianfilmfestival.barcelona\/2019\/?post_type=portfolio&#038;p=24713"},"modified":"2020-05-05T11:54:52","modified_gmt":"2020-05-05T09:54:52","slug":"reflections-in-the-dust","status":"publish","type":"portfolio","link":"https:\/\/asianfilmfestival.barcelona\/2019\/es\/film-item\/reflections-in-the-dust\/","title":{"rendered":"REFLECTIONS IN THE DUST"},"content":{"rendered":"<div class=\"flex_column av_one_half  flex_column_div first  avia-builder-el-0  el_before_av_one_half  avia-builder-el-first  \" ><p><a href=\"https:\/\/www.youtube.com\/watch?v=8W3nG9hlqWE\"><img loading=\"lazy\" decoding=\"async\" class=\"alignnone wp-image-24694 size-full\" src=\"https:\/\/asianfilmfestival.barcelona\/2019\/wp-content\/uploads\/2019\/10\/Australia-REFLECTIONS-IN-THE-DUST-2_PLAY.jpg\" alt=\"\" width=\"988\" height=\"642\" srcset=\"https:\/\/asianfilmfestival.barcelona\/2019\/wp-content\/uploads\/2019\/10\/Australia-REFLECTIONS-IN-THE-DUST-2_PLAY.jpg 988w, https:\/\/asianfilmfestival.barcelona\/2019\/wp-content\/uploads\/2019\/10\/Australia-REFLECTIONS-IN-THE-DUST-2_PLAY-300x195.jpg 300w, https:\/\/asianfilmfestival.barcelona\/2019\/wp-content\/uploads\/2019\/10\/Australia-REFLECTIONS-IN-THE-DUST-2_PLAY-768x499.jpg 768w, https:\/\/asianfilmfestival.barcelona\/2019\/wp-content\/uploads\/2019\/10\/Australia-REFLECTIONS-IN-THE-DUST-2_PLAY-705x458.jpg 705w\" sizes=\"auto, (max-width: 988px) 100vw, 988px\" \/><\/a><\/p>\n<div   data-size='portfolio'  data-lightbox_size='large'  data-animation='fade'  data-conditional_play=''  data-ids='24706,24703,24700,24697'  data-video_counter='0'  data-autoplay='true'  data-bg_slider='false'  data-slide_height=''  data-handle='av_slideshow'  data-interval='3'  data-class=' avia-builder-el-1  avia-builder-el-no-sibling   avia-small-width-slider'  data-el_id=''  data-css_id=''  data-scroll_down=''  data-control_layout='av-control-hidden'  data-custom_markup=''  data-perma_caption=''  data-autoplay_stopper=''  data-image_attachment=''  data-min_height='0px'  data-default-height='80.808080808081'  class='avia-slideshow avia-slideshow-1  av-control-hidden av-default-height-applied avia-slideshow-portfolio av_slideshow  avia-builder-el-1  avia-builder-el-no-sibling   avia-small-width-slider avia-fade-slider '  itemprop=\"image\" itemscope=\"itemscope\" itemtype=\"https:\/\/schema.org\/ImageObject\" ><ul class='avia-slideshow-inner ' style='padding-bottom: 80.808080808081%;' ><li  class=' slide-1 ' ><div data-rel='slideshow-1' class='avia-slide-wrap '   ><img src='https:\/\/asianfilmfestival.barcelona\/2019\/wp-content\/uploads\/2019\/10\/Australia-REFLECTIONS-IN-THE-DUST-495x400.jpg' width='495' height='400' title='Australia-REFLECTIONS-IN-THE-DUST' alt=''  itemprop=\"thumbnailUrl\"   \/><\/div><\/li><li  class=' slide-2 ' ><div data-rel='slideshow-1' class='avia-slide-wrap '   ><img src='https:\/\/asianfilmfestival.barcelona\/2019\/wp-content\/uploads\/2019\/10\/Australia-REFLECTIONS-IN-THE-DUST-5-495x400.jpg' width='495' height='400' title='Australia-REFLECTIONS-IN-THE-DUST-(5)' alt=''  itemprop=\"thumbnailUrl\"   \/><\/div><\/li><li  class=' slide-3 ' ><div data-rel='slideshow-1' class='avia-slide-wrap '   ><img src='https:\/\/asianfilmfestival.barcelona\/2019\/wp-content\/uploads\/2019\/10\/Australia-REFLECTIONS-IN-THE-DUST-4-495x400.jpg' width='495' height='400' title='Australia-REFLECTIONS-IN-THE-DUST-(4)' alt=''  itemprop=\"thumbnailUrl\"   \/><\/div><\/li><li  class=' slide-4 ' ><div data-rel='slideshow-1' class='avia-slide-wrap '   ><img src='https:\/\/asianfilmfestival.barcelona\/2019\/wp-content\/uploads\/2019\/10\/Australia-REFLECTIONS-IN-THE-DUST-3-495x400.jpg' width='495' height='400' title='Australia-REFLECTIONS-IN-THE-DUST-(3)' alt=''  itemprop=\"thumbnailUrl\"   \/><\/div><\/li><\/ul><div class='avia-slideshow-arrows avia-slideshow-controls'><a href='#prev' class='prev-slide' aria-hidden='true' data-av_icon='\ue87c' data-av_iconfont='entypo-fontello'>Anterior<\/a><a href='#next' class='next-slide' aria-hidden='true' data-av_icon='\ue87d' data-av_iconfont='entypo-fontello'>Posterior<\/a><\/div><div class='avia-slideshow-dots avia-slideshow-controls'><a href='#1' class='goto-slide active' >1<\/a><a href='#2' class='goto-slide ' >2<\/a><a href='#3' class='goto-slide ' >3<\/a><a href='#4' class='goto-slide ' >4<\/a><\/div><\/div><\/div>\n<div class=\"flex_column av_one_half  flex_column_div   avia-builder-el-2  el_after_av_one_half  avia-builder-el-last  \" ><section class=\"av_textblock_section \"  itemscope=\"itemscope\" itemtype=\"https:\/\/schema.org\/CreativeWork\" ><div class='avia_textblock  '   itemprop=\"text\" ><h1><span style=\"color: #ba0b0b;\">REFLECTIONS IN THE DUST<\/span><\/h1>\n<h4><span style=\"color: #999999;\">Australia<\/span><br \/>\n<span style=\"color: #999999;\">Secci\u00f3n Especial<\/span><\/h4>\n<p><span style=\"color: #ffffff;\">Director: Luke Sullivan<\/span><br \/>\n<span style=\"color: #ffffff;\">A\u00f1o: 2018<\/span><br \/>\n<span style=\"color: #ffffff;\">Duraci\u00f3n: 74&#8242;<\/span><br \/>\n<span style=\"color: #ffffff;\">Idioma: VOSE<\/span><br \/>\n<span style=\"color: #ffffff;\">G\u00e9nero: Drama, Postapocal\u00edptico<\/span><\/p>\n<\/div><\/section><br \/>\n<div  class=\"togglecontainer   toggle_close_all  avia-builder-el-4  el_after_av_textblock  el_before_av_hr \" >\n<section class=\"av_toggle_section\"  itemscope=\"itemscope\" itemtype=\"https:\/\/schema.org\/CreativeWork\"  >    <div role=\"tablist\" class=\"single_toggle\" data-tags=\"{Todo} \"  >        <p data-fake-id=\"#toggle-id-1\" class=\"toggler \"  itemprop=\"headline\"    role=\"tab\" tabindex=\"0\" aria-controls=\"toggle-id-1\">Sinopsis<span class=\"toggle_icon\" >        <span class=\"vert_icon\"><\/span><span class=\"hor_icon\"><\/span><\/span><\/p>        <div id=\"toggle-id-1\" class=\"toggle_wrap \"  >            <div class=\"toggle_content invers-color \"  itemprop=\"text\"   ><p>Una ni\u00f1a ciega murmura: \u00abNo creo en el amor porque nunca lo he visto\u00bb a un entrevistador sin rostro. Sus recuerdos transportan al p\u00fablico hasta el borde de un pantano desolado, donde lucha por sobrevivir con su padre, un payaso esquizofr\u00e9nico paranoide. El pantano podr\u00eda representar el fin del mundo, un lugar donde la esperanza se ha desvanecido, junto con la creencia de la vida despu\u00e9s de la muerte y la existencia de Dios. Mientras la ni\u00f1a sue\u00f1a con lo que puede existir m\u00e1s all\u00e1 de esta tierra, su padre est\u00e1 cada vez m\u00e1s consumido por el miedo, el odio y la paranoia. <strong>La pel\u00edcula se ha presentado en el Karlovy Vary International Film Festival 2018 y en el Tallinn Black Nights Film Festival 2018.<\/strong><\/p>\n            <\/div>        <\/div>    <\/div><\/section>\n<section class=\"av_toggle_section\"  itemscope=\"itemscope\" itemtype=\"https:\/\/schema.org\/CreativeWork\"  >    <div role=\"tablist\" class=\"single_toggle\" data-tags=\"{Todo} \"  >        <p data-fake-id=\"#toggle-id-2\" class=\"toggler \"  itemprop=\"headline\"    role=\"tab\" tabindex=\"0\" aria-controls=\"toggle-id-2\">Biograf\u00eda del Director<span class=\"toggle_icon\" >        <span class=\"vert_icon\"><\/span><span class=\"hor_icon\"><\/span><\/span><\/p>        <div id=\"toggle-id-2\" class=\"toggle_wrap \"  >            <div class=\"toggle_content invers-color \"  itemprop=\"text\"   ><p><strong>Luke Sullivan <\/strong>es un joven cineasta australiano que se niega a contenerse cuando se trata de expresar sus sentimientos personales acerca de la industria cinematogr\u00e1fica australiana y la en su opini\u00f3n indignante pol\u00edtica de opresi\u00f3n hacia las libertades creativas cinematogr\u00e1ficas en su pa\u00eds. Partiendo de estas frustraciones, Sullivan ha elaborado \u201cReflections in the Dust\u201d, una pel\u00edcula audaz y controvertida que confronta con un espejo nuestra sociedad y la masculinidad t\u00f3xica reinante alrededor del mundo. Sin embargo, m\u00e1s all\u00e1 de su valiente reflexi\u00f3n se puede observar a un cineasta incre\u00edblemente talentoso, a qui\u00e9n ha valido la pena seguirle la pista desde la irrupci\u00f3n en escena de su impactante debut cinematogr\u00e1fico \u201cYou\u2019re Not Thinking Straight\u201d (2016).<\/p>\n            <\/div>        <\/div>    <\/div><\/section>\n<\/div><br \/>\n<div  style='height:20px' class='hr hr-invisible   avia-builder-el-5  el_after_av_toggle_container  el_before_av_textblock '><span class='hr-inner ' ><span class='hr-inner-style'><\/span><\/span><\/div><br \/>\n<section class=\"av_textblock_section \"  itemscope=\"itemscope\" itemtype=\"https:\/\/schema.org\/CreativeWork\" ><div class='avia_textblock  '   itemprop=\"text\" ><h4 style=\"text-align: center;\"><span style=\"color: #b82525;\">PROYECCI\u00d3N<\/span><\/h4>\n<\/div><\/section><br \/>\n<section class=\"av_textblock_section \"  itemscope=\"itemscope\" itemtype=\"https:\/\/schema.org\/CreativeWork\" ><div class='avia_textblock  '   itemprop=\"text\" ><p style=\"text-align: center;\">Mi\u00e9rcoles 6 de noviembre<br \/>\n19:00h<br \/>\nB the travel brand Xperience Barcelona<\/p>\n<\/div><\/section><br \/>\n<div  class='avia-button-wrap avia-button-center  avia-builder-el-8  el_after_av_textblock  avia-builder-el-last ' ><a href='https:\/\/viajerosconb.com\/flagship\/barcelona\/' class='avia-button  avia-color-theme-color   avia-icon_select-no avia-size-x-large avia-position-center ' target=\"_blank\" rel=\"noopener\"><span class='avia_iconbox_title' >ENTRADA LIBRE. Aforo limitado<\/span><\/a><\/div><\/p><\/div>\n","protected":false},"excerpt":{"rendered":"<p>Luke Sullivan &#8211; 2019<\/p>\n","protected":false},"featured_media":24702,"comment_status":"closed","ping_status":"closed","template":"","tags":[],"portfolio_entries":[93,255,99],"class_list":["post-24713","portfolio","type-portfolio","status-publish","has-post-thumbnail","hentry","portfolio_entries-australia-es","portfolio_entries-b-the-travel-brand-xperience-barcelona","portfolio_entries-especial"],"yoast_head":"<!-- This site is optimized with the Yoast SEO plugin v20.10 - https:\/\/yoast.com\/wordpress\/plugins\/seo\/ -->\n<title>REFLECTIONS IN THE DUST - Asian Film Festival Barcelona<\/title>\n<meta name=\"robots\" content=\"noindex, follow, max-snippet:-1, max-image-preview:large, max-video-preview:-1\" \/>\n<meta property=\"og:locale\" content=\"es_ES\" \/>\n<meta property=\"og:type\" content=\"article\" \/>\n<meta property=\"og:title\" content=\"REFLECTIONS IN THE DUST - Asian Film Festival Barcelona\" \/>\n<meta property=\"og:description\" content=\"Luke Sullivan - 2019\" \/>\n<meta property=\"og:url\" content=\"https:\/\/asianfilmfestival.barcelona\/2019\/es\/film-item\/reflections-in-the-dust\/\" \/>\n<meta property=\"og:site_name\" content=\"Asian Film Festival Barcelona\" \/>\n<meta property=\"article:modified_time\" content=\"2020-05-05T09:54:52+00:00\" \/>\n<meta property=\"og:image\" content=\"https:\/\/asianfilmfestival.barcelona\/2019\/wp-content\/uploads\/2019\/10\/Australia-REFLECTIONS-IN-THE-DUST-4.jpg\" \/>\n\t<meta property=\"og:image:width\" content=\"988\" \/>\n\t<meta property=\"og:image:height\" content=\"642\" \/>\n\t<meta property=\"og:image:type\" content=\"image\/jpeg\" \/>\n<meta name=\"twitter:card\" content=\"summary_large_image\" \/>\n<meta name=\"twitter:label1\" content=\"Tiempo de lectura\" \/>\n\t<meta name=\"twitter:data1\" content=\"3 minutos\" \/>\n<script type=\"application\/ld+json\" class=\"yoast-schema-graph\">{\"@context\":\"https:\/\/schema.org\",\"@graph\":[{\"@type\":\"WebPage\",\"@id\":\"https:\/\/asianfilmfestival.barcelona\/2019\/es\/film-item\/reflections-in-the-dust\/\",\"url\":\"https:\/\/asianfilmfestival.barcelona\/2019\/es\/film-item\/reflections-in-the-dust\/\",\"name\":\"REFLECTIONS IN THE DUST - Asian Film Festival Barcelona\",\"isPartOf\":{\"@id\":\"https:\/\/asianfilmfestival.barcelona\/2019\/#website\"},\"datePublished\":\"2019-10-16T06:56:17+00:00\",\"dateModified\":\"2020-05-05T09:54:52+00:00\",\"breadcrumb\":{\"@id\":\"https:\/\/asianfilmfestival.barcelona\/2019\/es\/film-item\/reflections-in-the-dust\/#breadcrumb\"},\"inLanguage\":\"es\",\"potentialAction\":[{\"@type\":\"ReadAction\",\"target\":[\"https:\/\/asianfilmfestival.barcelona\/2019\/es\/film-item\/reflections-in-the-dust\/\"]}]},{\"@type\":\"BreadcrumbList\",\"@id\":\"https:\/\/asianfilmfestival.barcelona\/2019\/es\/film-item\/reflections-in-the-dust\/#breadcrumb\",\"itemListElement\":[{\"@type\":\"ListItem\",\"position\":1,\"name\":\"Home\",\"item\":\"https:\/\/asianfilmfestival.barcelona\/2019\/es\/\"},{\"@type\":\"ListItem\",\"position\":2,\"name\":\"REFLECTIONS IN THE DUST\"}]},{\"@type\":\"WebSite\",\"@id\":\"https:\/\/asianfilmfestival.barcelona\/2019\/#website\",\"url\":\"https:\/\/asianfilmfestival.barcelona\/2019\/\",\"name\":\"Asian Film Festival Barcelona\",\"description\":\"2019\",\"potentialAction\":[{\"@type\":\"SearchAction\",\"target\":{\"@type\":\"EntryPoint\",\"urlTemplate\":\"https:\/\/asianfilmfestival.barcelona\/2019\/?s={search_term_string}\"},\"query-input\":\"required name=search_term_string\"}],\"inLanguage\":\"es\"}]}<\/script>\n<!-- \/ Yoast SEO plugin. -->","yoast_head_json":{"title":"REFLECTIONS IN THE DUST - Asian Film Festival Barcelona","robots":{"index":"noindex","follow":"follow","max-snippet":"max-snippet:-1","max-image-preview":"max-image-preview:large","max-video-preview":"max-video-preview:-1"},"og_locale":"es_ES","og_type":"article","og_title":"REFLECTIONS IN THE DUST - Asian Film Festival Barcelona","og_description":"Luke Sullivan - 2019","og_url":"https:\/\/asianfilmfestival.barcelona\/2019\/es\/film-item\/reflections-in-the-dust\/","og_site_name":"Asian Film Festival Barcelona","article_modified_time":"2020-05-05T09:54:52+00:00","og_image":[{"width":988,"height":642,"url":"https:\/\/asianfilmfestival.barcelona\/2019\/wp-content\/uploads\/2019\/10\/Australia-REFLECTIONS-IN-THE-DUST-4.jpg","type":"image\/jpeg"}],"twitter_card":"summary_large_image","twitter_misc":{"Tiempo de lectura":"3 minutos"},"schema":{"@context":"https:\/\/schema.org","@graph":[{"@type":"WebPage","@id":"https:\/\/asianfilmfestival.barcelona\/2019\/es\/film-item\/reflections-in-the-dust\/","url":"https:\/\/asianfilmfestival.barcelona\/2019\/es\/film-item\/reflections-in-the-dust\/","name":"REFLECTIONS IN THE DUST - Asian Film Festival Barcelona","isPartOf":{"@id":"https:\/\/asianfilmfestival.barcelona\/2019\/#website"},"datePublished":"2019-10-16T06:56:17+00:00","dateModified":"2020-05-05T09:54:52+00:00","breadcrumb":{"@id":"https:\/\/asianfilmfestival.barcelona\/2019\/es\/film-item\/reflections-in-the-dust\/#breadcrumb"},"inLanguage":"es","potentialAction":[{"@type":"ReadAction","target":["https:\/\/asianfilmfestival.barcelona\/2019\/es\/film-item\/reflections-in-the-dust\/"]}]},{"@type":"BreadcrumbList","@id":"https:\/\/asianfilmfestival.barcelona\/2019\/es\/film-item\/reflections-in-the-dust\/#breadcrumb","itemListElement":[{"@type":"ListItem","position":1,"name":"Home","item":"https:\/\/asianfilmfestival.barcelona\/2019\/es\/"},{"@type":"ListItem","position":2,"name":"REFLECTIONS IN THE DUST"}]},{"@type":"WebSite","@id":"https:\/\/asianfilmfestival.barcelona\/2019\/#website","url":"https:\/\/asianfilmfestival.barcelona\/2019\/","name":"Asian Film Festival Barcelona","description":"2019","potentialAction":[{"@type":"SearchAction","target":{"@type":"EntryPoint","urlTemplate":"https:\/\/asianfilmfestival.barcelona\/2019\/?s={search_term_string}"},"query-input":"required name=search_term_string"}],"inLanguage":"es"}]}},"_links":{"self":[{"href":"https:\/\/asianfilmfestival.barcelona\/2019\/es\/wp-json\/wp\/v2\/portfolio\/24713","targetHints":{"allow":["GET"]}}],"collection":[{"href":"https:\/\/asianfilmfestival.barcelona\/2019\/es\/wp-json\/wp\/v2\/portfolio"}],"about":[{"href":"https:\/\/asianfilmfestival.barcelona\/2019\/es\/wp-json\/wp\/v2\/types\/portfolio"}],"replies":[{"embeddable":true,"href":"https:\/\/asianfilmfestival.barcelona\/2019\/es\/wp-json\/wp\/v2\/comments?post=24713"}],"version-history":[{"count":5,"href":"https:\/\/asianfilmfestival.barcelona\/2019\/es\/wp-json\/wp\/v2\/portfolio\/24713\/revisions"}],"predecessor-version":[{"id":26715,"href":"https:\/\/asianfilmfestival.barcelona\/2019\/es\/wp-json\/wp\/v2\/portfolio\/24713\/revisions\/26715"}],"wp:featuredmedia":[{"embeddable":true,"href":"https:\/\/asianfilmfestival.barcelona\/2019\/es\/wp-json\/wp\/v2\/media\/24702"}],"wp:attachment":[{"href":"https:\/\/asianfilmfestival.barcelona\/2019\/es\/wp-json\/wp\/v2\/media?parent=24713"}],"wp:term":[{"taxonomy":"post_tag","embeddable":true,"href":"https:\/\/asianfilmfestival.barcelona\/2019\/es\/wp-json\/wp\/v2\/tags?post=24713"},{"taxonomy":"portfolio_entries","embeddable":true,"href":"https:\/\/asianfilmfestival.barcelona\/2019\/es\/wp-json\/wp\/v2\/portfolio_entries?post=24713"}],"curies":[{"name":"wp","href":"https:\/\/api.w.org\/{rel}","templated":true}]}}