{"id":23099,"date":"2019-09-28T11:37:26","date_gmt":"2019-09-28T09:37:26","guid":{"rendered":"https:\/\/asianfilmfestival.barcelona\/2019\/?post_type=portfolio&#038;p=23099"},"modified":"2020-05-05T11:31:07","modified_gmt":"2020-05-05T09:31:07","slug":"portraits-of-a-rainbow","status":"publish","type":"portfolio","link":"https:\/\/asianfilmfestival.barcelona\/2019\/ca\/film-item\/portraits-of-a-rainbow\/","title":{"rendered":"PORTRAITS OF A RAINBOW"},"content":{"rendered":"<div class=\"flex_column av_one_half  flex_column_div first  avia-builder-el-0  el_before_av_one_half  avia-builder-el-first  \" ><p><a href=\"https:\/\/www.youtube.com\/watch?v=zltM39YaSX4\"><img loading=\"lazy\" decoding=\"async\" class=\"alignnone wp-image-23095 size-full\" src=\"https:\/\/asianfilmfestival.barcelona\/2019\/wp-content\/uploads\/2019\/09\/Japon-PORTRAITS-OF-THE-RAINBOW-4_DOC_PLAY.jpg\" alt=\"\" width=\"988\" height=\"642\" srcset=\"https:\/\/asianfilmfestival.barcelona\/2019\/wp-content\/uploads\/2019\/09\/Japon-PORTRAITS-OF-THE-RAINBOW-4_DOC_PLAY.jpg 988w, https:\/\/asianfilmfestival.barcelona\/2019\/wp-content\/uploads\/2019\/09\/Japon-PORTRAITS-OF-THE-RAINBOW-4_DOC_PLAY-300x195.jpg 300w, https:\/\/asianfilmfestival.barcelona\/2019\/wp-content\/uploads\/2019\/09\/Japon-PORTRAITS-OF-THE-RAINBOW-4_DOC_PLAY-768x499.jpg 768w, https:\/\/asianfilmfestival.barcelona\/2019\/wp-content\/uploads\/2019\/09\/Japon-PORTRAITS-OF-THE-RAINBOW-4_DOC_PLAY-705x458.jpg 705w\" sizes=\"auto, (max-width: 988px) 100vw, 988px\" \/><\/a><\/p>\n<div   data-size='portfolio'  data-lightbox_size='large'  data-animation='fade'  data-conditional_play=''  data-ids='23092,23089,23086,23083,23080'  data-video_counter='0'  data-autoplay='true'  data-bg_slider='false'  data-slide_height=''  data-handle='av_slideshow'  data-interval='3'  data-class=' avia-builder-el-1  avia-builder-el-no-sibling   avia-small-width-slider'  data-el_id=''  data-css_id=''  data-scroll_down=''  data-control_layout='av-control-hidden'  data-custom_markup=''  data-perma_caption=''  data-autoplay_stopper=''  data-image_attachment=''  data-min_height='0px'  data-default-height='80.808080808081'  class='avia-slideshow avia-slideshow-1  av-control-hidden av-default-height-applied avia-slideshow-portfolio av_slideshow  avia-builder-el-1  avia-builder-el-no-sibling   avia-small-width-slider avia-fade-slider ' ><ul class='avia-slideshow-inner ' style='padding-bottom: 80.808080808081%;' ><li  class=' slide-1 ' ><div data-rel='slideshow-1' class='avia-slide-wrap '   ><img src='https:\/\/asianfilmfestival.barcelona\/2019\/wp-content\/uploads\/2019\/09\/Japon-PORTRAITS-OF-THE-RAINBOW-3_DOC-495x400.jpg' width='495' height='400' title='Japon-PORTRAITS-OF-THE-RAINBOW--(3)_DOC' alt=''   \/><\/div><\/li><li  class=' slide-2 ' ><div data-rel='slideshow-1' class='avia-slide-wrap '   ><img src='https:\/\/asianfilmfestival.barcelona\/2019\/wp-content\/uploads\/2019\/09\/Japon-PORTRAITS-OF-THE-RAINBOW-2_DOC-1-495x400.jpg' width='495' height='400' title='Japon-PORTRAITS-OF-THE-RAINBOW--(2)_DOC' alt=''   \/><\/div><\/li><li  class=' slide-3 ' ><div data-rel='slideshow-1' class='avia-slide-wrap '   ><img src='https:\/\/asianfilmfestival.barcelona\/2019\/wp-content\/uploads\/2019\/09\/Japon-PORTRAITS-OF-THE-RAINBOW-1_DOC-1-495x400.jpg' width='495' height='400' title='Japon-PORTRAITS-OF-THE-RAINBOW--(1)_DOC' alt=''   \/><\/div><\/li><li  class=' slide-4 ' ><div data-rel='slideshow-1' class='avia-slide-wrap '   ><img src='https:\/\/asianfilmfestival.barcelona\/2019\/wp-content\/uploads\/2019\/09\/Japon-PORTRAITS-OF-THE-RAINBOW-2_DOC-495x400.jpg' width='495' height='400' title='Japon-PORTRAITS OF THE RAINBOW (2)_DOC' alt=''   \/><\/div><\/li><li  class=' slide-5 ' ><div data-rel='slideshow-1' class='avia-slide-wrap '   ><img src='https:\/\/asianfilmfestival.barcelona\/2019\/wp-content\/uploads\/2019\/09\/Japon-PORTRAITS-OF-THE-RAINBOW-1_DOC-495x400.jpg' width='495' height='400' title='Japon-PORTRAITS OF THE RAINBOW (1)_DOC' alt=''   \/><\/div><\/li><\/ul><div class='avia-slideshow-arrows avia-slideshow-controls'><a href='#prev' class='prev-slide' aria-hidden='true' data-av_icon='\ue87c' data-av_iconfont='entypo-fontello'>Anterior<\/a><a href='#next' class='next-slide' aria-hidden='true' data-av_icon='\ue87d' data-av_iconfont='entypo-fontello'>Seg\u00fcent<\/a><\/div><div class='avia-slideshow-dots avia-slideshow-controls'><a href='#1' class='goto-slide active' >1<\/a><a href='#2' class='goto-slide ' >2<\/a><a href='#3' class='goto-slide ' >3<\/a><a href='#4' class='goto-slide ' >4<\/a><a href='#5' class='goto-slide ' >5<\/a><\/div><\/div><\/div>\n<div class=\"flex_column av_one_half  flex_column_div   avia-builder-el-2  el_after_av_one_half  avia-builder-el-last  \" ><section class=\"av_textblock_section \" ><div class='avia_textblock  '  ><h1><span style=\"color: #c41212;\">PORTRAITS OF A RAINBOW<\/span><\/h1>\n<h4><span style=\"color: #999999;\">Jap\u00f3<\/span><br \/>\n<span style=\"color: #999999;\">Secci\u00f3 Especial<\/span><\/h4>\n<p><span style=\"color: #ffffff;\">Director: Ayumi Nakagawa<\/span><br \/>\n<span style=\"color: #ffffff;\">Any: 2018<\/span><br \/>\n<span style=\"color: #ffffff;\">Durada: 79&#8242;<\/span><br \/>\n<span style=\"color: #ffffff;\">Idioma: VOSE<\/span><br \/>\n<span style=\"color: #ffffff;\">G\u00e8nere: Documental<\/span><\/p>\n<\/div><\/section><br \/>\n<div  class=\"togglecontainer   toggle_close_all  avia-builder-el-4  el_after_av_textblock  el_before_av_hr \" >\n<section class=\"av_toggle_section\"  >    <div role=\"tablist\" class=\"single_toggle\" data-tags=\"{All} \"  >        <p data-fake-id=\"#toggle-id-1\" class=\"toggler \"    role=\"tab\" tabindex=\"0\" aria-controls=\"toggle-id-1\">Sinopsis<span class=\"toggle_icon\" >        <span class=\"vert_icon\"><\/span><span class=\"hor_icon\"><\/span><\/span><\/p>        <div id=\"toggle-id-1\" class=\"toggle_wrap \"  >            <div class=\"toggle_content invers-color \"   ><p>El fam\u00f3s fot\u00f2graf Leslie Kee \u00e9s sobretot conegut per les seves fotografies de moda i els seus retrats de famosos com Madonna. Treballa a tot el m\u00f3n i viu des de fa 25 anys al Jap\u00f3, un pa\u00eds que coneix l\u2019auge del moviment pels drets LGBTQ, tot i que s\u00f3n molts els que han de continuar mantenint oculta la seva orientaci\u00f3 sexual. El mateix Leslie, sent gai, no pot explicar-li a la seva fam\u00edlia, que resideix a Singapur. Tot i aix\u00ed, s\u2019embarca en un ambici\u00f3s projecte per fotografiar a deu mil persones LGBTQ, amb l\u2019objectiu de fer l\u2019exposici\u00f3 Out in Japan. La primera vegada, en la conservadora ciutat japonesa de Nara, hi ha poca assist\u00e8ncia, per\u00f2 en Leslie continua fent retrats. <strong>La pel\u00edcula es va presentar al Melbourne International Film Festival 2018, al Queer and Migrants International Film Festival a Amsterdam 2018 i al Doc Edge Pride Festival a Auckland 2019.<\/strong><\/p>\n            <\/div>        <\/div>    <\/div><\/section>\n<section class=\"av_toggle_section\"  >    <div role=\"tablist\" class=\"single_toggle\" data-tags=\"{All} \"  >        <p data-fake-id=\"#toggle-id-2\" class=\"toggler \"    role=\"tab\" tabindex=\"0\" aria-controls=\"toggle-id-2\">Biografia del Director<span class=\"toggle_icon\" >        <span class=\"vert_icon\"><\/span><span class=\"hor_icon\"><\/span><\/span><\/p>        <div id=\"toggle-id-2\" class=\"toggle_wrap \"  >            <div class=\"toggle_content invers-color \"   ><p>La cineasta <strong>Ayumi Nakagawa <\/strong>va seguir a aquest fot\u00f2graf durant un any, mentre feia els primers mil retrats. Es va centrar en la vida de quatre persones: una parella de dones que intentaven ser mares, un defensor de les persones amb VIH i un home transg\u00e8nere en proc\u00e9s de dol despr\u00e9s del su\u00efcidi de la seva parella. Pel cam\u00ed, el propi Leslie va anar transformant-se poc a poc tamb\u00e9, gr\u00e0cies a aquesta experi\u00e8ncia commovedora.<\/p>\n            <\/div>        <\/div>    <\/div><\/section>\n<\/div><br \/>\n<div  style='height:20px' class='hr hr-invisible   avia-builder-el-5  el_after_av_toggle_container  el_before_av_textblock '><span class='hr-inner ' ><span class='hr-inner-style'><\/span><\/span><\/div><br \/>\n<section class=\"av_textblock_section \" ><div class='avia_textblock  '  ><h4 style=\"text-align: center;\"><span style=\"color: #bf1111;\"><strong>PROJECCI\u00d3<\/strong><\/span><\/h4>\n<\/div><\/section><br \/>\n<section class=\"av_textblock_section \" ><div class='avia_textblock  '  ><p style=\"text-align: center;\">Dilluns 28 d&#8217;octubre<br \/>\n19:00h<br \/>\nB the travel brand Xperience Barcelona<\/p>\n<\/div><\/section><br \/>\n<div  class='avia-button-wrap avia-button-center  avia-builder-el-8  el_after_av_textblock  el_before_av_textblock ' ><a href='https:\/\/viajerosconb.com\/flagship\/barcelona\/' class='avia-button  avia-color-theme-color   avia-icon_select-no avia-size-x-large avia-position-center ' target=\"_blank\" rel=\"noopener\"><span class='avia_iconbox_title' >ENTRADA LLIURE. Aforament limitat<\/span><\/a><\/div><br \/>\n<section class=\"av_textblock_section \" ><div class='avia_textblock  '  ><p style=\"text-align: center;\">Dilluns 28 de novembre<br \/>\n19:00h<br \/>\nB the travel brand Xperience Madrid<\/p>\n<\/div><\/section><br \/>\n<div  class='avia-button-wrap avia-button-center  avia-builder-el-10  el_after_av_textblock  avia-builder-el-last ' ><a href='https:\/\/viajerosconb.com\/flagship\/madrid\/' class='avia-button  avia-color-theme-color   avia-icon_select-no avia-size-x-large avia-position-center ' target=\"_blank\" rel=\"noopener\"><span class='avia_iconbox_title' >ENTRADA LLIURE. Aforament limitat<\/span><\/a><\/div><\/p><\/div>\n","protected":false},"excerpt":{"rendered":"<p>Ayumi Nakagawa &#8211; 2018<\/p>\n","protected":false},"featured_media":23087,"comment_status":"closed","ping_status":"closed","template":"","tags":[],"portfolio_entries":[256,259,78,136],"class_list":["post-23099","portfolio","type-portfolio","status-publish","has-post-thumbnail","hentry","portfolio_entries-b-the-travel-brand-xperience-barcelona-ca","portfolio_entries-b-the-travel-brand-xperience-madrid-ca","portfolio_entries-seccio-especial","portfolio_entries-japo"],"yoast_head":"<!-- This site is optimized with the Yoast SEO plugin v20.10 - https:\/\/yoast.com\/wordpress\/plugins\/seo\/ -->\n<title>PORTRAITS OF A RAINBOW - Asian Film Festival Barcelona<\/title>\n<meta name=\"robots\" content=\"noindex, follow, max-snippet:-1, max-image-preview:large, max-video-preview:-1\" \/>\n<meta property=\"og:locale\" content=\"ca_ES\" \/>\n<meta property=\"og:type\" content=\"article\" \/>\n<meta property=\"og:title\" content=\"PORTRAITS OF A RAINBOW - Asian Film Festival Barcelona\" \/>\n<meta property=\"og:description\" content=\"Ayumi Nakagawa - 2018\" \/>\n<meta property=\"og:url\" content=\"https:\/\/asianfilmfestival.barcelona\/2019\/ca\/film-item\/portraits-of-a-rainbow\/\" \/>\n<meta property=\"og:site_name\" content=\"Asian Film Festival Barcelona\" \/>\n<meta property=\"article:modified_time\" content=\"2020-05-05T09:31:07+00:00\" \/>\n<meta property=\"og:image\" content=\"https:\/\/asianfilmfestival.barcelona\/2019\/wp-content\/uploads\/2019\/09\/Japon-PORTRAITS-OF-THE-RAINBOW-1_DOC-1.jpg\" \/>\n\t<meta property=\"og:image:width\" content=\"988\" \/>\n\t<meta property=\"og:image:height\" content=\"642\" \/>\n\t<meta property=\"og:image:type\" content=\"image\/jpeg\" \/>\n<meta name=\"twitter:card\" content=\"summary_large_image\" \/>\n<meta name=\"twitter:label1\" content=\"Temps estimat de lectura\" \/>\n\t<meta name=\"twitter:data1\" content=\"4 minuts\" \/>\n<script type=\"application\/ld+json\" class=\"yoast-schema-graph\">{\"@context\":\"https:\/\/schema.org\",\"@graph\":[{\"@type\":\"WebPage\",\"@id\":\"https:\/\/asianfilmfestival.barcelona\/2019\/ca\/film-item\/portraits-of-a-rainbow\/\",\"url\":\"https:\/\/asianfilmfestival.barcelona\/2019\/ca\/film-item\/portraits-of-a-rainbow\/\",\"name\":\"PORTRAITS OF A RAINBOW - Asian Film Festival Barcelona\",\"isPartOf\":{\"@id\":\"https:\/\/asianfilmfestival.barcelona\/2019\/#website\"},\"datePublished\":\"2019-09-28T09:37:26+00:00\",\"dateModified\":\"2020-05-05T09:31:07+00:00\",\"breadcrumb\":{\"@id\":\"https:\/\/asianfilmfestival.barcelona\/2019\/ca\/film-item\/portraits-of-a-rainbow\/#breadcrumb\"},\"inLanguage\":\"ca\",\"potentialAction\":[{\"@type\":\"ReadAction\",\"target\":[\"https:\/\/asianfilmfestival.barcelona\/2019\/ca\/film-item\/portraits-of-a-rainbow\/\"]}]},{\"@type\":\"BreadcrumbList\",\"@id\":\"https:\/\/asianfilmfestival.barcelona\/2019\/ca\/film-item\/portraits-of-a-rainbow\/#breadcrumb\",\"itemListElement\":[{\"@type\":\"ListItem\",\"position\":1,\"name\":\"Home\",\"item\":\"https:\/\/asianfilmfestival.barcelona\/2019\/ca\/\"},{\"@type\":\"ListItem\",\"position\":2,\"name\":\"PORTRAITS OF A RAINBOW\"}]},{\"@type\":\"WebSite\",\"@id\":\"https:\/\/asianfilmfestival.barcelona\/2019\/#website\",\"url\":\"https:\/\/asianfilmfestival.barcelona\/2019\/\",\"name\":\"Asian Film Festival Barcelona\",\"description\":\"2019\",\"potentialAction\":[{\"@type\":\"SearchAction\",\"target\":{\"@type\":\"EntryPoint\",\"urlTemplate\":\"https:\/\/asianfilmfestival.barcelona\/2019\/?s={search_term_string}\"},\"query-input\":\"required name=search_term_string\"}],\"inLanguage\":\"ca\"}]}<\/script>\n<!-- \/ Yoast SEO plugin. -->","yoast_head_json":{"title":"PORTRAITS OF A RAINBOW - Asian Film Festival Barcelona","robots":{"index":"noindex","follow":"follow","max-snippet":"max-snippet:-1","max-image-preview":"max-image-preview:large","max-video-preview":"max-video-preview:-1"},"og_locale":"ca_ES","og_type":"article","og_title":"PORTRAITS OF A RAINBOW - Asian Film Festival Barcelona","og_description":"Ayumi Nakagawa - 2018","og_url":"https:\/\/asianfilmfestival.barcelona\/2019\/ca\/film-item\/portraits-of-a-rainbow\/","og_site_name":"Asian Film Festival Barcelona","article_modified_time":"2020-05-05T09:31:07+00:00","og_image":[{"width":988,"height":642,"url":"https:\/\/asianfilmfestival.barcelona\/2019\/wp-content\/uploads\/2019\/09\/Japon-PORTRAITS-OF-THE-RAINBOW-1_DOC-1.jpg","type":"image\/jpeg"}],"twitter_card":"summary_large_image","twitter_misc":{"Temps estimat de lectura":"4 minuts"},"schema":{"@context":"https:\/\/schema.org","@graph":[{"@type":"WebPage","@id":"https:\/\/asianfilmfestival.barcelona\/2019\/ca\/film-item\/portraits-of-a-rainbow\/","url":"https:\/\/asianfilmfestival.barcelona\/2019\/ca\/film-item\/portraits-of-a-rainbow\/","name":"PORTRAITS OF A RAINBOW - Asian Film Festival Barcelona","isPartOf":{"@id":"https:\/\/asianfilmfestival.barcelona\/2019\/#website"},"datePublished":"2019-09-28T09:37:26+00:00","dateModified":"2020-05-05T09:31:07+00:00","breadcrumb":{"@id":"https:\/\/asianfilmfestival.barcelona\/2019\/ca\/film-item\/portraits-of-a-rainbow\/#breadcrumb"},"inLanguage":"ca","potentialAction":[{"@type":"ReadAction","target":["https:\/\/asianfilmfestival.barcelona\/2019\/ca\/film-item\/portraits-of-a-rainbow\/"]}]},{"@type":"BreadcrumbList","@id":"https:\/\/asianfilmfestival.barcelona\/2019\/ca\/film-item\/portraits-of-a-rainbow\/#breadcrumb","itemListElement":[{"@type":"ListItem","position":1,"name":"Home","item":"https:\/\/asianfilmfestival.barcelona\/2019\/ca\/"},{"@type":"ListItem","position":2,"name":"PORTRAITS OF A RAINBOW"}]},{"@type":"WebSite","@id":"https:\/\/asianfilmfestival.barcelona\/2019\/#website","url":"https:\/\/asianfilmfestival.barcelona\/2019\/","name":"Asian Film Festival Barcelona","description":"2019","potentialAction":[{"@type":"SearchAction","target":{"@type":"EntryPoint","urlTemplate":"https:\/\/asianfilmfestival.barcelona\/2019\/?s={search_term_string}"},"query-input":"required name=search_term_string"}],"inLanguage":"ca"}]}},"_links":{"self":[{"href":"https:\/\/asianfilmfestival.barcelona\/2019\/ca\/wp-json\/wp\/v2\/portfolio\/23099","targetHints":{"allow":["GET"]}}],"collection":[{"href":"https:\/\/asianfilmfestival.barcelona\/2019\/ca\/wp-json\/wp\/v2\/portfolio"}],"about":[{"href":"https:\/\/asianfilmfestival.barcelona\/2019\/ca\/wp-json\/wp\/v2\/types\/portfolio"}],"replies":[{"embeddable":true,"href":"https:\/\/asianfilmfestival.barcelona\/2019\/ca\/wp-json\/wp\/v2\/comments?post=23099"}],"version-history":[{"count":5,"href":"https:\/\/asianfilmfestival.barcelona\/2019\/ca\/wp-json\/wp\/v2\/portfolio\/23099\/revisions"}],"predecessor-version":[{"id":26700,"href":"https:\/\/asianfilmfestival.barcelona\/2019\/ca\/wp-json\/wp\/v2\/portfolio\/23099\/revisions\/26700"}],"wp:featuredmedia":[{"embeddable":true,"href":"https:\/\/asianfilmfestival.barcelona\/2019\/ca\/wp-json\/wp\/v2\/media\/23087"}],"wp:attachment":[{"href":"https:\/\/asianfilmfestival.barcelona\/2019\/ca\/wp-json\/wp\/v2\/media?parent=23099"}],"wp:term":[{"taxonomy":"post_tag","embeddable":true,"href":"https:\/\/asianfilmfestival.barcelona\/2019\/ca\/wp-json\/wp\/v2\/tags?post=23099"},{"taxonomy":"portfolio_entries","embeddable":true,"href":"https:\/\/asianfilmfestival.barcelona\/2019\/ca\/wp-json\/wp\/v2\/portfolio_entries?post=23099"}],"curies":[{"name":"wp","href":"https:\/\/api.w.org\/{rel}","templated":true}]}}