{"id":7134,"date":"2016-10-28T16:33:36","date_gmt":"2016-10-28T14:33:36","guid":{"rendered":"http:\/\/asianfilmfestival.barcelona\/2018\/es\/?page_id=7134"},"modified":"2018-11-06T12:39:08","modified_gmt":"2018-11-06T11:39:08","slug":"entradas","status":"publish","type":"page","link":"https:\/\/asianfilmfestival.barcelona\/2018\/entradas\/","title":{"rendered":"ENTRADAS"},"content":{"rendered":"<\/div><\/div><\/div><!-- close content main div --><\/div><\/div><div id='full_slider_1' class='avia-fullwidth-slider main_color avia-shadow    container_wrap fullsize'   ><div  data-size='featured'  data-lightbox_size='large'  data-animation='fade'  data-conditional_play=''  data-ids='16033'  data-video_counter='0'  data-autoplay='false'  data-bg_slider='false'  data-slide_height=''  data-handle='av_slideshow_full'  data-interval='5'  data-class=' '  data-css_id=''  data-scroll_down=''  data-control_layout='av-control-default'  data-custom_markup=''  data-perma_caption=''  data-autoplay_stopper=''  data-image_attachment=''  data-min_height='0px'  data-src=''  data-position='top left'  data-repeat='no-repeat'  data-attach='scroll'  data-stretch=''  data-default-height='28.666666666667'  class='avia-slideshow avia-slideshow-1  av-control-default av-default-height-applied avia-slideshow-featured av_slideshow_full   avia-fade-slider '  itemprop=\"ImageObject\" itemscope=\"itemscope\" itemtype=\"https:\/\/schema.org\/ImageObject\" ><ul class='avia-slideshow-inner ' style='padding-bottom: 23.333333333333%;' ><li  class=' av-single-slide slide-1 ' ><div data-rel='slideshow-1' class='avia-slide-wrap '   ><div class = \"caption_fullwidth av-slideshow-caption caption_bottom\"><div class = \"container caption_container\"><div class = \"slideshow_caption\"><div class = \"slideshow_inner_caption\"><div class = \"slideshow_align_caption\"><h2  style='font-size:90px; ' class='avia-caption-title '  itemprop=\"name\" >Entradas<\/h2><\/div><\/div><\/div><\/div><\/div><img src='https:\/\/asianfilmfestival.barcelona\/2018\/wp-content\/uploads\/2018\/10\/BANNER-TICKETS-new-1500x350.jpg' width='1500' height='350' title='BANNER-TICKETS-new' alt=''  itemprop=\"thumbnailUrl\"   \/><\/div><\/li><\/ul><\/div><\/div>\n<div class=\"flex_column av_one_half  flex_column_div av-zero-column-padding first  \" style='border-radius:0px; '><section class=\"av_textblock_section \"  itemscope=\"itemscope\" itemtype=\"https:\/\/schema.org\/CreativeWork\" ><div class='avia_textblock  av_inherit_color '  style='font-size:36px; color:#d32e1b; '  itemprop=\"text\" ><h2 style=\"text-align: left;\">Entradas CINEMES GIRONA<\/h2>\n<\/div><\/section><br \/>\n<div style=' margin-top:10px; margin-bottom:10px;'  class='hr hr-custom hr-center hr-icon-no  '><span class='hr-inner   inner-border-av-border-thin' style=' width:100%; border-color:#999999;' ><span class='hr-inner-style'><\/span><\/span><\/div><br \/>\n<article class=\"iconbox iconbox_left    \"  itemscope=\"itemscope\" itemtype=\"https:\/\/schema.org\/CreativeWork\" ><div class=\"iconbox_content\"><header class=\"entry-content-header\"><div class=\"iconbox_icon heading-color \" aria-hidden='true' data-av_icon='\ue842' data-av_iconfont='entypo-fontello'  ><\/div><h3 class='iconbox_content_title '  itemprop=\"headline\"  >PUNTOS DE VENTA:<\/h3><\/header><div class='iconbox_content_container  '  itemprop=\"text\"  ><p><span style=\"line-height: 1.5;\">Taquillas del Cinema Girona:<\/span><\/p>\n<p><span style=\"line-height: 1.5;\">Girona, 175 (Metro Verdaguer, L5) <a href=\"https:\/\/www.google.es\/maps\/place\/Cinemes+Girona\/@41.3816375,2.1556021,16z\/data=%214m5%213m4%211s0x12a4a2eacb212d33:0xafd1ea602167414d%218m2%213d41.3996576%214d2.1645592\" target=\"_blank\" rel=\"noopener\">Ver mapa<\/a><\/span><\/p>\n<p><span style=\"line-height: 1.5;\">Tel\u00e9fono: 93 118 45 31<\/span><\/p>\n<p><span style=\"line-height: 1.5;\">Horarios: De mi\u00e9rcoles a domingo a partir de las 16.00 h<\/span><\/p>\n<p><span style=\"line-height: 1.5;\">On line: <a href=\"http:\/\/www.cinemesgirona.cat\/\" target=\"_blank\" rel=\"noopener\">cinemesgirona.cat<\/a><\/span><\/p>\n<\/div><\/div><footer class=\"entry-footer\"><\/footer><\/article><br \/>\n<article class=\"iconbox iconbox_left    \"  itemscope=\"itemscope\" itemtype=\"https:\/\/schema.org\/CreativeWork\" ><div class=\"iconbox_content\"><header class=\"entry-content-header\"><div class=\"iconbox_icon heading-color \" aria-hidden='true' data-av_icon='\ue8cf' data-av_iconfont='entypo-fontello'  ><\/div><h3 class='iconbox_content_title '  itemprop=\"headline\"  >PRECIOS:<\/h3><\/header><div class='iconbox_content_container  '  itemprop=\"text\"  ><p><span style=\"line-height: 1.5;\">Entrada general: <strong>6 \u20ac<\/strong><\/span><\/p>\n<p><span style=\"line-height: 1.5;\">Entrada para socios y abonados de Cinemes Girona: <strong>5 \u20ac<\/strong><\/span><\/p>\n<p><span style=\"line-height: 1.5;\">Entrada para menores de 18 a\u00f1os y mayores de 65 a\u00f1os: <strong>5 \u20ac<\/strong><\/span><\/p>\n<p><span style=\"line-height: 1.5;\">Abono 5 sesiones: <strong>23 \u20ac<\/strong><\/span><\/p>\n<p><span style=\"line-height: 1.5;\">Abono 10 sesiones: <strong>40 \u20ac<\/strong><\/span><\/p>\n<\/div><\/div><footer class=\"entry-footer\"><\/footer><\/article><br \/>\n<div class='avia-button-wrap avia-button-left '><a href='https:\/\/proticketing.com\/caixaforum_bcn\/ca_ES\/entradas\/evento\/7260'  class='avia-button   avia-icon_select-no avia-color-theme-color avia-size-large avia-position-left '  target=\"_blank\"   ><span class='avia_iconbox_title' >COMPRAR ENTRADAS<\/span><\/a><\/div><\/p><\/div><div class=\"flex_column av_one_half  flex_column_div av-zero-column-padding   \" style='border-radius:0px; '><section class=\"av_textblock_section \"  itemscope=\"itemscope\" itemtype=\"https:\/\/schema.org\/CreativeWork\" ><div class='avia_textblock  av_inherit_color '  style='font-size:36px; color:#d32e1b; '  itemprop=\"text\" ><h2 style=\"text-align: left;\">Entradas CAIXA FORUM<\/h2>\n<\/div><\/section><br \/>\n<div style=' margin-top:10px; margin-bottom:10px;'  class='hr hr-custom hr-center hr-icon-no  '><span class='hr-inner   inner-border-av-border-thin' style=' width:100%; border-color:#999999;' ><span class='hr-inner-style'><\/span><\/span><\/div><br \/>\n<article class=\"iconbox iconbox_left    \"  itemscope=\"itemscope\" itemtype=\"https:\/\/schema.org\/CreativeWork\" ><div class=\"iconbox_content\"><header class=\"entry-content-header\"><div class=\"iconbox_icon heading-color \" aria-hidden='true' data-av_icon='\ue842' data-av_iconfont='entypo-fontello'  ><\/div><h3 class='iconbox_content_title '  itemprop=\"headline\"  >PUNTOS DE VENTA:<\/h3><\/header><div class='iconbox_content_container  '  itemprop=\"text\"  ><p><span style=\"line-height: 1.5;\">Av. Francesc Ferrer i Gu\u00e0rdia, 6-8 <\/span><br \/>\n<span style=\"line-height: 1.5;\">(Metro PL. Espanya, L1, L3)\u00a0 <a href=\"https:\/\/www.google.es\/maps\/place\/CaixaForum+Barcelona\/@41.371308,2.1473863,17z\/data=%213m2%214b1%215s0x12a4a279e36361fd:0xb22ccd0f906530a0%214m5%213m4%211s0x12a4a277563a5425:0x8d041ff3aaae5e21%218m2%213d41.371308%214d2.149575\" target=\"_blank\" rel=\"noopener\">Ver mapa<\/a><\/span><\/p>\n<p><span style=\"line-height: 1.5;\">Tel\u00e9fono: 93 476 86 00<\/span><\/p>\n<p>Horarios: De lunes a domingo y festivos de 10 a 20h.<\/p>\n<p><span style=\"line-height: 1.5;\">On line: <a href=\"http:\/\/agenda.obrasocial.lacaixa.es\/es\/buscador?tipo-actividad=Proyecci%C3%B3n\" target=\"_blank\" rel=\"noopener\">Caixa Forum<\/a><\/span><\/p>\n<\/div><\/div><footer class=\"entry-footer\"><\/footer><\/article><br \/>\n<article class=\"iconbox iconbox_left    \"  itemscope=\"itemscope\" itemtype=\"https:\/\/schema.org\/CreativeWork\" ><div class=\"iconbox_content\"><header class=\"entry-content-header\"><div class=\"iconbox_icon heading-color \" aria-hidden='true' data-av_icon='\ue8cf' data-av_iconfont='entypo-fontello'  ><\/div><h3 class='iconbox_content_title '  itemprop=\"headline\"  >PRECIOS:<\/h3><\/header><div class='iconbox_content_container  '  itemprop=\"text\"  ><p><span style=\"line-height: 1.5;\">Entrada general: <strong>4 \u20ac<\/strong><\/span><\/p>\n<p>(50% descuento para Carnet Jove, clientes de Caixa Bank, Club ara)<\/p>\n<p><span style=\"line-height: 1.5;\">Socios de Casa Asia: <strong>2 \u20ac<\/strong><\/span><\/p>\n<\/div><\/div><footer class=\"entry-footer\"><\/footer><\/article><br \/>\n<div class='avia-button-wrap avia-button-left '><a href='http:\/\/girona.admit-one.eu\/'  class='avia-button   avia-icon_select-no avia-color-theme-color avia-size-large avia-position-left '  target=\"_blank\"   ><span class='avia_iconbox_title' >COMPRAR ENTRADAS<\/span><\/a><\/div><\/p><\/div><div class=\"flex_column av_one_half  flex_column_div av-zero-column-padding first  \" style='border-radius:0px; '><section class=\"av_textblock_section \"  itemscope=\"itemscope\" itemtype=\"https:\/\/schema.org\/CreativeWork\" ><div class='avia_textblock  av_inherit_color '  style='font-size:36px; color:#d32e1b; '  itemprop=\"text\" ><h2 style=\"text-align: left;\">Entradas Filmoteca de Catalunya<\/h2>\n<\/div><\/section><br \/>\n<div style=' margin-top:10px; margin-bottom:10px;'  class='hr hr-custom hr-center hr-icon-no  '><span class='hr-inner   inner-border-av-border-thin' style=' width:100%; border-color:#999999;' ><span class='hr-inner-style'><\/span><\/span><\/div><br \/>\n<article class=\"iconbox iconbox_left    \"  itemscope=\"itemscope\" itemtype=\"https:\/\/schema.org\/CreativeWork\" ><div class=\"iconbox_content\"><header class=\"entry-content-header\"><div class=\"iconbox_icon heading-color \" aria-hidden='true' data-av_icon='\ue842' data-av_iconfont='entypo-fontello'  ><\/div><h3 class='iconbox_content_title '  itemprop=\"headline\"  >PUNTOS DE VENTA:<\/h3><\/header><div class='iconbox_content_container  '  itemprop=\"text\"  ><p><span style=\"line-height: 1.5;\">Taquillas de la Filmoteca de Catalunya:<\/span><\/p>\n<p><span style=\"line-height: 1.5;\">Pla\u00e7a Salvador Segu\u00ed, 1-9 (Metro L3 Liceu\/ L2 Paral\u00b7lel; Bus 21\/ 24\/ 59\/ 88\/ 91\/ D20\/ H14\/ V11\/ V13)\u00a0\u00a0<a href=\"https:\/\/www.google.es\/maps\/place\/Filmoteca+de+Catalunya\/@41.3784246,2.1690441,17z\/data=!3m1!4b1!4m5!3m4!1s0x12a4a258e7202b27:0xde9d3d56433bca4a!8m2!3d41.3784206!4d2.1712328\" target=\"_blank\" rel=\"noopener\">Ver mapa<\/a><\/span><\/p>\n<p><span style=\"line-height: 1.5;\">Tel\u00e9fono: <span class=\"_Xbe _ZWk kno-fv\"><a class=\"fl r-ion9jS8JF4sc\" title=\"Llamar a trav\u00e9s de Hangouts\" data-number=\"+34935671070\" data-pstn-out-call-url=\"\" data-rtid=\"ion9jS8JF4sc\" data-ved=\"0ahUKEwi59rHHxIvXAhXMBBoKHY_vC-EQkAgIsQEoADAV\">935 67 10 70<\/a><\/span><br \/>\n<\/span><\/p>\n<p><span style=\"line-height: 1.5;\">Horarios: Ma\u00f1anas de martes a viernes de 10h a 15h<br \/>\nTardes de martes a domingo de 16h a 21.30h<br \/>\nViernes y s\u00e1bados hasta las a 22h<br \/>\n<\/span><\/p>\n<\/div><\/div><footer class=\"entry-footer\"><\/footer><\/article><br \/>\n<article class=\"iconbox iconbox_left    \"  itemscope=\"itemscope\" itemtype=\"https:\/\/schema.org\/CreativeWork\" ><div class=\"iconbox_content\"><header class=\"entry-content-header\"><div class=\"iconbox_icon heading-color \" aria-hidden='true' data-av_icon='\ue8cf' data-av_iconfont='entypo-fontello'  ><\/div><h3 class='iconbox_content_title '  itemprop=\"headline\"  >PRECIOS:<\/h3><\/header><div class='iconbox_content_container  '  itemprop=\"text\"  ><p><span style=\"line-height: 1.5;\">Entrada individual: <strong>4 \u20ac<\/strong><\/span><\/p>\n<p><span style=\"line-height: 1.5;\">Entrada reducida*: <strong>3 \u20ac<\/strong><\/span><\/p>\n<p><span style=\"line-height: 1.5;\">Entrada programaci\u00f3n infantil: <strong>2 \u20ac<\/strong><\/span><\/p>\n<p><span style=\"line-height: 1.5;\">(ni\u00f1os hasta 12 a\u00f1os + tarifa reducidad para dos acompa\u00f1antes)<br \/>\nCon Carnet Club Super3, entrada gratuita para el titular del carnet + tarifa reducida para dos acompa\u00f1antes<br \/>\nFilmo 10 (v\u00e1lido para 10 sesiones): <strong>20 \u20ac<\/strong><\/span><\/p>\n<p>*Entrada reducida:<br \/>\nEstudiantes, parados, jubilados, t\u00edtulos de familia numerosa o monoparental, titulares del Carnet Jove o de l\u2019European Youth Card, titulares del Carnet de la xarxa de Biblioteques p\u00fabliquesy a personas con discapacidad f\u00edsica, ps\u00edquica o sensorial en un grado reconocido igual o superior al 33%.<\/p>\n<\/div><\/div><footer class=\"entry-footer\"><\/footer><\/article><br \/>\n<div class='avia-button-wrap avia-button-left '><a href='http:\/\/www.filmoteca.cat\/web\/programacio'  class='avia-button   avia-icon_select-no avia-color-theme-color avia-size-large avia-position-left '  target=\"_blank\"   ><span class='avia_iconbox_title' >COMPRAR ENTRADAS<\/span><\/a><\/div><\/p><\/div><div class=\"flex_column av_one_half  flex_column_div av-zero-column-padding   \" style='border-radius:0px; '><section class=\"av_textblock_section \"  itemscope=\"itemscope\" itemtype=\"https:\/\/schema.org\/CreativeWork\" ><div class='avia_textblock  av_inherit_color '  style='font-size:36px; color:#d32e1b; '  itemprop=\"text\" ><h2>Entradas\u00a0MUSEU D&#8217;HIST\u00d2RIA DE LA INMIGRACI\u00d3 DE CATALUNYA<\/h2>\n<\/div><\/section><br \/>\n<div style=' margin-top:10px; margin-bottom:10px;'  class='hr hr-custom hr-center hr-icon-no  '><span class='hr-inner   inner-border-av-border-thin' style=' width:100%; border-color:#999999;' ><span class='hr-inner-style'><\/span><\/span><\/div><br \/>\n<article class=\"iconbox iconbox_left    \"  itemscope=\"itemscope\" itemtype=\"https:\/\/schema.org\/CreativeWork\" ><div class=\"iconbox_content\"><header class=\"entry-content-header\"><div class=\"iconbox_icon heading-color \" aria-hidden='true' data-av_icon='\ue842' data-av_iconfont='entypo-fontello'  ><\/div><h3 class='iconbox_content_title '  itemprop=\"headline\"  >PUNTOS DE VENTA:<\/h3><\/header><div class='iconbox_content_container  '  itemprop=\"text\"  ><p><span style=\"line-height: 1.5;\">Taquillas del Museu:<\/span><\/p>\n<p><span style=\"line-height: 1.5;\">Carretera de Matar\u00f3, 124 (L2 Verneda; Bus 42\/ 60\/ B25\/ H10) <a href=\"https:\/\/www.google.es\/maps\/place\/Museu+D'Historia+de+la+Immigracio+de+Catalunya\/@41.4281424,2.210155,17z\/data=!3m1!4b1!4m5!3m4!1s0x12a4bcb19ddd15d3:0xa3ac5f55ed52abee!8m2!3d41.4281384!4d2.2123437\" target=\"_blank\" rel=\"noopener\">Ver mapa<\/a><\/span><\/p>\n<p><span style=\"line-height: 1.5;\">Tel\u00e9fono: 93 381 26 06<\/span><\/p>\n<p><span style=\"line-height: 1.5;\">Horarios: de martes a s\u00e1bado de 10 a 14h y martes y jueves de 16 a 19h.<\/span><\/p>\n<p><span style=\"line-height: 1.5;\">On line: mhic@sant-adria.net<\/span><\/p>\n<\/div><\/div><footer class=\"entry-footer\"><\/footer><\/article><br \/>\n<article class=\"iconbox iconbox_left    \"  itemscope=\"itemscope\" itemtype=\"https:\/\/schema.org\/CreativeWork\" ><div class=\"iconbox_content\"><header class=\"entry-content-header\"><div class=\"iconbox_icon heading-color \" aria-hidden='true' data-av_icon='\ue8cf' data-av_iconfont='entypo-fontello'  ><\/div><h3 class='iconbox_content_title '  itemprop=\"headline\"  >PRECIOS:<\/h3><\/header><div class='iconbox_content_container  '  itemprop=\"text\"  ><p><span style=\"line-height: 1.5;\">Entrada libre;\u00a0 Capacidad limitada.<\/span><\/p>\n<\/div><\/div><footer class=\"entry-footer\"><\/footer><\/article><br \/>\n<div class='avia-button-wrap avia-button-left '><a href='http:\/\/www.mhic.net\/'  class='avia-button   avia-icon_select-no avia-color-theme-color avia-size-large avia-position-left '  target=\"_blank\"   ><span class='avia_iconbox_title' >ENTRADAS GRATUITAS<\/span><\/a><\/div><\/p><\/div><\/p>\n","protected":false},"excerpt":{"rendered":"","protected":false},"author":3,"featured_media":0,"parent":0,"menu_order":0,"comment_status":"closed","ping_status":"closed","template":"","meta":{"footnotes":""},"class_list":["post-7134","page","type-page","status-publish","hentry"],"yoast_head":"<!-- This site is optimized with the Yoast SEO plugin v27.5 - https:\/\/yoast.com\/product\/yoast-seo-wordpress\/ -->\n<title>ENTRADAS - Asian Film Festival Barcelona<\/title>\n<meta name=\"robots\" content=\"noindex, follow, max-snippet:-1, max-image-preview:large, max-video-preview:-1\" \/>\n<meta property=\"og:locale\" content=\"en_US\" \/>\n<meta property=\"og:type\" content=\"article\" \/>\n<meta property=\"og:title\" content=\"ENTRADAS - Asian Film Festival Barcelona\" \/>\n<meta property=\"og:url\" content=\"https:\/\/asianfilmfestival.barcelona\/2018\/es\/entradas\/\" \/>\n<meta property=\"og:site_name\" content=\"Asian Film Festival Barcelona\" \/>\n<meta property=\"article:modified_time\" content=\"2018-11-06T11:39:08+00:00\" \/>\n<meta name=\"twitter:card\" content=\"summary_large_image\" \/>\n<meta name=\"twitter:label1\" content=\"Est. reading time\" \/>\n\t<meta name=\"twitter:data1\" content=\"8 minutes\" \/>\n<script type=\"application\/ld+json\" class=\"yoast-schema-graph\">{\"@context\":\"https:\\\/\\\/schema.org\",\"@graph\":[{\"@type\":\"WebPage\",\"@id\":\"https:\\\/\\\/asianfilmfestival.barcelona\\\/2018\\\/es\\\/entradas\\\/\",\"url\":\"https:\\\/\\\/asianfilmfestival.barcelona\\\/2018\\\/es\\\/entradas\\\/\",\"name\":\"ENTRADAS - Asian Film Festival Barcelona\",\"isPartOf\":{\"@id\":\"https:\\\/\\\/asianfilmfestival.barcelona\\\/2018\\\/#website\"},\"datePublished\":\"2016-10-28T14:33:36+00:00\",\"dateModified\":\"2018-11-06T11:39:08+00:00\",\"breadcrumb\":{\"@id\":\"https:\\\/\\\/asianfilmfestival.barcelona\\\/2018\\\/es\\\/entradas\\\/#breadcrumb\"},\"inLanguage\":\"en-US\",\"potentialAction\":[{\"@type\":\"ReadAction\",\"target\":[\"https:\\\/\\\/asianfilmfestival.barcelona\\\/2018\\\/es\\\/entradas\\\/\"]}]},{\"@type\":\"BreadcrumbList\",\"@id\":\"https:\\\/\\\/asianfilmfestival.barcelona\\\/2018\\\/es\\\/entradas\\\/#breadcrumb\",\"itemListElement\":[{\"@type\":\"ListItem\",\"position\":1,\"name\":\"Home\",\"item\":\"https:\\\/\\\/asianfilmfestival.barcelona\\\/2018\\\/\"},{\"@type\":\"ListItem\",\"position\":2,\"name\":\"ENTRADAS\"}]},{\"@type\":\"WebSite\",\"@id\":\"https:\\\/\\\/asianfilmfestival.barcelona\\\/2018\\\/#website\",\"url\":\"https:\\\/\\\/asianfilmfestival.barcelona\\\/2018\\\/\",\"name\":\"Asian Film Festival Barcelona\",\"description\":\"2018\",\"potentialAction\":[{\"@type\":\"SearchAction\",\"target\":{\"@type\":\"EntryPoint\",\"urlTemplate\":\"https:\\\/\\\/asianfilmfestival.barcelona\\\/2018\\\/?s={search_term_string}\"},\"query-input\":{\"@type\":\"PropertyValueSpecification\",\"valueRequired\":true,\"valueName\":\"search_term_string\"}}],\"inLanguage\":\"en-US\"}]}<\/script>\n<!-- \/ Yoast SEO plugin. -->","yoast_head_json":{"title":"ENTRADAS - Asian Film Festival Barcelona","robots":{"index":"noindex","follow":"follow","max-snippet":"max-snippet:-1","max-image-preview":"max-image-preview:large","max-video-preview":"max-video-preview:-1"},"og_locale":"en_US","og_type":"article","og_title":"ENTRADAS - Asian Film Festival Barcelona","og_url":"https:\/\/asianfilmfestival.barcelona\/2018\/es\/entradas\/","og_site_name":"Asian Film Festival Barcelona","article_modified_time":"2018-11-06T11:39:08+00:00","twitter_card":"summary_large_image","twitter_misc":{"Est. reading time":"8 minutes"},"schema":{"@context":"https:\/\/schema.org","@graph":[{"@type":"WebPage","@id":"https:\/\/asianfilmfestival.barcelona\/2018\/es\/entradas\/","url":"https:\/\/asianfilmfestival.barcelona\/2018\/es\/entradas\/","name":"ENTRADAS - Asian Film Festival Barcelona","isPartOf":{"@id":"https:\/\/asianfilmfestival.barcelona\/2018\/#website"},"datePublished":"2016-10-28T14:33:36+00:00","dateModified":"2018-11-06T11:39:08+00:00","breadcrumb":{"@id":"https:\/\/asianfilmfestival.barcelona\/2018\/es\/entradas\/#breadcrumb"},"inLanguage":"en-US","potentialAction":[{"@type":"ReadAction","target":["https:\/\/asianfilmfestival.barcelona\/2018\/es\/entradas\/"]}]},{"@type":"BreadcrumbList","@id":"https:\/\/asianfilmfestival.barcelona\/2018\/es\/entradas\/#breadcrumb","itemListElement":[{"@type":"ListItem","position":1,"name":"Home","item":"https:\/\/asianfilmfestival.barcelona\/2018\/"},{"@type":"ListItem","position":2,"name":"ENTRADAS"}]},{"@type":"WebSite","@id":"https:\/\/asianfilmfestival.barcelona\/2018\/#website","url":"https:\/\/asianfilmfestival.barcelona\/2018\/","name":"Asian Film Festival Barcelona","description":"2018","potentialAction":[{"@type":"SearchAction","target":{"@type":"EntryPoint","urlTemplate":"https:\/\/asianfilmfestival.barcelona\/2018\/?s={search_term_string}"},"query-input":{"@type":"PropertyValueSpecification","valueRequired":true,"valueName":"search_term_string"}}],"inLanguage":"en-US"}]}},"_links":{"self":[{"href":"https:\/\/asianfilmfestival.barcelona\/2018\/wp-json\/wp\/v2\/pages\/7134","targetHints":{"allow":["GET"]}}],"collection":[{"href":"https:\/\/asianfilmfestival.barcelona\/2018\/wp-json\/wp\/v2\/pages"}],"about":[{"href":"https:\/\/asianfilmfestival.barcelona\/2018\/wp-json\/wp\/v2\/types\/page"}],"author":[{"embeddable":true,"href":"https:\/\/asianfilmfestival.barcelona\/2018\/wp-json\/wp\/v2\/users\/3"}],"replies":[{"embeddable":true,"href":"https:\/\/asianfilmfestival.barcelona\/2018\/wp-json\/wp\/v2\/comments?post=7134"}],"version-history":[{"count":32,"href":"https:\/\/asianfilmfestival.barcelona\/2018\/wp-json\/wp\/v2\/pages\/7134\/revisions"}],"predecessor-version":[{"id":19687,"href":"https:\/\/asianfilmfestival.barcelona\/2018\/wp-json\/wp\/v2\/pages\/7134\/revisions\/19687"}],"wp:attachment":[{"href":"https:\/\/asianfilmfestival.barcelona\/2018\/wp-json\/wp\/v2\/media?parent=7134"}],"curies":[{"name":"wp","href":"https:\/\/api.w.org\/{rel}","templated":true}]}}