{"id":3262,"date":"2016-09-08T15:07:13","date_gmt":"2016-09-08T13:07:13","guid":{"rendered":"http:\/\/asianfilmfestival.barcelona\/2017\/?page_id=3262"},"modified":"2017-10-27T11:11:33","modified_gmt":"2017-10-27T09:11:33","slug":"entrades","status":"publish","type":"page","link":"https:\/\/asianfilmfestival.barcelona\/2017\/ca\/entrades\/","title":{"rendered":"ENTRADES"},"content":{"rendered":"<\/div><\/div><\/div><!-- close content main div --><\/div><\/div><div id='full_slider_1' class='avia-fullwidth-slider main_color avia-shadow   container_wrap fullsize'   ><div  data-size='featured'  data-lightbox_size='large'  data-animation='fade'  data-conditional_play=''  data-ids='6927'  data-video_counter='0'  data-autoplay='false'  data-bg_slider='false'  data-slide_height=''  data-handle='av_slideshow_full'  data-interval='5'  data-class=' '  data-css_id=''  data-scroll_down=''  data-control_layout='av-control-default'  data-custom_markup=''  data-perma_caption=''  data-autoplay_stopper=''  data-image_attachment=''  data-min_height='0px'  data-src=''  data-position='top left'  data-repeat='no-repeat'  data-attach='scroll'  data-stretch=''  data-default-height='28.666666666667'  class='avia-slideshow avia-slideshow-1  av-control-default av-default-height-applied avia-slideshow-featured av_slideshow_full   avia-fade-slider '  itemprop=\"ImageObject\" itemscope=\"itemscope\" itemtype=\"https:\/\/schema.org\/ImageObject\" ><ul class='avia-slideshow-inner ' style='padding-bottom: 23.333333333333%;' ><li  class=' av-single-slide slide-1 ' ><div data-rel='slideshow-1' class='avia-slide-wrap '   ><div class = \"caption_fullwidth av-slideshow-caption caption_bottom\"><div class = \"container caption_container\"><div class = \"slideshow_caption\"><div class = \"slideshow_inner_caption\"><div class = \"slideshow_align_caption\"><h2  style='font-size:90px; ' class='avia-caption-title '  itemprop=\"name\" >Entrades<\/h2><\/div><\/div><\/div><\/div><\/div><img src='https:\/\/asianfilmfestival.barcelona\/2017\/wp-content\/uploads\/2016\/09\/tickets-banner-1-1500x350.jpg' width='1500' height='350' title='tickets-banner' alt=''  itemprop=\"thumbnailUrl\"   \/><\/div><\/li><\/ul><\/div><\/div>\n<div class=\"flex_column av_one_half  flex_column_div av-zero-column-padding first  \" style='border-radius:0px; '><section class=\"av_textblock_section \"  itemscope=\"itemscope\" itemtype=\"https:\/\/schema.org\/CreativeWork\" ><div class='avia_textblock  av_inherit_color '  style='font-size:36px; color:#d32e1b; '  itemprop=\"text\" ><h2 style=\"text-align: left;\">Entrades CINEMES GIRONA<\/h2>\n<\/div><\/section><br \/>\n<div style=' margin-top:10px; margin-bottom:10px;'  class='hr hr-custom hr-center hr-icon-no  '><span class='hr-inner   inner-border-av-border-thin' style=' width:100%; border-color:#999999;' ><span class='hr-inner-style'><\/span><\/span><\/div><br \/>\n<article class=\"iconbox iconbox_left    \"  itemscope=\"itemscope\" itemtype=\"https:\/\/schema.org\/CreativeWork\" ><div class=\"iconbox_content\"><header class=\"entry-content-header\"><div class=\"iconbox_icon heading-color \" aria-hidden='true' data-av_icon='\ue842' data-av_iconfont='entypo-fontello'  ><\/div><h3 class='iconbox_content_title '  itemprop=\"headline\"  >PUNTS DE VENDA:<\/h3><\/header><div class='iconbox_content_container  '  itemprop=\"text\"  ><p><span style=\"line-height: 1.5;\">Taquilles del Cinema Girona:<\/span><\/p>\n<p><span style=\"line-height: 1.5;\">Girona, 175 (Metro Verdaguer, L5) <a href=\"https:\/\/www.google.es\/maps\/place\/Cinemes+Girona\/@41.3816375,2.1556021,16z\/data=%214m5%213m4%211s0x12a4a2eacb212d33:0xafd1ea602167414d%218m2%213d41.3996576%214d2.1645592\" target=\"_blank\" rel=\"noopener\">Veure al mapa<\/a><\/span><\/p>\n<p><span style=\"line-height: 1.5;\">Tel\u00e8fon: 93 118 45 31<\/span><\/p>\n<p><span style=\"line-height: 1.5;\">Horaris: De dimecres a diumenge a partir de les 16.00 h<\/span><\/p>\n<p><span style=\"line-height: 1.5;\">On line: <a href=\"http:\/\/www.cinemesgirona.cat\/\" target=\"_blank\" rel=\"noopener\">cinemesgirona.cat<\/a><\/span><\/p>\n<\/div><\/div><footer class=\"entry-footer\"><\/footer><\/article><br \/>\n<article class=\"iconbox iconbox_left    \"  itemscope=\"itemscope\" itemtype=\"https:\/\/schema.org\/CreativeWork\" ><div class=\"iconbox_content\"><header class=\"entry-content-header\"><div class=\"iconbox_icon heading-color \" aria-hidden='true' data-av_icon='\ue8cf' data-av_iconfont='entypo-fontello'  ><\/div><h3 class='iconbox_content_title '  itemprop=\"headline\"  >PREUS:<\/h3><\/header><div class='iconbox_content_container  '  itemprop=\"text\"  ><p><span style=\"line-height: 1.5;\">Entrada general: <strong>6 \u20ac<\/strong><\/span><\/p>\n<p><span style=\"line-height: 1.5;\">Entrada per a socis i abonats de Cinemes Girona: <strong>5 \u20ac<\/strong><\/span><\/p>\n<p><span style=\"line-height: 1.5;\">Entrada per a menors de 18 anys i m\u00e9s grans de 65 anys: <strong>5 \u20ac<\/strong><\/span><\/p>\n<p><span style=\"line-height: 1.5;\">Abonament 5 sessions: <strong>23 \u20ac<\/strong><\/span><\/p>\n<p><span style=\"line-height: 1.5;\">Abonament 10 sesions: <strong>40 \u20ac<\/strong><\/span><\/p>\n<\/div><\/div><footer class=\"entry-footer\"><\/footer><\/article><\/p><\/div>\n<div class=\"flex_column av_one_half  flex_column_div av-zero-column-padding   \" style='border-radius:0px; '><section class=\"av_textblock_section \"  itemscope=\"itemscope\" itemtype=\"https:\/\/schema.org\/CreativeWork\" ><div class='avia_textblock  av_inherit_color '  style='font-size:36px; color:#d32e1b; '  itemprop=\"text\" ><h2 style=\"text-align: left;\">Entrades CAIXA FORUM<\/h2>\n<\/div><\/section><br \/>\n<div style=' margin-top:10px; margin-bottom:10px;'  class='hr hr-custom hr-center hr-icon-no  '><span class='hr-inner   inner-border-av-border-thin' style=' width:100%; border-color:#999999;' ><span class='hr-inner-style'><\/span><\/span><\/div><br \/>\n<article class=\"iconbox iconbox_left    \"  itemscope=\"itemscope\" itemtype=\"https:\/\/schema.org\/CreativeWork\" ><div class=\"iconbox_content\"><header class=\"entry-content-header\"><div class=\"iconbox_icon heading-color \" aria-hidden='true' data-av_icon='\ue842' data-av_iconfont='entypo-fontello'  ><\/div><h3 class='iconbox_content_title '  itemprop=\"headline\"  >PUNTS DE VENDA:<\/h3><\/header><div class='iconbox_content_container  '  itemprop=\"text\"  ><p><span style=\"line-height: 1.5;\">Av. Francesc Ferrer i Gu\u00e0rdia, 6-8 <\/span><br \/>\n<span style=\"line-height: 1.5;\">(Metro PL. Espanya, L1, L3)\u00a0 <a href=\"https:\/\/www.google.es\/maps\/place\/CaixaForum+Barcelona\/@41.371308,2.1473863,17z\/data=%213m2%214b1%215s0x12a4a279e36361fd:0xb22ccd0f906530a0%214m5%213m4%211s0x12a4a277563a5425:0x8d041ff3aaae5e21%218m2%213d41.371308%214d2.149575\" target=\"_blank\" rel=\"noopener\">Veure al mapa<\/a><\/span><\/p>\n<p><span style=\"line-height: 1.5;\">Tel\u00e8fon: 93 476 86 00<\/span><\/p>\n<p>Horaris: De dilluns a diumenge i festius de 10 a 20h.<\/p>\n<p><span style=\"line-height: 1.5;\">On line: <a href=\"http:\/\/agenda.obrasocial.lacaixa.es\/es\/buscador?tipo-actividad=Proyecci%C3%B3n\" target=\"_blank\" rel=\"noopener\">Caixa Forum<\/a><\/span><\/p>\n<\/div><\/div><footer class=\"entry-footer\"><\/footer><\/article><br \/>\n<article class=\"iconbox iconbox_left    \"  itemscope=\"itemscope\" itemtype=\"https:\/\/schema.org\/CreativeWork\" ><div class=\"iconbox_content\"><header class=\"entry-content-header\"><div class=\"iconbox_icon heading-color \" aria-hidden='true' data-av_icon='\ue8cf' data-av_iconfont='entypo-fontello'  ><\/div><h3 class='iconbox_content_title '  itemprop=\"headline\"  >PREUS:<\/h3><\/header><div class='iconbox_content_container  '  itemprop=\"text\"  ><p><span style=\"line-height: 1.5;\">Entrada general: <strong>4 \u20ac<\/strong><\/span><\/p>\n<p>(50% descompte per a Carnet Jove, clients de Caixa Bank, Club ara)<\/p>\n<p><span style=\"line-height: 1.5;\">Socis de Casa Asia: <strong>2 \u20ac<\/strong><\/span><\/p>\n<\/div><\/div><footer class=\"entry-footer\"><\/footer><\/article><\/p><\/div>\n<div class=\"flex_column av_one_half  flex_column_div av-zero-column-padding first  \" style='border-radius:0px; '><div class='avia-button-wrap avia-button-left '><a href='http:\/\/girona.admit-one.eu\/'  class='avia-button   avia-icon_select-no avia-color-theme-color avia-size-large avia-position-left '  target=\"_blank\"   ><span class='avia_iconbox_title' >COMPRAR ENTRADES<\/span><\/a><\/div><\/div>\n<div class=\"flex_column av_one_half  flex_column_div av-zero-column-padding   \" style='border-radius:0px; '><div class='avia-button-wrap avia-button-left '><a href='https:\/\/proticketing.com\/caixaforum_bcn\/ca_ES\/entradas\/evento\/7260'  class='avia-button   avia-icon_select-no avia-color-theme-color avia-size-large avia-position-left '  target=\"_blank\"   ><span class='avia_iconbox_title' >COMPRAR ENTRADES<\/span><\/a><\/div><\/div>\n<div class=\"flex_column av_one_half  flex_column_div av-zero-column-padding first  \" style='border-radius:0px; '><section class=\"av_textblock_section \"  itemscope=\"itemscope\" itemtype=\"https:\/\/schema.org\/CreativeWork\" ><div class='avia_textblock  av_inherit_color '  style='font-size:36px; color:#d32e1b; '  itemprop=\"text\" ><h2 style=\"text-align: left;\">Entrades Filmoteca de Catalunya<\/h2>\n<\/div><\/section><br \/>\n<div style=' margin-top:10px; margin-bottom:10px;'  class='hr hr-custom hr-center hr-icon-no  '><span class='hr-inner   inner-border-av-border-thin' style=' width:100%; border-color:#999999;' ><span class='hr-inner-style'><\/span><\/span><\/div><br \/>\n<article class=\"iconbox iconbox_left    \"  itemscope=\"itemscope\" itemtype=\"https:\/\/schema.org\/CreativeWork\" ><div class=\"iconbox_content\"><header class=\"entry-content-header\"><div class=\"iconbox_icon heading-color \" aria-hidden='true' data-av_icon='\ue842' data-av_iconfont='entypo-fontello'  ><\/div><h3 class='iconbox_content_title '  itemprop=\"headline\"  >PUNTS DE VENDA:<\/h3><\/header><div class='iconbox_content_container  '  itemprop=\"text\"  ><p><span style=\"line-height: 1.5;\">Taquilles de la Filmoteca de Catalunya:<\/span><\/p>\n<p><span style=\"line-height: 1.5;\">Pla\u00e7a Salvador Segu\u00ed, 1-9 (Metro L3 Liceu\/ L2 Paral\u00b7lel; Bus 21\/ 24\/ 59\/ 88\/ 91\/ D20\/ H14\/ V11\/ V13)\u00a0\u00a0<a href=\"https:\/\/www.google.es\/maps\/place\/Filmoteca+de+Catalunya\/@41.3784246,2.1690441,17z\/data=!3m1!4b1!4m5!3m4!1s0x12a4a258e7202b27:0xde9d3d56433bca4a!8m2!3d41.3784206!4d2.1712328\" target=\"_blank\" rel=\"noopener\">Veure al mapa<\/a><\/span><\/p>\n<p><span style=\"line-height: 1.5;\">Tel\u00e8fon: <span class=\"_Xbe _ZWk kno-fv\"><a class=\"fl r-ion9jS8JF4sc\" title=\"Llamar a trav\u00e9s de Hangouts\" data-number=\"+34935671070\" data-pstn-out-call-url=\"\" data-rtid=\"ion9jS8JF4sc\" data-ved=\"0ahUKEwi59rHHxIvXAhXMBBoKHY_vC-EQkAgIsQEoADAV\">935 67 10 70<\/a><\/span><br \/>\n<\/span><\/p>\n<p><span style=\"line-height: 1.5;\">Horaris: Matins de dimarts a divendres de 10h a 15h<br \/>\nTardes de dimarts a diumenge de 16h a 21.30h<br \/>\nDivendres i dissabtes fins a 22h<br \/>\n<\/span><\/p>\n<\/div><\/div><footer class=\"entry-footer\"><\/footer><\/article><br \/>\n<article class=\"iconbox iconbox_left    \"  itemscope=\"itemscope\" itemtype=\"https:\/\/schema.org\/CreativeWork\" ><div class=\"iconbox_content\"><header class=\"entry-content-header\"><div class=\"iconbox_icon heading-color \" aria-hidden='true' data-av_icon='\ue8cf' data-av_iconfont='entypo-fontello'  ><\/div><h3 class='iconbox_content_title '  itemprop=\"headline\"  >PREUS:<\/h3><\/header><div class='iconbox_content_container  '  itemprop=\"text\"  ><p><span style=\"line-height: 1.5;\">Entrada individual: <strong>4 \u20ac<\/strong><\/span><\/p>\n<p><span style=\"line-height: 1.5;\">Entrada redu\u00efda*: <strong>3 \u20ac<\/strong><\/span><\/p>\n<p><span style=\"line-height: 1.5;\">Entrada programaci\u00f3 infantil: <strong>2 \u20ac<\/strong><\/span><\/p>\n<p><span style=\"line-height: 1.5;\">(infants fins a 12 anys + tarifa redu\u00efda per a dos acompanyants)<br \/>\nAmb Carnet Club Super3, entrada gratu\u00efta pel titular del carnet + tarifa redu\u00efda per dos acompanyants<br \/>\nFilmo 10 (v\u00e0lid per a 10 sessions): <strong>20 \u20ac<\/strong><\/span><\/p>\n<p>*Entrada redu\u00efda:<br \/>\nEstudiants, aturats, jubilats, t\u00edtols de fam\u00edlia nombrosa o monoparental, titulars de Carnet Jove o de l\u2019European Youth Card, titulars del Carnet de la zarza de Biblioteques p\u00fabliques i a persones amb discapacitat f\u00edsica, ps\u00edquica o sensorial en un grau reconegut igual o superior al 33%.<\/p>\n<\/div><\/div><footer class=\"entry-footer\"><\/footer><\/article><\/p><\/div>\n<div class=\"flex_column av_one_half  flex_column_div av-zero-column-padding   \" style='border-radius:0px; '><section class=\"av_textblock_section \"  itemscope=\"itemscope\" itemtype=\"https:\/\/schema.org\/CreativeWork\" ><div class='avia_textblock  av_inherit_color '  style='font-size:36px; color:#d32e1b; '  itemprop=\"text\" ><h2 style=\"text-align: left;\">Entrades MUSEU D&#8217;HIST\u00d2RIA DE LA INMIGRACI\u00d3 DE CATALUNYA<\/h2>\n<\/div><\/section><br \/>\n<div style=' margin-top:10px; margin-bottom:10px;'  class='hr hr-custom hr-center hr-icon-no  '><span class='hr-inner   inner-border-av-border-thin' style=' width:100%; border-color:#999999;' ><span class='hr-inner-style'><\/span><\/span><\/div><br \/>\n<article class=\"iconbox iconbox_left    \"  itemscope=\"itemscope\" itemtype=\"https:\/\/schema.org\/CreativeWork\" ><div class=\"iconbox_content\"><header class=\"entry-content-header\"><div class=\"iconbox_icon heading-color \" aria-hidden='true' data-av_icon='\ue842' data-av_iconfont='entypo-fontello'  ><\/div><h3 class='iconbox_content_title '  itemprop=\"headline\"  >PUNTS DE VENDA:<\/h3><\/header><div class='iconbox_content_container  '  itemprop=\"text\"  ><p><span style=\"line-height: 1.5;\">Taquilles del Museu:<\/span><\/p>\n<p><span style=\"line-height: 1.5;\">Carretera de Matar\u00f3, 124 (L2 Verneda; Bus 42\/ 60\/ B25\/ H10) <a href=\"https:\/\/www.google.es\/maps\/place\/Museu+D'Historia+de+la+Immigracio+de+Catalunya\/@41.4281424,2.210155,17z\/data=!3m1!4b1!4m5!3m4!1s0x12a4bcb19ddd15d3:0xa3ac5f55ed52abee!8m2!3d41.4281384!4d2.2123437\" target=\"_blank\" rel=\"noopener\">Veure al mapa<\/a><\/span><\/p>\n<p><span style=\"line-height: 1.5;\">Tel\u00e8fon: 93 381 26 06<\/span><\/p>\n<p><span style=\"line-height: 1.5;\">Horaris: de dimarts a dissabte de 10 a 14h i dimarts i dijous de 16 a 19h.<\/span><\/p>\n<p><span style=\"line-height: 1.5;\">On line: mhic@sant-adria.net<\/span><\/p>\n<\/div><\/div><footer class=\"entry-footer\"><\/footer><\/article><br \/>\n<article class=\"iconbox iconbox_left    \"  itemscope=\"itemscope\" itemtype=\"https:\/\/schema.org\/CreativeWork\" ><div class=\"iconbox_content\"><header class=\"entry-content-header\"><div class=\"iconbox_icon heading-color \" aria-hidden='true' data-av_icon='\ue8cf' data-av_iconfont='entypo-fontello'  ><\/div><h3 class='iconbox_content_title '  itemprop=\"headline\"  >PREUS:<\/h3><\/header><div class='iconbox_content_container  '  itemprop=\"text\"  ><p><span style=\"line-height: 1.5;\">Entrada lliure; Capacitat limitada.<\/span><\/p>\n<\/div><\/div><footer class=\"entry-footer\"><\/footer><\/article><\/p><\/div>\n<div class=\"flex_column av_one_half  flex_column_div av-zero-column-padding first  \" style='border-radius:0px; '><div class='avia-button-wrap avia-button-left '><a href='http:\/\/www.filmoteca.cat\/web\/programacio'  class='avia-button   avia-icon_select-no avia-color-theme-color avia-size-large avia-position-left '  target=\"_blank\"   ><span class='avia_iconbox_title' >COMPRAR ENTRADES<\/span><\/a><\/div><\/div>\n<div class=\"flex_column av_one_half  flex_column_div av-zero-column-padding   \" style='border-radius:0px; '><div class='avia-button-wrap avia-button-left '><a href='http:\/\/www.mhic.net\/'  class='avia-button   avia-icon_select-no avia-color-theme-color avia-size-large avia-position-left '  target=\"_blank\"   ><span class='avia_iconbox_title' >ENTRADES GRATU\u00cfTES <\/span><\/a><\/div><\/div>\n<div class=\"flex_column av_one_half  flex_column_div av-zero-column-padding first  \" style='border-radius:0px; '><section class=\"av_textblock_section \"  itemscope=\"itemscope\" itemtype=\"https:\/\/schema.org\/CreativeWork\" ><div class='avia_textblock  av_inherit_color '  style='font-size:36px; color:#d32e1b; '  itemprop=\"text\" ><h2 style=\"text-align: left;\">Entrades BIBLIOTECA SINGUERLIN<\/h2>\n<\/div><\/section><br \/>\n<div style=' margin-top:10px; margin-bottom:10px;'  class='hr hr-custom hr-center hr-icon-no  '><span class='hr-inner   inner-border-av-border-thin' style=' width:100%; border-color:#999999;' ><span class='hr-inner-style'><\/span><\/span><\/div><br \/>\n<article class=\"iconbox iconbox_left    \"  itemscope=\"itemscope\" itemtype=\"https:\/\/schema.org\/CreativeWork\" ><div class=\"iconbox_content\"><header class=\"entry-content-header\"><div class=\"iconbox_icon heading-color \" aria-hidden='true' data-av_icon='\ue842' data-av_iconfont='entypo-fontello'  ><\/div><h3 class='iconbox_content_title '  itemprop=\"headline\"  >PUNTS DE VENDA:<\/h3><\/header><div class='iconbox_content_container  '  itemprop=\"text\"  ><p><span style=\"line-height: 1.5;\">Taquilles del Biblioteca Singuerlin:<\/span><\/p>\n<p><span style=\"line-height: 1.5;\">Pla\u00e7a Sagrada Fam\u00edlia, s\/n<br \/>\n08924 Santa Coloma de Gramanet (L9N Singuerlin) <a href=\"https:\/\/www.google.es\/maps\/place\/Biblioteca+Singuerlin+Salvador+Cabr%C3%A9\/@41.4589953,2.203577,17z\/data=!3m1!4b1!4m5!3m4!1s0x12a4bcf4ef03144b:0xd957193d6a3a64ce!8m2!3d41.4589913!4d2.2057657\" target=\"_blank\" rel=\"noopener\">Veure al mapa<\/a><\/span><\/p>\n<p><span style=\"line-height: 1.5;\">Tel\u00e8fon: 93 468 26 97<\/span><\/p>\n<p><span style=\"line-height: 1.5;\">Horaris: dilluns, dimarts i dijous de 15.30 a 20.30h<br \/>\nDimecres i divendres de 10 a 20.30h<br \/>\nDissabte de 10 a 14h<br \/>\n<\/span><\/p>\n<\/div><\/div><footer class=\"entry-footer\"><\/footer><\/article><br \/>\n<article class=\"iconbox iconbox_left    \"  itemscope=\"itemscope\" itemtype=\"https:\/\/schema.org\/CreativeWork\" ><div class=\"iconbox_content\"><header class=\"entry-content-header\"><div class=\"iconbox_icon heading-color \" aria-hidden='true' data-av_icon='\ue8cf' data-av_iconfont='entypo-fontello'  ><\/div><h3 class='iconbox_content_title '  itemprop=\"headline\"  >PREUS:<\/h3><\/header><div class='iconbox_content_container  '  itemprop=\"text\"  ><p>Entrada lliure; Capacitat limitada.<\/p>\n<p><span style=\"line-height: 1.5;\">\u00a0<\/span><\/p>\n<\/div><\/div><footer class=\"entry-footer\"><\/footer><\/article><\/p><\/div>\n<div class=\"flex_column av_one_half  flex_column_div av-zero-column-padding   \" style='border-radius:0px; '><section class=\"av_textblock_section \"  itemscope=\"itemscope\" itemtype=\"https:\/\/schema.org\/CreativeWork\" ><div class='avia_textblock  av_inherit_color '  style='font-size:36px; color:#d32e1b; '  itemprop=\"text\" ><h2 style=\"text-align: left;\">Entrades GENERATOR<\/h2>\n<\/div><\/section><br \/>\n<div style=' margin-top:10px; margin-bottom:10px;'  class='hr hr-custom hr-center hr-icon-no  '><span class='hr-inner   inner-border-av-border-thin' style=' width:100%; border-color:#999999;' ><span class='hr-inner-style'><\/span><\/span><\/div><br \/>\n<article class=\"iconbox iconbox_left    \"  itemscope=\"itemscope\" itemtype=\"https:\/\/schema.org\/CreativeWork\" ><div class=\"iconbox_content\"><header class=\"entry-content-header\"><div class=\"iconbox_icon heading-color \" aria-hidden='true' data-av_icon='\ue842' data-av_iconfont='entypo-fontello'  ><\/div><h3 class='iconbox_content_title '  itemprop=\"headline\"  >PUNTS DE VENDA:<\/h3><\/header><div class='iconbox_content_container  '  itemprop=\"text\"  ><p><span style=\"line-height: 1.5;\">Entrades Generator:<\/span><\/p>\n<p><span style=\"line-height: 1.5;\">Carrer de C\u00f2rsega, 373 (L3-L5 Diagonal; Bus 24\/ 45\/ 47\/ H8) <a href=\"https:\/\/www.google.es\/maps\/place\/Generator+Barcelona\/@41.3992006,2.1603239,17z\/data=!3m1!4b1!4m5!3m4!1s0x12a4a2950fa67fab:0xc26992a4fbab1043!8m2!3d41.3991966!4d2.1625126\" target=\"_blank\" rel=\"noopener\">Veure al mapa<\/a><\/span><\/p>\n<p><span style=\"line-height: 1.5;\">Tel\u00e8fon: 93 220 03 77<\/span><\/p>\n<p><span style=\"line-height: 1.5;\">Horaris: Obert 24h<\/span><\/p>\n<\/div><\/div><footer class=\"entry-footer\"><\/footer><\/article><br \/>\n<article class=\"iconbox iconbox_left    \"  itemscope=\"itemscope\" itemtype=\"https:\/\/schema.org\/CreativeWork\" ><div class=\"iconbox_content\"><header class=\"entry-content-header\"><div class=\"iconbox_icon heading-color \" aria-hidden='true' data-av_icon='\ue8cf' data-av_iconfont='entypo-fontello'  ><\/div><h3 class='iconbox_content_title '  itemprop=\"headline\"  >PREUS:<\/h3><\/header><div class='iconbox_content_container  '  itemprop=\"text\"  ><p>Entrada lliure; Capacitat limitada.<\/p>\n<\/div><\/div><footer class=\"entry-footer\"><\/footer><\/article><\/p><\/div>\n<div class=\"flex_column av_one_half  flex_column_div av-zero-column-padding first  \" style='border-radius:0px; '><div class='avia-button-wrap avia-button-left '><a href='http:\/\/bibliotecavirtual.diba.cat\/santa-coloma-de-gramenet-biblioteca-singuerlin-salvador-cabre'  class='avia-button   avia-icon_select-no avia-color-theme-color avia-size-large avia-position-left '  target=\"_blank\"   ><span class='avia_iconbox_title' >ENTRADES GRATU\u00cfTES<\/span><\/a><\/div><\/div>\n<div class=\"flex_column av_one_half  flex_column_div av-zero-column-padding   \" style='border-radius:0px; '><div class='avia-button-wrap avia-button-left '><a href='https:\/\/generatorhostels.com\/destinations\/barcelona'  class='avia-button   avia-icon_select-no avia-color-theme-color avia-size-large avia-position-left '  target=\"_blank\"   ><span class='avia_iconbox_title' >ENTRADES GRATU\u00cfTES<\/span><\/a><\/div><\/div>\n","protected":false},"excerpt":{"rendered":"","protected":false},"author":3,"featured_media":0,"parent":0,"menu_order":0,"comment_status":"closed","ping_status":"closed","template":"","meta":{"_exactmetrics_skip_tracking":false,"_exactmetrics_sitenote_active":false,"_exactmetrics_sitenote_note":"","_exactmetrics_sitenote_category":0},"_links":{"self":[{"href":"https:\/\/asianfilmfestival.barcelona\/2017\/ca\/wp-json\/wp\/v2\/pages\/3262"}],"collection":[{"href":"https:\/\/asianfilmfestival.barcelona\/2017\/ca\/wp-json\/wp\/v2\/pages"}],"about":[{"href":"https:\/\/asianfilmfestival.barcelona\/2017\/ca\/wp-json\/wp\/v2\/types\/page"}],"author":[{"embeddable":true,"href":"https:\/\/asianfilmfestival.barcelona\/2017\/ca\/wp-json\/wp\/v2\/users\/3"}],"replies":[{"embeddable":true,"href":"https:\/\/asianfilmfestival.barcelona\/2017\/ca\/wp-json\/wp\/v2\/comments?post=3262"}],"version-history":[{"count":32,"href":"https:\/\/asianfilmfestival.barcelona\/2017\/ca\/wp-json\/wp\/v2\/pages\/3262\/revisions"}],"predecessor-version":[{"id":13823,"href":"https:\/\/asianfilmfestival.barcelona\/2017\/ca\/wp-json\/wp\/v2\/pages\/3262\/revisions\/13823"}],"wp:attachment":[{"href":"https:\/\/asianfilmfestival.barcelona\/2017\/ca\/wp-json\/wp\/v2\/media?parent=3262"}],"curies":[{"name":"wp","href":"https:\/\/api.w.org\/{rel}","templated":true}]}}