{"id":7867,"date":"2016-11-07T17:54:09","date_gmt":"2016-11-07T15:54:09","guid":{"rendered":"http:\/\/asianfilmfestival.barcelona\/2016\/ca\/?page_id=7867"},"modified":"2016-11-14T13:45:45","modified_gmt":"2016-11-14T11:45:45","slug":"news","status":"publish","type":"page","link":"https:\/\/asianfilmfestival.barcelona\/2016\/ca\/news\/","title":{"rendered":"NEWS"},"content":{"rendered":"<\/div><\/div><\/div><!-- close content main div --><\/div><\/div><div id='full_slider_1' class='avia-fullwidth-slider main_color avia-shadow   container_wrap fullsize'   ><div  data-size='featured'  data-lightbox_size='large'  data-animation='fade'  data-conditional_play=''  data-ids='7855'  data-video_counter='0'  data-autoplay='false'  data-bg_slider='false'  data-slide_height=''  data-handle='av_slideshow_full'  data-interval='5'  data-class=' '  data-css_id=''  data-scroll_down=''  data-control_layout='av-control-default'  data-custom_markup=''  data-perma_caption=''  data-autoplay_stopper=''  data-image_attachment=''  data-min_height='0px'  data-src=''  data-position='top left'  data-repeat='no-repeat'  data-attach='scroll'  data-stretch=''  data-default-height='28.666666666667'  class='avia-slideshow avia-slideshow-1  av-control-default av-default-height-applied avia-slideshow-featured av_slideshow_full   avia-fade-slider '  itemprop=\"ImageObject\" itemscope=\"itemscope\" itemtype=\"https:\/\/schema.org\/ImageObject\" ><ul class='avia-slideshow-inner ' style='padding-bottom: 23.333333333333%;' ><li  class=' av-single-slide slide-1 ' ><div data-rel='slideshow-1' class='avia-slide-wrap '   ><div class = \"caption_fullwidth av-slideshow-caption caption_bottom\"><div class = \"container caption_container\"><div class = \"slideshow_caption\"><div class = \"slideshow_inner_caption\"><div class = \"slideshow_align_caption\"><h2  style='font-size:90px; ' class='avia-caption-title '  itemprop=\"name\" >Not\u00edcies i entrevistes<\/h2><\/div><\/div><\/div><\/div><\/div><img src='https:\/\/asianfilmfestival.barcelona\/2016\/wp-content\/uploads\/2016\/11\/banner-news-1500x350.jpg' width='1500' height='350' title='banner-news' alt=''  itemprop=\"thumbnailUrl\"   \/><\/div><\/li><\/ul><\/div><\/div>\n<div class='av-alb-blogposts template-blog  av-blog-meta-author-disabled av-blog-meta-comments-disabled av-blog-meta-category-disabled av-blog-meta-date-disabled av-blog-meta-html-info-disabled av-blog-meta-tag-disabled '  itemscope=\"itemscope\" itemtype=\"https:\/\/schema.org\/Blog\" ><article class='post-entry post-entry-type-standard post-entry-8008 post-loop-1 post-parity-odd multi-big  post-8008 post type-post status-publish format-standard hentry category-news'  itemscope=\"itemscope\" itemtype=\"https:\/\/schema.org\/BlogPosting\" ><div class='blog-meta'><a href='https:\/\/asianfilmfestival.barcelona\/2016\/ca\/author\/casaasiafilmfest\/' class='post-author-format-type'><span class='rounded-container'><img alt='Casa Asia Film Festival' src='https:\/\/secure.gravatar.com\/avatar\/cf35a4558d763abd35fd15dc6001eb90?s=81&#038;d=blank&#038;r=g' srcset='https:\/\/secure.gravatar.com\/avatar\/cf35a4558d763abd35fd15dc6001eb90?s=162&#038;d=blank&#038;r=g 2x' class='avatar avatar-81 photo' height='81' width='81' loading='lazy' decoding='async'\/><span class=\"iconfont\" aria-hidden='true' data-av_icon='\ue836' data-av_iconfont='entypo-fontello'><\/span><\/span><\/a><\/div><div class='entry-content-wrapper clearfix standard-content'><header class=\"entry-content-header\"><h2 class='post-title entry-title'  itemprop=\"headline\" >\t<a href='https:\/\/asianfilmfestival.barcelona\/2016\/catalogo-del-caff2016\/' rel='bookmark' title='Permanent Link: Cat\u00e1logo del #CAFF2016'>Cat\u00e1logo del #CAFF2016\t\t\t<span class='post-format-icon minor-meta'><\/span>\t<\/a><\/h2><span class='post-meta-infos'><time class='date-container minor-meta updated' >22\/11\/2016<\/time><span class='text-sep text-sep-date'>\/<\/span><span class=\"blog-categories minor-meta\">in <a href=\"https:\/\/asianfilmfestival.barcelona\/2016\/category\/news\/\" rel=\"tag\">News<\/a> <\/span><span class=\"text-sep text-sep-cat\">\/<\/span><span class=\"blog-author minor-meta\">by <span class=\"entry-author-link\" ><span class=\"vcard author\"><span class=\"fn\"><a href=\"https:\/\/asianfilmfestival.barcelona\/2016\/ca\/author\/casaasiafilmfest\/\" title=\"Posts by Casa Asia Film Festival\" rel=\"author\">Casa Asia Film Festival<\/a><\/span><\/span><\/span><\/span><\/span><\/header><div class=\"entry-content\"  itemprop=\"text\" ><div class=\"read-more-link\"><a href=\"https:\/\/asianfilmfestival.barcelona\/2016\/catalogo-del-caff2016\/\" class=\"more-link\">Llegir m\u00e9s<span class=\"more-link-arrow\"><\/span><\/a><\/div>\n<\/div><footer class=\"entry-footer\"><\/footer><div class='post_delimiter'><\/div><\/div><div class='post_author_timeline'><\/div><span class='hidden'>\n\t\t\t<span class='av-structured-data'  itemprop=\"ImageObject\" itemscope=\"itemscope\" itemtype=\"https:\/\/schema.org\/ImageObject\"  itemprop='image'>\n\t\t\t\t\t   <span itemprop='url' >\/2016\/wp-content\/uploads\/2016\/10\/CAFFlogo-capcalera-home-1.png<\/span>\n\t\t\t\t\t   <span itemprop='height' >0<\/span>\n\t\t\t\t\t   <span itemprop='width' >0<\/span>\n\t\t\t\t  <\/span><span class='av-structured-data'  itemprop=\"publisher\" itemtype=\"https:\/\/schema.org\/Organization\" itemscope=\"itemscope\" >\n\t\t\t\t<span itemprop='name'>Casa Asia Film Festival<\/span>\n\t\t\t\t<span itemprop='logo' itemscope itemtype='http:\/\/schema.org\/ImageObject'>\n\t\t\t\t   <span itemprop='url'>\/2016\/wp-content\/uploads\/2016\/10\/CAFFlogo-capcalera-home-1.png<\/span>\n\t\t\t\t <\/span>\n\t\t\t  <\/span><span class='av-structured-data'  itemprop=\"author\" itemscope=\"itemscope\" itemtype=\"https:\/\/schema.org\/Person\" ><span itemprop='name'>Casa Asia Film Festival<\/span><\/span><span class='av-structured-data'  itemprop=\"datePublished\" datetime=\"2016-11-22T17:37:36+02:00\" >2016-11-22 17:37:36<\/span><span class='av-structured-data'  itemprop=\"dateModified\" itemtype=\"https:\/\/schema.org\/dateModified\" >2016-11-23 16:49:36<\/span><span class='av-structured-data'  itemprop=\"mainEntityOfPage\" itemtype=\"https:\/\/schema.org\/mainEntityOfPage\" ><span itemprop='name'>Cat\u00e1logo del #CAFF2016<\/span><\/span><\/span><\/article><article class='post-entry post-entry-type-standard post-entry-8002 post-loop-2 post-parity-even multi-big  post-8002 post type-post status-publish format-standard hentry category-noticies'  itemscope=\"itemscope\" itemtype=\"https:\/\/schema.org\/BlogPosting\" ><div class='blog-meta'><a href='https:\/\/asianfilmfestival.barcelona\/2016\/ca\/author\/casaasiafilmfest\/' class='post-author-format-type'><span class='rounded-container'><img alt='Casa Asia Film Festival' src='https:\/\/secure.gravatar.com\/avatar\/cf35a4558d763abd35fd15dc6001eb90?s=81&#038;d=blank&#038;r=g' srcset='https:\/\/secure.gravatar.com\/avatar\/cf35a4558d763abd35fd15dc6001eb90?s=162&#038;d=blank&#038;r=g 2x' class='avatar avatar-81 photo' height='81' width='81' loading='lazy' decoding='async'\/><span class=\"iconfont\" aria-hidden='true' data-av_icon='\ue836' data-av_iconfont='entypo-fontello'><\/span><\/span><\/a><\/div><div class='entry-content-wrapper clearfix standard-content'><header class=\"entry-content-header\"><h2 class='post-title entry-title'  itemprop=\"headline\" >\t<a href='https:\/\/asianfilmfestival.barcelona\/2016\/ca\/premis-casa-asia-film-festival-2016\/' rel='bookmark' title='Permanent Link: PREMIS CASA ASIA FILM FESTIVAL 2016'>PREMIS CASA ASIA FILM FESTIVAL 2016\t\t\t<span class='post-format-icon minor-meta'><\/span>\t<\/a><\/h2><span class='post-meta-infos'><time class='date-container minor-meta updated' >16\/11\/2016<\/time><span class='text-sep text-sep-date'>\/<\/span><span class=\"blog-categories minor-meta\">in <a href=\"https:\/\/asianfilmfestival.barcelona\/2016\/ca\/category\/noticies\/\" rel=\"tag\">Not\u00edcies<\/a> <\/span><span class=\"text-sep text-sep-cat\">\/<\/span><span class=\"blog-author minor-meta\">by <span class=\"entry-author-link\" ><span class=\"vcard author\"><span class=\"fn\"><a href=\"https:\/\/asianfilmfestival.barcelona\/2016\/ca\/author\/casaasiafilmfest\/\" title=\"Posts by Casa Asia Film Festival\" rel=\"author\">Casa Asia Film Festival<\/a><\/span><\/span><\/span><\/span><\/span><\/header><div class=\"entry-content\"  itemprop=\"text\" ><p>El jurat de la Secci\u00f3 Oficial, el jurat de la Secci\u00f3 Panorama i el Jurat Jove (de les escoles de cinema), despr\u00e9s de les \u00faltimes deliberacions del passat diumenge 13 de novembre del 2016, concediren els seg\u00fcents guardons (a la Millor Pel\u00b7l\u00edcula, al Millor Director, al Millor Gui\u00f3 i a la Millor Fotografia). A m\u00e9s, [&hellip;]<\/p>\n<div class=\"read-more-link\"><a href=\"https:\/\/asianfilmfestival.barcelona\/2016\/ca\/premis-casa-asia-film-festival-2016\/\" class=\"more-link\">Llegir m\u00e9s<span class=\"more-link-arrow\"><\/span><\/a><\/div>\n<\/div><footer class=\"entry-footer\"><\/footer><div class='post_delimiter'><\/div><\/div><div class='post_author_timeline'><\/div><span class='hidden'>\n\t\t\t<span class='av-structured-data'  itemprop=\"ImageObject\" itemscope=\"itemscope\" itemtype=\"https:\/\/schema.org\/ImageObject\"  itemprop='image'>\n\t\t\t\t\t   <span itemprop='url' >\/2016\/wp-content\/uploads\/2016\/10\/CAFFlogo-capcalera-home-1.png<\/span>\n\t\t\t\t\t   <span itemprop='height' >0<\/span>\n\t\t\t\t\t   <span itemprop='width' >0<\/span>\n\t\t\t\t  <\/span><span class='av-structured-data'  itemprop=\"publisher\" itemtype=\"https:\/\/schema.org\/Organization\" itemscope=\"itemscope\" >\n\t\t\t\t<span itemprop='name'>Casa Asia Film Festival<\/span>\n\t\t\t\t<span itemprop='logo' itemscope itemtype='http:\/\/schema.org\/ImageObject'>\n\t\t\t\t   <span itemprop='url'>\/2016\/wp-content\/uploads\/2016\/10\/CAFFlogo-capcalera-home-1.png<\/span>\n\t\t\t\t <\/span>\n\t\t\t  <\/span><span class='av-structured-data'  itemprop=\"author\" itemscope=\"itemscope\" itemtype=\"https:\/\/schema.org\/Person\" ><span itemprop='name'>Casa Asia Film Festival<\/span><\/span><span class='av-structured-data'  itemprop=\"datePublished\" datetime=\"2016-11-16T17:57:33+02:00\" >2016-11-16 17:57:33<\/span><span class='av-structured-data'  itemprop=\"dateModified\" itemtype=\"https:\/\/schema.org\/dateModified\" >2016-11-16 17:57:33<\/span><span class='av-structured-data'  itemprop=\"mainEntityOfPage\" itemtype=\"https:\/\/schema.org\/mainEntityOfPage\" ><span itemprop='name'>PREMIS CASA ASIA FILM FESTIVAL 2016<\/span><\/span><\/span><\/article><article class='post-entry post-entry-type-standard post-entry-7947 post-loop-3 post-parity-odd multi-big  post-7947 post type-post status-publish format-standard hentry category-noticies'  itemscope=\"itemscope\" itemtype=\"https:\/\/schema.org\/BlogPosting\" ><div class='blog-meta'><a href='https:\/\/asianfilmfestival.barcelona\/2016\/ca\/author\/casaasiafilmfest\/' class='post-author-format-type'><span class='rounded-container'><img alt='Casa Asia Film Festival' src='https:\/\/secure.gravatar.com\/avatar\/cf35a4558d763abd35fd15dc6001eb90?s=81&#038;d=blank&#038;r=g' srcset='https:\/\/secure.gravatar.com\/avatar\/cf35a4558d763abd35fd15dc6001eb90?s=162&#038;d=blank&#038;r=g 2x' class='avatar avatar-81 photo' height='81' width='81' loading='lazy' decoding='async'\/><span class=\"iconfont\" aria-hidden='true' data-av_icon='\ue836' data-av_iconfont='entypo-fontello'><\/span><\/span><\/a><\/div><div class='entry-content-wrapper clearfix standard-content'><header class=\"entry-content-header\"><h2 class='post-title entry-title'  itemprop=\"headline\" >\t<a href='https:\/\/asianfilmfestival.barcelona\/2016\/ca\/narratives-de-genere-al-cinema-asiatic-actual\/' rel='bookmark' title='Permanent Link: NARRATIVES DE G\u00c8NERE AL CINEMA ASI\u00c0TIC ACTUAL'>NARRATIVES DE G\u00c8NERE AL CINEMA ASI\u00c0TIC ACTUAL\t\t\t<span class='post-format-icon minor-meta'><\/span>\t<\/a><\/h2><span class='post-meta-infos'><time class='date-container minor-meta updated' >15\/11\/2016<\/time><span class='text-sep text-sep-date'>\/<\/span><span class=\"blog-categories minor-meta\">in <a href=\"https:\/\/asianfilmfestival.barcelona\/2016\/ca\/category\/noticies\/\" rel=\"tag\">Not\u00edcies<\/a> <\/span><span class=\"text-sep text-sep-cat\">\/<\/span><span class=\"blog-author minor-meta\">by <span class=\"entry-author-link\" ><span class=\"vcard author\"><span class=\"fn\"><a href=\"https:\/\/asianfilmfestival.barcelona\/2016\/ca\/author\/casaasiafilmfest\/\" title=\"Posts by Casa Asia Film Festival\" rel=\"author\">Casa Asia Film Festival<\/a><\/span><\/span><\/span><\/span><\/span><\/header><div class=\"entry-content\"  itemprop=\"text\" ><p>Conversa amb \u00c1ngel Sala Director del Sitges International Fantastic Film Festival per Menene Gras Balaguer &nbsp; Aquesta conversa s\u2019ha produ\u00eft pocs dies despr\u00e9s de la clausura del Sitges Festival Internacional de Cinema Fant\u00e0stic de Catalunya, dirigit per \u00c0ngel Sala, on la producci\u00f3 asi\u00e0tica ha exercit un paper important i on ha estat premiada en v\u00e0ries [&hellip;]<\/p>\n<div class=\"read-more-link\"><a href=\"https:\/\/asianfilmfestival.barcelona\/2016\/ca\/narratives-de-genere-al-cinema-asiatic-actual\/\" class=\"more-link\">Llegir m\u00e9s<span class=\"more-link-arrow\"><\/span><\/a><\/div>\n<\/div><footer class=\"entry-footer\"><\/footer><div class='post_delimiter'><\/div><\/div><div class='post_author_timeline'><\/div><span class='hidden'>\n\t\t\t<span class='av-structured-data'  itemprop=\"ImageObject\" itemscope=\"itemscope\" itemtype=\"https:\/\/schema.org\/ImageObject\"  itemprop='image'>\n\t\t\t\t\t   <span itemprop='url' >\/2016\/wp-content\/uploads\/2016\/10\/CAFFlogo-capcalera-home-1.png<\/span>\n\t\t\t\t\t   <span itemprop='height' >0<\/span>\n\t\t\t\t\t   <span itemprop='width' >0<\/span>\n\t\t\t\t  <\/span><span class='av-structured-data'  itemprop=\"publisher\" itemtype=\"https:\/\/schema.org\/Organization\" itemscope=\"itemscope\" >\n\t\t\t\t<span itemprop='name'>Casa Asia Film Festival<\/span>\n\t\t\t\t<span itemprop='logo' itemscope itemtype='http:\/\/schema.org\/ImageObject'>\n\t\t\t\t   <span itemprop='url'>\/2016\/wp-content\/uploads\/2016\/10\/CAFFlogo-capcalera-home-1.png<\/span>\n\t\t\t\t <\/span>\n\t\t\t  <\/span><span class='av-structured-data'  itemprop=\"author\" itemscope=\"itemscope\" itemtype=\"https:\/\/schema.org\/Person\" ><span itemprop='name'>Casa Asia Film Festival<\/span><\/span><span class='av-structured-data'  itemprop=\"datePublished\" datetime=\"2016-11-15T19:46:44+02:00\" >2016-11-15 19:46:44<\/span><span class='av-structured-data'  itemprop=\"dateModified\" itemtype=\"https:\/\/schema.org\/dateModified\" >2016-11-16 17:28:40<\/span><span class='av-structured-data'  itemprop=\"mainEntityOfPage\" itemtype=\"https:\/\/schema.org\/mainEntityOfPage\" ><span itemprop='name'>NARRATIVES DE G\u00c8NERE AL CINEMA ASI\u00c0TIC ACTUAL<\/span><\/span><\/span><\/article><article class='post-entry post-entry-type-standard post-entry-7860 post-loop-4 post-parity-even post-entry-last multi-big  post-7860 post type-post status-publish format-standard hentry category-noticies'  itemscope=\"itemscope\" itemtype=\"https:\/\/schema.org\/BlogPosting\" ><div class='blog-meta'><a href='https:\/\/asianfilmfestival.barcelona\/2016\/ca\/author\/wpfilmweek\/' class='post-author-format-type'><span class='rounded-container'><img alt='FilmWeek FilmWeek' src='https:\/\/secure.gravatar.com\/avatar\/72a9c9493692b33cc6f290d68b66286e?s=81&#038;d=blank&#038;r=g' srcset='https:\/\/secure.gravatar.com\/avatar\/72a9c9493692b33cc6f290d68b66286e?s=162&#038;d=blank&#038;r=g 2x' class='avatar avatar-81 photo' height='81' width='81' loading='lazy' decoding='async'\/><span class=\"iconfont\" aria-hidden='true' data-av_icon='\ue836' data-av_iconfont='entypo-fontello'><\/span><\/span><\/a><\/div><div class='entry-content-wrapper clearfix standard-content'><header class=\"entry-content-header\"><h2 class='post-title entry-title'  itemprop=\"headline\" >\t<a href='https:\/\/asianfilmfestival.barcelona\/2016\/ca\/el-cinema-asiatic-al-festival-de-cinema-de-san-sebastia\/' rel='bookmark' title='Permanent Link: El cinema asi\u00e0tic al Festival de Cinema de San Sebasti\u00e0'>El cinema asi\u00e0tic al Festival de Cinema de San Sebasti\u00e0\t\t\t<span class='post-format-icon minor-meta'><\/span>\t<\/a><\/h2><span class='post-meta-infos'><time class='date-container minor-meta updated' >07\/11\/2016<\/time><span class='text-sep text-sep-date'>\/<\/span><span class=\"blog-categories minor-meta\">in <a href=\"https:\/\/asianfilmfestival.barcelona\/2016\/ca\/category\/noticies\/\" rel=\"tag\">Not\u00edcies<\/a> <\/span><span class=\"text-sep text-sep-cat\">\/<\/span><span class=\"blog-author minor-meta\">by <span class=\"entry-author-link\" ><span class=\"vcard author\"><span class=\"fn\"><a href=\"https:\/\/asianfilmfestival.barcelona\/2016\/ca\/author\/wpfilmweek\/\" title=\"Posts by Casa Asia Film Festival\" rel=\"author\">Casa Asia Film Festival<\/a><\/span><\/span><\/span><\/span><\/span><\/header><div class=\"entry-content\"  itemprop=\"text\" ><p>Conversa amb Jos\u00e9 Luis Rebordinos, director del festival per Menene Gras Balaguer &nbsp; &nbsp; L\u2019\u00faltim dia del festival i abans de fer p\u00fablic els noms dels premiats, Jos\u00e9 Luis Rebordinos em deia que aquest any havia aconseguit que hi hagu\u00e9s una important representaci\u00f3 del cinema asi\u00e0tic i que aix\u00f2 contribuiria a una major circulaci\u00f3 d\u2019aquest [&hellip;]<\/p>\n<div class=\"read-more-link\"><a href=\"https:\/\/asianfilmfestival.barcelona\/2016\/ca\/el-cinema-asiatic-al-festival-de-cinema-de-san-sebastia\/\" class=\"more-link\">Llegir m\u00e9s<span class=\"more-link-arrow\"><\/span><\/a><\/div>\n<\/div><footer class=\"entry-footer\"><\/footer><div class='post_delimiter'><\/div><\/div><div class='post_author_timeline'><\/div><span class='hidden'>\n\t\t\t<span class='av-structured-data'  itemprop=\"ImageObject\" itemscope=\"itemscope\" itemtype=\"https:\/\/schema.org\/ImageObject\"  itemprop='image'>\n\t\t\t\t\t   <span itemprop='url' >\/2016\/wp-content\/uploads\/2016\/10\/CAFFlogo-capcalera-home-1.png<\/span>\n\t\t\t\t\t   <span itemprop='height' >0<\/span>\n\t\t\t\t\t   <span itemprop='width' >0<\/span>\n\t\t\t\t  <\/span><span class='av-structured-data'  itemprop=\"publisher\" itemtype=\"https:\/\/schema.org\/Organization\" itemscope=\"itemscope\" >\n\t\t\t\t<span itemprop='name'>FilmWeek FilmWeek<\/span>\n\t\t\t\t<span itemprop='logo' itemscope itemtype='http:\/\/schema.org\/ImageObject'>\n\t\t\t\t   <span itemprop='url'>\/2016\/wp-content\/uploads\/2016\/10\/CAFFlogo-capcalera-home-1.png<\/span>\n\t\t\t\t <\/span>\n\t\t\t  <\/span><span class='av-structured-data'  itemprop=\"author\" itemscope=\"itemscope\" itemtype=\"https:\/\/schema.org\/Person\" ><span itemprop='name'>FilmWeek FilmWeek<\/span><\/span><span class='av-structured-data'  itemprop=\"datePublished\" datetime=\"2016-11-07T17:46:45+02:00\" >2016-11-07 17:46:45<\/span><span class='av-structured-data'  itemprop=\"dateModified\" itemtype=\"https:\/\/schema.org\/dateModified\" >2016-11-07 19:03:03<\/span><span class='av-structured-data'  itemprop=\"mainEntityOfPage\" itemtype=\"https:\/\/schema.org\/mainEntityOfPage\" ><span itemprop='name'>El cinema asi\u00e0tic al Festival de Cinema de San Sebasti\u00e0<\/span><\/span><\/span><\/article><div class='multi-big'><nav class='pagination'><span class='pagination-meta'>P\u00e0gina 1 de 2<\/span><span class='current'>1<\/span><a href='https:\/\/asianfilmfestival.barcelona\/2016\/ca\/wp-json\/wp\/v2\/pages\/7867\/page\/2\/' class='inactive' >2<\/a><\/nav>\n<\/div><\/div>\n","protected":false},"excerpt":{"rendered":"","protected":false},"author":3,"featured_media":0,"parent":0,"menu_order":0,"comment_status":"closed","ping_status":"closed","template":"","meta":{"_exactmetrics_skip_tracking":false,"_exactmetrics_sitenote_active":false,"_exactmetrics_sitenote_note":"","_exactmetrics_sitenote_category":0},"_links":{"self":[{"href":"https:\/\/asianfilmfestival.barcelona\/2016\/ca\/wp-json\/wp\/v2\/pages\/7867"}],"collection":[{"href":"https:\/\/asianfilmfestival.barcelona\/2016\/ca\/wp-json\/wp\/v2\/pages"}],"about":[{"href":"https:\/\/asianfilmfestival.barcelona\/2016\/ca\/wp-json\/wp\/v2\/types\/page"}],"author":[{"embeddable":true,"href":"https:\/\/asianfilmfestival.barcelona\/2016\/ca\/wp-json\/wp\/v2\/users\/3"}],"replies":[{"embeddable":true,"href":"https:\/\/asianfilmfestival.barcelona\/2016\/ca\/wp-json\/wp\/v2\/comments?post=7867"}],"version-history":[{"count":4,"href":"https:\/\/asianfilmfestival.barcelona\/2016\/ca\/wp-json\/wp\/v2\/pages\/7867\/revisions"}],"predecessor-version":[{"id":7928,"href":"https:\/\/asianfilmfestival.barcelona\/2016\/ca\/wp-json\/wp\/v2\/pages\/7867\/revisions\/7928"}],"wp:attachment":[{"href":"https:\/\/asianfilmfestival.barcelona\/2016\/ca\/wp-json\/wp\/v2\/media?parent=7867"}],"curies":[{"name":"wp","href":"https:\/\/api.w.org\/{rel}","templated":true}]}}